{"id":4,"date":"2025-01-23T09:37:00","date_gmt":"2025-01-23T14:37:00","guid":{"rendered":"https:\/\/cssst.gouv.qc.ca\/yamaska\/accueil\/"},"modified":"2026-04-29T12:33:26","modified_gmt":"2026-04-29T16:33:26","slug":"accueil","status":"publish","type":"page","link":"https:\/\/cssst.gouv.qc.ca\/yamaska\/","title":{"rendered":"\u00c9cole Yamaska"},"content":{"rendered":"\n<div class=\"wp-block-cover alignfull\" style=\"min-height:566px;aspect-ratio:unset;\"><img loading=\"lazy\" decoding=\"async\" width=\"451\" height=\"166\" class=\"wp-block-cover__image-background wp-image-292\" alt=\"\" src=\"http:\/\/cssst.gouv.qc.ca\/yamaska\/wp-content\/uploads\/sites\/23\/2025\/02\/Banniere-YAM.png\" data-object-fit=\"cover\" srcset=\"https:\/\/cssst.gouv.qc.ca\/yamaska\/wp-content\/uploads\/sites\/23\/2025\/02\/Banniere-YAM.png 451w, https:\/\/cssst.gouv.qc.ca\/yamaska\/wp-content\/uploads\/sites\/23\/2025\/02\/Banniere-YAM-300x110.png 300w\" sizes=\"auto, (max-width: 451px) 100vw, 451px\" \/><span aria-hidden=\"true\" class=\"wp-block-cover__background has-background-dim\" style=\"background-color:#797a7b\"><\/span><div class=\"wp-block-cover__inner-container\">\n<p class=\"has-text-align-center has-large-font-size\"><strong>\u00c9cole Yamaska<\/strong><\/p>\n<\/div><\/div>\n\n\n\n<div class=\"wp-block-group alignfull is-style-subsite-home-news has-tertiary-background-color has-background\">\n<div class=\"wp-block-group alignwide\">\n<h2 class=\"wp-block-heading\">Actualit\u00e9s<\/h2>\n\n\n\n<div class=\"wp-block-buttons\">\n<div class=\"wp-block-button is-style-text is-home-actualites\"><a class=\"wp-block-button__link wp-element-button\" href=\"https:\/\/cssst.gouv.qc.ca\/yamaska\/actualites\/\">Voir toutes les actualit\u00e9s<img decoding=\"async\" class=\"wp-image-402\" style=\"width: 17px\" src=\"https:\/\/cssst.gouv.qc.ca\/wp-content\/uploads\/2022\/09\/short_right.svg\" alt=\"\"><\/a><\/div>\n<\/div>\n<\/div>\n\n\n<div class=\" alignwide alignwide wp-block-acf-archive-listing\" id=\"testimonial-block_f6f07e796a93894e270c083be3f9fcd0\">\n    <\/div>\n<\/div>\n\n\n\n<div class=\"wp-block-group alignfull is-style-bg-gradient\">\n<div class=\"wp-block-group alignwide\">\n<div class=\"wp-block-group alignwide\">\n<div class=\"wp-block-columns is-style-dates-and-calendar\">\n<div class=\"wp-block-column is-style-dates-list\">\n<h2 class=\"wp-block-heading\">Calendrier<\/h2>\n<\/div>\n<\/div>\n\n\n\n<div class=\"wp-block-columns alignwide is-style-home-calendar is-style-dates-and-calendar\">\n<div class=\"wp-block-column is-style-dates-list\">\n<div class=\"wp-block-group\">\n<h3 class=\"wp-block-heading\">\u00c0 surveiller<\/h3>\n\n\n\n<ul class=\"wp-block-list\">\n<li>30 avril : David &amp; D\u00e9lices (date limite de paiement pour les repas du mois de mai)<\/li>\n<\/ul>\n\n\n\n<ul class=\"wp-block-list\">\n<li>4 mai : Visite des futurs maternelles<\/li>\n<\/ul>\n\n\n\n<ul class=\"wp-block-list\">\n<li>5 mai : Sortie au Biophare (6e ann\u00e9e)<\/li>\n<\/ul>\n\n\n\n<ul class=\"wp-block-list\">\n<li>6 mai : Caisse scolaire<\/li>\n<\/ul>\n\n\n\n<ul class=\"wp-block-list\">\n<li>15 mai : Journ\u00e9e d&rsquo;\u00e9cole JOUR 7<\/li>\n<\/ul>\n\n\n\n<ul class=\"wp-block-list\">\n<li>20 mai : caisse scolaire<\/li>\n<\/ul>\n\n\n\n<ul class=\"wp-block-list\">\n<li>21 mai: Spectacle de musique de l&rsquo;\u00e9cole<\/li>\n<\/ul>\n\n\n\n<ul class=\"wp-block-list\">\n<li>25 au 26 mai : Sortie au camp Minogami<br>(4e, 5e &amp; 6e ann\u00e9e)<\/li>\n<\/ul>\n\n\n\n<ul class=\"wp-block-list\">\n<li>28 mai : Sortie au Biophare (5e ann\u00e9e)<\/li>\n<\/ul>\n\n\n\n<ul class=\"wp-block-list\">\n<li>1 juin : <strong>Examen minist\u00e9riel<\/strong> &#8211; fran\u00e7ais lecture<br>texte litt\u00e9raire <strong>(6e ann\u00e9e)<\/strong><\/li>\n<\/ul>\n\n\n\n<ul class=\"wp-block-list\">\n<li>2 juin : <strong>Examen minist\u00e9riel<\/strong> &#8211; fran\u00e7ais lecture<br>texte courant <strong>(6e ann\u00e9e)<\/strong><\/li>\n<\/ul>\n\n\n\n<ul class=\"wp-block-list\">\n<li>2 juin : <strong>Examen de fin d&rsquo;ann\u00e9e du CSS<\/strong><br>fran\u00e7ais lecture <strong>(2e ann\u00e9e)<\/strong><\/li>\n<\/ul>\n\n\n\n<ul class=\"wp-block-list\">\n<li>3 juin : caisse scolaire (dernier d\u00e9p\u00f4t)<\/li>\n<\/ul>\n\n\n\n<ul class=\"wp-block-list\">\n<li>3 &amp; 4 juin : <strong>Examen de fin d&rsquo;ann\u00e9e du CSS<\/strong><br>fran\u00e7ais \u00e9criture <strong>(2e ann\u00e9e)<\/strong><\/li>\n<\/ul>\n\n\n\n<ul class=\"wp-block-list\">\n<li>3 &amp; 4 juin : <strong>Examen de fin d&rsquo;ann\u00e9e du CSS<\/strong><br>math\u00e9matiques <strong>(4e ann\u00e9e)<\/strong><\/li>\n<\/ul>\n\n\n\n<ul class=\"wp-block-list\">\n<li>3 juin : <strong>Examen minist\u00e9riel<\/strong> &#8211; fran\u00e7ais lecture<br>texte litt\u00e9raire <strong>( 4e ann\u00e9e)<\/strong><\/li>\n<\/ul>\n\n\n\n<ul class=\"wp-block-list\">\n<li>3 juin : <strong>Examen minist\u00e9riel<\/strong> &#8211; fran\u00e7ais \u00e9criture<br>planification et r\u00e9daction (2h) <strong>(6e ann\u00e9e)<\/strong><\/li>\n<\/ul>\n\n\n\n<ul class=\"wp-block-list\">\n<li>4 juin : <strong>Examen minist\u00e9riel<\/strong> &#8211; fran\u00e7ais \u00e9criture<br>r\u00e9vision, correction et mise au propre (2h)<br> <strong>(6e ann\u00e9e)<\/strong><\/li>\n<\/ul>\n\n\n\n<ul class=\"wp-block-list\">\n<li>4 juin :<strong> Examen minist\u00e9riel<\/strong> &#8211; fran\u00e7ais lecture<br>texte courant <strong>(4e ann\u00e9e)<\/strong><\/li>\n<\/ul>\n\n\n\n<ul class=\"wp-block-list\">\n<li>8 juin : Sortie Adr\u00e9naline Urbaine (2e &amp; 3e ann\u00e9e)<\/li>\n<\/ul>\n\n\n\n<ul class=\"wp-block-list\">\n<li>8 juin : <strong>Examen minist\u00e9riel <\/strong>&#8211; fran\u00e7ais \u00e9criture<br>pr\u00e9sentation et planification (1h20)<strong> (4e ann\u00e9e)<\/strong><\/li>\n<\/ul>\n\n\n\n<ul class=\"wp-block-list\">\n<li>9 juin : <strong>Examen minist\u00e9riel<\/strong> &#8211; fran\u00e7ais \u00e9criture<br>r\u00e9daction (1h30)<strong> (4e ann\u00e9e)<\/strong><\/li>\n<\/ul>\n\n\n\n<ul class=\"wp-block-list\">\n<li>9 juin : <strong>Examen minist\u00e9riel<\/strong> &#8211; math\u00e9matiques<br>2 situations d&rsquo;application (30-45 minutes chacune)<strong>(6e ann\u00e9e)<\/strong><\/li>\n<\/ul>\n\n\n\n<ul class=\"wp-block-list\">\n<li>10 juin : <strong>Examen minist\u00e9riel<\/strong> &#8211; fran\u00e7ais \u00e9criture<br>r\u00e9vision, correction et mise au propre (2h)       <br> <strong>(4e ann\u00e9e)<\/strong><\/li>\n<\/ul>\n\n\n\n<ul class=\"wp-block-list\">\n<li>10 juin : <strong>Examen minist\u00e9riel<\/strong> &#8211; math\u00e9matiques<br>situation probl\u00e8me (2h30) <strong>(6e ann\u00e9e)<\/strong><\/li>\n<\/ul>\n\n\n\n<ul class=\"wp-block-list\">\n<li>11 juin :<strong> Examen minist\u00e9riel<\/strong> &#8211; math\u00e9matiques<br>1 situation d&rsquo;application (30-45 minutes) &amp; <br>1 questionnaire (60-75 minutes)<br> <strong>(6e ann\u00e9e)<\/strong><\/li>\n<\/ul>\n\n\n\n<ul class=\"wp-block-list\">\n<li>9-10-11 juin :<strong> Examen de fin d&rsquo;ann\u00e9e du CSS<\/strong><br>math\u00e9matiques C1 &amp; C2 <strong>(2e ann\u00e9e)<\/strong><\/li>\n<\/ul>\n\n\n\n<ul class=\"wp-block-list\">\n<li>16 juin : Sortie \u00e0 la ferme du bassin <br>(maternelle et 1re ann\u00e9e)<\/li>\n<\/ul>\n\n\n\n<ul class=\"wp-block-list\">\n<li>17 juin : Sortie saute-mouton (6e ann\u00e9e)<\/li>\n<\/ul>\n\n\n\n<ul class=\"wp-block-list\">\n<li>16 &amp; 17 juin : Jeux clownesques \u00e0 l&rsquo;\u00e9cole<\/li>\n<\/ul>\n\n\n\n<ul class=\"wp-block-list\">\n<li>19 juin : La course des couleurs \u00e0 l&rsquo;\u00e9cole<\/li>\n<\/ul>\n\n\n\n<ul class=\"wp-block-list\">\n<li>19 juin : Diner hot-dog pour tous les \u00e9l\u00e8ves (organis\u00e9 par l&rsquo;OPP)<\/li>\n<\/ul>\n\n\n\n<ul class=\"wp-block-list\">\n<li>27 ao\u00fbt : Rentr\u00e9e scolaire 2026-2027<\/li>\n<\/ul>\n\n\n\n<ul class=\"wp-block-list\">\n<li>10 septembre : photos scolaires<\/li>\n<\/ul>\n\n\n<div class=\"align wp-block-acf-act-date-list\" id=\"testimonial-\"><div class=\"wp-block-group\"><\/div><\/div>\n\n\n<p><a href=\"https:\/\/cssst.gouv.qc.ca\/yamaska\/evenements\/\">Voir tous les \u00e9v\u00e9nements<\/a><\/p>\n<\/div>\n<\/div>\n\n\n\n<div class=\"wp-block-column is-style-calendar\">\n<div class=\"wp-block-group\"><div class=\"act-post-calendar\">\n    \n<\/div>\n<script>\n    var actPostCalendarPopups = {\n            }\n    var actPostCalendarMonths = [\n        'Janvier', \n        'F\u00e9vrier', \n        'Mars', \n        'Avril', \n        'Mai', \n        'Juin', \n        'Juillet',\n        'Ao\u00fbt', \n        'Septembre', \n        'Octobre', \n        'Novembre', \n        'D\u00e9cembre'\n    ]\n    var actPostCalendarWeekdays = ['D', 'L', 'M', 'M', 'J', 'V', 'S'];\n<\/script>\n\n\n\n<div class=\"wp-block-buttons\">\n<div class=\"wp-block-button\"><a class=\"wp-block-button__link wp-element-button\">T\u00e9l\u00e9charger le calendrier <img decoding=\"async\" class=\"wp-image-122\" style=\"width: 24px\" src=\"http:\/\/cssst.gouv.qc.ca\/ecoles-secondaires\/wp-content\/uploads\/sites\/4\/2023\/02\/Download.svg\" alt=\"\"><\/a><\/div>\n<\/div>\n<\/div>\n<\/div>\n<\/div>\n<\/div>\n<\/div>\n\n\n<section class=\"act-galerie-slider align is-style-on-homepage act-galerie\">\n    <ul id=\"act-galerie-slider_69f28e26bede5\">\n            <\/ul>\n<\/section>\n\n<\/div>\n\n\n\n<figure class=\"wp-block-image size-full is-resized\"><img loading=\"lazy\" decoding=\"async\" width=\"800\" height=\"296\" src=\"http:\/\/cssst.gouv.qc.ca\/yamaska\/wp-content\/uploads\/sites\/23\/2025\/01\/ImgEcoleYam.jpg\" alt=\"\" class=\"wp-image-131\" style=\"width:850px;height:auto\" srcset=\"https:\/\/cssst.gouv.qc.ca\/yamaska\/wp-content\/uploads\/sites\/23\/2025\/01\/ImgEcoleYam.jpg 800w, https:\/\/cssst.gouv.qc.ca\/yamaska\/wp-content\/uploads\/sites\/23\/2025\/01\/ImgEcoleYam-300x111.jpg 300w, https:\/\/cssst.gouv.qc.ca\/yamaska\/wp-content\/uploads\/sites\/23\/2025\/01\/ImgEcoleYam-768x284.jpg 768w\" sizes=\"auto, (max-width: 800px) 100vw, 800px\" \/><\/figure>\n\n\n\n<div class=\"wp-block-buttons\">\n<div class=\"wp-block-button has-custom-width wp-block-button__width-100 is-style-fill\"><a class=\"wp-block-button__link wp-element-button\" href=\"https:\/\/cssst.gouv.qc.ca\/publications\/plaintes\/\" style=\"border-radius:100px;box-shadow:var(--wp--preset--shadow--natural)\">Traitement des plaintes et protecteur de l&rsquo;\u00e9l\u00e8ve<\/a><\/div>\n<\/div>\n","protected":false},"excerpt":{"rendered":"<p>Actualit\u00e9s Calendrier \u00c0 surveiller Voir tous les \u00e9v\u00e9nements<\/p>\n","protected":false},"author":1,"featured_media":0,"parent":0,"menu_order":0,"comment_status":"closed","ping_status":"closed","template":"","meta":{"_acf_changed":false,"inline_featured_image":false,"footnotes":""},"class_list":["post-4","page","type-page","status-publish","hentry"],"acf":[],"yoast_head":"<!-- This site is optimized with the Yoast SEO plugin v27.5 - https:\/\/yoast.com\/product\/yoast-seo-wordpress\/ -->\n<title>\u00c9cole Yamaska - \u00c9cole Yamaska<\/title>\n<meta name=\"robots\" content=\"index, follow, max-snippet:-1, max-image-preview:large, max-video-preview:-1\" \/>\n<link rel=\"canonical\" href=\"https:\/\/cssst.gouv.qc.ca\/yamaska\/\" \/>\n<meta property=\"og:locale\" content=\"fr_CA\" \/>\n<meta property=\"og:type\" content=\"article\" \/>\n<meta property=\"og:title\" content=\"\u00c9cole Yamaska - \u00c9cole Yamaska\" \/>\n<meta property=\"og:description\" content=\"Actualit\u00e9s Calendrier \u00c0 surveiller Voir tous les \u00e9v\u00e9nements\" \/>\n<meta property=\"og:url\" content=\"https:\/\/cssst.gouv.qc.ca\/yamaska\/\" \/>\n<meta property=\"og:site_name\" content=\"\u00c9cole Yamaska\" \/>\n<meta property=\"article:publisher\" content=\"https:\/\/www.facebook.com\/cssoreltracy\/?locale=fr_CA\" \/>\n<meta property=\"article:modified_time\" content=\"2026-04-29T16:33:26+00:00\" \/>\n<meta property=\"og:image\" content=\"https:\/\/cssst.gouv.qc.ca\/yamaska\/wp-content\/uploads\/sites\/23\/2025\/02\/Banniere-YAM.png\" \/>\n\t<meta property=\"og:image:width\" content=\"451\" \/>\n\t<meta property=\"og:image:height\" content=\"166\" \/>\n\t<meta property=\"og:image:type\" content=\"image\/png\" \/>\n<meta name=\"twitter:card\" content=\"summary_large_image\" \/>\n<meta name=\"twitter:label1\" content=\"Estimation du temps de lecture\" \/>\n\t<meta name=\"twitter:data1\" content=\"3 minutes\" \/>\n<script type=\"application\/ld+json\" class=\"yoast-schema-graph\">{\"@context\":\"https:\\\/\\\/schema.org\",\"@graph\":[{\"@type\":\"WebPage\",\"@id\":\"https:\\\/\\\/cssst.gouv.qc.ca\\\/yamaska\\\/\",\"url\":\"https:\\\/\\\/cssst.gouv.qc.ca\\\/yamaska\\\/\",\"name\":\"\u00c9cole Yamaska - \u00c9cole Yamaska\",\"isPartOf\":{\"@id\":\"https:\\\/\\\/cssst.gouv.qc.ca\\\/yamaska\\\/#website\"},\"primaryImageOfPage\":{\"@id\":\"https:\\\/\\\/cssst.gouv.qc.ca\\\/yamaska\\\/#primaryimage\"},\"image\":{\"@id\":\"https:\\\/\\\/cssst.gouv.qc.ca\\\/yamaska\\\/#primaryimage\"},\"thumbnailUrl\":\"http:\\\/\\\/cssst.gouv.qc.ca\\\/yamaska\\\/wp-content\\\/uploads\\\/sites\\\/23\\\/2025\\\/02\\\/Banniere-YAM.png\",\"datePublished\":\"2025-01-23T14:37:00+00:00\",\"dateModified\":\"2026-04-29T16:33:26+00:00\",\"breadcrumb\":{\"@id\":\"https:\\\/\\\/cssst.gouv.qc.ca\\\/yamaska\\\/#breadcrumb\"},\"inLanguage\":\"fr-CA\",\"potentialAction\":[{\"@type\":\"ReadAction\",\"target\":[\"https:\\\/\\\/cssst.gouv.qc.ca\\\/yamaska\\\/\"]}]},{\"@type\":\"ImageObject\",\"inLanguage\":\"fr-CA\",\"@id\":\"https:\\\/\\\/cssst.gouv.qc.ca\\\/yamaska\\\/#primaryimage\",\"url\":\"https:\\\/\\\/cssst.gouv.qc.ca\\\/yamaska\\\/wp-content\\\/uploads\\\/sites\\\/23\\\/2025\\\/02\\\/Banniere-YAM.png\",\"contentUrl\":\"https:\\\/\\\/cssst.gouv.qc.ca\\\/yamaska\\\/wp-content\\\/uploads\\\/sites\\\/23\\\/2025\\\/02\\\/Banniere-YAM.png\",\"width\":451,\"height\":166},{\"@type\":\"BreadcrumbList\",\"@id\":\"https:\\\/\\\/cssst.gouv.qc.ca\\\/yamaska\\\/#breadcrumb\",\"itemListElement\":[{\"@type\":\"ListItem\",\"position\":1,\"name\":\"Accueil\",\"item\":\"https:\\\/\\\/cssst.gouv.qc.ca\\\/yamaska\\\/\"},{\"@type\":\"ListItem\",\"position\":2,\"name\":\"\u00c9cole Yamaska\"}]},{\"@type\":\"WebSite\",\"@id\":\"https:\\\/\\\/cssst.gouv.qc.ca\\\/yamaska\\\/#website\",\"url\":\"https:\\\/\\\/cssst.gouv.qc.ca\\\/yamaska\\\/\",\"name\":\"\u00c9cole Yamaska\",\"description\":\"\",\"potentialAction\":[{\"@type\":\"SearchAction\",\"target\":{\"@type\":\"EntryPoint\",\"urlTemplate\":\"https:\\\/\\\/cssst.gouv.qc.ca\\\/yamaska\\\/?s={search_term_string}\"},\"query-input\":{\"@type\":\"PropertyValueSpecification\",\"valueRequired\":true,\"valueName\":\"search_term_string\"}}],\"inLanguage\":\"fr-CA\"}]}<\/script>\n<!-- \/ Yoast SEO plugin. -->","yoast_head_json":{"title":"\u00c9cole Yamaska - \u00c9cole Yamaska","robots":{"index":"index","follow":"follow","max-snippet":"max-snippet:-1","max-image-preview":"max-image-preview:large","max-video-preview":"max-video-preview:-1"},"canonical":"https:\/\/cssst.gouv.qc.ca\/yamaska\/","og_locale":"fr_CA","og_type":"article","og_title":"\u00c9cole Yamaska - \u00c9cole Yamaska","og_description":"Actualit\u00e9s Calendrier \u00c0 surveiller Voir tous les \u00e9v\u00e9nements","og_url":"https:\/\/cssst.gouv.qc.ca\/yamaska\/","og_site_name":"\u00c9cole Yamaska","article_publisher":"https:\/\/www.facebook.com\/cssoreltracy\/?locale=fr_CA","article_modified_time":"2026-04-29T16:33:26+00:00","og_image":[{"width":451,"height":166,"url":"https:\/\/cssst.gouv.qc.ca\/yamaska\/wp-content\/uploads\/sites\/23\/2025\/02\/Banniere-YAM.png","type":"image\/png"}],"twitter_card":"summary_large_image","twitter_misc":{"Estimation du temps de lecture":"3 minutes"},"schema":{"@context":"https:\/\/schema.org","@graph":[{"@type":"WebPage","@id":"https:\/\/cssst.gouv.qc.ca\/yamaska\/","url":"https:\/\/cssst.gouv.qc.ca\/yamaska\/","name":"\u00c9cole Yamaska - \u00c9cole Yamaska","isPartOf":{"@id":"https:\/\/cssst.gouv.qc.ca\/yamaska\/#website"},"primaryImageOfPage":{"@id":"https:\/\/cssst.gouv.qc.ca\/yamaska\/#primaryimage"},"image":{"@id":"https:\/\/cssst.gouv.qc.ca\/yamaska\/#primaryimage"},"thumbnailUrl":"http:\/\/cssst.gouv.qc.ca\/yamaska\/wp-content\/uploads\/sites\/23\/2025\/02\/Banniere-YAM.png","datePublished":"2025-01-23T14:37:00+00:00","dateModified":"2026-04-29T16:33:26+00:00","breadcrumb":{"@id":"https:\/\/cssst.gouv.qc.ca\/yamaska\/#breadcrumb"},"inLanguage":"fr-CA","potentialAction":[{"@type":"ReadAction","target":["https:\/\/cssst.gouv.qc.ca\/yamaska\/"]}]},{"@type":"ImageObject","inLanguage":"fr-CA","@id":"https:\/\/cssst.gouv.qc.ca\/yamaska\/#primaryimage","url":"https:\/\/cssst.gouv.qc.ca\/yamaska\/wp-content\/uploads\/sites\/23\/2025\/02\/Banniere-YAM.png","contentUrl":"https:\/\/cssst.gouv.qc.ca\/yamaska\/wp-content\/uploads\/sites\/23\/2025\/02\/Banniere-YAM.png","width":451,"height":166},{"@type":"BreadcrumbList","@id":"https:\/\/cssst.gouv.qc.ca\/yamaska\/#breadcrumb","itemListElement":[{"@type":"ListItem","position":1,"name":"Accueil","item":"https:\/\/cssst.gouv.qc.ca\/yamaska\/"},{"@type":"ListItem","position":2,"name":"\u00c9cole Yamaska"}]},{"@type":"WebSite","@id":"https:\/\/cssst.gouv.qc.ca\/yamaska\/#website","url":"https:\/\/cssst.gouv.qc.ca\/yamaska\/","name":"\u00c9cole Yamaska","description":"","potentialAction":[{"@type":"SearchAction","target":{"@type":"EntryPoint","urlTemplate":"https:\/\/cssst.gouv.qc.ca\/yamaska\/?s={search_term_string}"},"query-input":{"@type":"PropertyValueSpecification","valueRequired":true,"valueName":"search_term_string"}}],"inLanguage":"fr-CA"}]}},"_links":{"self":[{"href":"https:\/\/cssst.gouv.qc.ca\/yamaska\/wp-json\/wp\/v2\/pages\/4","targetHints":{"allow":["GET"]}}],"collection":[{"href":"https:\/\/cssst.gouv.qc.ca\/yamaska\/wp-json\/wp\/v2\/pages"}],"about":[{"href":"https:\/\/cssst.gouv.qc.ca\/yamaska\/wp-json\/wp\/v2\/types\/page"}],"author":[{"embeddable":true,"href":"https:\/\/cssst.gouv.qc.ca\/yamaska\/wp-json\/wp\/v2\/users\/1"}],"replies":[{"embeddable":true,"href":"https:\/\/cssst.gouv.qc.ca\/yamaska\/wp-json\/wp\/v2\/comments?post=4"}],"version-history":[{"count":0,"href":"https:\/\/cssst.gouv.qc.ca\/yamaska\/wp-json\/wp\/v2\/pages\/4\/revisions"}],"wp:attachment":[{"href":"https:\/\/cssst.gouv.qc.ca\/yamaska\/wp-json\/wp\/v2\/media?parent=4"}],"curies":[{"name":"wp","href":"https:\/\/api.w.org\/{rel}","templated":true}]}}