{"id":4,"date":"2025-06-26T09:37:00","date_gmt":"2025-06-26T13:37:00","guid":{"rendered":"https:\/\/cssst.gouv.qc.ca\/sainte-anne-les-iles\/accueil\/"},"modified":"2025-06-30T09:12:20","modified_gmt":"2025-06-30T13:12:20","slug":"accueil","status":"publish","type":"page","link":"https:\/\/cssst.gouv.qc.ca\/sainte-anne-les-iles\/","title":{"rendered":"Bienvenue \u00e0 l&rsquo;\u00e9cole \nSainte-Anne-les-\u00celes"},"content":{"rendered":"\n<div class=\"wp-block-cover alignfull is-light is-style-hero-home-subsite\" style=\"min-height:329px;aspect-ratio:unset;\"><span aria-hidden=\"true\" class=\"wp-block-cover__background has-background-dim\"><\/span><div class=\"wp-block-cover__inner-container\">\n<figure class=\"wp-block-image alignright size-large is-resized\"><img loading=\"lazy\" decoding=\"async\" width=\"1024\" height=\"658\" src=\"http:\/\/cssst.gouv.qc.ca\/sainte-anne-les-iles\/wp-content\/uploads\/sites\/14\/2024\/01\/eau-002-1024x658.png\" alt=\"\" class=\"wp-image-182\" style=\"width:454px;height:auto\" srcset=\"https:\/\/cssst.gouv.qc.ca\/sainte-anne-les-iles\/wp-content\/uploads\/sites\/14\/2024\/01\/eau-002-1024x658.png 1024w, https:\/\/cssst.gouv.qc.ca\/sainte-anne-les-iles\/wp-content\/uploads\/sites\/14\/2024\/01\/eau-002-300x193.png 300w, https:\/\/cssst.gouv.qc.ca\/sainte-anne-les-iles\/wp-content\/uploads\/sites\/14\/2024\/01\/eau-002-768x493.png 768w, https:\/\/cssst.gouv.qc.ca\/sainte-anne-les-iles\/wp-content\/uploads\/sites\/14\/2024\/01\/eau-002-1536x987.png 1536w, https:\/\/cssst.gouv.qc.ca\/sainte-anne-les-iles\/wp-content\/uploads\/sites\/14\/2024\/01\/eau-002-2048x1315.png 2048w\" sizes=\"auto, (max-width: 1024px) 100vw, 1024px\" \/><\/figure>\n\n\n\n<div class=\"wp-block-group alignwide\"><h2 style=\"font-style:normal;font-weight:300;\" class=\"wp-block-post-title has-medium-font-size\">Bienvenue \u00e0 l&rsquo;\u00e9cole \nSainte-Anne-les-\u00celes<\/h2>\n\n\n<div class=\"wp-block-buttons\"><\/div>\n<\/div>\n<\/div><\/div>\n\n\n\n<div class=\"wp-block-group alignfull is-style-subsite-home-news has-tertiary-background-color has-background\">\n<div class=\"wp-block-group alignwide\">\n<h2 class=\"wp-block-heading\">Actualit\u00e9s<\/h2>\n\n\n\n<div class=\"wp-block-buttons\">\n<div class=\"wp-block-button is-style-text is-home-actualites\"><a class=\"wp-block-button__link wp-element-button\" href=\"https:\/\/cssst.gouv.qc.ca\/sainte-anne-les-iles\/actualites\/\">Voir toutes les actualit\u00e9s<img decoding=\"async\" class=\"wp-image-402\" style=\"width: 17px\" src=\"https:\/\/cssst.gouv.qc.ca\/wp-content\/uploads\/2022\/09\/short_right.svg\" alt=\"\"><\/a><\/div>\n<\/div>\n<\/div>\n\n\n<div class=\" alignwide alignwide wp-block-acf-archive-listing\" id=\"testimonial-block_f6f07e796a93894e270c083be3f9fcd0\">\n    <\/div>\n<\/div>\n\n\n\n<div class=\"wp-block-group alignfull is-style-bg-gradient\">\n<div class=\"wp-block-group alignwide\">\n<div class=\"wp-block-group alignwide\">\n<div class=\"wp-block-columns is-style-dates-and-calendar\">\n<div class=\"wp-block-column is-style-dates-list\">\n<h2 class=\"wp-block-heading\">Calendrier<\/h2>\n<\/div>\n<\/div>\n\n\n\n<div class=\"wp-block-columns alignwide is-style-home-calendar is-style-dates-and-calendar\">\n<div class=\"wp-block-column is-style-dates-list\">\n<div class=\"wp-block-group\">\n<h3 class=\"wp-block-heading\">\u00c0 surveiller<\/h3>\n\n\n<div class=\"align wp-block-acf-act-date-list\" id=\"testimonial-\"><div class=\"wp-block-group\">\n    \n    <div class=\"wp-block-columns\">\n    <div class=\"wp-block-column column-left\">\n    <p class=\"is-style-key-dates\">22 <\/p>\n    \n    \n    \n    <p class=\"is-style-key-dates month\">Juin<\/p>\n    <\/div>\n    \n    \n    \n    <div class=\"wp-block-column column-right\">\n    <p class=\"has-accent-lighter-color has-text-color\"><strong><a href=\"https:\/\/cssst.gouv.qc.ca\/sainte-anne-les-iles\/evenements\/derniere-journee-decole\/\">Derni\u00e8re journ\u00e9e d&rsquo;\u00e9cole<\/a><\/strong><\/p>\n    <\/div>\n    <\/div>\n    \n    \n    \n    <div class=\"wp-block-columns\">\n    <div class=\"wp-block-column column-left\">\n    <p class=\"is-style-key-dates\">24 <\/p>\n    \n    \n    \n    <p class=\"is-style-key-dates month\">Juin<\/p>\n    <\/div>\n    \n    \n    \n    <div class=\"wp-block-column column-right\">\n    <p class=\"has-accent-lighter-color has-text-color\"><strong><a href=\"https:\/\/cssst.gouv.qc.ca\/sainte-anne-les-iles\/evenements\/fete-nationale-du-quebec\/\">F\u00eate nationale du Qu\u00e9bec<\/a><\/strong><\/p>\n    <\/div>\n    <\/div>\n    \n    \n    \n    <div class=\"wp-block-columns\">\n    <div class=\"wp-block-column column-left\">\n    <p class=\"is-style-key-dates\">01 <\/p>\n    \n    \n    \n    <p class=\"is-style-key-dates month\">Juil<\/p>\n    <\/div>\n    \n    \n    \n    <div class=\"wp-block-column column-right\">\n    <p class=\"has-accent-lighter-color has-text-color\"><strong><a href=\"https:\/\/cssst.gouv.qc.ca\/sainte-anne-les-iles\/evenements\/fete-du-canada\/\">F\u00eate du Canada<\/a><\/strong><\/p>\n    <\/div>\n    <\/div>\n    \n    <\/div><\/div>\n\n\n<p><a href=\"https:\/\/cssst.gouv.qc.ca\/sainte-anne-les-iles\/evenements\/\">Voir tous les \u00e9v\u00e9nements<\/a><\/p>\n<\/div>\n<\/div>\n\n\n\n<div class=\"wp-block-column is-style-calendar\">\n<div class=\"wp-block-group\"><div class=\"act-post-calendar\">\n    \n<\/div>\n<script>\n    var actPostCalendarPopups = {\n                    '2023-06-22': {\n                modifier: 'bg-accent',\n                html: '<a href=\"https:\/\/cssst.gouv.qc.ca\/sainte-anne-les-iles\/evenements\/derniere-journee-decole\/\">Derni\u00e8re journ\u00e9e d&rsquo;\u00e9cole<\/a>'\n            },\n                    '2023-06-24': {\n                modifier: 'bg-accent',\n                html: '<a href=\"https:\/\/cssst.gouv.qc.ca\/sainte-anne-les-iles\/evenements\/fete-nationale-du-quebec\/\">F\u00eate nationale du Qu\u00e9bec<\/a>'\n            },\n                    '2023-07-01': {\n                modifier: 'bg-accent',\n                html: '<a href=\"https:\/\/cssst.gouv.qc.ca\/sainte-anne-les-iles\/evenements\/fete-du-canada\/\">F\u00eate du Canada<\/a>'\n            },\n            }\n    var actPostCalendarMonths = [\n        'Janvier', \n        'F\u00e9vrier', \n        'Mars', \n        'Avril', \n        'Mai', \n        'Juin', \n        'Juillet',\n        'Ao\u00fbt', \n        'Septembre', \n        'Octobre', \n        'Novembre', \n        'D\u00e9cembre'\n    ]\n    var actPostCalendarWeekdays = ['D', 'L', 'M', 'M', 'J', 'V', 'S'];\n<\/script>\n\n\n\n<div class=\"wp-block-buttons\">\n<div class=\"wp-block-button\"><a class=\"wp-block-button__link wp-element-button\">T\u00e9l\u00e9charger le calendrier <img decoding=\"async\" class=\"wp-image-122\" style=\"width: 24px\" src=\"http:\/\/cssst.gouv.qc.ca\/ecoles-secondaires\/wp-content\/uploads\/sites\/4\/2023\/02\/Download.svg\" alt=\"Avril\"><\/a><\/div>\n<\/div>\n<\/div>\n<\/div>\n<\/div>\n<\/div>\n<\/div>\n\n\n\n<div class=\"wp-block-media-text alignwide is-stacked-on-mobile is-style-wide-size\"><figure class=\"wp-block-media-text__media\"><img loading=\"lazy\" decoding=\"async\" width=\"960\" height=\"960\" src=\"http:\/\/cssst.gouv.qc.ca\/sainte-anne-les-iles\/wp-content\/uploads\/sites\/14\/2024\/01\/ecole.jpg\" alt=\"\" class=\"wp-image-176 size-full\" srcset=\"https:\/\/cssst.gouv.qc.ca\/sainte-anne-les-iles\/wp-content\/uploads\/sites\/14\/2024\/01\/ecole.jpg 960w, https:\/\/cssst.gouv.qc.ca\/sainte-anne-les-iles\/wp-content\/uploads\/sites\/14\/2024\/01\/ecole-300x300.jpg 300w, https:\/\/cssst.gouv.qc.ca\/sainte-anne-les-iles\/wp-content\/uploads\/sites\/14\/2024\/01\/ecole-150x150.jpg 150w, https:\/\/cssst.gouv.qc.ca\/sainte-anne-les-iles\/wp-content\/uploads\/sites\/14\/2024\/01\/ecole-768x768.jpg 768w\" sizes=\"auto, (max-width: 960px) 100vw, 960px\" \/><\/figure><div class=\"wp-block-media-text__content\">\n<h2 class=\"wp-block-heading\">\u00c9cole Sainte-Anne-les-\u00celes<\/h2>\n\n\n\n<p>L\u2019\u00e9cole Sainte-Anne-les-\u00celes fut fond\u00e9e entre 1952 et 1953. L\u2019\u00e9cole sera agrandie en 1961-62. L\u2019origine du nom de l\u2019\u00e9cole Sainte-Anne-les-\u00celes provient de l\u2019ancien nom de la commission scolaire de St-Anne de Sorel. Les \u00eeles pour les 103 \u00eeles situ\u00e9es sur le fleuve Saint-Laurent. \u00c0 l\u2019\u00e9poque, les villages portaient le nom de la paroisse (de l\u2019\u00e9glise du village) et les commissions scolaires \u00e9taient s\u00e9par\u00e9es par village et par paroisse.<\/p>\n\n\n\n<p>Notre \u00e9cole est situ\u00e9e dans un quartier r\u00e9sidentiel de la municipalit\u00e9 de Sainte-Anne-de-Sorel et est \u00e0 proximit\u00e9 du fleuve Saint-Laurent et de la ville de Sorel-Tracy. Notre cour d\u2019\u00e9cole comprend des installations sportives, des modules de jeux, un carr\u00e9 de sable, un mobilier urbain incluant des tables de pique-nique, des bancs ainsi qu\u2019une zone ombrag\u00e9e. Am\u00e9nag\u00e9e sur 1 \u00e9tage, l\u2019\u00e9cole poss\u00e8de 13 de locaux de classe, 1 gymnase, une biblioth\u00e8que, 2 locaux du service de garde et 1 local de musique.<\/p>\n\n\n\n<div class=\"wp-block-buttons\">\n<div class=\"wp-block-button\"><a class=\"wp-block-button__link wp-element-button\">En savoir plus <img decoding=\"async\" class=\"wp-image-402\" style=\"width: 17px\" src=\"https:\/\/cssst.gouv.qc.ca\/wp-content\/uploads\/2022\/09\/short_right.svg\" alt=\"\"><\/a><\/div>\n<\/div>\n<\/div><\/div>\n<\/div>\n\n\n\n<div class=\"wp-block-buttons\">\n<div class=\"wp-block-button has-custom-width wp-block-button__width-100 is-style-fill\"><a class=\"wp-block-button__link wp-element-button\" href=\"https:\/\/cssst.gouv.qc.ca\/publications\/plaintes\/\" style=\"border-radius:100px;box-shadow:var(--wp--preset--shadow--natural)\">Traitement des plaintes et protecteur de l&rsquo;\u00e9l\u00e8ve<\/a><\/div>\n<\/div>\n","protected":false},"excerpt":{"rendered":"<p>Actualit\u00e9s Calendrier \u00c0 surveiller Voir tous les \u00e9v\u00e9nements \u00c9cole Sainte-Anne-les-\u00celes L\u2019\u00e9cole Sainte-Anne-les-\u00celes fut fond\u00e9e entre 1952 et 1953. L\u2019\u00e9cole sera agrandie en 1961-62. L\u2019origine du nom de l\u2019\u00e9cole Sainte-Anne-les-\u00celes provient de l\u2019ancien nom de la commission scolaire de St-Anne de Sorel. Les \u00eeles pour les 103 \u00eeles situ\u00e9es sur le fleuve Saint-Laurent. \u00c0 l\u2019\u00e9poque, les [&hellip;]<\/p>\n","protected":false},"author":1,"featured_media":0,"parent":0,"menu_order":0,"comment_status":"closed","ping_status":"closed","template":"","meta":{"_acf_changed":false,"inline_featured_image":false,"footnotes":""},"class_list":["post-4","page","type-page","status-publish","hentry"],"acf":[],"yoast_head":"<!-- This site is optimized with the Yoast SEO plugin v27.5 - https:\/\/yoast.com\/product\/yoast-seo-wordpress\/ -->\n<title>Bienvenue \u00e0 l&#039;\u00e9cole Sainte-Anne-les-\u00celes - \u00c9cole Sainte-Anne-les-\u00celes<\/title>\n<meta name=\"robots\" content=\"index, follow, max-snippet:-1, max-image-preview:large, max-video-preview:-1\" \/>\n<link rel=\"canonical\" href=\"https:\/\/cssst.gouv.qc.ca\/sainte-anne-les-iles\/\" \/>\n<meta property=\"og:locale\" content=\"fr_CA\" \/>\n<meta property=\"og:type\" content=\"article\" \/>\n<meta property=\"og:title\" content=\"Bienvenue \u00e0 l&#039;\u00e9cole Sainte-Anne-les-\u00celes - \u00c9cole Sainte-Anne-les-\u00celes\" \/>\n<meta property=\"og:description\" content=\"Actualit\u00e9s Calendrier \u00c0 surveiller Voir tous les \u00e9v\u00e9nements \u00c9cole Sainte-Anne-les-\u00celes L\u2019\u00e9cole Sainte-Anne-les-\u00celes fut fond\u00e9e entre 1952 et 1953. L\u2019\u00e9cole sera agrandie en 1961-62. L\u2019origine du nom de l\u2019\u00e9cole Sainte-Anne-les-\u00celes provient de l\u2019ancien nom de la commission scolaire de St-Anne de Sorel. Les \u00eeles pour les 103 \u00eeles situ\u00e9es sur le fleuve Saint-Laurent. \u00c0 l\u2019\u00e9poque, les [&hellip;]\" \/>\n<meta property=\"og:url\" content=\"https:\/\/cssst.gouv.qc.ca\/sainte-anne-les-iles\/\" \/>\n<meta property=\"og:site_name\" content=\"\u00c9cole Sainte-Anne-les-\u00celes\" \/>\n<meta property=\"article:publisher\" content=\"https:\/\/www.facebook.com\/ecolesainteannelesiles\" \/>\n<meta property=\"article:modified_time\" content=\"2025-06-30T13:12:20+00:00\" \/>\n<meta property=\"og:image\" content=\"https:\/\/cssst.gouv.qc.ca\/sainte-anne-les-iles\/wp-content\/uploads\/sites\/14\/2024\/01\/eau-002.png\" \/>\n\t<meta property=\"og:image:width\" content=\"3075\" \/>\n\t<meta property=\"og:image:height\" content=\"1975\" \/>\n\t<meta property=\"og:image:type\" content=\"image\/png\" \/>\n<meta name=\"twitter:card\" content=\"summary_large_image\" \/>\n<meta name=\"twitter:label1\" content=\"Estimation du temps de lecture\" \/>\n\t<meta name=\"twitter:data1\" content=\"2 minutes\" \/>\n<script type=\"application\/ld+json\" class=\"yoast-schema-graph\">{\"@context\":\"https:\\\/\\\/schema.org\",\"@graph\":[{\"@type\":\"WebPage\",\"@id\":\"https:\\\/\\\/cssst.gouv.qc.ca\\\/sainte-anne-les-iles\\\/\",\"url\":\"https:\\\/\\\/cssst.gouv.qc.ca\\\/sainte-anne-les-iles\\\/\",\"name\":\"Bienvenue \u00e0 l'\u00e9cole Sainte-Anne-les-\u00celes - \u00c9cole Sainte-Anne-les-\u00celes\",\"isPartOf\":{\"@id\":\"https:\\\/\\\/cssst.gouv.qc.ca\\\/sainte-anne-les-iles\\\/#website\"},\"primaryImageOfPage\":{\"@id\":\"https:\\\/\\\/cssst.gouv.qc.ca\\\/sainte-anne-les-iles\\\/#primaryimage\"},\"image\":{\"@id\":\"https:\\\/\\\/cssst.gouv.qc.ca\\\/sainte-anne-les-iles\\\/#primaryimage\"},\"thumbnailUrl\":\"http:\\\/\\\/cssst.gouv.qc.ca\\\/sainte-anne-les-iles\\\/wp-content\\\/uploads\\\/sites\\\/14\\\/2024\\\/01\\\/eau-002-1024x658.png\",\"datePublished\":\"2025-06-26T13:37:00+00:00\",\"dateModified\":\"2025-06-30T13:12:20+00:00\",\"breadcrumb\":{\"@id\":\"https:\\\/\\\/cssst.gouv.qc.ca\\\/sainte-anne-les-iles\\\/#breadcrumb\"},\"inLanguage\":\"fr-CA\",\"potentialAction\":[{\"@type\":\"ReadAction\",\"target\":[\"https:\\\/\\\/cssst.gouv.qc.ca\\\/sainte-anne-les-iles\\\/\"]}]},{\"@type\":\"ImageObject\",\"inLanguage\":\"fr-CA\",\"@id\":\"https:\\\/\\\/cssst.gouv.qc.ca\\\/sainte-anne-les-iles\\\/#primaryimage\",\"url\":\"https:\\\/\\\/cssst.gouv.qc.ca\\\/sainte-anne-les-iles\\\/wp-content\\\/uploads\\\/sites\\\/14\\\/2024\\\/01\\\/eau-002.png\",\"contentUrl\":\"https:\\\/\\\/cssst.gouv.qc.ca\\\/sainte-anne-les-iles\\\/wp-content\\\/uploads\\\/sites\\\/14\\\/2024\\\/01\\\/eau-002.png\",\"width\":3075,\"height\":1975},{\"@type\":\"BreadcrumbList\",\"@id\":\"https:\\\/\\\/cssst.gouv.qc.ca\\\/sainte-anne-les-iles\\\/#breadcrumb\",\"itemListElement\":[{\"@type\":\"ListItem\",\"position\":1,\"name\":\"Accueil\",\"item\":\"https:\\\/\\\/cssst.gouv.qc.ca\\\/sainte-anne-les-iles\\\/\"},{\"@type\":\"ListItem\",\"position\":2,\"name\":\"Bienvenue \u00e0 l&rsquo;\u00e9cole Sainte-Anne-les-\u00celes\"}]},{\"@type\":\"WebSite\",\"@id\":\"https:\\\/\\\/cssst.gouv.qc.ca\\\/sainte-anne-les-iles\\\/#website\",\"url\":\"https:\\\/\\\/cssst.gouv.qc.ca\\\/sainte-anne-les-iles\\\/\",\"name\":\"\u00c9cole Sainte-Anne-les-\u00celes\",\"description\":\"\",\"potentialAction\":[{\"@type\":\"SearchAction\",\"target\":{\"@type\":\"EntryPoint\",\"urlTemplate\":\"https:\\\/\\\/cssst.gouv.qc.ca\\\/sainte-anne-les-iles\\\/?s={search_term_string}\"},\"query-input\":{\"@type\":\"PropertyValueSpecification\",\"valueRequired\":true,\"valueName\":\"search_term_string\"}}],\"inLanguage\":\"fr-CA\"}]}<\/script>\n<!-- \/ Yoast SEO plugin. -->","yoast_head_json":{"title":"Bienvenue \u00e0 l'\u00e9cole Sainte-Anne-les-\u00celes - \u00c9cole Sainte-Anne-les-\u00celes","robots":{"index":"index","follow":"follow","max-snippet":"max-snippet:-1","max-image-preview":"max-image-preview:large","max-video-preview":"max-video-preview:-1"},"canonical":"https:\/\/cssst.gouv.qc.ca\/sainte-anne-les-iles\/","og_locale":"fr_CA","og_type":"article","og_title":"Bienvenue \u00e0 l'\u00e9cole Sainte-Anne-les-\u00celes - \u00c9cole Sainte-Anne-les-\u00celes","og_description":"Actualit\u00e9s Calendrier \u00c0 surveiller Voir tous les \u00e9v\u00e9nements \u00c9cole Sainte-Anne-les-\u00celes L\u2019\u00e9cole Sainte-Anne-les-\u00celes fut fond\u00e9e entre 1952 et 1953. L\u2019\u00e9cole sera agrandie en 1961-62. L\u2019origine du nom de l\u2019\u00e9cole Sainte-Anne-les-\u00celes provient de l\u2019ancien nom de la commission scolaire de St-Anne de Sorel. Les \u00eeles pour les 103 \u00eeles situ\u00e9es sur le fleuve Saint-Laurent. \u00c0 l\u2019\u00e9poque, les [&hellip;]","og_url":"https:\/\/cssst.gouv.qc.ca\/sainte-anne-les-iles\/","og_site_name":"\u00c9cole Sainte-Anne-les-\u00celes","article_publisher":"https:\/\/www.facebook.com\/ecolesainteannelesiles","article_modified_time":"2025-06-30T13:12:20+00:00","og_image":[{"width":3075,"height":1975,"url":"https:\/\/cssst.gouv.qc.ca\/sainte-anne-les-iles\/wp-content\/uploads\/sites\/14\/2024\/01\/eau-002.png","type":"image\/png"}],"twitter_card":"summary_large_image","twitter_misc":{"Estimation du temps de lecture":"2 minutes"},"schema":{"@context":"https:\/\/schema.org","@graph":[{"@type":"WebPage","@id":"https:\/\/cssst.gouv.qc.ca\/sainte-anne-les-iles\/","url":"https:\/\/cssst.gouv.qc.ca\/sainte-anne-les-iles\/","name":"Bienvenue \u00e0 l'\u00e9cole Sainte-Anne-les-\u00celes - \u00c9cole Sainte-Anne-les-\u00celes","isPartOf":{"@id":"https:\/\/cssst.gouv.qc.ca\/sainte-anne-les-iles\/#website"},"primaryImageOfPage":{"@id":"https:\/\/cssst.gouv.qc.ca\/sainte-anne-les-iles\/#primaryimage"},"image":{"@id":"https:\/\/cssst.gouv.qc.ca\/sainte-anne-les-iles\/#primaryimage"},"thumbnailUrl":"http:\/\/cssst.gouv.qc.ca\/sainte-anne-les-iles\/wp-content\/uploads\/sites\/14\/2024\/01\/eau-002-1024x658.png","datePublished":"2025-06-26T13:37:00+00:00","dateModified":"2025-06-30T13:12:20+00:00","breadcrumb":{"@id":"https:\/\/cssst.gouv.qc.ca\/sainte-anne-les-iles\/#breadcrumb"},"inLanguage":"fr-CA","potentialAction":[{"@type":"ReadAction","target":["https:\/\/cssst.gouv.qc.ca\/sainte-anne-les-iles\/"]}]},{"@type":"ImageObject","inLanguage":"fr-CA","@id":"https:\/\/cssst.gouv.qc.ca\/sainte-anne-les-iles\/#primaryimage","url":"https:\/\/cssst.gouv.qc.ca\/sainte-anne-les-iles\/wp-content\/uploads\/sites\/14\/2024\/01\/eau-002.png","contentUrl":"https:\/\/cssst.gouv.qc.ca\/sainte-anne-les-iles\/wp-content\/uploads\/sites\/14\/2024\/01\/eau-002.png","width":3075,"height":1975},{"@type":"BreadcrumbList","@id":"https:\/\/cssst.gouv.qc.ca\/sainte-anne-les-iles\/#breadcrumb","itemListElement":[{"@type":"ListItem","position":1,"name":"Accueil","item":"https:\/\/cssst.gouv.qc.ca\/sainte-anne-les-iles\/"},{"@type":"ListItem","position":2,"name":"Bienvenue \u00e0 l&rsquo;\u00e9cole Sainte-Anne-les-\u00celes"}]},{"@type":"WebSite","@id":"https:\/\/cssst.gouv.qc.ca\/sainte-anne-les-iles\/#website","url":"https:\/\/cssst.gouv.qc.ca\/sainte-anne-les-iles\/","name":"\u00c9cole Sainte-Anne-les-\u00celes","description":"","potentialAction":[{"@type":"SearchAction","target":{"@type":"EntryPoint","urlTemplate":"https:\/\/cssst.gouv.qc.ca\/sainte-anne-les-iles\/?s={search_term_string}"},"query-input":{"@type":"PropertyValueSpecification","valueRequired":true,"valueName":"search_term_string"}}],"inLanguage":"fr-CA"}]}},"_links":{"self":[{"href":"https:\/\/cssst.gouv.qc.ca\/sainte-anne-les-iles\/wp-json\/wp\/v2\/pages\/4","targetHints":{"allow":["GET"]}}],"collection":[{"href":"https:\/\/cssst.gouv.qc.ca\/sainte-anne-les-iles\/wp-json\/wp\/v2\/pages"}],"about":[{"href":"https:\/\/cssst.gouv.qc.ca\/sainte-anne-les-iles\/wp-json\/wp\/v2\/types\/page"}],"author":[{"embeddable":true,"href":"https:\/\/cssst.gouv.qc.ca\/sainte-anne-les-iles\/wp-json\/wp\/v2\/users\/1"}],"replies":[{"embeddable":true,"href":"https:\/\/cssst.gouv.qc.ca\/sainte-anne-les-iles\/wp-json\/wp\/v2\/comments?post=4"}],"version-history":[{"count":0,"href":"https:\/\/cssst.gouv.qc.ca\/sainte-anne-les-iles\/wp-json\/wp\/v2\/pages\/4\/revisions"}],"wp:attachment":[{"href":"https:\/\/cssst.gouv.qc.ca\/sainte-anne-les-iles\/wp-json\/wp\/v2\/media?parent=4"}],"curies":[{"name":"wp","href":"https:\/\/api.w.org\/{rel}","templated":true}]}}