{"id":4,"date":"2023-02-02T09:37:05","date_gmt":"2023-02-02T14:37:05","guid":{"rendered":"https:\/\/cssst.gouv.qc.ca\/saint-roch\/accueil\/"},"modified":"2025-01-31T13:29:53","modified_gmt":"2025-01-31T18:29:53","slug":"accueil","status":"publish","type":"page","link":"https:\/\/cssst.gouv.qc.ca\/saint-roch\/","title":{"rendered":"Bienvenue \n\u00e0 l&rsquo;\u00e9cole St-Roch"},"content":{"rendered":"\n<figure class=\"wp-block-image size-large\"><img loading=\"lazy\" decoding=\"async\" width=\"1024\" height=\"768\" src=\"http:\/\/cssst.gouv.qc.ca\/saint-roch\/wp-content\/uploads\/sites\/19\/2025\/01\/photo-ecole-1024x768.jpg\" alt=\"\" class=\"wp-image-191\" srcset=\"https:\/\/cssst.gouv.qc.ca\/saint-roch\/wp-content\/uploads\/sites\/19\/2025\/01\/photo-ecole-1024x768.jpg 1024w, https:\/\/cssst.gouv.qc.ca\/saint-roch\/wp-content\/uploads\/sites\/19\/2025\/01\/photo-ecole-300x225.jpg 300w, https:\/\/cssst.gouv.qc.ca\/saint-roch\/wp-content\/uploads\/sites\/19\/2025\/01\/photo-ecole-768x576.jpg 768w, https:\/\/cssst.gouv.qc.ca\/saint-roch\/wp-content\/uploads\/sites\/19\/2025\/01\/photo-ecole.jpg 1080w\" sizes=\"auto, (max-width: 1024px) 100vw, 1024px\" \/><\/figure>\n\n\n\n<div class=\"wp-block-group\">\n<div class=\"wp-block-group\"><\/div>\n<\/div>\n\n\n\n<div class=\"wp-block-group\"><\/div>\n\n\n\n<div class=\"wp-block-group alignfull is-style-subsite-home-news has-tertiary-background-color has-background\">\n<div class=\"wp-block-group alignwide\">\n<h2 class=\"wp-block-heading\">Actualit\u00e9s<\/h2>\n\n\n\n<div class=\"wp-block-buttons\">\n<div class=\"wp-block-button is-style-text is-home-actualites\"><a class=\"wp-block-button__link wp-element-button\" href=\"https:\/\/cssst.gouv.qc.ca\/saint-roch\/actualites\/\">Voir toutes les actualit\u00e9s<img decoding=\"async\" class=\"wp-image-402\" style=\"width: 17px\" src=\"https:\/\/cssst.gouv.qc.ca\/wp-content\/uploads\/2022\/09\/short_right.svg\" alt=\"\"><\/a><\/div>\n<\/div>\n<\/div>\n\n\n<div class=\" alignwide alignwide wp-block-acf-archive-listing\" id=\"testimonial-block_f6f07e796a93894e270c083be3f9fcd0\">\n    <\/div>\n<\/div>\n\n\n\n<div class=\"wp-block-group alignfull is-style-bg-gradient\">\n<div class=\"wp-block-group alignwide\">\n<div class=\"wp-block-group alignwide\">\n<div class=\"wp-block-columns is-style-dates-and-calendar\">\n<div class=\"wp-block-column is-style-dates-list\">\n<h2 class=\"wp-block-heading\">Calendrier<\/h2>\n<\/div>\n<\/div>\n\n\n\n<div class=\"wp-block-columns alignwide is-style-home-calendar is-style-dates-and-calendar\">\n<div class=\"wp-block-column is-style-dates-list\">\n<div class=\"wp-block-group\">\n<h3 class=\"wp-block-heading\">\u00c0 surveiller<\/h3>\n\n\n<div class=\"align wp-block-acf-act-date-list\" id=\"testimonial-\"><div class=\"wp-block-group\"><\/div><\/div>\n\n\n<p class=\"has-x-small-font-size\"><a href=\"https:\/\/cssst.gouv.qc.ca\/saint-roch\/evenements\/\">Voir tous les \u00e9v\u00e9nements<\/a><\/p>\n<\/div>\n<\/div>\n\n\n\n<div class=\"wp-block-column is-style-calendar\">\n<div class=\"wp-block-group\"><div class=\"act-post-calendar\">\n    \n<\/div>\n<script>\n    var actPostCalendarPopups = {\n            }\n    var actPostCalendarMonths = [\n        'Janvier', \n        'F\u00e9vrier', \n        'Mars', \n        'Avril', \n        'Mai', \n        'Juin', \n        'Juillet',\n        'Ao\u00fbt', \n        'Septembre', \n        'Octobre', \n        'Novembre', \n        'D\u00e9cembre'\n    ]\n    var actPostCalendarWeekdays = ['D', 'L', 'M', 'M', 'J', 'V', 'S'];\n<\/script>\n\n\n\n<div class=\"wp-block-buttons\">\n<div class=\"wp-block-button\"><a class=\"wp-block-button__link wp-element-button\">T\u00e9l\u00e9charger le calendrier <img decoding=\"async\" class=\"wp-image-122\" style=\"width: 24px\" src=\"http:\/\/cssst.gouv.qc.ca\/ecoles-secondaires\/wp-content\/uploads\/sites\/4\/2023\/02\/Download.svg\" alt=\"\"><\/a><\/div>\n<\/div>\n<\/div>\n<\/div>\n<\/div>\n<\/div>\n<\/div>\n<\/div>\n\n\n<section class=\"act-galerie-slider align act-galerie\">\n    <ul id=\"act-galerie-slider_69f1e3db7bddb\">\n                    <li class=\"act-galerie-slider__item\">\n                <img loading=\"lazy\" decoding=\"async\" width=\"960\" height=\"720\" src=\"https:\/\/cssst.gouv.qc.ca\/saint-roch\/wp-content\/uploads\/sites\/19\/2025\/01\/cour2.jpg\" class=\"attachment-large size-large\" alt=\"\" srcset=\"https:\/\/cssst.gouv.qc.ca\/saint-roch\/wp-content\/uploads\/sites\/19\/2025\/01\/cour2.jpg 960w, https:\/\/cssst.gouv.qc.ca\/saint-roch\/wp-content\/uploads\/sites\/19\/2025\/01\/cour2-300x225.jpg 300w, https:\/\/cssst.gouv.qc.ca\/saint-roch\/wp-content\/uploads\/sites\/19\/2025\/01\/cour2-768x576.jpg 768w\" sizes=\"auto, (max-width: 960px) 100vw, 960px\" \/>            <\/li>\n                    <li class=\"act-galerie-slider__item\">\n                <img loading=\"lazy\" decoding=\"async\" width=\"960\" height=\"720\" src=\"https:\/\/cssst.gouv.qc.ca\/saint-roch\/wp-content\/uploads\/sites\/19\/2025\/01\/cour.jpg\" class=\"attachment-large size-large\" alt=\"\" srcset=\"https:\/\/cssst.gouv.qc.ca\/saint-roch\/wp-content\/uploads\/sites\/19\/2025\/01\/cour.jpg 960w, https:\/\/cssst.gouv.qc.ca\/saint-roch\/wp-content\/uploads\/sites\/19\/2025\/01\/cour-300x225.jpg 300w, https:\/\/cssst.gouv.qc.ca\/saint-roch\/wp-content\/uploads\/sites\/19\/2025\/01\/cour-768x576.jpg 768w\" sizes=\"auto, (max-width: 960px) 100vw, 960px\" \/>            <\/li>\n                    <li class=\"act-galerie-slider__item\">\n                <img loading=\"lazy\" decoding=\"async\" width=\"768\" height=\"1024\" src=\"https:\/\/cssst.gouv.qc.ca\/saint-roch\/wp-content\/uploads\/sites\/19\/2025\/01\/classe1-4-768x1024.jpg\" class=\"attachment-large size-large\" alt=\"\" srcset=\"https:\/\/cssst.gouv.qc.ca\/saint-roch\/wp-content\/uploads\/sites\/19\/2025\/01\/classe1-4-768x1024.jpg 768w, https:\/\/cssst.gouv.qc.ca\/saint-roch\/wp-content\/uploads\/sites\/19\/2025\/01\/classe1-4-225x300.jpg 225w, https:\/\/cssst.gouv.qc.ca\/saint-roch\/wp-content\/uploads\/sites\/19\/2025\/01\/classe1-4.jpg 1080w\" sizes=\"auto, (max-width: 768px) 100vw, 768px\" \/>            <\/li>\n                    <li class=\"act-galerie-slider__item\">\n                <img loading=\"lazy\" decoding=\"async\" width=\"768\" height=\"1024\" src=\"https:\/\/cssst.gouv.qc.ca\/saint-roch\/wp-content\/uploads\/sites\/19\/2025\/01\/classe1-3-768x1024.jpg\" class=\"attachment-large size-large\" alt=\"\" srcset=\"https:\/\/cssst.gouv.qc.ca\/saint-roch\/wp-content\/uploads\/sites\/19\/2025\/01\/classe1-3-768x1024.jpg 768w, https:\/\/cssst.gouv.qc.ca\/saint-roch\/wp-content\/uploads\/sites\/19\/2025\/01\/classe1-3-225x300.jpg 225w, https:\/\/cssst.gouv.qc.ca\/saint-roch\/wp-content\/uploads\/sites\/19\/2025\/01\/classe1-3.jpg 1080w\" sizes=\"auto, (max-width: 768px) 100vw, 768px\" \/>            <\/li>\n                    <li class=\"act-galerie-slider__item\">\n                <img loading=\"lazy\" decoding=\"async\" width=\"768\" height=\"1024\" src=\"https:\/\/cssst.gouv.qc.ca\/saint-roch\/wp-content\/uploads\/sites\/19\/2025\/01\/classe1-2-768x1024.jpg\" class=\"attachment-large size-large\" alt=\"\" srcset=\"https:\/\/cssst.gouv.qc.ca\/saint-roch\/wp-content\/uploads\/sites\/19\/2025\/01\/classe1-2-768x1024.jpg 768w, https:\/\/cssst.gouv.qc.ca\/saint-roch\/wp-content\/uploads\/sites\/19\/2025\/01\/classe1-2-225x300.jpg 225w, https:\/\/cssst.gouv.qc.ca\/saint-roch\/wp-content\/uploads\/sites\/19\/2025\/01\/classe1-2.jpg 1080w\" sizes=\"auto, (max-width: 768px) 100vw, 768px\" \/>            <\/li>\n                    <li class=\"act-galerie-slider__item\">\n                <img loading=\"lazy\" decoding=\"async\" width=\"768\" height=\"1024\" src=\"https:\/\/cssst.gouv.qc.ca\/saint-roch\/wp-content\/uploads\/sites\/19\/2025\/01\/classe1-1-768x1024.jpg\" class=\"attachment-large size-large\" alt=\"\" srcset=\"https:\/\/cssst.gouv.qc.ca\/saint-roch\/wp-content\/uploads\/sites\/19\/2025\/01\/classe1-1-768x1024.jpg 768w, https:\/\/cssst.gouv.qc.ca\/saint-roch\/wp-content\/uploads\/sites\/19\/2025\/01\/classe1-1-225x300.jpg 225w, https:\/\/cssst.gouv.qc.ca\/saint-roch\/wp-content\/uploads\/sites\/19\/2025\/01\/classe1-1.jpg 1080w\" sizes=\"auto, (max-width: 768px) 100vw, 768px\" \/>            <\/li>\n                    <li class=\"act-galerie-slider__item\">\n                <img loading=\"lazy\" decoding=\"async\" width=\"768\" height=\"1024\" src=\"https:\/\/cssst.gouv.qc.ca\/saint-roch\/wp-content\/uploads\/sites\/19\/2025\/01\/classe1-768x1024.jpg\" class=\"attachment-large size-large\" alt=\"\" srcset=\"https:\/\/cssst.gouv.qc.ca\/saint-roch\/wp-content\/uploads\/sites\/19\/2025\/01\/classe1-768x1024.jpg 768w, https:\/\/cssst.gouv.qc.ca\/saint-roch\/wp-content\/uploads\/sites\/19\/2025\/01\/classe1-225x300.jpg 225w, https:\/\/cssst.gouv.qc.ca\/saint-roch\/wp-content\/uploads\/sites\/19\/2025\/01\/classe1.jpg 1080w\" sizes=\"auto, (max-width: 768px) 100vw, 768px\" \/>            <\/li>\n                    <li class=\"act-galerie-slider__item\">\n                <img loading=\"lazy\" decoding=\"async\" width=\"768\" height=\"1024\" src=\"https:\/\/cssst.gouv.qc.ca\/saint-roch\/wp-content\/uploads\/sites\/19\/2025\/01\/classe-768x1024.jpg\" class=\"attachment-large size-large\" alt=\"\" srcset=\"https:\/\/cssst.gouv.qc.ca\/saint-roch\/wp-content\/uploads\/sites\/19\/2025\/01\/classe-768x1024.jpg 768w, https:\/\/cssst.gouv.qc.ca\/saint-roch\/wp-content\/uploads\/sites\/19\/2025\/01\/classe-225x300.jpg 225w, https:\/\/cssst.gouv.qc.ca\/saint-roch\/wp-content\/uploads\/sites\/19\/2025\/01\/classe.jpg 1080w\" sizes=\"auto, (max-width: 768px) 100vw, 768px\" \/>            <\/li>\n            <\/ul>\n<\/section>\n\n\n\n\n<div class=\"wp-block-buttons\">\n<div class=\"wp-block-button has-custom-width wp-block-button__width-100 is-style-fill\"><a class=\"wp-block-button__link wp-element-button\" href=\"https:\/\/cssst.gouv.qc.ca\/publications\/plaintes\/\" style=\"border-radius:100px;box-shadow:var(--wp--preset--shadow--natural)\">Traitement des plaintes et protecteur de l&rsquo;\u00e9l\u00e8ve<\/a><\/div>\n<\/div>\n","protected":false},"excerpt":{"rendered":"<p>Actualit\u00e9s Calendrier \u00c0 surveiller Voir tous les \u00e9v\u00e9nements<\/p>\n","protected":false},"author":1,"featured_media":0,"parent":0,"menu_order":0,"comment_status":"closed","ping_status":"closed","template":"","meta":{"_acf_changed":false,"inline_featured_image":false,"footnotes":""},"class_list":["post-4","page","type-page","status-publish","hentry"],"acf":[],"yoast_head":"<!-- This site is optimized with the Yoast SEO plugin v27.5 - https:\/\/yoast.com\/product\/yoast-seo-wordpress\/ -->\n<title>Bienvenue \u00e0 l&#039;\u00e9cole St-Roch - \u00c9cole Saint-Roch<\/title>\n<meta name=\"robots\" content=\"index, follow, max-snippet:-1, max-image-preview:large, max-video-preview:-1\" \/>\n<link rel=\"canonical\" href=\"https:\/\/cssst.gouv.qc.ca\/saint-roch\/\" \/>\n<meta property=\"og:locale\" content=\"fr_CA\" \/>\n<meta property=\"og:type\" content=\"article\" \/>\n<meta property=\"og:title\" content=\"Bienvenue \u00e0 l&#039;\u00e9cole St-Roch - \u00c9cole Saint-Roch\" \/>\n<meta property=\"og:description\" content=\"Actualit\u00e9s Calendrier \u00c0 surveiller Voir tous les \u00e9v\u00e9nements\" \/>\n<meta property=\"og:url\" content=\"https:\/\/cssst.gouv.qc.ca\/saint-roch\/\" \/>\n<meta property=\"og:site_name\" content=\"\u00c9cole Saint-Roch\" \/>\n<meta property=\"article:publisher\" content=\"https:\/\/www.facebook.com\/cssoreltracy\/?locale=fr_CA\" \/>\n<meta property=\"article:modified_time\" content=\"2025-01-31T18:29:53+00:00\" \/>\n<meta property=\"og:image\" content=\"https:\/\/cssst.gouv.qc.ca\/saint-roch\/wp-content\/uploads\/sites\/19\/2025\/01\/photo-ecole.jpg\" \/>\n\t<meta property=\"og:image:width\" content=\"1080\" \/>\n\t<meta property=\"og:image:height\" content=\"810\" \/>\n\t<meta property=\"og:image:type\" content=\"image\/jpeg\" \/>\n<meta name=\"twitter:card\" content=\"summary_large_image\" \/>\n<meta name=\"twitter:label1\" content=\"Estimation du temps de lecture\" \/>\n\t<meta name=\"twitter:data1\" content=\"1 minute\" \/>\n<script type=\"application\/ld+json\" class=\"yoast-schema-graph\">{\"@context\":\"https:\\\/\\\/schema.org\",\"@graph\":[{\"@type\":\"WebPage\",\"@id\":\"https:\\\/\\\/cssst.gouv.qc.ca\\\/saint-roch\\\/\",\"url\":\"https:\\\/\\\/cssst.gouv.qc.ca\\\/saint-roch\\\/\",\"name\":\"Bienvenue \u00e0 l'\u00e9cole St-Roch - \u00c9cole Saint-Roch\",\"isPartOf\":{\"@id\":\"https:\\\/\\\/cssst.gouv.qc.ca\\\/saint-roch\\\/#website\"},\"primaryImageOfPage\":{\"@id\":\"https:\\\/\\\/cssst.gouv.qc.ca\\\/saint-roch\\\/#primaryimage\"},\"image\":{\"@id\":\"https:\\\/\\\/cssst.gouv.qc.ca\\\/saint-roch\\\/#primaryimage\"},\"thumbnailUrl\":\"http:\\\/\\\/cssst.gouv.qc.ca\\\/saint-roch\\\/wp-content\\\/uploads\\\/sites\\\/19\\\/2025\\\/01\\\/photo-ecole-1024x768.jpg\",\"datePublished\":\"2023-02-02T14:37:05+00:00\",\"dateModified\":\"2025-01-31T18:29:53+00:00\",\"breadcrumb\":{\"@id\":\"https:\\\/\\\/cssst.gouv.qc.ca\\\/saint-roch\\\/#breadcrumb\"},\"inLanguage\":\"fr-CA\",\"potentialAction\":[{\"@type\":\"ReadAction\",\"target\":[\"https:\\\/\\\/cssst.gouv.qc.ca\\\/saint-roch\\\/\"]}]},{\"@type\":\"ImageObject\",\"inLanguage\":\"fr-CA\",\"@id\":\"https:\\\/\\\/cssst.gouv.qc.ca\\\/saint-roch\\\/#primaryimage\",\"url\":\"https:\\\/\\\/cssst.gouv.qc.ca\\\/saint-roch\\\/wp-content\\\/uploads\\\/sites\\\/19\\\/2025\\\/01\\\/photo-ecole.jpg\",\"contentUrl\":\"https:\\\/\\\/cssst.gouv.qc.ca\\\/saint-roch\\\/wp-content\\\/uploads\\\/sites\\\/19\\\/2025\\\/01\\\/photo-ecole.jpg\",\"width\":1080,\"height\":810},{\"@type\":\"BreadcrumbList\",\"@id\":\"https:\\\/\\\/cssst.gouv.qc.ca\\\/saint-roch\\\/#breadcrumb\",\"itemListElement\":[{\"@type\":\"ListItem\",\"position\":1,\"name\":\"Accueil\",\"item\":\"https:\\\/\\\/cssst.gouv.qc.ca\\\/saint-roch\\\/\"},{\"@type\":\"ListItem\",\"position\":2,\"name\":\"Bienvenue \u00e0 l&rsquo;\u00e9cole St-Roch\"}]},{\"@type\":\"WebSite\",\"@id\":\"https:\\\/\\\/cssst.gouv.qc.ca\\\/saint-roch\\\/#website\",\"url\":\"https:\\\/\\\/cssst.gouv.qc.ca\\\/saint-roch\\\/\",\"name\":\"\u00c9cole Saint-Roch\",\"description\":\"\",\"potentialAction\":[{\"@type\":\"SearchAction\",\"target\":{\"@type\":\"EntryPoint\",\"urlTemplate\":\"https:\\\/\\\/cssst.gouv.qc.ca\\\/saint-roch\\\/?s={search_term_string}\"},\"query-input\":{\"@type\":\"PropertyValueSpecification\",\"valueRequired\":true,\"valueName\":\"search_term_string\"}}],\"inLanguage\":\"fr-CA\"}]}<\/script>\n<!-- \/ Yoast SEO plugin. -->","yoast_head_json":{"title":"Bienvenue \u00e0 l'\u00e9cole St-Roch - \u00c9cole Saint-Roch","robots":{"index":"index","follow":"follow","max-snippet":"max-snippet:-1","max-image-preview":"max-image-preview:large","max-video-preview":"max-video-preview:-1"},"canonical":"https:\/\/cssst.gouv.qc.ca\/saint-roch\/","og_locale":"fr_CA","og_type":"article","og_title":"Bienvenue \u00e0 l'\u00e9cole St-Roch - \u00c9cole Saint-Roch","og_description":"Actualit\u00e9s Calendrier \u00c0 surveiller Voir tous les \u00e9v\u00e9nements","og_url":"https:\/\/cssst.gouv.qc.ca\/saint-roch\/","og_site_name":"\u00c9cole Saint-Roch","article_publisher":"https:\/\/www.facebook.com\/cssoreltracy\/?locale=fr_CA","article_modified_time":"2025-01-31T18:29:53+00:00","og_image":[{"width":1080,"height":810,"url":"https:\/\/cssst.gouv.qc.ca\/saint-roch\/wp-content\/uploads\/sites\/19\/2025\/01\/photo-ecole.jpg","type":"image\/jpeg"}],"twitter_card":"summary_large_image","twitter_misc":{"Estimation du temps de lecture":"1 minute"},"schema":{"@context":"https:\/\/schema.org","@graph":[{"@type":"WebPage","@id":"https:\/\/cssst.gouv.qc.ca\/saint-roch\/","url":"https:\/\/cssst.gouv.qc.ca\/saint-roch\/","name":"Bienvenue \u00e0 l'\u00e9cole St-Roch - \u00c9cole Saint-Roch","isPartOf":{"@id":"https:\/\/cssst.gouv.qc.ca\/saint-roch\/#website"},"primaryImageOfPage":{"@id":"https:\/\/cssst.gouv.qc.ca\/saint-roch\/#primaryimage"},"image":{"@id":"https:\/\/cssst.gouv.qc.ca\/saint-roch\/#primaryimage"},"thumbnailUrl":"http:\/\/cssst.gouv.qc.ca\/saint-roch\/wp-content\/uploads\/sites\/19\/2025\/01\/photo-ecole-1024x768.jpg","datePublished":"2023-02-02T14:37:05+00:00","dateModified":"2025-01-31T18:29:53+00:00","breadcrumb":{"@id":"https:\/\/cssst.gouv.qc.ca\/saint-roch\/#breadcrumb"},"inLanguage":"fr-CA","potentialAction":[{"@type":"ReadAction","target":["https:\/\/cssst.gouv.qc.ca\/saint-roch\/"]}]},{"@type":"ImageObject","inLanguage":"fr-CA","@id":"https:\/\/cssst.gouv.qc.ca\/saint-roch\/#primaryimage","url":"https:\/\/cssst.gouv.qc.ca\/saint-roch\/wp-content\/uploads\/sites\/19\/2025\/01\/photo-ecole.jpg","contentUrl":"https:\/\/cssst.gouv.qc.ca\/saint-roch\/wp-content\/uploads\/sites\/19\/2025\/01\/photo-ecole.jpg","width":1080,"height":810},{"@type":"BreadcrumbList","@id":"https:\/\/cssst.gouv.qc.ca\/saint-roch\/#breadcrumb","itemListElement":[{"@type":"ListItem","position":1,"name":"Accueil","item":"https:\/\/cssst.gouv.qc.ca\/saint-roch\/"},{"@type":"ListItem","position":2,"name":"Bienvenue \u00e0 l&rsquo;\u00e9cole St-Roch"}]},{"@type":"WebSite","@id":"https:\/\/cssst.gouv.qc.ca\/saint-roch\/#website","url":"https:\/\/cssst.gouv.qc.ca\/saint-roch\/","name":"\u00c9cole Saint-Roch","description":"","potentialAction":[{"@type":"SearchAction","target":{"@type":"EntryPoint","urlTemplate":"https:\/\/cssst.gouv.qc.ca\/saint-roch\/?s={search_term_string}"},"query-input":{"@type":"PropertyValueSpecification","valueRequired":true,"valueName":"search_term_string"}}],"inLanguage":"fr-CA"}]}},"_links":{"self":[{"href":"https:\/\/cssst.gouv.qc.ca\/saint-roch\/wp-json\/wp\/v2\/pages\/4","targetHints":{"allow":["GET"]}}],"collection":[{"href":"https:\/\/cssst.gouv.qc.ca\/saint-roch\/wp-json\/wp\/v2\/pages"}],"about":[{"href":"https:\/\/cssst.gouv.qc.ca\/saint-roch\/wp-json\/wp\/v2\/types\/page"}],"author":[{"embeddable":true,"href":"https:\/\/cssst.gouv.qc.ca\/saint-roch\/wp-json\/wp\/v2\/users\/1"}],"replies":[{"embeddable":true,"href":"https:\/\/cssst.gouv.qc.ca\/saint-roch\/wp-json\/wp\/v2\/comments?post=4"}],"version-history":[{"count":0,"href":"https:\/\/cssst.gouv.qc.ca\/saint-roch\/wp-json\/wp\/v2\/pages\/4\/revisions"}],"wp:attachment":[{"href":"https:\/\/cssst.gouv.qc.ca\/saint-roch\/wp-json\/wp\/v2\/media?parent=4"}],"curies":[{"name":"wp","href":"https:\/\/api.w.org\/{rel}","templated":true}]}}