{"id":15,"date":"2023-02-02T09:37:08","date_gmt":"2023-02-02T14:37:08","guid":{"rendered":"https:\/\/cssst.gouv.qc.ca\/saint-roch\/inscription\/"},"modified":"2025-01-24T12:03:10","modified_gmt":"2025-01-24T17:03:10","slug":"inscription","status":"publish","type":"page","link":"https:\/\/cssst.gouv.qc.ca\/saint-roch\/inscription\/","title":{"rendered":"Inscription"},"content":{"rendered":"\n<p><\/p>\n\n\n\n<figure class=\"wp-block-image size-large is-resized\"><img loading=\"lazy\" decoding=\"async\" width=\"714\" height=\"1024\" src=\"http:\/\/cssst.gouv.qc.ca\/saint-roch\/wp-content\/uploads\/sites\/19\/2025\/01\/logo-ecole-714x1024.jpg\" alt=\"\" class=\"wp-image-205\" style=\"width:114px;height:auto\" srcset=\"https:\/\/cssst.gouv.qc.ca\/saint-roch\/wp-content\/uploads\/sites\/19\/2025\/01\/logo-ecole-714x1024.jpg 714w, https:\/\/cssst.gouv.qc.ca\/saint-roch\/wp-content\/uploads\/sites\/19\/2025\/01\/logo-ecole-209x300.jpg 209w, https:\/\/cssst.gouv.qc.ca\/saint-roch\/wp-content\/uploads\/sites\/19\/2025\/01\/logo-ecole-768x1101.jpg 768w, https:\/\/cssst.gouv.qc.ca\/saint-roch\/wp-content\/uploads\/sites\/19\/2025\/01\/logo-ecole-1072x1536.jpg 1072w, https:\/\/cssst.gouv.qc.ca\/saint-roch\/wp-content\/uploads\/sites\/19\/2025\/01\/logo-ecole.jpg 1080w\" sizes=\"auto, (max-width: 714px) 100vw, 714px\" \/><\/figure>\n\n\n\n<p><strong>P\u00e9riode d\u2019inscription officielle<\/strong>&nbsp;: 10 au 14 f\u00e9vrier 2025<\/p>\n\n\n\n<p><strong>INSCRIPTION \u00c0 LA MATERNELLE 5 ANS<\/strong><\/p>\n\n\n\n<ul class=\"wp-block-list\">\n<li>L\u2019enfant doit avoir 5 ans au 30 septembre 2025;<\/li>\n\n\n\n<li>S\u2019il s\u2019agit d\u2019une premi\u00e8re inscription, se pr\u00e9senter \u00e0 l\u2019\u00e9cole de secteur sur rendez-vous;<\/li>\n\n\n\n<li>D\u00e9but de la p\u00e9riode de prise de rendez-vous :&nbsp;<em><strong>27 janvier 2025 \u00e0 partir de 10h<\/strong><\/em><strong><em>00<\/em><\/strong><br>via le site Web du Centre de services scolaire de Sorel-Tracy :&nbsp;<a href=\"https:\/\/cssst.gouv.qc.ca\/prescolaire-et-primaire\/inscription\/\">www.cssst.gouv.qc.ca<\/a><\/li>\n\n\n\n<li>Si l\u2019enfant fr\u00e9quente d\u00e9j\u00e0 une de nos \u00e9coles primaires (par exemple : Maternelle 4 ans ou Passe-Partout), vous devrez compl\u00e9ter son inscription en ligne sur le Portail Moza\u00efk durant la semaine d\u2019inscription. Une proc\u00e9dure simple vous sera transmise par courriel \u00e0 cet effet.<\/li>\n<\/ul>\n\n\n\n<p><strong>INSCRIPTION AU PRIMAIRE<\/strong><\/p>\n\n\n\n<ul class=\"wp-block-list\">\n<li>L\u2019enfant doit avoir 6 ans au 30 septembre 2025;<\/li>\n\n\n\n<li>S\u2019il s\u2019agit d\u2019une premi\u00e8re inscription, se pr\u00e9senter \u00e0 l\u2019\u00e9cole de secteur sur rendez-vous;<\/li>\n\n\n\n<li>D\u00e9but de la p\u00e9riode de prise de rendez-vous :<strong><em>&nbsp;<strong>27 janvier 2025 \u00e0 partir de 10h<\/strong><strong><em>00<\/em><\/strong><\/em><\/strong><br>via le site web du Centre de services scolaire de Sorel-Tracy :&nbsp;<a href=\"https:\/\/cssst.gouv.qc.ca\/prescolaire-et-primaire\/inscription\/\">www.cssst.gouv.qc.ca<\/a><\/li>\n\n\n\n<li>Si l\u2019enfant fr\u00e9quente d\u00e9j\u00e0 une de nos \u00e9coles primaires, vous devrez compl\u00e9ter son inscription en ligne sur le Portail Moza\u00efk durant la semaine d\u2019inscription. Une proc\u00e9dure simple vous sera transmise par courriel.<\/li>\n<\/ul>\n\n\n\n<p><strong>DOCUMENTS REQUIS POUR UNE PREMI\u00c8RE INSCRIPTION<\/strong><\/p>\n\n\n\n<ul class=\"wp-block-list\">\n<li>L\u2019original du certificat de naissance de votre enfant (grand format);<\/li>\n\n\n\n<li>Une preuve de votre lieu de r\u00e9sidence (exemple : permis de conduire, avis de cotisation de Revenu Qu\u00e9bec, avis de paiement RRQ, etc.)<\/li>\n<\/ul>\n\n\n\n<p><strong>DOCUMENTS REQUIS POUR \u00c9L\u00c8VES ISSUS DE L\u2019IMMIGRATION<\/strong><\/p>\n\n\n\n<ul class=\"wp-block-list\">\n<li>Certificat de naissance original avec le nom des parents;<\/li>\n\n\n\n<li>Les originaux de l\u2019un ou l\u2019autre des documents d\u2019immigration suivants pour l\u2019enfant et les parents : Certificat de s\u00e9lection du Qu\u00e9bec, carte de r\u00e9sident permanent, confirmation de r\u00e9sidence permanente, certificat de citoyennet\u00e9 canadienne, permis d\u2019\u00e9tudes, fiche de visiteur, demandeur d\u2019asile, r\u00e9fugi\u00e9, permis de travail;<\/li>\n\n\n\n<li>Preuve de tutorat le cas \u00e9ch\u00e9ant;<\/li>\n\n\n\n<li>Preuve de r\u00e9sidence.<\/li>\n<\/ul>\n\n\n\n<p><strong>Coordonn\u00e9es de l\u2019\u00e9cole<\/strong><\/p>\n\n\n\n<p>890 rue St-Pierre, St-Roch-De-Richelieu, J0L 2M0<\/p>\n\n\n\n<p><strong>Directeur :<\/strong>&nbsp;Maxime Chaput<\/p>\n\n\n\n<p><strong>T\u00e9l\u00e9phone :<\/strong>&nbsp;<a href=\"tel:450-746-3511\">450-746-3516<\/a> # 5510<\/p>\n\n\n\n<p><strong>Courriel<\/strong> : maxime.chaput@cssst.gouv.qc.ca<\/p>\n\n\n\n<p><strong>Secr\u00e9taire <\/strong>: Lyne Mass\u00e9<\/p>\n\n\n\n<p><strong>Courriel secr\u00e9tariat <\/strong>: secretariat.saintroch@cssst.gouv.qc.ca<\/p>\n\n\n\n<p><\/p>\n","protected":false},"excerpt":{"rendered":"<p>P\u00e9riode d\u2019inscription officielle&nbsp;: 10 au 14 f\u00e9vrier 2025 INSCRIPTION \u00c0 LA MATERNELLE 5 ANS INSCRIPTION AU PRIMAIRE DOCUMENTS REQUIS POUR UNE PREMI\u00c8RE INSCRIPTION DOCUMENTS REQUIS POUR \u00c9L\u00c8VES ISSUS DE L\u2019IMMIGRATION Coordonn\u00e9es de l\u2019\u00e9cole 890 rue St-Pierre, St-Roch-De-Richelieu, J0L 2M0 Directeur :&nbsp;Maxime Chaput T\u00e9l\u00e9phone :&nbsp;450-746-3516 # 5510 Courriel : maxime.chaput@cssst.gouv.qc.ca Secr\u00e9taire : Lyne Mass\u00e9 Courriel secr\u00e9tariat [&hellip;]<\/p>\n","protected":false},"author":1,"featured_media":0,"parent":0,"menu_order":30,"comment_status":"closed","ping_status":"closed","template":"","meta":{"_acf_changed":false,"inline_featured_image":false,"footnotes":""},"class_list":["post-15","page","type-page","status-publish","hentry"],"acf":[],"yoast_head":"<!-- This site is optimized with the Yoast SEO plugin v27.5 - https:\/\/yoast.com\/product\/yoast-seo-wordpress\/ -->\n<title>Inscription - \u00c9cole Saint-Roch<\/title>\n<meta name=\"robots\" content=\"index, follow, max-snippet:-1, max-image-preview:large, max-video-preview:-1\" \/>\n<link rel=\"canonical\" href=\"https:\/\/cssst.gouv.qc.ca\/saint-roch\/inscription\/\" \/>\n<meta property=\"og:locale\" content=\"fr_CA\" \/>\n<meta property=\"og:type\" content=\"article\" \/>\n<meta property=\"og:title\" content=\"Inscription - \u00c9cole Saint-Roch\" \/>\n<meta property=\"og:description\" content=\"P\u00e9riode d\u2019inscription officielle&nbsp;: 10 au 14 f\u00e9vrier 2025 INSCRIPTION \u00c0 LA MATERNELLE 5 ANS INSCRIPTION AU PRIMAIRE DOCUMENTS REQUIS POUR UNE PREMI\u00c8RE INSCRIPTION DOCUMENTS REQUIS POUR \u00c9L\u00c8VES ISSUS DE L\u2019IMMIGRATION Coordonn\u00e9es de l\u2019\u00e9cole 890 rue St-Pierre, St-Roch-De-Richelieu, J0L 2M0 Directeur :&nbsp;Maxime Chaput T\u00e9l\u00e9phone :&nbsp;450-746-3516 # 5510 Courriel : maxime.chaput@cssst.gouv.qc.ca Secr\u00e9taire : Lyne Mass\u00e9 Courriel secr\u00e9tariat [&hellip;]\" \/>\n<meta property=\"og:url\" content=\"https:\/\/cssst.gouv.qc.ca\/saint-roch\/inscription\/\" \/>\n<meta property=\"og:site_name\" content=\"\u00c9cole Saint-Roch\" \/>\n<meta property=\"article:publisher\" content=\"https:\/\/www.facebook.com\/cssoreltracy\/?locale=fr_CA\" \/>\n<meta property=\"article:modified_time\" content=\"2025-01-24T17:03:10+00:00\" \/>\n<meta property=\"og:image\" content=\"https:\/\/cssst.gouv.qc.ca\/saint-roch\/wp-content\/uploads\/sites\/19\/2025\/01\/logo-ecole.jpg\" \/>\n\t<meta property=\"og:image:width\" content=\"1080\" \/>\n\t<meta property=\"og:image:height\" content=\"1548\" \/>\n\t<meta property=\"og:image:type\" content=\"image\/jpeg\" \/>\n<meta name=\"twitter:card\" content=\"summary_large_image\" \/>\n<meta name=\"twitter:label1\" content=\"Estimation du temps de lecture\" \/>\n\t<meta name=\"twitter:data1\" content=\"2 minutes\" \/>\n<script type=\"application\/ld+json\" class=\"yoast-schema-graph\">{\"@context\":\"https:\\\/\\\/schema.org\",\"@graph\":[{\"@type\":\"WebPage\",\"@id\":\"https:\\\/\\\/cssst.gouv.qc.ca\\\/saint-roch\\\/inscription\\\/\",\"url\":\"https:\\\/\\\/cssst.gouv.qc.ca\\\/saint-roch\\\/inscription\\\/\",\"name\":\"Inscription - \u00c9cole Saint-Roch\",\"isPartOf\":{\"@id\":\"https:\\\/\\\/cssst.gouv.qc.ca\\\/saint-roch\\\/#website\"},\"primaryImageOfPage\":{\"@id\":\"https:\\\/\\\/cssst.gouv.qc.ca\\\/saint-roch\\\/inscription\\\/#primaryimage\"},\"image\":{\"@id\":\"https:\\\/\\\/cssst.gouv.qc.ca\\\/saint-roch\\\/inscription\\\/#primaryimage\"},\"thumbnailUrl\":\"http:\\\/\\\/cssst.gouv.qc.ca\\\/saint-roch\\\/wp-content\\\/uploads\\\/sites\\\/19\\\/2025\\\/01\\\/logo-ecole-714x1024.jpg\",\"datePublished\":\"2023-02-02T14:37:08+00:00\",\"dateModified\":\"2025-01-24T17:03:10+00:00\",\"breadcrumb\":{\"@id\":\"https:\\\/\\\/cssst.gouv.qc.ca\\\/saint-roch\\\/inscription\\\/#breadcrumb\"},\"inLanguage\":\"fr-CA\",\"potentialAction\":[{\"@type\":\"ReadAction\",\"target\":[\"https:\\\/\\\/cssst.gouv.qc.ca\\\/saint-roch\\\/inscription\\\/\"]}]},{\"@type\":\"ImageObject\",\"inLanguage\":\"fr-CA\",\"@id\":\"https:\\\/\\\/cssst.gouv.qc.ca\\\/saint-roch\\\/inscription\\\/#primaryimage\",\"url\":\"https:\\\/\\\/cssst.gouv.qc.ca\\\/saint-roch\\\/wp-content\\\/uploads\\\/sites\\\/19\\\/2025\\\/01\\\/logo-ecole.jpg\",\"contentUrl\":\"https:\\\/\\\/cssst.gouv.qc.ca\\\/saint-roch\\\/wp-content\\\/uploads\\\/sites\\\/19\\\/2025\\\/01\\\/logo-ecole.jpg\",\"width\":1080,\"height\":1548},{\"@type\":\"BreadcrumbList\",\"@id\":\"https:\\\/\\\/cssst.gouv.qc.ca\\\/saint-roch\\\/inscription\\\/#breadcrumb\",\"itemListElement\":[{\"@type\":\"ListItem\",\"position\":1,\"name\":\"Accueil\",\"item\":\"https:\\\/\\\/cssst.gouv.qc.ca\\\/saint-roch\\\/\"},{\"@type\":\"ListItem\",\"position\":2,\"name\":\"Inscription\"}]},{\"@type\":\"WebSite\",\"@id\":\"https:\\\/\\\/cssst.gouv.qc.ca\\\/saint-roch\\\/#website\",\"url\":\"https:\\\/\\\/cssst.gouv.qc.ca\\\/saint-roch\\\/\",\"name\":\"\u00c9cole Saint-Roch\",\"description\":\"\",\"potentialAction\":[{\"@type\":\"SearchAction\",\"target\":{\"@type\":\"EntryPoint\",\"urlTemplate\":\"https:\\\/\\\/cssst.gouv.qc.ca\\\/saint-roch\\\/?s={search_term_string}\"},\"query-input\":{\"@type\":\"PropertyValueSpecification\",\"valueRequired\":true,\"valueName\":\"search_term_string\"}}],\"inLanguage\":\"fr-CA\"}]}<\/script>\n<!-- \/ Yoast SEO plugin. -->","yoast_head_json":{"title":"Inscription - \u00c9cole Saint-Roch","robots":{"index":"index","follow":"follow","max-snippet":"max-snippet:-1","max-image-preview":"max-image-preview:large","max-video-preview":"max-video-preview:-1"},"canonical":"https:\/\/cssst.gouv.qc.ca\/saint-roch\/inscription\/","og_locale":"fr_CA","og_type":"article","og_title":"Inscription - \u00c9cole Saint-Roch","og_description":"P\u00e9riode d\u2019inscription officielle&nbsp;: 10 au 14 f\u00e9vrier 2025 INSCRIPTION \u00c0 LA MATERNELLE 5 ANS INSCRIPTION AU PRIMAIRE DOCUMENTS REQUIS POUR UNE PREMI\u00c8RE INSCRIPTION DOCUMENTS REQUIS POUR \u00c9L\u00c8VES ISSUS DE L\u2019IMMIGRATION Coordonn\u00e9es de l\u2019\u00e9cole 890 rue St-Pierre, St-Roch-De-Richelieu, J0L 2M0 Directeur :&nbsp;Maxime Chaput T\u00e9l\u00e9phone :&nbsp;450-746-3516 # 5510 Courriel : maxime.chaput@cssst.gouv.qc.ca Secr\u00e9taire : Lyne Mass\u00e9 Courriel secr\u00e9tariat [&hellip;]","og_url":"https:\/\/cssst.gouv.qc.ca\/saint-roch\/inscription\/","og_site_name":"\u00c9cole Saint-Roch","article_publisher":"https:\/\/www.facebook.com\/cssoreltracy\/?locale=fr_CA","article_modified_time":"2025-01-24T17:03:10+00:00","og_image":[{"width":1080,"height":1548,"url":"https:\/\/cssst.gouv.qc.ca\/saint-roch\/wp-content\/uploads\/sites\/19\/2025\/01\/logo-ecole.jpg","type":"image\/jpeg"}],"twitter_card":"summary_large_image","twitter_misc":{"Estimation du temps de lecture":"2 minutes"},"schema":{"@context":"https:\/\/schema.org","@graph":[{"@type":"WebPage","@id":"https:\/\/cssst.gouv.qc.ca\/saint-roch\/inscription\/","url":"https:\/\/cssst.gouv.qc.ca\/saint-roch\/inscription\/","name":"Inscription - \u00c9cole Saint-Roch","isPartOf":{"@id":"https:\/\/cssst.gouv.qc.ca\/saint-roch\/#website"},"primaryImageOfPage":{"@id":"https:\/\/cssst.gouv.qc.ca\/saint-roch\/inscription\/#primaryimage"},"image":{"@id":"https:\/\/cssst.gouv.qc.ca\/saint-roch\/inscription\/#primaryimage"},"thumbnailUrl":"http:\/\/cssst.gouv.qc.ca\/saint-roch\/wp-content\/uploads\/sites\/19\/2025\/01\/logo-ecole-714x1024.jpg","datePublished":"2023-02-02T14:37:08+00:00","dateModified":"2025-01-24T17:03:10+00:00","breadcrumb":{"@id":"https:\/\/cssst.gouv.qc.ca\/saint-roch\/inscription\/#breadcrumb"},"inLanguage":"fr-CA","potentialAction":[{"@type":"ReadAction","target":["https:\/\/cssst.gouv.qc.ca\/saint-roch\/inscription\/"]}]},{"@type":"ImageObject","inLanguage":"fr-CA","@id":"https:\/\/cssst.gouv.qc.ca\/saint-roch\/inscription\/#primaryimage","url":"https:\/\/cssst.gouv.qc.ca\/saint-roch\/wp-content\/uploads\/sites\/19\/2025\/01\/logo-ecole.jpg","contentUrl":"https:\/\/cssst.gouv.qc.ca\/saint-roch\/wp-content\/uploads\/sites\/19\/2025\/01\/logo-ecole.jpg","width":1080,"height":1548},{"@type":"BreadcrumbList","@id":"https:\/\/cssst.gouv.qc.ca\/saint-roch\/inscription\/#breadcrumb","itemListElement":[{"@type":"ListItem","position":1,"name":"Accueil","item":"https:\/\/cssst.gouv.qc.ca\/saint-roch\/"},{"@type":"ListItem","position":2,"name":"Inscription"}]},{"@type":"WebSite","@id":"https:\/\/cssst.gouv.qc.ca\/saint-roch\/#website","url":"https:\/\/cssst.gouv.qc.ca\/saint-roch\/","name":"\u00c9cole Saint-Roch","description":"","potentialAction":[{"@type":"SearchAction","target":{"@type":"EntryPoint","urlTemplate":"https:\/\/cssst.gouv.qc.ca\/saint-roch\/?s={search_term_string}"},"query-input":{"@type":"PropertyValueSpecification","valueRequired":true,"valueName":"search_term_string"}}],"inLanguage":"fr-CA"}]}},"_links":{"self":[{"href":"https:\/\/cssst.gouv.qc.ca\/saint-roch\/wp-json\/wp\/v2\/pages\/15","targetHints":{"allow":["GET"]}}],"collection":[{"href":"https:\/\/cssst.gouv.qc.ca\/saint-roch\/wp-json\/wp\/v2\/pages"}],"about":[{"href":"https:\/\/cssst.gouv.qc.ca\/saint-roch\/wp-json\/wp\/v2\/types\/page"}],"author":[{"embeddable":true,"href":"https:\/\/cssst.gouv.qc.ca\/saint-roch\/wp-json\/wp\/v2\/users\/1"}],"replies":[{"embeddable":true,"href":"https:\/\/cssst.gouv.qc.ca\/saint-roch\/wp-json\/wp\/v2\/comments?post=15"}],"version-history":[{"count":0,"href":"https:\/\/cssst.gouv.qc.ca\/saint-roch\/wp-json\/wp\/v2\/pages\/15\/revisions"}],"wp:attachment":[{"href":"https:\/\/cssst.gouv.qc.ca\/saint-roch\/wp-json\/wp\/v2\/media?parent=15"}],"curies":[{"name":"wp","href":"https:\/\/api.w.org\/{rel}","templated":true}]}}