{"id":11,"date":"2023-02-02T09:37:07","date_gmt":"2023-02-02T14:37:07","guid":{"rendered":"https:\/\/cssst.gouv.qc.ca\/saint-roch\/ecole\/intimidation-et-violence\/"},"modified":"2026-04-27T15:39:05","modified_gmt":"2026-04-27T19:39:05","slug":"intimidation-et-violence","status":"publish","type":"page","link":"https:\/\/cssst.gouv.qc.ca\/saint-roch\/ecole\/intimidation-et-violence\/","title":{"rendered":"Intimidation et violence"},"content":{"rendered":"\n<p>Votre enfant vit de l\u2019intimidation ? Parlez-en \u00e0 un intervenant de l\u2019\u00e9cole<\/p>\n\n\n\n<p>\u00c0 M. Maxime Chaput, directeur au maxime.chaput@cssst.gouv.qc.ca<\/p>\n\n\n\n<p>La raison d\u2019\u00eatre du plan de lutte contre l\u2019intimidation et la violence:<br>Le minist\u00e8re de l\u2019\u00e9ducation a adopt\u00e9 en juin 2012 des amendements \u00e0 la loi sur l\u2019instruction publique (loi 56). Ces modifications visent \u00e0 pr\u00e9venir et combattre l\u2019intimidation et la violence \u00e0 l\u2019\u00e9cole. C\u2019est en pr\u00e9cisant les devoirs et les responsabilit\u00e9s de tous les acteurs concern\u00e9s par de tels actes qu\u2019on souhaite s\u2019assurer que les \u00e9coles offrent un milieu d\u2019apprentissage sain et s\u00e9curitaire.<\/p>\n\n\n\n<div class=\"wp-block-file\"><a id=\"wp-block-file--media-15874a88-8720-40e2-af54-03f418e5decf\" href=\"http:\/\/cssst.gouv.qc.ca\/saint-roch\/wp-content\/uploads\/sites\/19\/2026\/04\/Caneva-Version-parents-plan-de-lutte-2025-2026.docx\">Caneva &#8211; Version parents &#8211; plan de lutte 2025-2026<\/a><a href=\"http:\/\/cssst.gouv.qc.ca\/saint-roch\/wp-content\/uploads\/sites\/19\/2026\/04\/Caneva-Version-parents-plan-de-lutte-2025-2026.docx\" class=\"wp-block-file__button wp-element-button\" download aria-describedby=\"wp-block-file--media-15874a88-8720-40e2-af54-03f418e5decf\">T\u00e9l\u00e9charger<\/a><\/div>\n\n\n\n<p><\/p>\n","protected":false},"excerpt":{"rendered":"<p>Votre enfant vit de l\u2019intimidation ? Parlez-en \u00e0 un intervenant de l\u2019\u00e9cole \u00c0 M. Maxime Chaput, directeur au maxime.chaput@cssst.gouv.qc.ca La raison d\u2019\u00eatre du plan de lutte contre l\u2019intimidation et la violence:Le minist\u00e8re de l\u2019\u00e9ducation a adopt\u00e9 en juin 2012 des amendements \u00e0 la loi sur l\u2019instruction publique (loi 56). Ces modifications visent \u00e0 pr\u00e9venir et [&hellip;]<\/p>\n","protected":false},"author":1,"featured_media":0,"parent":5,"menu_order":0,"comment_status":"closed","ping_status":"closed","template":"","meta":{"_acf_changed":false,"inline_featured_image":false,"footnotes":""},"class_list":["post-11","page","type-page","status-publish","hentry"],"acf":[],"yoast_head":"<!-- This site is optimized with the Yoast SEO plugin v27.5 - https:\/\/yoast.com\/product\/yoast-seo-wordpress\/ -->\n<title>Intimidation et violence - \u00c9cole Saint-Roch<\/title>\n<meta name=\"robots\" content=\"index, follow, max-snippet:-1, max-image-preview:large, max-video-preview:-1\" \/>\n<link rel=\"canonical\" href=\"https:\/\/cssst.gouv.qc.ca\/saint-roch\/ecole\/intimidation-et-violence\/\" \/>\n<meta property=\"og:locale\" content=\"fr_CA\" \/>\n<meta property=\"og:type\" content=\"article\" \/>\n<meta property=\"og:title\" content=\"Intimidation et violence - \u00c9cole Saint-Roch\" \/>\n<meta property=\"og:description\" content=\"Votre enfant vit de l\u2019intimidation ? Parlez-en \u00e0 un intervenant de l\u2019\u00e9cole \u00c0 M. Maxime Chaput, directeur au maxime.chaput@cssst.gouv.qc.ca La raison d\u2019\u00eatre du plan de lutte contre l\u2019intimidation et la violence:Le minist\u00e8re de l\u2019\u00e9ducation a adopt\u00e9 en juin 2012 des amendements \u00e0 la loi sur l\u2019instruction publique (loi 56). Ces modifications visent \u00e0 pr\u00e9venir et [&hellip;]\" \/>\n<meta property=\"og:url\" content=\"https:\/\/cssst.gouv.qc.ca\/saint-roch\/ecole\/intimidation-et-violence\/\" \/>\n<meta property=\"og:site_name\" content=\"\u00c9cole Saint-Roch\" \/>\n<meta property=\"article:publisher\" content=\"https:\/\/www.facebook.com\/cssoreltracy\/?locale=fr_CA\" \/>\n<meta property=\"article:modified_time\" content=\"2026-04-27T19:39:05+00:00\" \/>\n<meta name=\"twitter:card\" content=\"summary_large_image\" \/>\n<meta name=\"twitter:label1\" content=\"Estimation du temps de lecture\" \/>\n\t<meta name=\"twitter:data1\" content=\"1 minute\" \/>\n<script type=\"application\/ld+json\" class=\"yoast-schema-graph\">{\"@context\":\"https:\\\/\\\/schema.org\",\"@graph\":[{\"@type\":\"WebPage\",\"@id\":\"https:\\\/\\\/cssst.gouv.qc.ca\\\/saint-roch\\\/ecole\\\/intimidation-et-violence\\\/\",\"url\":\"https:\\\/\\\/cssst.gouv.qc.ca\\\/saint-roch\\\/ecole\\\/intimidation-et-violence\\\/\",\"name\":\"Intimidation et violence - \u00c9cole Saint-Roch\",\"isPartOf\":{\"@id\":\"https:\\\/\\\/cssst.gouv.qc.ca\\\/saint-roch\\\/#website\"},\"datePublished\":\"2023-02-02T14:37:07+00:00\",\"dateModified\":\"2026-04-27T19:39:05+00:00\",\"breadcrumb\":{\"@id\":\"https:\\\/\\\/cssst.gouv.qc.ca\\\/saint-roch\\\/ecole\\\/intimidation-et-violence\\\/#breadcrumb\"},\"inLanguage\":\"fr-CA\",\"potentialAction\":[{\"@type\":\"ReadAction\",\"target\":[\"https:\\\/\\\/cssst.gouv.qc.ca\\\/saint-roch\\\/ecole\\\/intimidation-et-violence\\\/\"]}]},{\"@type\":\"BreadcrumbList\",\"@id\":\"https:\\\/\\\/cssst.gouv.qc.ca\\\/saint-roch\\\/ecole\\\/intimidation-et-violence\\\/#breadcrumb\",\"itemListElement\":[{\"@type\":\"ListItem\",\"position\":1,\"name\":\"Accueil\",\"item\":\"https:\\\/\\\/cssst.gouv.qc.ca\\\/saint-roch\\\/\"},{\"@type\":\"ListItem\",\"position\":2,\"name\":\"\u00c9cole\",\"item\":\"https:\\\/\\\/cssst.gouv.qc.ca\\\/saint-roch\\\/ecole\\\/\"},{\"@type\":\"ListItem\",\"position\":3,\"name\":\"Intimidation et violence\"}]},{\"@type\":\"WebSite\",\"@id\":\"https:\\\/\\\/cssst.gouv.qc.ca\\\/saint-roch\\\/#website\",\"url\":\"https:\\\/\\\/cssst.gouv.qc.ca\\\/saint-roch\\\/\",\"name\":\"\u00c9cole Saint-Roch\",\"description\":\"\",\"potentialAction\":[{\"@type\":\"SearchAction\",\"target\":{\"@type\":\"EntryPoint\",\"urlTemplate\":\"https:\\\/\\\/cssst.gouv.qc.ca\\\/saint-roch\\\/?s={search_term_string}\"},\"query-input\":{\"@type\":\"PropertyValueSpecification\",\"valueRequired\":true,\"valueName\":\"search_term_string\"}}],\"inLanguage\":\"fr-CA\"}]}<\/script>\n<!-- \/ Yoast SEO plugin. -->","yoast_head_json":{"title":"Intimidation et violence - \u00c9cole Saint-Roch","robots":{"index":"index","follow":"follow","max-snippet":"max-snippet:-1","max-image-preview":"max-image-preview:large","max-video-preview":"max-video-preview:-1"},"canonical":"https:\/\/cssst.gouv.qc.ca\/saint-roch\/ecole\/intimidation-et-violence\/","og_locale":"fr_CA","og_type":"article","og_title":"Intimidation et violence - \u00c9cole Saint-Roch","og_description":"Votre enfant vit de l\u2019intimidation ? Parlez-en \u00e0 un intervenant de l\u2019\u00e9cole \u00c0 M. Maxime Chaput, directeur au maxime.chaput@cssst.gouv.qc.ca La raison d\u2019\u00eatre du plan de lutte contre l\u2019intimidation et la violence:Le minist\u00e8re de l\u2019\u00e9ducation a adopt\u00e9 en juin 2012 des amendements \u00e0 la loi sur l\u2019instruction publique (loi 56). Ces modifications visent \u00e0 pr\u00e9venir et [&hellip;]","og_url":"https:\/\/cssst.gouv.qc.ca\/saint-roch\/ecole\/intimidation-et-violence\/","og_site_name":"\u00c9cole Saint-Roch","article_publisher":"https:\/\/www.facebook.com\/cssoreltracy\/?locale=fr_CA","article_modified_time":"2026-04-27T19:39:05+00:00","twitter_card":"summary_large_image","twitter_misc":{"Estimation du temps de lecture":"1 minute"},"schema":{"@context":"https:\/\/schema.org","@graph":[{"@type":"WebPage","@id":"https:\/\/cssst.gouv.qc.ca\/saint-roch\/ecole\/intimidation-et-violence\/","url":"https:\/\/cssst.gouv.qc.ca\/saint-roch\/ecole\/intimidation-et-violence\/","name":"Intimidation et violence - \u00c9cole Saint-Roch","isPartOf":{"@id":"https:\/\/cssst.gouv.qc.ca\/saint-roch\/#website"},"datePublished":"2023-02-02T14:37:07+00:00","dateModified":"2026-04-27T19:39:05+00:00","breadcrumb":{"@id":"https:\/\/cssst.gouv.qc.ca\/saint-roch\/ecole\/intimidation-et-violence\/#breadcrumb"},"inLanguage":"fr-CA","potentialAction":[{"@type":"ReadAction","target":["https:\/\/cssst.gouv.qc.ca\/saint-roch\/ecole\/intimidation-et-violence\/"]}]},{"@type":"BreadcrumbList","@id":"https:\/\/cssst.gouv.qc.ca\/saint-roch\/ecole\/intimidation-et-violence\/#breadcrumb","itemListElement":[{"@type":"ListItem","position":1,"name":"Accueil","item":"https:\/\/cssst.gouv.qc.ca\/saint-roch\/"},{"@type":"ListItem","position":2,"name":"\u00c9cole","item":"https:\/\/cssst.gouv.qc.ca\/saint-roch\/ecole\/"},{"@type":"ListItem","position":3,"name":"Intimidation et violence"}]},{"@type":"WebSite","@id":"https:\/\/cssst.gouv.qc.ca\/saint-roch\/#website","url":"https:\/\/cssst.gouv.qc.ca\/saint-roch\/","name":"\u00c9cole Saint-Roch","description":"","potentialAction":[{"@type":"SearchAction","target":{"@type":"EntryPoint","urlTemplate":"https:\/\/cssst.gouv.qc.ca\/saint-roch\/?s={search_term_string}"},"query-input":{"@type":"PropertyValueSpecification","valueRequired":true,"valueName":"search_term_string"}}],"inLanguage":"fr-CA"}]}},"_links":{"self":[{"href":"https:\/\/cssst.gouv.qc.ca\/saint-roch\/wp-json\/wp\/v2\/pages\/11","targetHints":{"allow":["GET"]}}],"collection":[{"href":"https:\/\/cssst.gouv.qc.ca\/saint-roch\/wp-json\/wp\/v2\/pages"}],"about":[{"href":"https:\/\/cssst.gouv.qc.ca\/saint-roch\/wp-json\/wp\/v2\/types\/page"}],"author":[{"embeddable":true,"href":"https:\/\/cssst.gouv.qc.ca\/saint-roch\/wp-json\/wp\/v2\/users\/1"}],"replies":[{"embeddable":true,"href":"https:\/\/cssst.gouv.qc.ca\/saint-roch\/wp-json\/wp\/v2\/comments?post=11"}],"version-history":[{"count":0,"href":"https:\/\/cssst.gouv.qc.ca\/saint-roch\/wp-json\/wp\/v2\/pages\/11\/revisions"}],"up":[{"embeddable":true,"href":"https:\/\/cssst.gouv.qc.ca\/saint-roch\/wp-json\/wp\/v2\/pages\/5"}],"wp:attachment":[{"href":"https:\/\/cssst.gouv.qc.ca\/saint-roch\/wp-json\/wp\/v2\/media?parent=11"}],"curies":[{"name":"wp","href":"https:\/\/api.w.org\/{rel}","templated":true}]}}