{"id":12,"date":"2023-02-02T09:37:07","date_gmt":"2023-02-02T14:37:07","guid":{"rendered":"https:\/\/cssst.gouv.qc.ca\/saint-jean-bosco\/ecole\/projet-educatif\/"},"modified":"2025-07-02T09:42:37","modified_gmt":"2025-07-02T13:42:37","slug":"projet-educatif","status":"publish","type":"page","link":"https:\/\/cssst.gouv.qc.ca\/saint-jean-bosco\/ecole\/projet-educatif\/","title":{"rendered":"Projet \u00e9ducatif"},"content":{"rendered":"\n<p><\/p>\n\n\n\n<h5 class=\"wp-block-heading\"><strong>D\u00e9couvrez notre projet \u00e9ducatif<\/strong><\/h5>\n\n\n\n<p>Ce document strat\u00e9gique pr\u00e9sente les grandes orientations, les priorit\u00e9s d\u2019action et les objectifs vis\u00e9s pour favoriser la r\u00e9ussite de tous les \u00e9l\u00e8ves, jeunes et adultes. \u00c9labor\u00e9 en concertation avec l\u2019ensemble de la communaut\u00e9 \u00e9ducative, il refl\u00e8te les besoins des \u00e9l\u00e8ves et les attentes du milieu, tout en mobilisant les acteurs cl\u00e9s de l\u2019\u00e9cole autour d\u2019une vision commune de l\u2019\u00e9ducation.<\/p>\n\n\n\n<div class=\"wp-block-file\"><a id=\"wp-block-file--media-1980a33f-36be-4b2c-8f1e-0e2f63913b15\" href=\"https:\/\/cssst.gouv.qc.ca\/saint-jean-bosco\/wp-content\/uploads\/sites\/18\/2025\/07\/St-Jean-Bosco-projet-educatif-24-28-decembre-2023.pdf\">St-Jean-Bosco projet \u00e9ducatif 24-28 d\u00e9cembre 2023<\/a><a href=\"https:\/\/cssst.gouv.qc.ca\/saint-jean-bosco\/wp-content\/uploads\/sites\/18\/2025\/07\/St-Jean-Bosco-projet-educatif-24-28-decembre-2023.pdf\" class=\"wp-block-file__button wp-element-button\" download aria-describedby=\"wp-block-file--media-1980a33f-36be-4b2c-8f1e-0e2f63913b15\">T\u00e9l\u00e9charger<\/a><\/div>\n","protected":false},"excerpt":{"rendered":"<p>D\u00e9couvrez notre projet \u00e9ducatif Ce document strat\u00e9gique pr\u00e9sente les grandes orientations, les priorit\u00e9s d\u2019action et les objectifs vis\u00e9s pour favoriser la r\u00e9ussite de tous les \u00e9l\u00e8ves, jeunes et adultes. \u00c9labor\u00e9 en concertation avec l\u2019ensemble de la communaut\u00e9 \u00e9ducative, il refl\u00e8te les besoins des \u00e9l\u00e8ves et les attentes du milieu, tout en mobilisant les acteurs cl\u00e9s [&hellip;]<\/p>\n","protected":false},"author":1,"featured_media":0,"parent":5,"menu_order":0,"comment_status":"closed","ping_status":"closed","template":"","meta":{"_acf_changed":false,"inline_featured_image":false,"footnotes":""},"class_list":["post-12","page","type-page","status-publish","hentry"],"acf":[],"yoast_head":"<!-- This site is optimized with the Yoast SEO plugin v27.4 - https:\/\/yoast.com\/product\/yoast-seo-wordpress\/ -->\n<title>Projet \u00e9ducatif - \u00c9cole Saint-Jean-Bosco<\/title>\n<meta name=\"robots\" content=\"index, follow, max-snippet:-1, max-image-preview:large, max-video-preview:-1\" \/>\n<link rel=\"canonical\" href=\"https:\/\/cssst.gouv.qc.ca\/saint-jean-bosco\/ecole\/projet-educatif\/\" \/>\n<meta property=\"og:locale\" content=\"fr_CA\" \/>\n<meta property=\"og:type\" content=\"article\" \/>\n<meta property=\"og:title\" content=\"Projet \u00e9ducatif - \u00c9cole Saint-Jean-Bosco\" \/>\n<meta property=\"og:description\" content=\"D\u00e9couvrez notre projet \u00e9ducatif Ce document strat\u00e9gique pr\u00e9sente les grandes orientations, les priorit\u00e9s d\u2019action et les objectifs vis\u00e9s pour favoriser la r\u00e9ussite de tous les \u00e9l\u00e8ves, jeunes et adultes. \u00c9labor\u00e9 en concertation avec l\u2019ensemble de la communaut\u00e9 \u00e9ducative, il refl\u00e8te les besoins des \u00e9l\u00e8ves et les attentes du milieu, tout en mobilisant les acteurs cl\u00e9s [&hellip;]\" \/>\n<meta property=\"og:url\" content=\"https:\/\/cssst.gouv.qc.ca\/saint-jean-bosco\/ecole\/projet-educatif\/\" \/>\n<meta property=\"og:site_name\" content=\"\u00c9cole Saint-Jean-Bosco\" \/>\n<meta property=\"article:publisher\" content=\"https:\/\/www.facebook.com\/cssoreltracy\/?locale=fr_CA\" \/>\n<meta property=\"article:modified_time\" content=\"2025-07-02T13:42:37+00:00\" \/>\n<meta name=\"twitter:card\" content=\"summary_large_image\" \/>\n<meta name=\"twitter:label1\" content=\"Estimation du temps de lecture\" \/>\n\t<meta name=\"twitter:data1\" content=\"1 minute\" \/>\n<script type=\"application\/ld+json\" class=\"yoast-schema-graph\">{\"@context\":\"https:\\\/\\\/schema.org\",\"@graph\":[{\"@type\":\"WebPage\",\"@id\":\"https:\\\/\\\/cssst.gouv.qc.ca\\\/saint-jean-bosco\\\/ecole\\\/projet-educatif\\\/\",\"url\":\"https:\\\/\\\/cssst.gouv.qc.ca\\\/saint-jean-bosco\\\/ecole\\\/projet-educatif\\\/\",\"name\":\"Projet \u00e9ducatif - \u00c9cole Saint-Jean-Bosco\",\"isPartOf\":{\"@id\":\"https:\\\/\\\/cssst.gouv.qc.ca\\\/saint-jean-bosco\\\/#website\"},\"datePublished\":\"2023-02-02T14:37:07+00:00\",\"dateModified\":\"2025-07-02T13:42:37+00:00\",\"breadcrumb\":{\"@id\":\"https:\\\/\\\/cssst.gouv.qc.ca\\\/saint-jean-bosco\\\/ecole\\\/projet-educatif\\\/#breadcrumb\"},\"inLanguage\":\"fr-CA\",\"potentialAction\":[{\"@type\":\"ReadAction\",\"target\":[\"https:\\\/\\\/cssst.gouv.qc.ca\\\/saint-jean-bosco\\\/ecole\\\/projet-educatif\\\/\"]}]},{\"@type\":\"BreadcrumbList\",\"@id\":\"https:\\\/\\\/cssst.gouv.qc.ca\\\/saint-jean-bosco\\\/ecole\\\/projet-educatif\\\/#breadcrumb\",\"itemListElement\":[{\"@type\":\"ListItem\",\"position\":1,\"name\":\"Accueil\",\"item\":\"https:\\\/\\\/cssst.gouv.qc.ca\\\/saint-jean-bosco\\\/\"},{\"@type\":\"ListItem\",\"position\":2,\"name\":\"\u00c9cole\",\"item\":\"https:\\\/\\\/cssst.gouv.qc.ca\\\/saint-jean-bosco\\\/ecole\\\/\"},{\"@type\":\"ListItem\",\"position\":3,\"name\":\"Projet \u00e9ducatif\"}]},{\"@type\":\"WebSite\",\"@id\":\"https:\\\/\\\/cssst.gouv.qc.ca\\\/saint-jean-bosco\\\/#website\",\"url\":\"https:\\\/\\\/cssst.gouv.qc.ca\\\/saint-jean-bosco\\\/\",\"name\":\"\u00c9cole Saint-Jean-Bosco\",\"description\":\"\",\"potentialAction\":[{\"@type\":\"SearchAction\",\"target\":{\"@type\":\"EntryPoint\",\"urlTemplate\":\"https:\\\/\\\/cssst.gouv.qc.ca\\\/saint-jean-bosco\\\/?s={search_term_string}\"},\"query-input\":{\"@type\":\"PropertyValueSpecification\",\"valueRequired\":true,\"valueName\":\"search_term_string\"}}],\"inLanguage\":\"fr-CA\"}]}<\/script>\n<!-- \/ Yoast SEO plugin. -->","yoast_head_json":{"title":"Projet \u00e9ducatif - \u00c9cole Saint-Jean-Bosco","robots":{"index":"index","follow":"follow","max-snippet":"max-snippet:-1","max-image-preview":"max-image-preview:large","max-video-preview":"max-video-preview:-1"},"canonical":"https:\/\/cssst.gouv.qc.ca\/saint-jean-bosco\/ecole\/projet-educatif\/","og_locale":"fr_CA","og_type":"article","og_title":"Projet \u00e9ducatif - \u00c9cole Saint-Jean-Bosco","og_description":"D\u00e9couvrez notre projet \u00e9ducatif Ce document strat\u00e9gique pr\u00e9sente les grandes orientations, les priorit\u00e9s d\u2019action et les objectifs vis\u00e9s pour favoriser la r\u00e9ussite de tous les \u00e9l\u00e8ves, jeunes et adultes. \u00c9labor\u00e9 en concertation avec l\u2019ensemble de la communaut\u00e9 \u00e9ducative, il refl\u00e8te les besoins des \u00e9l\u00e8ves et les attentes du milieu, tout en mobilisant les acteurs cl\u00e9s [&hellip;]","og_url":"https:\/\/cssst.gouv.qc.ca\/saint-jean-bosco\/ecole\/projet-educatif\/","og_site_name":"\u00c9cole Saint-Jean-Bosco","article_publisher":"https:\/\/www.facebook.com\/cssoreltracy\/?locale=fr_CA","article_modified_time":"2025-07-02T13:42:37+00:00","twitter_card":"summary_large_image","twitter_misc":{"Estimation du temps de lecture":"1 minute"},"schema":{"@context":"https:\/\/schema.org","@graph":[{"@type":"WebPage","@id":"https:\/\/cssst.gouv.qc.ca\/saint-jean-bosco\/ecole\/projet-educatif\/","url":"https:\/\/cssst.gouv.qc.ca\/saint-jean-bosco\/ecole\/projet-educatif\/","name":"Projet \u00e9ducatif - \u00c9cole Saint-Jean-Bosco","isPartOf":{"@id":"https:\/\/cssst.gouv.qc.ca\/saint-jean-bosco\/#website"},"datePublished":"2023-02-02T14:37:07+00:00","dateModified":"2025-07-02T13:42:37+00:00","breadcrumb":{"@id":"https:\/\/cssst.gouv.qc.ca\/saint-jean-bosco\/ecole\/projet-educatif\/#breadcrumb"},"inLanguage":"fr-CA","potentialAction":[{"@type":"ReadAction","target":["https:\/\/cssst.gouv.qc.ca\/saint-jean-bosco\/ecole\/projet-educatif\/"]}]},{"@type":"BreadcrumbList","@id":"https:\/\/cssst.gouv.qc.ca\/saint-jean-bosco\/ecole\/projet-educatif\/#breadcrumb","itemListElement":[{"@type":"ListItem","position":1,"name":"Accueil","item":"https:\/\/cssst.gouv.qc.ca\/saint-jean-bosco\/"},{"@type":"ListItem","position":2,"name":"\u00c9cole","item":"https:\/\/cssst.gouv.qc.ca\/saint-jean-bosco\/ecole\/"},{"@type":"ListItem","position":3,"name":"Projet \u00e9ducatif"}]},{"@type":"WebSite","@id":"https:\/\/cssst.gouv.qc.ca\/saint-jean-bosco\/#website","url":"https:\/\/cssst.gouv.qc.ca\/saint-jean-bosco\/","name":"\u00c9cole Saint-Jean-Bosco","description":"","potentialAction":[{"@type":"SearchAction","target":{"@type":"EntryPoint","urlTemplate":"https:\/\/cssst.gouv.qc.ca\/saint-jean-bosco\/?s={search_term_string}"},"query-input":{"@type":"PropertyValueSpecification","valueRequired":true,"valueName":"search_term_string"}}],"inLanguage":"fr-CA"}]}},"_links":{"self":[{"href":"https:\/\/cssst.gouv.qc.ca\/saint-jean-bosco\/wp-json\/wp\/v2\/pages\/12","targetHints":{"allow":["GET"]}}],"collection":[{"href":"https:\/\/cssst.gouv.qc.ca\/saint-jean-bosco\/wp-json\/wp\/v2\/pages"}],"about":[{"href":"https:\/\/cssst.gouv.qc.ca\/saint-jean-bosco\/wp-json\/wp\/v2\/types\/page"}],"author":[{"embeddable":true,"href":"https:\/\/cssst.gouv.qc.ca\/saint-jean-bosco\/wp-json\/wp\/v2\/users\/1"}],"replies":[{"embeddable":true,"href":"https:\/\/cssst.gouv.qc.ca\/saint-jean-bosco\/wp-json\/wp\/v2\/comments?post=12"}],"version-history":[{"count":0,"href":"https:\/\/cssst.gouv.qc.ca\/saint-jean-bosco\/wp-json\/wp\/v2\/pages\/12\/revisions"}],"up":[{"embeddable":true,"href":"https:\/\/cssst.gouv.qc.ca\/saint-jean-bosco\/wp-json\/wp\/v2\/pages\/5"}],"wp:attachment":[{"href":"https:\/\/cssst.gouv.qc.ca\/saint-jean-bosco\/wp-json\/wp\/v2\/media?parent=12"}],"curies":[{"name":"wp","href":"https:\/\/api.w.org\/{rel}","templated":true}]}}