{"id":9,"date":"2023-02-02T09:37:06","date_gmt":"2023-02-02T14:37:06","guid":{"rendered":"https:\/\/cssst.gouv.qc.ca\/pierre-de-saint-ours\/ecole\/comites\/conseil-detablissement\/"},"modified":"2026-04-13T08:40:15","modified_gmt":"2026-04-13T12:40:15","slug":"conseil-detablissement","status":"publish","type":"page","link":"https:\/\/cssst.gouv.qc.ca\/pierre-de-saint-ours\/ecole\/conseil-detablissement\/","title":{"rendered":"Conseil d&rsquo;\u00e9tablissement"},"content":{"rendered":"\n<h2 class=\"wp-block-heading\">Membres du conseil d&rsquo;\u00e9tablissement<\/h2>\n\n\n\n<ul class=\"wp-block-list\">\n<li><strong>Mme V\u00e9ronique Fleurent<\/strong>, <em>pr\u00e9sidente<\/em><\/li>\n\n\n\n<li><strong>Mme<\/strong> <strong>Jessica Beauchemin<\/strong>, <em>repr\u00e9sentante du comit\u00e9 de parents<\/em><\/li>\n\n\n\n<li><strong>Mme<\/strong> <strong>Marie-Pier Fontaine<\/strong>, <em><em>repr\u00e9sentante du comit\u00e9 de parents<\/em> (substitut)<\/em><\/li>\n\n\n\n<li><strong>M<\/strong> <strong>Francis Bertrand<\/strong>, <em>parent<\/em><\/li>\n\n\n\n<li><strong>Mme<\/strong> <strong>M\u00e9lanie Allard<\/strong>, <em>parent<\/em><\/li>\n\n\n\n<li><strong>Mme<\/strong> <strong>Chantal Laviolette<\/strong>, <em>parent (substitut)<\/em><\/li>\n\n\n\n<li><strong>M Ranjit Morin<\/strong>, <em>parent (substitut)<\/em><\/li>\n\n\n\n<li><strong>Mme<\/strong> <strong>Julie Arpin<\/strong>, <em>membre de la communaut\u00e9<\/em><\/li>\n\n\n\n<li><strong>Mme<\/strong> <strong>Heidi Fug\u00e8re<\/strong>, <em>professionnel<\/em><\/li>\n\n\n\n<li><strong>Mme<\/strong> <strong>Sandryne Desch\u00eanes<\/strong>, <em>technicienne au SDG<\/em><\/li>\n\n\n\n<li><strong>Mme<\/strong> <strong>Laurie Millette<\/strong>, <em>enseignante<\/em><\/li>\n\n\n\n<li><strong>Mme<\/strong> <strong>Martine Gr\u00e9goire<\/strong>, <em>enseignante<\/em><\/li>\n\n\n\n<li><strong>Mme<\/strong> <strong>Fr\u00e9d\u00e9rick Lamoureux<\/strong>, <em>enseignante<\/em><\/li>\n\n\n\n<li><strong>Mme<\/strong> <strong>Marie-Pierre Samson<\/strong>, <em>enseignante (substitut)<\/em><\/li>\n<\/ul>\n\n\n\n<p><\/p>\n\n\n\n<h2 class=\"wp-block-heading\">Dates des prochaines rencontres<\/h2>\n\n\n\n<p>Mardi 30 septembre 2025<\/p>\n\n\n\n<p>Mardi 18 novembre 2025<\/p>\n\n\n\n<p>Mardi 27 janvier 2026<\/p>\n\n\n\n<p>Mardi 7 avril 2026<\/p>\n\n\n\n<p>Mardi 16 juin 2026<\/p>\n\n\n\n<h2 class=\"wp-block-heading\">Proc\u00e8s-verbaux 2025-2026<\/h2>\n\n\n\n<div class=\"wp-block-file\"><a id=\"wp-block-file--media-1e2fab6d-445e-4a0e-8b2b-5599d0a4ae37\" href=\"https:\/\/cssst.gouv.qc.ca\/pierre-de-saint-ours\/wp-content\/uploads\/sites\/13\/2026\/04\/Proces-verbal-7-avril-2026.pdf\">Proc\u00e8s-verbal 7 avril 2026<\/a><a href=\"https:\/\/cssst.gouv.qc.ca\/pierre-de-saint-ours\/wp-content\/uploads\/sites\/13\/2026\/04\/Proces-verbal-7-avril-2026.pdf\" class=\"wp-block-file__button wp-element-button\" download aria-describedby=\"wp-block-file--media-1e2fab6d-445e-4a0e-8b2b-5599d0a4ae37\">T\u00e9l\u00e9charger<\/a><\/div>\n\n\n\n<div class=\"wp-block-file\"><a id=\"wp-block-file--media-7b798415-96c3-4a83-8e92-3d04d741c733\" href=\"https:\/\/cssst.gouv.qc.ca\/pierre-de-saint-ours\/wp-content\/uploads\/sites\/13\/2026\/02\/Proces-verbal-27-janvier-2026-1.pdf\">Proc\u00e8s-verbal 27 janvier 2026<\/a><a href=\"https:\/\/cssst.gouv.qc.ca\/pierre-de-saint-ours\/wp-content\/uploads\/sites\/13\/2026\/02\/Proces-verbal-27-janvier-2026-1.pdf\" class=\"wp-block-file__button wp-element-button\" download aria-describedby=\"wp-block-file--media-7b798415-96c3-4a83-8e92-3d04d741c733\">T\u00e9l\u00e9charger<\/a><\/div>\n\n\n\n<div class=\"wp-block-file\"><a id=\"wp-block-file--media-f88df1f6-2431-4939-b3c1-b21349ba7a9b\" href=\"https:\/\/cssst.gouv.qc.ca\/pierre-de-saint-ours\/wp-content\/uploads\/sites\/13\/2026\/01\/Proces-verbal-18-novembre-2025.pdf\">Proc\u00e8s-verbal 18 novembre 2025<\/a><a href=\"https:\/\/cssst.gouv.qc.ca\/pierre-de-saint-ours\/wp-content\/uploads\/sites\/13\/2026\/01\/Proces-verbal-18-novembre-2025.pdf\" class=\"wp-block-file__button wp-element-button\" download aria-describedby=\"wp-block-file--media-f88df1f6-2431-4939-b3c1-b21349ba7a9b\">T\u00e9l\u00e9charger<\/a><\/div>\n\n\n\n<div class=\"wp-block-file\"><a id=\"wp-block-file--media-e814e23b-78a8-496b-be1c-66a76cd5b6ef\" href=\"https:\/\/cssst.gouv.qc.ca\/pierre-de-saint-ours\/wp-content\/uploads\/sites\/13\/2025\/10\/Proces-verbal-30-septembre-2025.pdf\">Proc\u00e8s-verbal 30 septembre 2025<\/a><a href=\"https:\/\/cssst.gouv.qc.ca\/pierre-de-saint-ours\/wp-content\/uploads\/sites\/13\/2025\/10\/Proces-verbal-30-septembre-2025.pdf\" class=\"wp-block-file__button wp-element-button\" download aria-describedby=\"wp-block-file--media-e814e23b-78a8-496b-be1c-66a76cd5b6ef\">T\u00e9l\u00e9charger<\/a><\/div>\n\n\n\n<div class=\"wp-block-file\"><a id=\"wp-block-file--media-b428e7aa-f3c6-4b15-ba64-acfdedc522cb\" href=\"https:\/\/cssst.gouv.qc.ca\/pierre-de-saint-ours\/wp-content\/uploads\/sites\/13\/2025\/09\/Proces-verbal_Assemblee-generale-4-septembre-2025.pdf\">Proc\u00e8s-verbal_Assembl\u00e9e g\u00e9n\u00e9rale 4 septembre 2025<\/a><a href=\"https:\/\/cssst.gouv.qc.ca\/pierre-de-saint-ours\/wp-content\/uploads\/sites\/13\/2025\/09\/Proces-verbal_Assemblee-generale-4-septembre-2025.pdf\" class=\"wp-block-file__button wp-element-button\" download aria-describedby=\"wp-block-file--media-b428e7aa-f3c6-4b15-ba64-acfdedc522cb\">T\u00e9l\u00e9charger<\/a><\/div>\n\n\n\n<h2 class=\"wp-block-heading\">Proc\u00e8s-verbaux 2024-2025<\/h2>\n\n\n\n<div class=\"wp-block-file\"><a id=\"wp-block-file--media-e5557977-27d8-4c37-8f47-a7731e441d5f\" href=\"https:\/\/cssst.gouv.qc.ca\/pierre-de-saint-ours\/wp-content\/uploads\/sites\/13\/2025\/08\/Proces-verbal-17-juin-2025.pdf\">Proc\u00e8s-verbal 17 juin 2025<\/a><a href=\"https:\/\/cssst.gouv.qc.ca\/pierre-de-saint-ours\/wp-content\/uploads\/sites\/13\/2025\/08\/Proces-verbal-17-juin-2025.pdf\" class=\"wp-block-file__button wp-element-button\" download aria-describedby=\"wp-block-file--media-e5557977-27d8-4c37-8f47-a7731e441d5f\">T\u00e9l\u00e9charger<\/a><\/div>\n\n\n\n<div class=\"wp-block-file\"><a id=\"wp-block-file--media-969b13c5-76cb-4de5-9c45-4faaac70c44b\" href=\"https:\/\/cssst.gouv.qc.ca\/pierre-de-saint-ours\/wp-content\/uploads\/sites\/13\/2025\/08\/Proces-verbal-8-avril-2025.pdf\">Proc\u00e8s-verbal 8 avril 2025<\/a><a href=\"https:\/\/cssst.gouv.qc.ca\/pierre-de-saint-ours\/wp-content\/uploads\/sites\/13\/2025\/08\/Proces-verbal-8-avril-2025.pdf\" class=\"wp-block-file__button wp-element-button\" download aria-describedby=\"wp-block-file--media-969b13c5-76cb-4de5-9c45-4faaac70c44b\">T\u00e9l\u00e9charger<\/a><\/div>\n\n\n\n<div class=\"wp-block-file\"><a id=\"wp-block-file--media-8749a2fd-a9ad-428c-b1b4-cf1933a0e4cf\" href=\"https:\/\/cssst.gouv.qc.ca\/pierre-de-saint-ours\/wp-content\/uploads\/sites\/13\/2025\/08\/Proces-verbal-28-janvier-2025.pdf\">Proc\u00e8s-verbal 28 janvier 2025<\/a><a href=\"https:\/\/cssst.gouv.qc.ca\/pierre-de-saint-ours\/wp-content\/uploads\/sites\/13\/2025\/08\/Proces-verbal-28-janvier-2025.pdf\" class=\"wp-block-file__button wp-element-button\" download aria-describedby=\"wp-block-file--media-8749a2fd-a9ad-428c-b1b4-cf1933a0e4cf\">T\u00e9l\u00e9charger<\/a><\/div>\n\n\n\n<div class=\"wp-block-file\"><a id=\"wp-block-file--media-e103c38a-2629-49f4-8383-58679cda55c5\" href=\"https:\/\/cssst.gouv.qc.ca\/pierre-de-saint-ours\/wp-content\/uploads\/sites\/13\/2025\/08\/Proces-verbal-26-novembre-2024.pdf\">Proc\u00e8s-verbal 26 novembre 2024<\/a><a href=\"https:\/\/cssst.gouv.qc.ca\/pierre-de-saint-ours\/wp-content\/uploads\/sites\/13\/2025\/08\/Proces-verbal-26-novembre-2024.pdf\" class=\"wp-block-file__button wp-element-button\" download aria-describedby=\"wp-block-file--media-e103c38a-2629-49f4-8383-58679cda55c5\">T\u00e9l\u00e9charger<\/a><\/div>\n\n\n\n<div class=\"wp-block-file\"><a id=\"wp-block-file--media-8aad3319-2177-471c-a524-ba0981418d6d\" href=\"https:\/\/cssst.gouv.qc.ca\/pierre-de-saint-ours\/wp-content\/uploads\/sites\/13\/2025\/08\/Proces-verbal-23-septembre-2024.pdf\">Proc\u00e8s-verbal 23 septembre 2024<\/a><a href=\"https:\/\/cssst.gouv.qc.ca\/pierre-de-saint-ours\/wp-content\/uploads\/sites\/13\/2025\/08\/Proces-verbal-23-septembre-2024.pdf\" class=\"wp-block-file__button wp-element-button\" download aria-describedby=\"wp-block-file--media-8aad3319-2177-471c-a524-ba0981418d6d\">T\u00e9l\u00e9charger<\/a><\/div>\n\n\n\n<div class=\"wp-block-file\"><a id=\"wp-block-file--media-e28db42a-58d2-43c5-b129-c508cb3bb2f0\" href=\"https:\/\/cssst.gouv.qc.ca\/pierre-de-saint-ours\/wp-content\/uploads\/sites\/13\/2025\/08\/Assemblee-generale-5-septembre-2024.pdf\">Assembl\u00e9e g\u00e9n\u00e9rale 5 septembre 2024<\/a><a href=\"https:\/\/cssst.gouv.qc.ca\/pierre-de-saint-ours\/wp-content\/uploads\/sites\/13\/2025\/08\/Assemblee-generale-5-septembre-2024.pdf\" class=\"wp-block-file__button wp-element-button\" download aria-describedby=\"wp-block-file--media-e28db42a-58d2-43c5-b129-c508cb3bb2f0\">T\u00e9l\u00e9charger<\/a><\/div>\n\n\n\n<p><\/p>\n","protected":false},"excerpt":{"rendered":"<p>Membres du conseil d&rsquo;\u00e9tablissement Dates des prochaines rencontres Mardi 30 septembre 2025 Mardi 18 novembre 2025 Mardi 27 janvier 2026 Mardi 7 avril 2026 Mardi 16 juin 2026 Proc\u00e8s-verbaux 2025-2026 Proc\u00e8s-verbaux 2024-2025<\/p>\n","protected":false},"author":1,"featured_media":0,"parent":5,"menu_order":1,"comment_status":"closed","ping_status":"closed","template":"","meta":{"_acf_changed":false,"inline_featured_image":false,"footnotes":""},"class_list":["post-9","page","type-page","status-publish","hentry"],"acf":[],"yoast_head":"<!-- This site is optimized with the Yoast SEO plugin v27.4 - https:\/\/yoast.com\/product\/yoast-seo-wordpress\/ -->\n<title>Conseil d&#039;\u00e9tablissement - \u00c9cole Pierre-de-Saint-Ours<\/title>\n<meta name=\"robots\" content=\"index, follow, max-snippet:-1, max-image-preview:large, max-video-preview:-1\" \/>\n<link rel=\"canonical\" href=\"https:\/\/cssst.gouv.qc.ca\/pierre-de-saint-ours\/ecole\/conseil-detablissement\/\" \/>\n<meta property=\"og:locale\" content=\"fr_CA\" \/>\n<meta property=\"og:type\" content=\"article\" \/>\n<meta property=\"og:title\" content=\"Conseil d&#039;\u00e9tablissement - \u00c9cole Pierre-de-Saint-Ours\" \/>\n<meta property=\"og:description\" content=\"Membres du conseil d&rsquo;\u00e9tablissement Dates des prochaines rencontres Mardi 30 septembre 2025 Mardi 18 novembre 2025 Mardi 27 janvier 2026 Mardi 7 avril 2026 Mardi 16 juin 2026 Proc\u00e8s-verbaux 2025-2026 Proc\u00e8s-verbaux 2024-2025\" \/>\n<meta property=\"og:url\" content=\"https:\/\/cssst.gouv.qc.ca\/pierre-de-saint-ours\/ecole\/conseil-detablissement\/\" \/>\n<meta property=\"og:site_name\" content=\"\u00c9cole Pierre-de-Saint-Ours\" \/>\n<meta property=\"article:publisher\" content=\"https:\/\/www.facebook.com\/cssoreltracy\/?locale=fr_CA\" \/>\n<meta property=\"article:modified_time\" content=\"2026-04-13T12:40:15+00:00\" \/>\n<meta name=\"twitter:card\" content=\"summary_large_image\" \/>\n<meta name=\"twitter:label1\" content=\"Estimation du temps de lecture\" \/>\n\t<meta name=\"twitter:data1\" content=\"1 minute\" \/>\n<script type=\"application\/ld+json\" class=\"yoast-schema-graph\">{\"@context\":\"https:\\\/\\\/schema.org\",\"@graph\":[{\"@type\":\"WebPage\",\"@id\":\"https:\\\/\\\/cssst.gouv.qc.ca\\\/pierre-de-saint-ours\\\/ecole\\\/conseil-detablissement\\\/\",\"url\":\"https:\\\/\\\/cssst.gouv.qc.ca\\\/pierre-de-saint-ours\\\/ecole\\\/conseil-detablissement\\\/\",\"name\":\"Conseil d'\u00e9tablissement - \u00c9cole Pierre-de-Saint-Ours\",\"isPartOf\":{\"@id\":\"https:\\\/\\\/cssst.gouv.qc.ca\\\/pierre-de-saint-ours\\\/#website\"},\"datePublished\":\"2023-02-02T14:37:06+00:00\",\"dateModified\":\"2026-04-13T12:40:15+00:00\",\"breadcrumb\":{\"@id\":\"https:\\\/\\\/cssst.gouv.qc.ca\\\/pierre-de-saint-ours\\\/ecole\\\/conseil-detablissement\\\/#breadcrumb\"},\"inLanguage\":\"fr-CA\",\"potentialAction\":[{\"@type\":\"ReadAction\",\"target\":[\"https:\\\/\\\/cssst.gouv.qc.ca\\\/pierre-de-saint-ours\\\/ecole\\\/conseil-detablissement\\\/\"]}]},{\"@type\":\"BreadcrumbList\",\"@id\":\"https:\\\/\\\/cssst.gouv.qc.ca\\\/pierre-de-saint-ours\\\/ecole\\\/conseil-detablissement\\\/#breadcrumb\",\"itemListElement\":[{\"@type\":\"ListItem\",\"position\":1,\"name\":\"Accueil\",\"item\":\"https:\\\/\\\/cssst.gouv.qc.ca\\\/pierre-de-saint-ours\\\/\"},{\"@type\":\"ListItem\",\"position\":2,\"name\":\"\u00c9cole\",\"item\":\"https:\\\/\\\/cssst.gouv.qc.ca\\\/pierre-de-saint-ours\\\/ecole\\\/\"},{\"@type\":\"ListItem\",\"position\":3,\"name\":\"Conseil d&rsquo;\u00e9tablissement\"}]},{\"@type\":\"WebSite\",\"@id\":\"https:\\\/\\\/cssst.gouv.qc.ca\\\/pierre-de-saint-ours\\\/#website\",\"url\":\"https:\\\/\\\/cssst.gouv.qc.ca\\\/pierre-de-saint-ours\\\/\",\"name\":\"\u00c9cole Pierre-de-Saint-Ours\",\"description\":\"\",\"potentialAction\":[{\"@type\":\"SearchAction\",\"target\":{\"@type\":\"EntryPoint\",\"urlTemplate\":\"https:\\\/\\\/cssst.gouv.qc.ca\\\/pierre-de-saint-ours\\\/?s={search_term_string}\"},\"query-input\":{\"@type\":\"PropertyValueSpecification\",\"valueRequired\":true,\"valueName\":\"search_term_string\"}}],\"inLanguage\":\"fr-CA\"}]}<\/script>\n<!-- \/ Yoast SEO plugin. -->","yoast_head_json":{"title":"Conseil d'\u00e9tablissement - \u00c9cole Pierre-de-Saint-Ours","robots":{"index":"index","follow":"follow","max-snippet":"max-snippet:-1","max-image-preview":"max-image-preview:large","max-video-preview":"max-video-preview:-1"},"canonical":"https:\/\/cssst.gouv.qc.ca\/pierre-de-saint-ours\/ecole\/conseil-detablissement\/","og_locale":"fr_CA","og_type":"article","og_title":"Conseil d'\u00e9tablissement - \u00c9cole Pierre-de-Saint-Ours","og_description":"Membres du conseil d&rsquo;\u00e9tablissement Dates des prochaines rencontres Mardi 30 septembre 2025 Mardi 18 novembre 2025 Mardi 27 janvier 2026 Mardi 7 avril 2026 Mardi 16 juin 2026 Proc\u00e8s-verbaux 2025-2026 Proc\u00e8s-verbaux 2024-2025","og_url":"https:\/\/cssst.gouv.qc.ca\/pierre-de-saint-ours\/ecole\/conseil-detablissement\/","og_site_name":"\u00c9cole Pierre-de-Saint-Ours","article_publisher":"https:\/\/www.facebook.com\/cssoreltracy\/?locale=fr_CA","article_modified_time":"2026-04-13T12:40:15+00:00","twitter_card":"summary_large_image","twitter_misc":{"Estimation du temps de lecture":"1 minute"},"schema":{"@context":"https:\/\/schema.org","@graph":[{"@type":"WebPage","@id":"https:\/\/cssst.gouv.qc.ca\/pierre-de-saint-ours\/ecole\/conseil-detablissement\/","url":"https:\/\/cssst.gouv.qc.ca\/pierre-de-saint-ours\/ecole\/conseil-detablissement\/","name":"Conseil d'\u00e9tablissement - \u00c9cole Pierre-de-Saint-Ours","isPartOf":{"@id":"https:\/\/cssst.gouv.qc.ca\/pierre-de-saint-ours\/#website"},"datePublished":"2023-02-02T14:37:06+00:00","dateModified":"2026-04-13T12:40:15+00:00","breadcrumb":{"@id":"https:\/\/cssst.gouv.qc.ca\/pierre-de-saint-ours\/ecole\/conseil-detablissement\/#breadcrumb"},"inLanguage":"fr-CA","potentialAction":[{"@type":"ReadAction","target":["https:\/\/cssst.gouv.qc.ca\/pierre-de-saint-ours\/ecole\/conseil-detablissement\/"]}]},{"@type":"BreadcrumbList","@id":"https:\/\/cssst.gouv.qc.ca\/pierre-de-saint-ours\/ecole\/conseil-detablissement\/#breadcrumb","itemListElement":[{"@type":"ListItem","position":1,"name":"Accueil","item":"https:\/\/cssst.gouv.qc.ca\/pierre-de-saint-ours\/"},{"@type":"ListItem","position":2,"name":"\u00c9cole","item":"https:\/\/cssst.gouv.qc.ca\/pierre-de-saint-ours\/ecole\/"},{"@type":"ListItem","position":3,"name":"Conseil d&rsquo;\u00e9tablissement"}]},{"@type":"WebSite","@id":"https:\/\/cssst.gouv.qc.ca\/pierre-de-saint-ours\/#website","url":"https:\/\/cssst.gouv.qc.ca\/pierre-de-saint-ours\/","name":"\u00c9cole Pierre-de-Saint-Ours","description":"","potentialAction":[{"@type":"SearchAction","target":{"@type":"EntryPoint","urlTemplate":"https:\/\/cssst.gouv.qc.ca\/pierre-de-saint-ours\/?s={search_term_string}"},"query-input":{"@type":"PropertyValueSpecification","valueRequired":true,"valueName":"search_term_string"}}],"inLanguage":"fr-CA"}]}},"_links":{"self":[{"href":"https:\/\/cssst.gouv.qc.ca\/pierre-de-saint-ours\/wp-json\/wp\/v2\/pages\/9","targetHints":{"allow":["GET"]}}],"collection":[{"href":"https:\/\/cssst.gouv.qc.ca\/pierre-de-saint-ours\/wp-json\/wp\/v2\/pages"}],"about":[{"href":"https:\/\/cssst.gouv.qc.ca\/pierre-de-saint-ours\/wp-json\/wp\/v2\/types\/page"}],"author":[{"embeddable":true,"href":"https:\/\/cssst.gouv.qc.ca\/pierre-de-saint-ours\/wp-json\/wp\/v2\/users\/1"}],"replies":[{"embeddable":true,"href":"https:\/\/cssst.gouv.qc.ca\/pierre-de-saint-ours\/wp-json\/wp\/v2\/comments?post=9"}],"version-history":[{"count":0,"href":"https:\/\/cssst.gouv.qc.ca\/pierre-de-saint-ours\/wp-json\/wp\/v2\/pages\/9\/revisions"}],"up":[{"embeddable":true,"href":"https:\/\/cssst.gouv.qc.ca\/pierre-de-saint-ours\/wp-json\/wp\/v2\/pages\/5"}],"wp:attachment":[{"href":"https:\/\/cssst.gouv.qc.ca\/pierre-de-saint-ours\/wp-json\/wp\/v2\/media?parent=9"}],"curies":[{"name":"wp","href":"https:\/\/api.w.org\/{rel}","templated":true}]}}