{"id":4,"date":"2023-02-02T10:44:18","date_gmt":"2023-02-02T15:44:18","guid":{"rendered":"https:\/\/cssst.gouv.qc.ca\/fernand-lefebvre\/accueil\/"},"modified":"2026-02-05T13:08:39","modified_gmt":"2026-02-05T18:08:39","slug":"accueil","status":"publish","type":"page","link":"https:\/\/cssst.gouv.qc.ca\/fernand-lefebvre\/","title":{"rendered":"\u00c9cole secondaire Fernand-Lefebvre"},"content":{"rendered":"\n<div class=\"wp-block-cover alignfull is-style-hero-home-subsite\"><img loading=\"lazy\" decoding=\"async\" width=\"1920\" height=\"537\" class=\"wp-block-cover__image-background wp-image-125\" alt=\"\" src=\"https:\/\/cssst.gouv.qc.ca\/fernand-lefebvre\/wp-content\/uploads\/sites\/21\/2023\/02\/Seawire-Hero-06-2.jpg\" style=\"object-position:62% 34%\" data-object-fit=\"cover\" data-object-position=\"62% 34%\" srcset=\"https:\/\/cssst.gouv.qc.ca\/fernand-lefebvre\/wp-content\/uploads\/sites\/21\/2023\/02\/Seawire-Hero-06-2.jpg 1920w, https:\/\/cssst.gouv.qc.ca\/fernand-lefebvre\/wp-content\/uploads\/sites\/21\/2023\/02\/Seawire-Hero-06-2-300x84.jpg 300w, https:\/\/cssst.gouv.qc.ca\/fernand-lefebvre\/wp-content\/uploads\/sites\/21\/2023\/02\/Seawire-Hero-06-2-1024x286.jpg 1024w, https:\/\/cssst.gouv.qc.ca\/fernand-lefebvre\/wp-content\/uploads\/sites\/21\/2023\/02\/Seawire-Hero-06-2-768x215.jpg 768w, https:\/\/cssst.gouv.qc.ca\/fernand-lefebvre\/wp-content\/uploads\/sites\/21\/2023\/02\/Seawire-Hero-06-2-1536x430.jpg 1536w\" sizes=\"auto, (max-width: 1920px) 100vw, 1920px\" \/><span aria-hidden=\"true\" class=\"wp-block-cover__background has-background-dim\"><\/span><div class=\"wp-block-cover__inner-container\">\n<div class=\"wp-block-group alignwide\"><h2 class=\"wp-block-post-title\">\u00c9cole secondaire Fernand-Lefebvre<\/h2><\/div>\n<\/div><\/div>\n\n\n\n<figure class=\"wp-block-image size-full\"><img loading=\"lazy\" decoding=\"async\" width=\"1024\" height=\"768\" src=\"https:\/\/cssst.gouv.qc.ca\/fernand-lefebvre\/wp-content\/uploads\/sites\/21\/2026\/02\/Organigramme.png\" alt=\"\" class=\"wp-image-785\" srcset=\"https:\/\/cssst.gouv.qc.ca\/fernand-lefebvre\/wp-content\/uploads\/sites\/21\/2026\/02\/Organigramme.png 1024w, https:\/\/cssst.gouv.qc.ca\/fernand-lefebvre\/wp-content\/uploads\/sites\/21\/2026\/02\/Organigramme-300x225.png 300w, https:\/\/cssst.gouv.qc.ca\/fernand-lefebvre\/wp-content\/uploads\/sites\/21\/2026\/02\/Organigramme-768x576.png 768w\" sizes=\"auto, (max-width: 1024px) 100vw, 1024px\" \/><\/figure>\n\n\n\n<div class=\"wp-block-group alignfull is-style-subsite-home-news has-tertiary-background-color has-background\">\n<div class=\"wp-block-group alignwide\">\n<h2 class=\"wp-block-heading\">Actualit\u00e9s<\/h2>\n\n\n\n<div class=\"wp-block-buttons\">\n<div class=\"wp-block-button is-style-text is-home-actualites\"><a class=\"wp-block-button__link wp-element-button\" href=\"https:\/\/cssst.gouv.qc.ca\/fernand-lefebvre\/actualites\/\">Voir toutes les actualit\u00e9s<img decoding=\"async\" class=\"wp-image-402\" style=\"width: 17px\" src=\"https:\/\/cssst.gouv.qc.ca\/wp-content\/uploads\/2022\/09\/short_right.svg\" alt=\"\"><\/a><\/div>\n<\/div>\n<\/div>\n\n\n<div class=\" alignwide alignwide wp-block-acf-archive-listing\" id=\"testimonial-block_f6f07e796a93894e270c083be3f9fcd0\">\n                                                                    <ul class=\"archive-listing__list  archive-listing__group-\">\n                                <li class=\"archive-listing__item\">\n                     <div class=\"actualite-card\">    <div class=\"wp-block-post-image\">\n    <figure class=\"wp-block-post-featured-image\"><img loading=\"lazy\" decoding=\"async\" width=\"720\" height=\"748\" src=\"https:\/\/cssst.gouv.qc.ca\/fernand-lefebvre\/wp-content\/uploads\/sites\/21\/2025\/12\/Marche-des-fetes-2025-_FB-e1764684589900.jpg\" class=\"attachment-post-thumbnail size-post-thumbnail wp-post-image\" alt=\"\" style=\"object-fit:cover;\" srcset=\"https:\/\/cssst.gouv.qc.ca\/fernand-lefebvre\/wp-content\/uploads\/sites\/21\/2025\/12\/Marche-des-fetes-2025-_FB-e1764684589900.jpg 720w, https:\/\/cssst.gouv.qc.ca\/fernand-lefebvre\/wp-content\/uploads\/sites\/21\/2025\/12\/Marche-des-fetes-2025-_FB-e1764684589900-289x300.jpg 289w\" sizes=\"auto, (max-width: 720px) 100vw, 720px\" \/><\/figure>\n    <\/div>\n    <div class=\"wp-block-post-content\">\n        <div class=\"wp-block-post-date\"><time datetime=\"2025-12-02T09:10:03-05:00\">2 D\u00e9cembre 2025<\/time><\/div>\n        <h2 class=\"wp-block-post-title\">March\u00e9 des f\u00eates du Pavillon Tournesol<\/h2>\n\n        <div class=\"wp-block-post-excerpt\"><p class=\"wp-block-post-excerpt__excerpt\"> <\/p><\/div>\n        <a aria-label=\"March\u00e9 des f\u00eates du Pavillon Tournesol\" class=\"wp-block-read-more\" href=\"https:\/\/cssst.gouv.qc.ca\/fernand-lefebvre\/2025\/12\/02\/marche-des-fetes-du-pavillon-tournesol\/\" target=\"_self\">En savoir plus<span class=\"screen-reader-text\">\u00a0: March\u00e9 des f\u00eates du Pavillon Tournesol<\/span><\/a>\n    <\/div><\/div>                <\/li>\n                                            <li class=\"archive-listing__item\">\n                     <div class=\"actualite-card\">    <div class=\"wp-block-post-image\">\n    <figure class=\"wp-block-post-featured-image\"><img loading=\"lazy\" decoding=\"async\" width=\"1200\" height=\"1200\" src=\"https:\/\/cssst.gouv.qc.ca\/fernand-lefebvre\/wp-content\/uploads\/sites\/21\/2024\/04\/AYA03360.jpg\" class=\"attachment-post-thumbnail size-post-thumbnail wp-post-image\" alt=\"\" style=\"object-fit:cover;\" srcset=\"https:\/\/cssst.gouv.qc.ca\/fernand-lefebvre\/wp-content\/uploads\/sites\/21\/2024\/04\/AYA03360.jpg 1200w, https:\/\/cssst.gouv.qc.ca\/fernand-lefebvre\/wp-content\/uploads\/sites\/21\/2024\/04\/AYA03360-300x300.jpg 300w, https:\/\/cssst.gouv.qc.ca\/fernand-lefebvre\/wp-content\/uploads\/sites\/21\/2024\/04\/AYA03360-1024x1024.jpg 1024w, https:\/\/cssst.gouv.qc.ca\/fernand-lefebvre\/wp-content\/uploads\/sites\/21\/2024\/04\/AYA03360-150x150.jpg 150w, https:\/\/cssst.gouv.qc.ca\/fernand-lefebvre\/wp-content\/uploads\/sites\/21\/2024\/04\/AYA03360-768x768.jpg 768w\" sizes=\"auto, (max-width: 1200px) 100vw, 1200px\" \/><\/figure>\n    <\/div>\n    <div class=\"wp-block-post-content\">\n        <div class=\"wp-block-post-date\"><time datetime=\"2025-10-14T15:36:10-04:00\">14 octobre 2025<\/time><\/div>\n        <h2 class=\"wp-block-post-title\">R\u00e9cup\u00e9ration &#8211; midi<\/h2>\n\n        <div class=\"wp-block-post-excerpt\"><p class=\"wp-block-post-excerpt__excerpt\">Un outil indispensable ! Voici le tableau des r\u00e9cup\u00e9rations qui <\/p><\/div>\n        <a aria-label=\"R\u00e9cup\u00e9ration &amp;#8211; midi\" class=\"wp-block-read-more\" href=\"https:\/\/cssst.gouv.qc.ca\/fernand-lefebvre\/2025\/10\/14\/recuperations-midi\/\" target=\"_self\">En savoir plus<span class=\"screen-reader-text\">\u00a0: R\u00e9cup\u00e9ration &#8211; midi<\/span><\/a>\n    <\/div><\/div>                <\/li>\n                                            <li class=\"archive-listing__item\">\n                     <div class=\"actualite-card\">    <div class=\"wp-block-post-image\">\n    <figure class=\"wp-block-post-featured-image\"><img loading=\"lazy\" decoding=\"async\" width=\"480\" height=\"480\" src=\"https:\/\/cssst.gouv.qc.ca\/fernand-lefebvre\/wp-content\/uploads\/sites\/21\/2025\/08\/Logo-FL-couleur_sans-rond.png\" class=\"attachment-post-thumbnail size-post-thumbnail wp-post-image\" alt=\"\" style=\"object-fit:cover;\" srcset=\"https:\/\/cssst.gouv.qc.ca\/fernand-lefebvre\/wp-content\/uploads\/sites\/21\/2025\/08\/Logo-FL-couleur_sans-rond.png 480w, https:\/\/cssst.gouv.qc.ca\/fernand-lefebvre\/wp-content\/uploads\/sites\/21\/2025\/08\/Logo-FL-couleur_sans-rond-300x300.png 300w, https:\/\/cssst.gouv.qc.ca\/fernand-lefebvre\/wp-content\/uploads\/sites\/21\/2025\/08\/Logo-FL-couleur_sans-rond-150x150.png 150w\" sizes=\"auto, (max-width: 480px) 100vw, 480px\" \/><\/figure>\n    <\/div>\n    <div class=\"wp-block-post-content\">\n        <div class=\"wp-block-post-date\"><time datetime=\"2025-08-15T08:48:29-04:00\">15 ao\u00fbt 2025<\/time><\/div>\n        <h2 class=\"wp-block-post-title\">Rentr\u00e9e administrative 25-26<\/h2>\n\n        <div class=\"wp-block-post-excerpt\"><p class=\"wp-block-post-excerpt__excerpt\"> <\/p><\/div>\n        <a aria-label=\"Rentr\u00e9e administrative 25-26\" class=\"wp-block-read-more\" href=\"https:\/\/cssst.gouv.qc.ca\/fernand-lefebvre\/2025\/08\/15\/rentree-administrative-25-26\/\" target=\"_self\">En savoir plus<span class=\"screen-reader-text\">\u00a0: Rentr\u00e9e administrative 25-26<\/span><\/a>\n    <\/div><\/div>                <\/li>\n                    <\/ul>\n        <\/div>\n<\/div>\n\n\n\n<div class=\"wp-block-group alignfull is-style-bg-gradient\">\n<div class=\"wp-block-group alignwide\">\n<div class=\"wp-block-columns is-style-dates-and-calendar\">\n<div class=\"wp-block-column is-style-dates-list\">\n<h2 class=\"wp-block-heading\">Calendrier<\/h2>\n<\/div>\n<\/div>\n\n\n\n<div class=\"wp-block-columns alignwide is-style-home-calendar is-style-dates-and-calendar\">\n<div class=\"wp-block-column is-style-dates-list\">\n<div class=\"wp-block-group\">\n<h3 class=\"wp-block-heading\">\u00c0 surveiller<\/h3>\n\n\n<div class=\"align wp-block-acf-act-date-list\" id=\"testimonial-\"><div class=\"wp-block-group\">\n    \n    <div class=\"wp-block-columns\">\n    <div class=\"wp-block-column column-left\">\n    <p class=\"is-style-key-dates\">25 <\/p>\n    \n    \n    \n    <p class=\"is-style-key-dates month\">Nov<\/p>\n    <\/div>\n    \n    \n    \n    <div class=\"wp-block-column column-right\">\n    <p class=\"has-accent-lighter-color has-text-color\"><strong><a href=\"https:\/\/cssst.gouv.qc.ca\/fernand-lefebvre\/evenements\/salon-de-leducation-2\/\">Salon de l&rsquo;\u00c9ducation<\/a><\/strong><\/p>\n    <\/div>\n    <\/div>\n    \n    \n    \n    <div class=\"wp-block-columns\">\n    <div class=\"wp-block-column column-left\">\n    <p class=\"is-style-key-dates\">27 <\/p>\n    \n    \n    \n    <p class=\"is-style-key-dates month\">Nov<\/p>\n    <\/div>\n    \n    \n    \n    <div class=\"wp-block-column column-right\">\n    <p class=\"has-accent-lighter-color has-text-color\"><strong><a href=\"https:\/\/cssst.gouv.qc.ca\/fernand-lefebvre\/evenements\/salon-des-metiers-et-de-professions\/\">Salon des m\u00e9tiers et de professions<\/a><\/strong><\/p>\n    <\/div>\n    <\/div>\n    \n    \n    \n    <div class=\"wp-block-columns\">\n    <div class=\"wp-block-column column-left\">\n    <p class=\"is-style-key-dates\">30 <\/p>\n    \n    \n    \n    <p class=\"is-style-key-dates month\">Avr<\/p>\n    <\/div>\n    \n    \n    \n    <div class=\"wp-block-column column-right\">\n    <p class=\"has-accent-lighter-color has-text-color\"><strong><a href=\"https:\/\/cssst.gouv.qc.ca\/fernand-lefebvre\/evenements\/gala-sportif-2025-2026\/\">Gala Sportif 2025-2026<\/a><\/strong><\/p>\n    <\/div>\n    <\/div>\n    \n    \n    \n    <div class=\"wp-block-columns\">\n    <div class=\"wp-block-column column-left\">\n    <p class=\"is-style-key-dates\">04 <\/p>\n    \n    \n    \n    <p class=\"is-style-key-dates month\">Juin<\/p>\n    <\/div>\n    \n    \n    \n    <div class=\"wp-block-column column-right\">\n    <p class=\"has-accent-lighter-color has-text-color\"><strong><a href=\"https:\/\/cssst.gouv.qc.ca\/fernand-lefebvre\/evenements\/celebration-des-finissants\/\">C\u00e9l\u00e9bration des finissants<\/a><\/strong><\/p>\n    <\/div>\n    <\/div>\n    \n    <\/div><\/div>\n\n\n<p><a href=\"https:\/\/cssst.gouv.qc.ca\/fernand-lefebvre\/evenements\">Voir tous les \u00e9v\u00e9nements<\/a><\/p>\n<\/div>\n<\/div>\n\n\n\n<div class=\"wp-block-column is-style-calendar\">\n<div class=\"wp-block-group\"><div class=\"act-post-calendar\">\n    \n<\/div>\n<script>\n    var actPostCalendarPopups = {\n                    '2025-11-25': {\n                modifier: 'bg-accent',\n                html: '<a href=\"https:\/\/cssst.gouv.qc.ca\/fernand-lefebvre\/evenements\/salon-de-leducation-2\/\">Salon de l&rsquo;\u00c9ducation<\/a>'\n            },\n                    '2025-11-27': {\n                modifier: 'bg-accent',\n                html: '<a href=\"https:\/\/cssst.gouv.qc.ca\/fernand-lefebvre\/evenements\/salon-des-metiers-et-de-professions\/\">Salon des m\u00e9tiers et de professions<\/a>'\n            },\n                    '2026-04-30': {\n                modifier: 'bg-accent',\n                html: '<a href=\"https:\/\/cssst.gouv.qc.ca\/fernand-lefebvre\/evenements\/gala-sportif-2025-2026\/\">Gala Sportif 2025-2026<\/a>'\n            },\n                    '2026-06-04': {\n                modifier: 'bg-accent',\n                html: '<a href=\"https:\/\/cssst.gouv.qc.ca\/fernand-lefebvre\/evenements\/celebration-des-finissants\/\">C\u00e9l\u00e9bration des finissants<\/a>'\n            },\n                    '2026-06-13': {\n                modifier: 'bg-accent',\n                html: '<a href=\"https:\/\/cssst.gouv.qc.ca\/fernand-lefebvre\/evenements\/bal-des-finissants\/\">Bal des finissants<\/a>'\n            },\n            }\n    var actPostCalendarMonths = [\n        'Janvier', \n        'F\u00e9vrier', \n        'Mars', \n        'Avril', \n        'Mai', \n        'Juin', \n        'Juillet',\n        'Ao\u00fbt', \n        'Septembre', \n        'Octobre', \n        'Novembre', \n        'D\u00e9cembre'\n    ]\n    var actPostCalendarWeekdays = ['D', 'L', 'M', 'M', 'J', 'V', 'S'];\n<\/script>\n\n\n\n<div class=\"wp-block-buttons\">\n<div class=\"wp-block-button\"><a class=\"wp-block-button__link wp-element-button\">T\u00e9l\u00e9charger le calendrier <img loading=\"lazy\" decoding=\"async\" width=\"24\" height=\"25\" class=\"wp-image-122\" style=\"width: 24px\" src=\"http:\/\/cssst.gouv.qc.ca\/fernand-lefebvre\/wp-content\/uploads\/sites\/21\/2023\/02\/Download.svg\" alt=\"\"><\/a><\/div>\n<\/div>\n<\/div>\n<\/div>\n<\/div>\n<\/div>\n<\/div>\n\n\n\n<div class=\"wp-block-buttons\">\n<div class=\"wp-block-button has-custom-width wp-block-button__width-100 is-style-fill\"><a class=\"wp-block-button__link wp-element-button\" href=\"https:\/\/cssst.gouv.qc.ca\/publications\/plaintes\/\" style=\"border-radius:100px;box-shadow:var(--wp--preset--shadow--natural)\">Traitement des plaintes et protecteur de l&rsquo;\u00e9l\u00e8ve<\/a><\/div>\n<\/div>\n","protected":false},"excerpt":{"rendered":"<p>Actualit\u00e9s Calendrier \u00c0 surveiller Voir tous les \u00e9v\u00e9nements<\/p>\n","protected":false},"author":1,"featured_media":0,"parent":0,"menu_order":0,"comment_status":"closed","ping_status":"closed","template":"","meta":{"_acf_changed":false,"inline_featured_image":false,"footnotes":""},"class_list":["post-4","page","type-page","status-publish","hentry"],"acf":[],"yoast_head":"<!-- This site is optimized with the Yoast SEO plugin v27.4 - https:\/\/yoast.com\/product\/yoast-seo-wordpress\/ -->\n<title>\u00c9cole secondaire Fernand-Lefebvre - \u00c9cole Secondaire Fernand-Lefebvre<\/title>\n<meta name=\"robots\" content=\"index, follow, max-snippet:-1, max-image-preview:large, max-video-preview:-1\" \/>\n<link rel=\"canonical\" href=\"https:\/\/cssst.gouv.qc.ca\/fernand-lefebvre\/\" \/>\n<meta property=\"og:locale\" content=\"fr_CA\" \/>\n<meta property=\"og:type\" content=\"article\" \/>\n<meta property=\"og:title\" content=\"\u00c9cole secondaire Fernand-Lefebvre - \u00c9cole Secondaire Fernand-Lefebvre\" \/>\n<meta property=\"og:description\" content=\"Actualit\u00e9s Calendrier \u00c0 surveiller Voir tous les \u00e9v\u00e9nements\" \/>\n<meta property=\"og:url\" content=\"https:\/\/cssst.gouv.qc.ca\/fernand-lefebvre\/\" \/>\n<meta property=\"og:site_name\" content=\"\u00c9cole Secondaire Fernand-Lefebvre\" \/>\n<meta property=\"article:publisher\" content=\"https:\/\/www.facebook.com\/cssoreltracy\/?locale=fr_CA\" \/>\n<meta property=\"article:modified_time\" content=\"2026-02-05T18:08:39+00:00\" \/>\n<meta property=\"og:image\" content=\"https:\/\/cssst.gouv.qc.ca\/fernand-lefebvre\/wp-content\/uploads\/sites\/21\/2023\/02\/Seawire-Hero-06-2.jpg\" \/>\n\t<meta property=\"og:image:width\" content=\"1920\" \/>\n\t<meta property=\"og:image:height\" content=\"537\" \/>\n\t<meta property=\"og:image:type\" content=\"image\/jpeg\" \/>\n<meta name=\"twitter:card\" content=\"summary_large_image\" \/>\n<meta name=\"twitter:label1\" content=\"Estimation du temps de lecture\" \/>\n\t<meta name=\"twitter:data1\" content=\"1 minute\" \/>\n<script type=\"application\/ld+json\" class=\"yoast-schema-graph\">{\"@context\":\"https:\\\/\\\/schema.org\",\"@graph\":[{\"@type\":\"WebPage\",\"@id\":\"https:\\\/\\\/cssst.gouv.qc.ca\\\/fernand-lefebvre\\\/\",\"url\":\"https:\\\/\\\/cssst.gouv.qc.ca\\\/fernand-lefebvre\\\/\",\"name\":\"\u00c9cole secondaire Fernand-Lefebvre - \u00c9cole Secondaire Fernand-Lefebvre\",\"isPartOf\":{\"@id\":\"https:\\\/\\\/cssst.gouv.qc.ca\\\/fernand-lefebvre\\\/#website\"},\"primaryImageOfPage\":{\"@id\":\"https:\\\/\\\/cssst.gouv.qc.ca\\\/fernand-lefebvre\\\/#primaryimage\"},\"image\":{\"@id\":\"https:\\\/\\\/cssst.gouv.qc.ca\\\/fernand-lefebvre\\\/#primaryimage\"},\"thumbnailUrl\":\"https:\\\/\\\/cssst.gouv.qc.ca\\\/fernand-lefebvre\\\/wp-content\\\/uploads\\\/sites\\\/21\\\/2023\\\/02\\\/Seawire-Hero-06-2.jpg\",\"datePublished\":\"2023-02-02T15:44:18+00:00\",\"dateModified\":\"2026-02-05T18:08:39+00:00\",\"breadcrumb\":{\"@id\":\"https:\\\/\\\/cssst.gouv.qc.ca\\\/fernand-lefebvre\\\/#breadcrumb\"},\"inLanguage\":\"fr-CA\",\"potentialAction\":[{\"@type\":\"ReadAction\",\"target\":[\"https:\\\/\\\/cssst.gouv.qc.ca\\\/fernand-lefebvre\\\/\"]}]},{\"@type\":\"ImageObject\",\"inLanguage\":\"fr-CA\",\"@id\":\"https:\\\/\\\/cssst.gouv.qc.ca\\\/fernand-lefebvre\\\/#primaryimage\",\"url\":\"https:\\\/\\\/cssst.gouv.qc.ca\\\/fernand-lefebvre\\\/wp-content\\\/uploads\\\/sites\\\/21\\\/2023\\\/02\\\/Seawire-Hero-06-2.jpg\",\"contentUrl\":\"https:\\\/\\\/cssst.gouv.qc.ca\\\/fernand-lefebvre\\\/wp-content\\\/uploads\\\/sites\\\/21\\\/2023\\\/02\\\/Seawire-Hero-06-2.jpg\",\"width\":1920,\"height\":537},{\"@type\":\"BreadcrumbList\",\"@id\":\"https:\\\/\\\/cssst.gouv.qc.ca\\\/fernand-lefebvre\\\/#breadcrumb\",\"itemListElement\":[{\"@type\":\"ListItem\",\"position\":1,\"name\":\"Accueil\",\"item\":\"https:\\\/\\\/cssst.gouv.qc.ca\\\/fernand-lefebvre\\\/\"},{\"@type\":\"ListItem\",\"position\":2,\"name\":\"\u00c9cole secondaire Fernand-Lefebvre\"}]},{\"@type\":\"WebSite\",\"@id\":\"https:\\\/\\\/cssst.gouv.qc.ca\\\/fernand-lefebvre\\\/#website\",\"url\":\"https:\\\/\\\/cssst.gouv.qc.ca\\\/fernand-lefebvre\\\/\",\"name\":\"\u00c9cole Secondaire Fernand-Lefebvre\",\"description\":\"\",\"potentialAction\":[{\"@type\":\"SearchAction\",\"target\":{\"@type\":\"EntryPoint\",\"urlTemplate\":\"https:\\\/\\\/cssst.gouv.qc.ca\\\/fernand-lefebvre\\\/?s={search_term_string}\"},\"query-input\":{\"@type\":\"PropertyValueSpecification\",\"valueRequired\":true,\"valueName\":\"search_term_string\"}}],\"inLanguage\":\"fr-CA\"}]}<\/script>\n<!-- \/ Yoast SEO plugin. -->","yoast_head_json":{"title":"\u00c9cole secondaire Fernand-Lefebvre - \u00c9cole Secondaire Fernand-Lefebvre","robots":{"index":"index","follow":"follow","max-snippet":"max-snippet:-1","max-image-preview":"max-image-preview:large","max-video-preview":"max-video-preview:-1"},"canonical":"https:\/\/cssst.gouv.qc.ca\/fernand-lefebvre\/","og_locale":"fr_CA","og_type":"article","og_title":"\u00c9cole secondaire Fernand-Lefebvre - \u00c9cole Secondaire Fernand-Lefebvre","og_description":"Actualit\u00e9s Calendrier \u00c0 surveiller Voir tous les \u00e9v\u00e9nements","og_url":"https:\/\/cssst.gouv.qc.ca\/fernand-lefebvre\/","og_site_name":"\u00c9cole Secondaire Fernand-Lefebvre","article_publisher":"https:\/\/www.facebook.com\/cssoreltracy\/?locale=fr_CA","article_modified_time":"2026-02-05T18:08:39+00:00","og_image":[{"width":1920,"height":537,"url":"https:\/\/cssst.gouv.qc.ca\/fernand-lefebvre\/wp-content\/uploads\/sites\/21\/2023\/02\/Seawire-Hero-06-2.jpg","type":"image\/jpeg"}],"twitter_card":"summary_large_image","twitter_misc":{"Estimation du temps de lecture":"1 minute"},"schema":{"@context":"https:\/\/schema.org","@graph":[{"@type":"WebPage","@id":"https:\/\/cssst.gouv.qc.ca\/fernand-lefebvre\/","url":"https:\/\/cssst.gouv.qc.ca\/fernand-lefebvre\/","name":"\u00c9cole secondaire Fernand-Lefebvre - \u00c9cole Secondaire Fernand-Lefebvre","isPartOf":{"@id":"https:\/\/cssst.gouv.qc.ca\/fernand-lefebvre\/#website"},"primaryImageOfPage":{"@id":"https:\/\/cssst.gouv.qc.ca\/fernand-lefebvre\/#primaryimage"},"image":{"@id":"https:\/\/cssst.gouv.qc.ca\/fernand-lefebvre\/#primaryimage"},"thumbnailUrl":"https:\/\/cssst.gouv.qc.ca\/fernand-lefebvre\/wp-content\/uploads\/sites\/21\/2023\/02\/Seawire-Hero-06-2.jpg","datePublished":"2023-02-02T15:44:18+00:00","dateModified":"2026-02-05T18:08:39+00:00","breadcrumb":{"@id":"https:\/\/cssst.gouv.qc.ca\/fernand-lefebvre\/#breadcrumb"},"inLanguage":"fr-CA","potentialAction":[{"@type":"ReadAction","target":["https:\/\/cssst.gouv.qc.ca\/fernand-lefebvre\/"]}]},{"@type":"ImageObject","inLanguage":"fr-CA","@id":"https:\/\/cssst.gouv.qc.ca\/fernand-lefebvre\/#primaryimage","url":"https:\/\/cssst.gouv.qc.ca\/fernand-lefebvre\/wp-content\/uploads\/sites\/21\/2023\/02\/Seawire-Hero-06-2.jpg","contentUrl":"https:\/\/cssst.gouv.qc.ca\/fernand-lefebvre\/wp-content\/uploads\/sites\/21\/2023\/02\/Seawire-Hero-06-2.jpg","width":1920,"height":537},{"@type":"BreadcrumbList","@id":"https:\/\/cssst.gouv.qc.ca\/fernand-lefebvre\/#breadcrumb","itemListElement":[{"@type":"ListItem","position":1,"name":"Accueil","item":"https:\/\/cssst.gouv.qc.ca\/fernand-lefebvre\/"},{"@type":"ListItem","position":2,"name":"\u00c9cole secondaire Fernand-Lefebvre"}]},{"@type":"WebSite","@id":"https:\/\/cssst.gouv.qc.ca\/fernand-lefebvre\/#website","url":"https:\/\/cssst.gouv.qc.ca\/fernand-lefebvre\/","name":"\u00c9cole Secondaire Fernand-Lefebvre","description":"","potentialAction":[{"@type":"SearchAction","target":{"@type":"EntryPoint","urlTemplate":"https:\/\/cssst.gouv.qc.ca\/fernand-lefebvre\/?s={search_term_string}"},"query-input":{"@type":"PropertyValueSpecification","valueRequired":true,"valueName":"search_term_string"}}],"inLanguage":"fr-CA"}]}},"_links":{"self":[{"href":"https:\/\/cssst.gouv.qc.ca\/fernand-lefebvre\/wp-json\/wp\/v2\/pages\/4","targetHints":{"allow":["GET"]}}],"collection":[{"href":"https:\/\/cssst.gouv.qc.ca\/fernand-lefebvre\/wp-json\/wp\/v2\/pages"}],"about":[{"href":"https:\/\/cssst.gouv.qc.ca\/fernand-lefebvre\/wp-json\/wp\/v2\/types\/page"}],"author":[{"embeddable":true,"href":"https:\/\/cssst.gouv.qc.ca\/fernand-lefebvre\/wp-json\/wp\/v2\/users\/1"}],"replies":[{"embeddable":true,"href":"https:\/\/cssst.gouv.qc.ca\/fernand-lefebvre\/wp-json\/wp\/v2\/comments?post=4"}],"version-history":[{"count":0,"href":"https:\/\/cssst.gouv.qc.ca\/fernand-lefebvre\/wp-json\/wp\/v2\/pages\/4\/revisions"}],"wp:attachment":[{"href":"https:\/\/cssst.gouv.qc.ca\/fernand-lefebvre\/wp-json\/wp\/v2\/media?parent=4"}],"curies":[{"name":"wp","href":"https:\/\/api.w.org\/{rel}","templated":true}]}}