{"id":398,"date":"2024-12-13T13:42:59","date_gmt":"2024-12-13T18:42:59","guid":{"rendered":"https:\/\/cssst.gouv.qc.ca\/bernard-gariepy\/?page_id=398"},"modified":"2024-12-18T09:33:40","modified_gmt":"2024-12-18T14:33:40","slug":"planification-annuelle","status":"publish","type":"page","link":"https:\/\/cssst.gouv.qc.ca\/bernard-gariepy\/ecole\/planification-annuelle\/","title":{"rendered":"Planifications annuelles"},"content":{"rendered":"\n<div class=\"wp-block-cover alignfull is-style-title-banner\"><span aria-hidden=\"true\" class=\"wp-block-cover__background has-background-dim\" style=\"background-color:#4c76a7\"><\/span><img loading=\"lazy\" decoding=\"async\" width=\"1920\" height=\"537\" class=\"wp-block-cover__image-background wp-image-125\" alt=\"\" src=\"http:\/\/cssst.gouv.qc.ca\/bernard-gariepy\/wp-content\/uploads\/sites\/20\/2023\/02\/Seawire-Hero-06-2.jpg\" data-object-fit=\"cover\" srcset=\"https:\/\/cssst.gouv.qc.ca\/bernard-gariepy\/wp-content\/uploads\/sites\/20\/2023\/02\/Seawire-Hero-06-2.jpg 1920w, https:\/\/cssst.gouv.qc.ca\/bernard-gariepy\/wp-content\/uploads\/sites\/20\/2023\/02\/Seawire-Hero-06-2-300x84.jpg 300w, https:\/\/cssst.gouv.qc.ca\/bernard-gariepy\/wp-content\/uploads\/sites\/20\/2023\/02\/Seawire-Hero-06-2-1024x286.jpg 1024w, https:\/\/cssst.gouv.qc.ca\/bernard-gariepy\/wp-content\/uploads\/sites\/20\/2023\/02\/Seawire-Hero-06-2-768x215.jpg 768w, https:\/\/cssst.gouv.qc.ca\/bernard-gariepy\/wp-content\/uploads\/sites\/20\/2023\/02\/Seawire-Hero-06-2-1536x430.jpg 1536w\" sizes=\"auto, (max-width: 1920px) 100vw, 1920px\" \/><div class=\"wp-block-cover__inner-container\"><h3 class=\"wp-block-post-title\">Planifications annuelles<\/h3><\/div><\/div>\n\n\n\n\n<p class=\"act-lead\">Vous retrouverez toutes les planifications annuelles de chacune des mati\u00e8res en lien avec les crit\u00e8res d&rsquo;\u00e9valuations.<\/p>\n\n\n\n\n<h2 class=\"wp-block-heading\">Pr\u00e9secondaire<\/h2>\n\n\n\n<ul class=\"wp-block-list\">\n<li><a href=\"http:\/\/cssst.gouv.qc.ca\/bernard-gariepy\/wp-content\/uploads\/sites\/20\/2024\/12\/Planification-annuelle_ESBG_2024-2025-Francais.pdf\" target=\"_blank\" rel=\"noreferrer noopener\">Planification annuelle &#8211; Fran\u00e7ais<\/a><\/li>\n\n\n\n<li><a href=\"http:\/\/cssst.gouv.qc.ca\/bernard-gariepy\/wp-content\/uploads\/sites\/20\/2024\/12\/Planification-annuelle_ESBG_2024-2025-Mathematique.pdf\" target=\"_blank\" rel=\"noreferrer noopener\">Planification annuelle &#8211; Math\u00e9matique<\/a><\/li>\n\n\n\n<li><a href=\"http:\/\/cssst.gouv.qc.ca\/bernard-gariepy\/wp-content\/uploads\/sites\/20\/2024\/12\/Planification-annuelle_ESBG_2024-2025-Sciences.pdf\">Planification annuelle &#8211; Science<\/a><a href=\"http:\/\/cssst.gouv.qc.ca\/bernard-gariepy\/wp-content\/uploads\/sites\/20\/2024\/12\/Planification-annuelle_ESBG_2024-2025-Sciences.pdf\" target=\"_blank\" rel=\"noreferrer noopener\">s et technologie<\/a><\/li>\n\n\n\n<li><a href=\"http:\/\/cssst.gouv.qc.ca\/bernard-gariepy\/wp-content\/uploads\/sites\/20\/2024\/12\/Planification-annuelle_ESBG_2024-2025-Univers-social.pdf\" target=\"_blank\" rel=\"noreferrer noopener\">Planification annuelle &#8211; Univers social<\/a><\/li>\n\n\n\n<li><a href=\"http:\/\/cssst.gouv.qc.ca\/bernard-gariepy\/wp-content\/uploads\/sites\/20\/2024\/12\/Planification-annuelle_ESBG_2024-2025-Culture-et-citoyennete-quebecoise.pdf\" target=\"_blank\" rel=\"noreferrer noopener\">Planification annuelle &#8211; Culture et citoyennet\u00e9 qu\u00e9b\u00e9coise<\/a><\/li>\n\n\n\n<li>Planification annuelle &#8211; Anglais<\/li>\n\n\n\n<li>Planification annuelle &#8211; \u00c9ducation physique<\/li>\n\n\n\n<li><a href=\"http:\/\/cssst.gouv.qc.ca\/bernard-gariepy\/wp-content\/uploads\/sites\/20\/2024\/12\/Planification-annuelle_ESBG_2024-2025-ARTS-PLASTIQUE.pdf\" target=\"_blank\" rel=\"noreferrer noopener\">Planification annuelle &#8211; Arts plastique<\/a><\/li>\n<\/ul>\n\n\n\n<h2 class=\"wp-block-heading\">Adaptation scolaire<\/h2>\n\n\n\n<ul class=\"wp-block-list\">\n<li><a href=\"http:\/\/cssst.gouv.qc.ca\/bernard-gariepy\/wp-content\/uploads\/sites\/20\/2024\/12\/Modele_Planification-annuelle_ESBG_2024-2025-AS-FRANCAIS.pdf\">Planification annuelle &#8211; Fran\u00e7ais<\/a><\/li>\n\n\n\n<li><a href=\"http:\/\/cssst.gouv.qc.ca\/bernard-gariepy\/wp-content\/uploads\/sites\/20\/2024\/12\/Modele_Planification-annuelle_ESBG_2024-2025-AS-MATH.pdf\">Planification annuelle &#8211; Math\u00e9matique<\/a><\/li>\n\n\n\n<li><a href=\"http:\/\/cssst.gouv.qc.ca\/bernard-gariepy\/wp-content\/uploads\/sites\/20\/2024\/12\/Modele_Planification-annuelle_ESBG_2024-2025-AS-SCT.pdf\">Planification annuelle &#8211; Sciences et technologie<\/a><\/li>\n\n\n\n<li><a href=\"http:\/\/cssst.gouv.qc.ca\/bernard-gariepy\/wp-content\/uploads\/sites\/20\/2024\/12\/Modele_Planification-annuelle_ESBG_2024-2025-AS-US.pdf\">Planification annuelle &#8211; Univers social<\/a><\/li>\n\n\n\n<li>Planification annuelle &#8211; Culture et citoyennet\u00e9 qu\u00e9b\u00e9coise<\/li>\n\n\n\n<li>Planification annuelle &#8211; Anglais<\/li>\n\n\n\n<li>Planification annuelle &#8211; \u00c9ducation physique<\/li>\n\n\n\n<li>Planification annuelle &#8211; Arts plastique<\/li>\n<\/ul>\n\n\n\n<h2 class=\"wp-block-heading\">1re secondaire<\/h2>\n\n\n\n<ul class=\"wp-block-list\">\n<li><a href=\"http:\/\/cssst.gouv.qc.ca\/bernard-gariepy\/wp-content\/uploads\/sites\/20\/2024\/12\/Planification-annuelle-FRANCAIS-sec-1_2024-2025-1.pdf\">Planification annuelle &#8211; Fran\u00e7ais<\/a><\/li>\n\n\n\n<li><a href=\"http:\/\/cssst.gouv.qc.ca\/bernard-gariepy\/wp-content\/uploads\/sites\/20\/2024\/12\/Planification-annuelle-MATHEMATIQUE-sec-1_2024-2025.pdf\" target=\"_blank\" rel=\"noreferrer noopener\">Planification annuelle &#8211; Math\u00e9matique<\/a><\/li>\n\n\n\n<li><a href=\"http:\/\/cssst.gouv.qc.ca\/bernard-gariepy\/wp-content\/uploads\/sites\/20\/2024\/12\/Planification-annuelle-SCIENCES-et-TECHNO-sec-1_2024-2025.pdf\">Planification annuelle &#8211; Sciences et technologie<\/a><\/li>\n\n\n\n<li><a href=\"http:\/\/cssst.gouv.qc.ca\/bernard-gariepy\/wp-content\/uploads\/sites\/20\/2024\/12\/Planification-annuelle-HISTOIRE_sec1_2024-2025.pdf\" target=\"_blank\" rel=\"noreferrer noopener\">Planification annuelle &#8211; Univers social<\/a> (Histoire)<\/li>\n\n\n\n<li><a href=\"http:\/\/cssst.gouv.qc.ca\/bernard-gariepy\/wp-content\/uploads\/sites\/20\/2024\/12\/Planification-annuelle-GEOGRAPHIE-sec-1_2024-2025.pdf\">Planification annuelle &#8211; Univers social (G\u00e9ographie)<\/a><\/li>\n\n\n\n<li><a href=\"http:\/\/cssst.gouv.qc.ca\/bernard-gariepy\/wp-content\/uploads\/sites\/20\/2024\/12\/Planification-annuelle-CCQ-sec-1_2024-2025.pdf\" target=\"_blank\" rel=\"noreferrer noopener\">Planification annuelle &#8211; Culture et citoyennet\u00e9 qu\u00e9b\u00e9coise<\/a><\/li>\n\n\n\n<li><a href=\"http:\/\/cssst.gouv.qc.ca\/bernard-gariepy\/wp-content\/uploads\/sites\/20\/2024\/12\/Planification-annuelle-ANGLAIS-sec1_2024-2025.pdf\" target=\"_blank\" rel=\"noreferrer noopener\">Planification annuelle &#8211; Anglais<\/a><\/li>\n\n\n\n<li><a href=\"http:\/\/cssst.gouv.qc.ca\/bernard-gariepy\/wp-content\/uploads\/sites\/20\/2024\/12\/Planification-annuelle-EDUCATION-PHYSIQUE_sec1_2024-2025.pdf\" target=\"_blank\" rel=\"noreferrer noopener\">Planification annuelle &#8211; \u00c9ducation physique<\/a><\/li>\n\n\n\n<li><a href=\"http:\/\/cssst.gouv.qc.ca\/bernard-gariepy\/wp-content\/uploads\/sites\/20\/2024\/12\/Planification-annuelle-MULTISPORT_sec1-et-2_2024-2025.pdf\">Planification annuelle &#8211; Multisports<\/a><\/li>\n\n\n\n<li><a href=\"http:\/\/cssst.gouv.qc.ca\/bernard-gariepy\/wp-content\/uploads\/sites\/20\/2024\/12\/Planification-annuelle-ARTS-PLASTIQUE-sec1_2024-2025.pdf\" target=\"_blank\" rel=\"noreferrer noopener\">Planification annuelle &#8211; Arts plastique<\/a><\/li>\n\n\n\n<li><a href=\"http:\/\/cssst.gouv.qc.ca\/bernard-gariepy\/wp-content\/uploads\/sites\/20\/2024\/12\/Planification-annuelle-ART-DRAMATIQUE-sec1_2024-2025.pdf\" target=\"_blank\" rel=\"noreferrer noopener\">Planification annuelle &#8211; Art dramatique<\/a><\/li>\n\n\n\n<li><a href=\"http:\/\/cssst.gouv.qc.ca\/bernard-gariepy\/wp-content\/uploads\/sites\/20\/2024\/12\/Planification-annuelle-MUSIQUE-sec1_2024-2025.pdf\">Planification annuelle &#8211; Musique<\/a><\/li>\n\n\n\n<li><a href=\"http:\/\/cssst.gouv.qc.ca\/bernard-gariepy\/wp-content\/uploads\/sites\/20\/2024\/12\/Planification-annuelle-DANSE-sec1-et-2_2024-2025.pdf\">Planification annuelle &#8211; Danse<\/a><\/li>\n<\/ul>\n\n\n\n<h2 class=\"wp-block-heading\">2e secondaire<\/h2>\n\n\n\n<ul class=\"wp-block-list\">\n<li><a href=\"http:\/\/cssst.gouv.qc.ca\/bernard-gariepy\/wp-content\/uploads\/sites\/20\/2024\/12\/Planification-annuelle-FRANCAIS-sec-2_2024-2025-1.pdf\">Planification annuelle &#8211; Fran\u00e7ais<\/a><\/li>\n\n\n\n<li><a href=\"http:\/\/cssst.gouv.qc.ca\/bernard-gariepy\/wp-content\/uploads\/sites\/20\/2024\/12\/Planification-annuelle-MATHEMATIQUE-sec-2_2024-2025-1.pdf\">Planification annuelle &#8211; Math\u00e9matique<\/a><\/li>\n\n\n\n<li><a href=\"http:\/\/cssst.gouv.qc.ca\/bernard-gariepy\/wp-content\/uploads\/sites\/20\/2024\/12\/Planification-annuelle-SCIENCES-et-TECHNO-sec-2_2024-2025-1.pdf\">Planification annuelle &#8211; Sciences et technologie<\/a><\/li>\n\n\n\n<li><a href=\"http:\/\/cssst.gouv.qc.ca\/bernard-gariepy\/wp-content\/uploads\/sites\/20\/2024\/12\/Planification-annuelle-HISTOIRE_sec2_2024-2025.pdf\">Planification annuelle &#8211; Univers social (Histoire)<\/a><\/li>\n\n\n\n<li><a href=\"http:\/\/cssst.gouv.qc.ca\/bernard-gariepy\/wp-content\/uploads\/sites\/20\/2024\/12\/Planification-annuelle-GEOGRAPHIE-sec-2_2024-2025-1.pdf\">Planification annuelle &#8211; Univers social (G\u00e9ographie)<\/a><\/li>\n\n\n\n<li><a href=\"http:\/\/cssst.gouv.qc.ca\/bernard-gariepy\/wp-content\/uploads\/sites\/20\/2024\/12\/Planification-annuelle-CCQ-sec-2_2024-2025-2.pdf\">Planification annuelle &#8211; Culture et citoyennet\u00e9 qu\u00e9b\u00e9coise<\/a><\/li>\n\n\n\n<li><a href=\"http:\/\/cssst.gouv.qc.ca\/bernard-gariepy\/wp-content\/uploads\/sites\/20\/2024\/12\/Planification-annuelle-ANGLAIS-sec2_2024-2025-3.pdf\">Planification annuelle &#8211; Anglais<\/a><\/li>\n\n\n\n<li><a href=\"http:\/\/cssst.gouv.qc.ca\/bernard-gariepy\/wp-content\/uploads\/sites\/20\/2024\/12\/Planification-annuelle-EDUCATION-PHYSIQUE_sec2_2024-2025-2.pdf\">Planification annuelle &#8211; \u00c9ducation physique<\/a><\/li>\n\n\n\n<li><a href=\"http:\/\/cssst.gouv.qc.ca\/bernard-gariepy\/wp-content\/uploads\/sites\/20\/2024\/12\/Planification-annuelle-EDUCATION-PHYSIQUE-sec.1-a-5_2024-2025-2.pdf\">Planification annuelle &#8211; \u00c9ducation physique PEI<\/a><\/li>\n\n\n\n<li><a href=\"http:\/\/cssst.gouv.qc.ca\/bernard-gariepy\/wp-content\/uploads\/sites\/20\/2024\/12\/Planification-annuelle-MULTISPORT_sec1-et-2_2024-2025-2.pdf\">Planification annuelle &#8211; Multiports<\/a><\/li>\n\n\n\n<li><a href=\"http:\/\/cssst.gouv.qc.ca\/bernard-gariepy\/wp-content\/uploads\/sites\/20\/2024\/12\/Planification-annuelle-ARTS-PLASTIQUE-sec2_2024-2025-2.pdf\">Planification annuelle &#8211; Arts plastique<\/a><\/li>\n\n\n\n<li><a href=\"http:\/\/cssst.gouv.qc.ca\/bernard-gariepy\/wp-content\/uploads\/sites\/20\/2024\/12\/Planification-annuelle-ARTS-PLASTIQUE-sec2_PEI_2024-2025-2.pdf\">Planification annuelle &#8211; Arts plastique PEI<\/a><\/li>\n\n\n\n<li><a href=\"http:\/\/cssst.gouv.qc.ca\/bernard-gariepy\/wp-content\/uploads\/sites\/20\/2024\/12\/Planification-annuelle-ART-DRAMATIQUE-sec2_2024-2025-2.pdf\">Planification annuelle &#8211; Art dramatique<\/a><\/li>\n\n\n\n<li><a href=\"http:\/\/cssst.gouv.qc.ca\/bernard-gariepy\/wp-content\/uploads\/sites\/20\/2024\/12\/Planification-annuelle-MUSIQUE-sec2_2024-2025-1.pdf\">Planification annuelle &#8211; Musique<\/a><\/li>\n\n\n\n<li><a href=\"http:\/\/cssst.gouv.qc.ca\/bernard-gariepy\/wp-content\/uploads\/sites\/20\/2024\/12\/Planification-annuelle-DANSE-sec1-et-2_2024-2025-2.pdf\">Planification annuelle &#8211; Danse<\/a><\/li>\n\n\n\n<li><a href=\"http:\/\/cssst.gouv.qc.ca\/bernard-gariepy\/wp-content\/uploads\/sites\/20\/2024\/12\/Planification-annuelle-ESPAGNOL_2024-2025-1.pdf\">Planification annuelle &#8211; Espagnol<\/a><\/li>\n<\/ul>\n","protected":false},"excerpt":{"rendered":"<p>Pr\u00e9secondaire Adaptation scolaire 1re secondaire 2e secondaire<\/p>\n","protected":false},"author":41,"featured_media":0,"parent":5,"menu_order":0,"comment_status":"closed","ping_status":"closed","template":"","meta":{"_acf_changed":false,"inline_featured_image":false,"footnotes":""},"class_list":["post-398","page","type-page","status-publish","hentry"],"acf":[],"yoast_head":"<!-- This site is optimized with the Yoast SEO plugin v27.5 - https:\/\/yoast.com\/product\/yoast-seo-wordpress\/ -->\n<title>Planifications annuelles - \u00c9cole Secondaire Bernard-Gari\u00e9py<\/title>\n<meta name=\"robots\" content=\"index, follow, max-snippet:-1, max-image-preview:large, max-video-preview:-1\" \/>\n<link rel=\"canonical\" href=\"https:\/\/cssst.gouv.qc.ca\/bernard-gariepy\/ecole\/planification-annuelle\/\" \/>\n<meta property=\"og:locale\" content=\"fr_CA\" \/>\n<meta property=\"og:type\" content=\"article\" \/>\n<meta property=\"og:title\" content=\"Planifications annuelles - \u00c9cole Secondaire Bernard-Gari\u00e9py\" \/>\n<meta property=\"og:description\" content=\"Pr\u00e9secondaire Adaptation scolaire 1re secondaire 2e secondaire\" \/>\n<meta property=\"og:url\" content=\"https:\/\/cssst.gouv.qc.ca\/bernard-gariepy\/ecole\/planification-annuelle\/\" \/>\n<meta property=\"og:site_name\" content=\"\u00c9cole Secondaire Bernard-Gari\u00e9py\" \/>\n<meta property=\"article:publisher\" content=\"https:\/\/www.facebook.com\/profile.php?id=100057040016311&amp;locale=fr_CA\" \/>\n<meta property=\"article:modified_time\" content=\"2024-12-18T14:33:40+00:00\" \/>\n<meta property=\"og:image\" content=\"https:\/\/cssst.gouv.qc.ca\/bernard-gariepy\/wp-content\/uploads\/sites\/20\/2023\/02\/Seawire-Hero-06-2.jpg\" \/>\n\t<meta property=\"og:image:width\" content=\"1920\" \/>\n\t<meta property=\"og:image:height\" content=\"537\" \/>\n\t<meta property=\"og:image:type\" content=\"image\/jpeg\" \/>\n<meta name=\"twitter:card\" content=\"summary_large_image\" \/>\n<meta name=\"twitter:label1\" content=\"Estimation du temps de lecture\" \/>\n\t<meta name=\"twitter:data1\" content=\"2 minutes\" \/>\n<script type=\"application\/ld+json\" class=\"yoast-schema-graph\">{\"@context\":\"https:\\\/\\\/schema.org\",\"@graph\":[{\"@type\":\"WebPage\",\"@id\":\"https:\\\/\\\/cssst.gouv.qc.ca\\\/bernard-gariepy\\\/ecole\\\/planification-annuelle\\\/\",\"url\":\"https:\\\/\\\/cssst.gouv.qc.ca\\\/bernard-gariepy\\\/ecole\\\/planification-annuelle\\\/\",\"name\":\"Planifications annuelles - \u00c9cole Secondaire Bernard-Gari\u00e9py\",\"isPartOf\":{\"@id\":\"https:\\\/\\\/cssst.gouv.qc.ca\\\/bernard-gariepy\\\/#website\"},\"primaryImageOfPage\":{\"@id\":\"https:\\\/\\\/cssst.gouv.qc.ca\\\/bernard-gariepy\\\/ecole\\\/planification-annuelle\\\/#primaryimage\"},\"image\":{\"@id\":\"https:\\\/\\\/cssst.gouv.qc.ca\\\/bernard-gariepy\\\/ecole\\\/planification-annuelle\\\/#primaryimage\"},\"thumbnailUrl\":\"http:\\\/\\\/cssst.gouv.qc.ca\\\/bernard-gariepy\\\/wp-content\\\/uploads\\\/sites\\\/20\\\/2023\\\/02\\\/Seawire-Hero-06-2.jpg\",\"datePublished\":\"2024-12-13T18:42:59+00:00\",\"dateModified\":\"2024-12-18T14:33:40+00:00\",\"breadcrumb\":{\"@id\":\"https:\\\/\\\/cssst.gouv.qc.ca\\\/bernard-gariepy\\\/ecole\\\/planification-annuelle\\\/#breadcrumb\"},\"inLanguage\":\"fr-CA\",\"potentialAction\":[{\"@type\":\"ReadAction\",\"target\":[\"https:\\\/\\\/cssst.gouv.qc.ca\\\/bernard-gariepy\\\/ecole\\\/planification-annuelle\\\/\"]}]},{\"@type\":\"ImageObject\",\"inLanguage\":\"fr-CA\",\"@id\":\"https:\\\/\\\/cssst.gouv.qc.ca\\\/bernard-gariepy\\\/ecole\\\/planification-annuelle\\\/#primaryimage\",\"url\":\"https:\\\/\\\/cssst.gouv.qc.ca\\\/bernard-gariepy\\\/wp-content\\\/uploads\\\/sites\\\/20\\\/2023\\\/02\\\/Seawire-Hero-06-2.jpg\",\"contentUrl\":\"https:\\\/\\\/cssst.gouv.qc.ca\\\/bernard-gariepy\\\/wp-content\\\/uploads\\\/sites\\\/20\\\/2023\\\/02\\\/Seawire-Hero-06-2.jpg\",\"width\":1920,\"height\":537},{\"@type\":\"BreadcrumbList\",\"@id\":\"https:\\\/\\\/cssst.gouv.qc.ca\\\/bernard-gariepy\\\/ecole\\\/planification-annuelle\\\/#breadcrumb\",\"itemListElement\":[{\"@type\":\"ListItem\",\"position\":1,\"name\":\"Accueil\",\"item\":\"https:\\\/\\\/cssst.gouv.qc.ca\\\/bernard-gariepy\\\/\"},{\"@type\":\"ListItem\",\"position\":2,\"name\":\"\u00c9cole\",\"item\":\"https:\\\/\\\/cssst.gouv.qc.ca\\\/bernard-gariepy\\\/ecole\\\/\"},{\"@type\":\"ListItem\",\"position\":3,\"name\":\"Planifications annuelles\"}]},{\"@type\":\"WebSite\",\"@id\":\"https:\\\/\\\/cssst.gouv.qc.ca\\\/bernard-gariepy\\\/#website\",\"url\":\"https:\\\/\\\/cssst.gouv.qc.ca\\\/bernard-gariepy\\\/\",\"name\":\"\u00c9cole Secondaire Bernard-Gari\u00e9py\",\"description\":\"\",\"potentialAction\":[{\"@type\":\"SearchAction\",\"target\":{\"@type\":\"EntryPoint\",\"urlTemplate\":\"https:\\\/\\\/cssst.gouv.qc.ca\\\/bernard-gariepy\\\/?s={search_term_string}\"},\"query-input\":{\"@type\":\"PropertyValueSpecification\",\"valueRequired\":true,\"valueName\":\"search_term_string\"}}],\"inLanguage\":\"fr-CA\"}]}<\/script>\n<!-- \/ Yoast SEO plugin. -->","yoast_head_json":{"title":"Planifications annuelles - \u00c9cole Secondaire Bernard-Gari\u00e9py","robots":{"index":"index","follow":"follow","max-snippet":"max-snippet:-1","max-image-preview":"max-image-preview:large","max-video-preview":"max-video-preview:-1"},"canonical":"https:\/\/cssst.gouv.qc.ca\/bernard-gariepy\/ecole\/planification-annuelle\/","og_locale":"fr_CA","og_type":"article","og_title":"Planifications annuelles - \u00c9cole Secondaire Bernard-Gari\u00e9py","og_description":"Pr\u00e9secondaire Adaptation scolaire 1re secondaire 2e secondaire","og_url":"https:\/\/cssst.gouv.qc.ca\/bernard-gariepy\/ecole\/planification-annuelle\/","og_site_name":"\u00c9cole Secondaire Bernard-Gari\u00e9py","article_publisher":"https:\/\/www.facebook.com\/profile.php?id=100057040016311&locale=fr_CA","article_modified_time":"2024-12-18T14:33:40+00:00","og_image":[{"width":1920,"height":537,"url":"https:\/\/cssst.gouv.qc.ca\/bernard-gariepy\/wp-content\/uploads\/sites\/20\/2023\/02\/Seawire-Hero-06-2.jpg","type":"image\/jpeg"}],"twitter_card":"summary_large_image","twitter_misc":{"Estimation du temps de lecture":"2 minutes"},"schema":{"@context":"https:\/\/schema.org","@graph":[{"@type":"WebPage","@id":"https:\/\/cssst.gouv.qc.ca\/bernard-gariepy\/ecole\/planification-annuelle\/","url":"https:\/\/cssst.gouv.qc.ca\/bernard-gariepy\/ecole\/planification-annuelle\/","name":"Planifications annuelles - \u00c9cole Secondaire Bernard-Gari\u00e9py","isPartOf":{"@id":"https:\/\/cssst.gouv.qc.ca\/bernard-gariepy\/#website"},"primaryImageOfPage":{"@id":"https:\/\/cssst.gouv.qc.ca\/bernard-gariepy\/ecole\/planification-annuelle\/#primaryimage"},"image":{"@id":"https:\/\/cssst.gouv.qc.ca\/bernard-gariepy\/ecole\/planification-annuelle\/#primaryimage"},"thumbnailUrl":"http:\/\/cssst.gouv.qc.ca\/bernard-gariepy\/wp-content\/uploads\/sites\/20\/2023\/02\/Seawire-Hero-06-2.jpg","datePublished":"2024-12-13T18:42:59+00:00","dateModified":"2024-12-18T14:33:40+00:00","breadcrumb":{"@id":"https:\/\/cssst.gouv.qc.ca\/bernard-gariepy\/ecole\/planification-annuelle\/#breadcrumb"},"inLanguage":"fr-CA","potentialAction":[{"@type":"ReadAction","target":["https:\/\/cssst.gouv.qc.ca\/bernard-gariepy\/ecole\/planification-annuelle\/"]}]},{"@type":"ImageObject","inLanguage":"fr-CA","@id":"https:\/\/cssst.gouv.qc.ca\/bernard-gariepy\/ecole\/planification-annuelle\/#primaryimage","url":"https:\/\/cssst.gouv.qc.ca\/bernard-gariepy\/wp-content\/uploads\/sites\/20\/2023\/02\/Seawire-Hero-06-2.jpg","contentUrl":"https:\/\/cssst.gouv.qc.ca\/bernard-gariepy\/wp-content\/uploads\/sites\/20\/2023\/02\/Seawire-Hero-06-2.jpg","width":1920,"height":537},{"@type":"BreadcrumbList","@id":"https:\/\/cssst.gouv.qc.ca\/bernard-gariepy\/ecole\/planification-annuelle\/#breadcrumb","itemListElement":[{"@type":"ListItem","position":1,"name":"Accueil","item":"https:\/\/cssst.gouv.qc.ca\/bernard-gariepy\/"},{"@type":"ListItem","position":2,"name":"\u00c9cole","item":"https:\/\/cssst.gouv.qc.ca\/bernard-gariepy\/ecole\/"},{"@type":"ListItem","position":3,"name":"Planifications annuelles"}]},{"@type":"WebSite","@id":"https:\/\/cssst.gouv.qc.ca\/bernard-gariepy\/#website","url":"https:\/\/cssst.gouv.qc.ca\/bernard-gariepy\/","name":"\u00c9cole Secondaire Bernard-Gari\u00e9py","description":"","potentialAction":[{"@type":"SearchAction","target":{"@type":"EntryPoint","urlTemplate":"https:\/\/cssst.gouv.qc.ca\/bernard-gariepy\/?s={search_term_string}"},"query-input":{"@type":"PropertyValueSpecification","valueRequired":true,"valueName":"search_term_string"}}],"inLanguage":"fr-CA"}]}},"_links":{"self":[{"href":"https:\/\/cssst.gouv.qc.ca\/bernard-gariepy\/wp-json\/wp\/v2\/pages\/398","targetHints":{"allow":["GET"]}}],"collection":[{"href":"https:\/\/cssst.gouv.qc.ca\/bernard-gariepy\/wp-json\/wp\/v2\/pages"}],"about":[{"href":"https:\/\/cssst.gouv.qc.ca\/bernard-gariepy\/wp-json\/wp\/v2\/types\/page"}],"author":[{"embeddable":true,"href":"https:\/\/cssst.gouv.qc.ca\/bernard-gariepy\/wp-json\/wp\/v2\/users\/41"}],"replies":[{"embeddable":true,"href":"https:\/\/cssst.gouv.qc.ca\/bernard-gariepy\/wp-json\/wp\/v2\/comments?post=398"}],"version-history":[{"count":0,"href":"https:\/\/cssst.gouv.qc.ca\/bernard-gariepy\/wp-json\/wp\/v2\/pages\/398\/revisions"}],"up":[{"embeddable":true,"href":"https:\/\/cssst.gouv.qc.ca\/bernard-gariepy\/wp-json\/wp\/v2\/pages\/5"}],"wp:attachment":[{"href":"https:\/\/cssst.gouv.qc.ca\/bernard-gariepy\/wp-json\/wp\/v2\/media?parent=398"}],"curies":[{"name":"wp","href":"https:\/\/api.w.org\/{rel}","templated":true}]}}