{"id":11,"date":"2023-02-02T10:44:20","date_gmt":"2023-02-02T15:44:20","guid":{"rendered":"https:\/\/cssst.gouv.qc.ca\/bernard-gariepy\/ecole\/comites\/conseil-detablissement\/"},"modified":"2026-01-13T11:34:44","modified_gmt":"2026-01-13T16:34:44","slug":"conseil-detablissement","status":"publish","type":"page","link":"https:\/\/cssst.gouv.qc.ca\/bernard-gariepy\/ecole\/comites\/conseil-detablissement\/","title":{"rendered":"Conseil d&rsquo;\u00e9tablissement"},"content":{"rendered":"\n<div class=\"wp-block-file\"><a id=\"wp-block-file--media-a3da1112-cf36-4317-8f4b-3c3be0e44f8b\" href=\"https:\/\/cssst.gouv.qc.ca\/bernard-gariepy\/wp-content\/uploads\/sites\/20\/2025\/10\/Calendrier-des-rencontres_CE_2025-2026.pdf\">Calendrier des rencontres_C\u00c9_2025-2026<\/a><a href=\"https:\/\/cssst.gouv.qc.ca\/bernard-gariepy\/wp-content\/uploads\/sites\/20\/2025\/10\/Calendrier-des-rencontres_CE_2025-2026.pdf\" class=\"wp-block-file__button wp-element-button\" download aria-describedby=\"wp-block-file--media-a3da1112-cf36-4317-8f4b-3c3be0e44f8b\">T\u00e9l\u00e9charger<\/a><\/div>\n\n\n\n<p><\/p>\n\n\n\n<div class=\"wp-block-file\"><a id=\"wp-block-file--media-0dd5916a-5432-4975-89e9-f613741c368a\" href=\"https:\/\/cssst.gouv.qc.ca\/bernard-gariepy\/wp-content\/uploads\/sites\/20\/2025\/10\/Rapport-annuel-24-25_CE-final.pdf\">Rapport annuel 24-25_CE &#8211; final<\/a><a href=\"https:\/\/cssst.gouv.qc.ca\/bernard-gariepy\/wp-content\/uploads\/sites\/20\/2025\/10\/Rapport-annuel-24-25_CE-final.pdf\" class=\"wp-block-file__button wp-element-button\" download aria-describedby=\"wp-block-file--media-0dd5916a-5432-4975-89e9-f613741c368a\">T\u00e9l\u00e9charger<\/a><\/div>\n\n\n\n<h2 class=\"wp-block-heading\">Ordres du jour<\/h2>\n\n\n\n<p><\/p>\n\n\n\n<p><\/p>\n\n\n\n<ul class=\"wp-block-list\">\n<li><a href=\"http:\/\/cssst.gouv.qc.ca\/bernard-gariepy\/wp-content\/uploads\/sites\/20\/2024\/10\/ORDRE-DU-JOUR-AG_11-SEPTEMBRE-2024.pdf\">Assembl\u00e9e g\u00e9n\u00e9rale du 11 septembre 2024<\/a><\/li>\n\n\n\n<li><a href=\"http:\/\/cssst.gouv.qc.ca\/bernard-gariepy\/wp-content\/uploads\/sites\/20\/2024\/10\/OJ-2024-10-16_version-finale.pdf\">Rencontre du 16 octobre 2024<\/a><\/li>\n\n\n\n<li><a href=\"http:\/\/cssst.gouv.qc.ca\/bernard-gariepy\/wp-content\/uploads\/sites\/20\/2024\/12\/OJ-2024-11-18-version-finale.docx\">R<\/a><a href=\"http:\/\/cssst.gouv.qc.ca\/bernard-gariepy\/wp-content\/uploads\/sites\/20\/2024\/12\/OJ-2024-11-18-version-finale.pdf\" target=\"_blank\" rel=\"noreferrer noopener\">encontre du 18 novembre 2024<\/a><\/li>\n\n\n\n<li><a href=\"http:\/\/cssst.gouv.qc.ca\/bernard-gariepy\/wp-content\/uploads\/sites\/20\/2024\/12\/OJ-2024-12-10.pdf\">Rencontre du 10 d\u00e9cembre 2024<\/a><\/li>\n\n\n\n<li><a href=\"http:\/\/cssst.gouv.qc.ca\/bernard-gariepy\/wp-content\/uploads\/sites\/20\/2025\/03\/OJ-2025-02-20.pdf\">Rencontre du 20 f\u00e9vrier 2025<\/a><\/li>\n\n\n\n<li><a href=\"http:\/\/cssst.gouv.qc.ca\/bernard-gariepy\/wp-content\/uploads\/sites\/20\/2025\/03\/OJ-2025-03-26_VERSION-FINALE.pdf\">Rencontre du 26 mars 2025<\/a><\/li>\n\n\n\n<li><a href=\"http:\/\/cssst.gouv.qc.ca\/bernard-gariepy\/wp-content\/uploads\/sites\/20\/2025\/06\/OJ-2025-06-18-1.pdf\">Rencontre du 18 juin 2025<\/a><\/li>\n\n\n\n<li><a href=\"http:\/\/cssst.gouv.qc.ca\/bernard-gariepy\/wp-content\/uploads\/sites\/20\/2025\/10\/ORDRE-DU-JOUR-AG_-SEPTEMBRE-2025-1.pdf\">Assembl\u00e9e g\u00e9n\u00e9rale du 10 septembre 2025<\/a><\/li>\n\n\n\n<li><a href=\"http:\/\/cssst.gouv.qc.ca\/bernard-gariepy\/wp-content\/uploads\/sites\/20\/2025\/11\/OJ-2025-10-16_version-finale.pdf\">Rencontre du 16 octobre 2025<\/a><\/li>\n\n\n\n<li><a href=\"http:\/\/cssst.gouv.qc.ca\/bernard-gariepy\/wp-content\/uploads\/sites\/20\/2025\/11\/OJ-2025-11-17-version-finale-2.pdf\">Rencontre du 17 novembre 2025<\/a><\/li>\n\n\n\n<li><a href=\"http:\/\/cssst.gouv.qc.ca\/bernard-gariepy\/wp-content\/uploads\/sites\/20\/2025\/12\/OJ-2025-12-11-version-final.pdf\">Rencontre du 11 d\u00e9cembre <\/a><\/li>\n\n\n\n<li><a href=\"http:\/\/cssst.gouv.qc.ca\/bernard-gariepy\/wp-content\/uploads\/sites\/20\/2026\/01\/OJ-2026-01-08.pdf\">Rencontre du 8 janvier<\/a><\/li>\n<\/ul>\n\n\n\n<div class=\"wp-block-group\"><\/div>\n\n\n\n<p><\/p>\n\n\n\n<h2 class=\"wp-block-heading\">Proc\u00e8s-verbaux<\/h2>\n\n\n\n<ul class=\"wp-block-list\">\n<li><a href=\"http:\/\/cssst.gouv.qc.ca\/bernard-gariepy\/wp-content\/uploads\/sites\/20\/2024\/12\/PV-AssGenParents_11-septembre-2024.pdf\">Assembl\u00e9e g\u00e9n\u00e9rale du 11 septembre 2024<\/a><\/li>\n\n\n\n<li><a href=\"http:\/\/cssst.gouv.qc.ca\/bernard-gariepy\/wp-content\/uploads\/sites\/20\/2024\/12\/PV-2024-10-16-version-finale.pdf\">Proc\u00e8s-verbal du 16 octobre 2024<\/a><\/li>\n\n\n\n<li><a href=\"http:\/\/cssst.gouv.qc.ca\/bernard-gariepy\/wp-content\/uploads\/sites\/20\/2024\/12\/OJ-2024-11-18-version-finale-1.pdf\">Proc\u00e8s-verbal du 18 novembre 2024<\/a><\/li>\n\n\n\n<li><a href=\"http:\/\/cssst.gouv.qc.ca\/bernard-gariepy\/wp-content\/uploads\/sites\/20\/2025\/04\/PV-2024-12-10.pdf\">Proc\u00e8s-verbal du 10 d\u00e9cembre 2024<\/a><\/li>\n\n\n\n<li><a href=\"http:\/\/cssst.gouv.qc.ca\/bernard-gariepy\/wp-content\/uploads\/sites\/20\/2025\/03\/PV-2025-02-20.pdf\">Proc\u00e8s-verbal du 20 f\u00e9vrier 2025<\/a><\/li>\n\n\n\n<li><a href=\"http:\/\/cssst.gouv.qc.ca\/bernard-gariepy\/wp-content\/uploads\/sites\/20\/2025\/06\/PV-2025-03-26-1.pdf\">Proc\u00e8s-verbal du 26 mars 2025<\/a><\/li>\n\n\n\n<li><a href=\"http:\/\/cssst.gouv.qc.ca\/bernard-gariepy\/wp-content\/uploads\/sites\/20\/2025\/09\/PV-BG-2025-06-18.pdf\">Proc\u00e8s-verbal du 18 juin 2025<\/a><\/li>\n\n\n\n<li><a href=\"http:\/\/cssst.gouv.qc.ca\/bernard-gariepy\/wp-content\/uploads\/sites\/20\/2025\/11\/ESBG-PV-Assemblee-generale-10-septembre-2025_version-finale.pdf\">Assembl\u00e9e g\u00e9n\u00e9rale du 10 septembre 2025<\/a><\/li>\n\n\n\n<li><a href=\"http:\/\/cssst.gouv.qc.ca\/bernard-gariepy\/wp-content\/uploads\/sites\/20\/2025\/11\/PV-2025-10-16-Version-finale.pdf\">Proc\u00e8s-verbal du 16 octobre 2025<\/a><\/li>\n\n\n\n<li><a href=\"http:\/\/cssst.gouv.qc.ca\/bernard-gariepy\/wp-content\/uploads\/sites\/20\/2026\/01\/PV-2025-11-17-version-finale.pdf\">Proc\u00e8s-verbal du 17 novembre 2025<\/a><\/li>\n<\/ul>\n\n\n\n<p><\/p>\n","protected":false},"excerpt":{"rendered":"<p>Ordres du jour Proc\u00e8s-verbaux<\/p>\n","protected":false},"author":1,"featured_media":0,"parent":10,"menu_order":0,"comment_status":"closed","ping_status":"closed","template":"","meta":{"_acf_changed":false,"inline_featured_image":false,"footnotes":""},"class_list":["post-11","page","type-page","status-publish","hentry"],"acf":[],"yoast_head":"<!-- This site is optimized with the Yoast SEO plugin v27.5 - https:\/\/yoast.com\/product\/yoast-seo-wordpress\/ -->\n<title>Conseil d&#039;\u00e9tablissement - \u00c9cole Secondaire Bernard-Gari\u00e9py<\/title>\n<meta name=\"robots\" content=\"index, follow, max-snippet:-1, max-image-preview:large, max-video-preview:-1\" \/>\n<link rel=\"canonical\" href=\"https:\/\/cssst.gouv.qc.ca\/bernard-gariepy\/ecole\/comites\/conseil-detablissement\/\" \/>\n<meta property=\"og:locale\" content=\"fr_CA\" \/>\n<meta property=\"og:type\" content=\"article\" \/>\n<meta property=\"og:title\" content=\"Conseil d&#039;\u00e9tablissement - \u00c9cole Secondaire Bernard-Gari\u00e9py\" \/>\n<meta property=\"og:description\" content=\"Ordres du jour Proc\u00e8s-verbaux\" \/>\n<meta property=\"og:url\" content=\"https:\/\/cssst.gouv.qc.ca\/bernard-gariepy\/ecole\/comites\/conseil-detablissement\/\" \/>\n<meta property=\"og:site_name\" content=\"\u00c9cole Secondaire Bernard-Gari\u00e9py\" \/>\n<meta property=\"article:publisher\" content=\"https:\/\/www.facebook.com\/profile.php?id=100057040016311&amp;locale=fr_CA\" \/>\n<meta property=\"article:modified_time\" content=\"2026-01-13T16:34:44+00:00\" \/>\n<meta name=\"twitter:card\" content=\"summary_large_image\" \/>\n<meta name=\"twitter:label1\" content=\"Estimation du temps de lecture\" \/>\n\t<meta name=\"twitter:data1\" content=\"1 minute\" \/>\n<script type=\"application\/ld+json\" class=\"yoast-schema-graph\">{\"@context\":\"https:\\\/\\\/schema.org\",\"@graph\":[{\"@type\":\"WebPage\",\"@id\":\"https:\\\/\\\/cssst.gouv.qc.ca\\\/bernard-gariepy\\\/ecole\\\/comites\\\/conseil-detablissement\\\/\",\"url\":\"https:\\\/\\\/cssst.gouv.qc.ca\\\/bernard-gariepy\\\/ecole\\\/comites\\\/conseil-detablissement\\\/\",\"name\":\"Conseil d'\u00e9tablissement - \u00c9cole Secondaire Bernard-Gari\u00e9py\",\"isPartOf\":{\"@id\":\"https:\\\/\\\/cssst.gouv.qc.ca\\\/bernard-gariepy\\\/#website\"},\"datePublished\":\"2023-02-02T15:44:20+00:00\",\"dateModified\":\"2026-01-13T16:34:44+00:00\",\"breadcrumb\":{\"@id\":\"https:\\\/\\\/cssst.gouv.qc.ca\\\/bernard-gariepy\\\/ecole\\\/comites\\\/conseil-detablissement\\\/#breadcrumb\"},\"inLanguage\":\"fr-CA\",\"potentialAction\":[{\"@type\":\"ReadAction\",\"target\":[\"https:\\\/\\\/cssst.gouv.qc.ca\\\/bernard-gariepy\\\/ecole\\\/comites\\\/conseil-detablissement\\\/\"]}]},{\"@type\":\"BreadcrumbList\",\"@id\":\"https:\\\/\\\/cssst.gouv.qc.ca\\\/bernard-gariepy\\\/ecole\\\/comites\\\/conseil-detablissement\\\/#breadcrumb\",\"itemListElement\":[{\"@type\":\"ListItem\",\"position\":1,\"name\":\"Accueil\",\"item\":\"https:\\\/\\\/cssst.gouv.qc.ca\\\/bernard-gariepy\\\/\"},{\"@type\":\"ListItem\",\"position\":2,\"name\":\"\u00c9cole\",\"item\":\"https:\\\/\\\/cssst.gouv.qc.ca\\\/bernard-gariepy\\\/ecole\\\/\"},{\"@type\":\"ListItem\",\"position\":3,\"name\":\"Comit\u00e9s\",\"item\":\"https:\\\/\\\/cssst.gouv.qc.ca\\\/bernard-gariepy\\\/ecole\\\/comites\\\/\"},{\"@type\":\"ListItem\",\"position\":4,\"name\":\"Conseil d&rsquo;\u00e9tablissement\"}]},{\"@type\":\"WebSite\",\"@id\":\"https:\\\/\\\/cssst.gouv.qc.ca\\\/bernard-gariepy\\\/#website\",\"url\":\"https:\\\/\\\/cssst.gouv.qc.ca\\\/bernard-gariepy\\\/\",\"name\":\"\u00c9cole Secondaire Bernard-Gari\u00e9py\",\"description\":\"\",\"potentialAction\":[{\"@type\":\"SearchAction\",\"target\":{\"@type\":\"EntryPoint\",\"urlTemplate\":\"https:\\\/\\\/cssst.gouv.qc.ca\\\/bernard-gariepy\\\/?s={search_term_string}\"},\"query-input\":{\"@type\":\"PropertyValueSpecification\",\"valueRequired\":true,\"valueName\":\"search_term_string\"}}],\"inLanguage\":\"fr-CA\"}]}<\/script>\n<!-- \/ Yoast SEO plugin. -->","yoast_head_json":{"title":"Conseil d'\u00e9tablissement - \u00c9cole Secondaire Bernard-Gari\u00e9py","robots":{"index":"index","follow":"follow","max-snippet":"max-snippet:-1","max-image-preview":"max-image-preview:large","max-video-preview":"max-video-preview:-1"},"canonical":"https:\/\/cssst.gouv.qc.ca\/bernard-gariepy\/ecole\/comites\/conseil-detablissement\/","og_locale":"fr_CA","og_type":"article","og_title":"Conseil d'\u00e9tablissement - \u00c9cole Secondaire Bernard-Gari\u00e9py","og_description":"Ordres du jour Proc\u00e8s-verbaux","og_url":"https:\/\/cssst.gouv.qc.ca\/bernard-gariepy\/ecole\/comites\/conseil-detablissement\/","og_site_name":"\u00c9cole Secondaire Bernard-Gari\u00e9py","article_publisher":"https:\/\/www.facebook.com\/profile.php?id=100057040016311&locale=fr_CA","article_modified_time":"2026-01-13T16:34:44+00:00","twitter_card":"summary_large_image","twitter_misc":{"Estimation du temps de lecture":"1 minute"},"schema":{"@context":"https:\/\/schema.org","@graph":[{"@type":"WebPage","@id":"https:\/\/cssst.gouv.qc.ca\/bernard-gariepy\/ecole\/comites\/conseil-detablissement\/","url":"https:\/\/cssst.gouv.qc.ca\/bernard-gariepy\/ecole\/comites\/conseil-detablissement\/","name":"Conseil d'\u00e9tablissement - \u00c9cole Secondaire Bernard-Gari\u00e9py","isPartOf":{"@id":"https:\/\/cssst.gouv.qc.ca\/bernard-gariepy\/#website"},"datePublished":"2023-02-02T15:44:20+00:00","dateModified":"2026-01-13T16:34:44+00:00","breadcrumb":{"@id":"https:\/\/cssst.gouv.qc.ca\/bernard-gariepy\/ecole\/comites\/conseil-detablissement\/#breadcrumb"},"inLanguage":"fr-CA","potentialAction":[{"@type":"ReadAction","target":["https:\/\/cssst.gouv.qc.ca\/bernard-gariepy\/ecole\/comites\/conseil-detablissement\/"]}]},{"@type":"BreadcrumbList","@id":"https:\/\/cssst.gouv.qc.ca\/bernard-gariepy\/ecole\/comites\/conseil-detablissement\/#breadcrumb","itemListElement":[{"@type":"ListItem","position":1,"name":"Accueil","item":"https:\/\/cssst.gouv.qc.ca\/bernard-gariepy\/"},{"@type":"ListItem","position":2,"name":"\u00c9cole","item":"https:\/\/cssst.gouv.qc.ca\/bernard-gariepy\/ecole\/"},{"@type":"ListItem","position":3,"name":"Comit\u00e9s","item":"https:\/\/cssst.gouv.qc.ca\/bernard-gariepy\/ecole\/comites\/"},{"@type":"ListItem","position":4,"name":"Conseil d&rsquo;\u00e9tablissement"}]},{"@type":"WebSite","@id":"https:\/\/cssst.gouv.qc.ca\/bernard-gariepy\/#website","url":"https:\/\/cssst.gouv.qc.ca\/bernard-gariepy\/","name":"\u00c9cole Secondaire Bernard-Gari\u00e9py","description":"","potentialAction":[{"@type":"SearchAction","target":{"@type":"EntryPoint","urlTemplate":"https:\/\/cssst.gouv.qc.ca\/bernard-gariepy\/?s={search_term_string}"},"query-input":{"@type":"PropertyValueSpecification","valueRequired":true,"valueName":"search_term_string"}}],"inLanguage":"fr-CA"}]}},"_links":{"self":[{"href":"https:\/\/cssst.gouv.qc.ca\/bernard-gariepy\/wp-json\/wp\/v2\/pages\/11","targetHints":{"allow":["GET"]}}],"collection":[{"href":"https:\/\/cssst.gouv.qc.ca\/bernard-gariepy\/wp-json\/wp\/v2\/pages"}],"about":[{"href":"https:\/\/cssst.gouv.qc.ca\/bernard-gariepy\/wp-json\/wp\/v2\/types\/page"}],"author":[{"embeddable":true,"href":"https:\/\/cssst.gouv.qc.ca\/bernard-gariepy\/wp-json\/wp\/v2\/users\/1"}],"replies":[{"embeddable":true,"href":"https:\/\/cssst.gouv.qc.ca\/bernard-gariepy\/wp-json\/wp\/v2\/comments?post=11"}],"version-history":[{"count":0,"href":"https:\/\/cssst.gouv.qc.ca\/bernard-gariepy\/wp-json\/wp\/v2\/pages\/11\/revisions"}],"up":[{"embeddable":true,"href":"https:\/\/cssst.gouv.qc.ca\/bernard-gariepy\/wp-json\/wp\/v2\/pages\/10"}],"wp:attachment":[{"href":"https:\/\/cssst.gouv.qc.ca\/bernard-gariepy\/wp-json\/wp\/v2\/media?parent=11"}],"curies":[{"name":"wp","href":"https:\/\/api.w.org\/{rel}","templated":true}]}}