{"id":4,"date":"2024-09-27T10:40:05","date_gmt":"2024-09-27T14:40:05","guid":{"rendered":"https:\/\/cssst.gouv.qc.ca\/au-petit-bois\/accueil\/"},"modified":"2026-04-02T14:03:51","modified_gmt":"2026-04-02T18:03:51","slug":"accueil","status":"publish","type":"page","link":"https:\/\/cssst.gouv.qc.ca\/au-petit-bois\/","title":{"rendered":"Bienvenue \u00e0 l\u2019\u00c9cole Au Petit Bois"},"content":{"rendered":"\n<div class=\"wp-block-cover alignfull is-light is-style-hero-home-subsite\"><span aria-hidden=\"true\" class=\"wp-block-cover__background has-background-dim\"><\/span><div class=\"wp-block-cover__inner-container\">\n<div class=\"wp-block-group alignwide\"><h2 class=\"wp-block-post-title\">Bienvenue \u00e0 l\u2019\u00c9cole Au Petit Bois<\/h2>\n\n\n<div class=\"wp-block-buttons\">\n<div class=\"wp-block-button\"><a class=\"wp-block-button__link wp-element-button\">En savoir plus <img decoding=\"async\" class=\"wp-image-402\" style=\"width: 17px\" src=\"https:\/\/cssst.gouv.qc.ca\/wp-content\/uploads\/2022\/09\/short_right.svg\" alt=\"\"><\/a><\/div>\n<\/div>\n<\/div>\n<\/div><\/div>\n\n\n\n<div class=\"wp-block-group alignfull is-style-subsite-home-news has-tertiary-background-color has-background\">\n<div class=\"wp-block-group alignwide\">\n<h2 class=\"wp-block-heading\">Actualit\u00e9s<\/h2>\n\n\n\n<div class=\"wp-block-buttons\">\n<div class=\"wp-block-button is-style-text is-home-actualites\"><a class=\"wp-block-button__link wp-element-button\" href=\"https:\/\/cssst.gouv.qc.ca\/au-petit-bois\/actualites\/\">Voir toutes les actualit\u00e9s<img decoding=\"async\" class=\"wp-image-402\" style=\"width: 17px\" src=\"https:\/\/cssst.gouv.qc.ca\/wp-content\/uploads\/2022\/09\/short_right.svg\" alt=\"\"><\/a><\/div>\n<\/div>\n<\/div>\n<\/div>\n\n\n\n<div class=\"wp-block-group alignfull is-style-bg-gradient\">\n<div class=\"wp-block-group alignwide\">\n<div class=\"wp-block-group alignwide\">\n<div class=\"wp-block-columns is-style-dates-and-calendar\">\n<div class=\"wp-block-column is-style-dates-list\">\n<h2 class=\"wp-block-heading\">Calendrier<\/h2>\n<\/div>\n<\/div>\n\n\n\n<div class=\"wp-block-file\"><a id=\"wp-block-file--media-e10dbfd2-bc2a-4ba9-965c-9cb1333a5cf6\" href=\"https:\/\/cssst.gouv.qc.ca\/au-petit-bois\/wp-content\/uploads\/sites\/5\/2026\/04\/Infolettre-avril-2.png\">Infolettre avril<\/a><a href=\"https:\/\/cssst.gouv.qc.ca\/au-petit-bois\/wp-content\/uploads\/sites\/5\/2026\/04\/Infolettre-avril-2.png\" class=\"wp-block-file__button wp-element-button\" download aria-describedby=\"wp-block-file--media-e10dbfd2-bc2a-4ba9-965c-9cb1333a5cf6\">T\u00e9l\u00e9charger<\/a><\/div>\n\n\n\n<div class=\"wp-block-columns alignwide is-style-home-calendar is-style-dates-and-calendar\">\n<div class=\"wp-block-column is-style-dates-list\">\n<div class=\"wp-block-group\">\n<h3 class=\"wp-block-heading\">\u00c0 surveiller<\/h3>\n<\/div>\n<\/div>\n\n\n\n<div class=\"wp-block-column\"><\/div>\n\n\n\n<div class=\"wp-block-column\"><\/div>\n\n\n\n<div class=\"wp-block-column\"><\/div>\n\n\n\n<div class=\"wp-block-column is-style-calendar\">\n<div class=\"wp-block-group\"><div class=\"act-post-calendar\">\n    \n<\/div>\n<script>\n    var actPostCalendarPopups = {\n                    '2023-10-31': {\n                modifier: 'bg-accent',\n                html: '<a href=\"https:\/\/cssst.gouv.qc.ca\/au-petit-bois\/evenements\/la-journee-dhalloween\/\">La journ\u00e9e d&rsquo;Halloween<\/a>'\n            },\n                    '2023-12-22': {\n                modifier: 'bg-accent',\n                html: '<a href=\"https:\/\/cssst.gouv.qc.ca\/au-petit-bois\/evenements\/journee-de-noel\/\">Journ\u00e9e de No\u00ebl<\/a>'\n            },\n            }\n    var actPostCalendarMonths = [\n        'Janvier', \n        'F\u00e9vrier', \n        'Mars', \n        'Avril', \n        'Mai', \n        'Juin', \n        'Juillet',\n        'Ao\u00fbt', \n        'Septembre', \n        'Octobre', \n        'Novembre', \n        'D\u00e9cembre'\n    ]\n    var actPostCalendarWeekdays = ['D', 'L', 'M', 'M', 'J', 'V', 'S'];\n<\/script>\n\n\n\n<div class=\"wp-block-buttons\">\n<div class=\"wp-block-button\"><a class=\"wp-block-button__link wp-element-button\">T\u00e9l\u00e9charger le calendrier <img decoding=\"async\" class=\"wp-image-122\" style=\"width: 24px\" src=\"http:\/\/cssst.gouv.qc.ca\/ecoles-secondaires\/wp-content\/uploads\/sites\/4\/2023\/02\/Download.svg\" alt=\"\"><\/a><\/div>\n\n\n<\/div>\n<\/div>\n<\/div>\n<\/div>\n\n\n\n<figure class=\"wp-block-image size-large\"><img loading=\"lazy\" decoding=\"async\" width=\"663\" height=\"1024\" src=\"https:\/\/cssst.gouv.qc.ca\/au-petit-bois\/wp-content\/uploads\/sites\/5\/2026\/03\/Super-Recycleurs-663x1024.jpg\" alt=\"\" class=\"wp-image-459\" srcset=\"https:\/\/cssst.gouv.qc.ca\/au-petit-bois\/wp-content\/uploads\/sites\/5\/2026\/03\/Super-Recycleurs-663x1024.jpg 663w, https:\/\/cssst.gouv.qc.ca\/au-petit-bois\/wp-content\/uploads\/sites\/5\/2026\/03\/Super-Recycleurs-194x300.jpg 194w, https:\/\/cssst.gouv.qc.ca\/au-petit-bois\/wp-content\/uploads\/sites\/5\/2026\/03\/Super-Recycleurs-768x1187.jpg 768w, https:\/\/cssst.gouv.qc.ca\/au-petit-bois\/wp-content\/uploads\/sites\/5\/2026\/03\/Super-Recycleurs-994x1536.jpg 994w, https:\/\/cssst.gouv.qc.ca\/au-petit-bois\/wp-content\/uploads\/sites\/5\/2026\/03\/Super-Recycleurs.jpg 1294w\" sizes=\"auto, (max-width: 663px) 100vw, 663px\" \/><\/figure>\n<\/div>\n<\/div>\n\n\n<section class=\"act-galerie-slider align is-style-on-homepage act-galerie\">\n    <ul id=\"act-galerie-slider_69f1cb2feda15\">\n            <\/ul>\n<\/section>\n\n\n\n\n<div class=\"wp-block-media-text alignwide has-media-on-the-right is-stacked-on-mobile is-style-wide-size\"><div class=\"wp-block-media-text__content\">\n<h2 class=\"wp-block-heading\">\u00c9cole Au Petit Bois<\/h2>\n\n\n\n<p class=\"has-text-align-left\">L&rsquo;\u00e9cole primaire Au Petit Bois, fond\u00e9e en 1983, accueille actuellement 355 \u00e9l\u00e8ves de la maternelle (5 ans) \u00e0 la 6e ann\u00e9e. Elle est situ\u00e9e dans un quartier r\u00e9sidentiel de la ville Sorel-Tracy. Environ 40 membres du personnel contribuent \u00e0 offrir un milieu \u00e9ducatif sain \u00e0 ses \u00e9l\u00e8ves. <\/p>\n\n\n\n<div class=\"wp-block-buttons\">\n<div class=\"wp-block-button\"><a class=\"wp-block-button__link wp-element-button\">En savoir plus <img decoding=\"async\" class=\"wp-image-402\" style=\"width: 17px\" src=\"https:\/\/cssst.gouv.qc.ca\/wp-content\/uploads\/2022\/09\/short_right.svg\" alt=\"\"><\/a><\/div>\n<\/div>\n<\/div><figure class=\"wp-block-media-text__media\"><img loading=\"lazy\" decoding=\"async\" width=\"357\" height=\"138\" src=\"https:\/\/cssst.gouv.qc.ca\/au-petit-bois\/wp-content\/uploads\/sites\/5\/2025\/02\/Image1.png\" alt=\"\" class=\"wp-image-327 size-full\" srcset=\"https:\/\/cssst.gouv.qc.ca\/au-petit-bois\/wp-content\/uploads\/sites\/5\/2025\/02\/Image1.png 357w, https:\/\/cssst.gouv.qc.ca\/au-petit-bois\/wp-content\/uploads\/sites\/5\/2025\/02\/Image1-300x116.png 300w\" sizes=\"auto, (max-width: 357px) 100vw, 357px\" \/><\/figure><\/div>\n<\/div>\n\n\n\n<div class=\"wp-block-buttons\">\n<div class=\"wp-block-button has-custom-width wp-block-button__width-100 is-style-fill\"><a class=\"wp-block-button__link wp-element-button\" href=\"https:\/\/cssst.gouv.qc.ca\/publications\/plaintes\/\" style=\"border-radius:100px;box-shadow:var(--wp--preset--shadow--natural)\">Traitement des plaintes et protecteur de l&rsquo;\u00e9l\u00e8ve<\/a><\/div>\n<\/div>\n","protected":false},"excerpt":{"rendered":"<p>Actualit\u00e9s Calendrier \u00c0 surveiller \u00c9cole Au Petit Bois L&rsquo;\u00e9cole primaire Au Petit Bois, fond\u00e9e en 1983, accueille actuellement 355 \u00e9l\u00e8ves de la maternelle (5 ans) \u00e0 la 6e ann\u00e9e. Elle est situ\u00e9e dans un quartier r\u00e9sidentiel de la ville Sorel-Tracy. Environ 40 membres du personnel contribuent \u00e0 offrir un milieu \u00e9ducatif sain \u00e0 ses \u00e9l\u00e8ves.<\/p>\n","protected":false},"author":21,"featured_media":353,"parent":0,"menu_order":0,"comment_status":"closed","ping_status":"closed","template":"","meta":{"_acf_changed":false,"inline_featured_image":false,"footnotes":""},"class_list":["post-4","page","type-page","status-publish","has-post-thumbnail","hentry"],"acf":[],"yoast_head":"<!-- This site is optimized with the Yoast SEO plugin v27.5 - https:\/\/yoast.com\/product\/yoast-seo-wordpress\/ -->\n<title>Bienvenue \u00e0 l\u2019\u00c9cole Au Petit Bois - \u00c9cole Au Petit Bois<\/title>\n<meta name=\"robots\" content=\"index, follow, max-snippet:-1, max-image-preview:large, max-video-preview:-1\" \/>\n<link rel=\"canonical\" href=\"https:\/\/cssst.gouv.qc.ca\/au-petit-bois\/\" \/>\n<meta property=\"og:locale\" content=\"fr_CA\" \/>\n<meta property=\"og:type\" content=\"article\" \/>\n<meta property=\"og:title\" content=\"Bienvenue \u00e0 l\u2019\u00c9cole Au Petit Bois - \u00c9cole Au Petit Bois\" \/>\n<meta property=\"og:description\" content=\"Actualit\u00e9s Calendrier \u00c0 surveiller \u00c9cole Au Petit Bois L&rsquo;\u00e9cole primaire Au Petit Bois, fond\u00e9e en 1983, accueille actuellement 355 \u00e9l\u00e8ves de la maternelle (5 ans) \u00e0 la 6e ann\u00e9e. Elle est situ\u00e9e dans un quartier r\u00e9sidentiel de la ville Sorel-Tracy. Environ 40 membres du personnel contribuent \u00e0 offrir un milieu \u00e9ducatif sain \u00e0 ses \u00e9l\u00e8ves.\" \/>\n<meta property=\"og:url\" content=\"https:\/\/cssst.gouv.qc.ca\/au-petit-bois\/\" \/>\n<meta property=\"og:site_name\" content=\"\u00c9cole Au Petit Bois\" \/>\n<meta property=\"article:publisher\" content=\"https:\/\/www.facebook.com\/profile.php?id=100057350654012&amp;locale=fr_CA\" \/>\n<meta property=\"article:modified_time\" content=\"2026-04-02T18:03:51+00:00\" \/>\n<meta property=\"og:image\" content=\"http:\/\/cssst.gouv.qc.ca\/au-petit-bois\/wp-content\/uploads\/sites\/5\/2025\/02\/Dessin-ecole-1.jpg\" \/>\n\t<meta property=\"og:image:width\" content=\"615\" \/>\n\t<meta property=\"og:image:height\" content=\"615\" \/>\n\t<meta property=\"og:image:type\" content=\"image\/jpeg\" \/>\n<meta name=\"twitter:card\" content=\"summary_large_image\" \/>\n<meta name=\"twitter:label1\" content=\"Estimation du temps de lecture\" \/>\n\t<meta name=\"twitter:data1\" content=\"2 minutes\" \/>\n<script type=\"application\/ld+json\" class=\"yoast-schema-graph\">{\"@context\":\"https:\\\/\\\/schema.org\",\"@graph\":[{\"@type\":\"WebPage\",\"@id\":\"https:\\\/\\\/cssst.gouv.qc.ca\\\/au-petit-bois\\\/\",\"url\":\"https:\\\/\\\/cssst.gouv.qc.ca\\\/au-petit-bois\\\/\",\"name\":\"Bienvenue \u00e0 l\u2019\u00c9cole Au Petit Bois - \u00c9cole Au Petit Bois\",\"isPartOf\":{\"@id\":\"https:\\\/\\\/cssst.gouv.qc.ca\\\/au-petit-bois\\\/#website\"},\"primaryImageOfPage\":{\"@id\":\"https:\\\/\\\/cssst.gouv.qc.ca\\\/au-petit-bois\\\/#primaryimage\"},\"image\":{\"@id\":\"https:\\\/\\\/cssst.gouv.qc.ca\\\/au-petit-bois\\\/#primaryimage\"},\"thumbnailUrl\":\"https:\\\/\\\/cssst.gouv.qc.ca\\\/au-petit-bois\\\/wp-content\\\/uploads\\\/sites\\\/5\\\/2025\\\/02\\\/Dessin-ecole-1.jpg\",\"datePublished\":\"2024-09-27T14:40:05+00:00\",\"dateModified\":\"2026-04-02T18:03:51+00:00\",\"breadcrumb\":{\"@id\":\"https:\\\/\\\/cssst.gouv.qc.ca\\\/au-petit-bois\\\/#breadcrumb\"},\"inLanguage\":\"fr-CA\",\"potentialAction\":[{\"@type\":\"ReadAction\",\"target\":[\"https:\\\/\\\/cssst.gouv.qc.ca\\\/au-petit-bois\\\/\"]}]},{\"@type\":\"ImageObject\",\"inLanguage\":\"fr-CA\",\"@id\":\"https:\\\/\\\/cssst.gouv.qc.ca\\\/au-petit-bois\\\/#primaryimage\",\"url\":\"https:\\\/\\\/cssst.gouv.qc.ca\\\/au-petit-bois\\\/wp-content\\\/uploads\\\/sites\\\/5\\\/2025\\\/02\\\/Dessin-ecole-1.jpg\",\"contentUrl\":\"https:\\\/\\\/cssst.gouv.qc.ca\\\/au-petit-bois\\\/wp-content\\\/uploads\\\/sites\\\/5\\\/2025\\\/02\\\/Dessin-ecole-1.jpg\",\"width\":615,\"height\":615},{\"@type\":\"BreadcrumbList\",\"@id\":\"https:\\\/\\\/cssst.gouv.qc.ca\\\/au-petit-bois\\\/#breadcrumb\",\"itemListElement\":[{\"@type\":\"ListItem\",\"position\":1,\"name\":\"Accueil\",\"item\":\"https:\\\/\\\/cssst.gouv.qc.ca\\\/au-petit-bois\\\/\"},{\"@type\":\"ListItem\",\"position\":2,\"name\":\"Bienvenue \u00e0 l\u2019\u00c9cole Au Petit Bois\"}]},{\"@type\":\"WebSite\",\"@id\":\"https:\\\/\\\/cssst.gouv.qc.ca\\\/au-petit-bois\\\/#website\",\"url\":\"https:\\\/\\\/cssst.gouv.qc.ca\\\/au-petit-bois\\\/\",\"name\":\"\u00c9cole Au Petit Bois\",\"description\":\"\",\"potentialAction\":[{\"@type\":\"SearchAction\",\"target\":{\"@type\":\"EntryPoint\",\"urlTemplate\":\"https:\\\/\\\/cssst.gouv.qc.ca\\\/au-petit-bois\\\/?s={search_term_string}\"},\"query-input\":{\"@type\":\"PropertyValueSpecification\",\"valueRequired\":true,\"valueName\":\"search_term_string\"}}],\"inLanguage\":\"fr-CA\"}]}<\/script>\n<!-- \/ Yoast SEO plugin. -->","yoast_head_json":{"title":"Bienvenue \u00e0 l\u2019\u00c9cole Au Petit Bois - \u00c9cole Au Petit Bois","robots":{"index":"index","follow":"follow","max-snippet":"max-snippet:-1","max-image-preview":"max-image-preview:large","max-video-preview":"max-video-preview:-1"},"canonical":"https:\/\/cssst.gouv.qc.ca\/au-petit-bois\/","og_locale":"fr_CA","og_type":"article","og_title":"Bienvenue \u00e0 l\u2019\u00c9cole Au Petit Bois - \u00c9cole Au Petit Bois","og_description":"Actualit\u00e9s Calendrier \u00c0 surveiller \u00c9cole Au Petit Bois L&rsquo;\u00e9cole primaire Au Petit Bois, fond\u00e9e en 1983, accueille actuellement 355 \u00e9l\u00e8ves de la maternelle (5 ans) \u00e0 la 6e ann\u00e9e. Elle est situ\u00e9e dans un quartier r\u00e9sidentiel de la ville Sorel-Tracy. Environ 40 membres du personnel contribuent \u00e0 offrir un milieu \u00e9ducatif sain \u00e0 ses \u00e9l\u00e8ves.","og_url":"https:\/\/cssst.gouv.qc.ca\/au-petit-bois\/","og_site_name":"\u00c9cole Au Petit Bois","article_publisher":"https:\/\/www.facebook.com\/profile.php?id=100057350654012&locale=fr_CA","article_modified_time":"2026-04-02T18:03:51+00:00","og_image":[{"width":615,"height":615,"url":"http:\/\/cssst.gouv.qc.ca\/au-petit-bois\/wp-content\/uploads\/sites\/5\/2025\/02\/Dessin-ecole-1.jpg","type":"image\/jpeg"}],"twitter_card":"summary_large_image","twitter_misc":{"Estimation du temps de lecture":"2 minutes"},"schema":{"@context":"https:\/\/schema.org","@graph":[{"@type":"WebPage","@id":"https:\/\/cssst.gouv.qc.ca\/au-petit-bois\/","url":"https:\/\/cssst.gouv.qc.ca\/au-petit-bois\/","name":"Bienvenue \u00e0 l\u2019\u00c9cole Au Petit Bois - \u00c9cole Au Petit Bois","isPartOf":{"@id":"https:\/\/cssst.gouv.qc.ca\/au-petit-bois\/#website"},"primaryImageOfPage":{"@id":"https:\/\/cssst.gouv.qc.ca\/au-petit-bois\/#primaryimage"},"image":{"@id":"https:\/\/cssst.gouv.qc.ca\/au-petit-bois\/#primaryimage"},"thumbnailUrl":"https:\/\/cssst.gouv.qc.ca\/au-petit-bois\/wp-content\/uploads\/sites\/5\/2025\/02\/Dessin-ecole-1.jpg","datePublished":"2024-09-27T14:40:05+00:00","dateModified":"2026-04-02T18:03:51+00:00","breadcrumb":{"@id":"https:\/\/cssst.gouv.qc.ca\/au-petit-bois\/#breadcrumb"},"inLanguage":"fr-CA","potentialAction":[{"@type":"ReadAction","target":["https:\/\/cssst.gouv.qc.ca\/au-petit-bois\/"]}]},{"@type":"ImageObject","inLanguage":"fr-CA","@id":"https:\/\/cssst.gouv.qc.ca\/au-petit-bois\/#primaryimage","url":"https:\/\/cssst.gouv.qc.ca\/au-petit-bois\/wp-content\/uploads\/sites\/5\/2025\/02\/Dessin-ecole-1.jpg","contentUrl":"https:\/\/cssst.gouv.qc.ca\/au-petit-bois\/wp-content\/uploads\/sites\/5\/2025\/02\/Dessin-ecole-1.jpg","width":615,"height":615},{"@type":"BreadcrumbList","@id":"https:\/\/cssst.gouv.qc.ca\/au-petit-bois\/#breadcrumb","itemListElement":[{"@type":"ListItem","position":1,"name":"Accueil","item":"https:\/\/cssst.gouv.qc.ca\/au-petit-bois\/"},{"@type":"ListItem","position":2,"name":"Bienvenue \u00e0 l\u2019\u00c9cole Au Petit Bois"}]},{"@type":"WebSite","@id":"https:\/\/cssst.gouv.qc.ca\/au-petit-bois\/#website","url":"https:\/\/cssst.gouv.qc.ca\/au-petit-bois\/","name":"\u00c9cole Au Petit Bois","description":"","potentialAction":[{"@type":"SearchAction","target":{"@type":"EntryPoint","urlTemplate":"https:\/\/cssst.gouv.qc.ca\/au-petit-bois\/?s={search_term_string}"},"query-input":{"@type":"PropertyValueSpecification","valueRequired":true,"valueName":"search_term_string"}}],"inLanguage":"fr-CA"}]}},"_links":{"self":[{"href":"https:\/\/cssst.gouv.qc.ca\/au-petit-bois\/wp-json\/wp\/v2\/pages\/4","targetHints":{"allow":["GET"]}}],"collection":[{"href":"https:\/\/cssst.gouv.qc.ca\/au-petit-bois\/wp-json\/wp\/v2\/pages"}],"about":[{"href":"https:\/\/cssst.gouv.qc.ca\/au-petit-bois\/wp-json\/wp\/v2\/types\/page"}],"author":[{"embeddable":true,"href":"https:\/\/cssst.gouv.qc.ca\/au-petit-bois\/wp-json\/wp\/v2\/users\/21"}],"replies":[{"embeddable":true,"href":"https:\/\/cssst.gouv.qc.ca\/au-petit-bois\/wp-json\/wp\/v2\/comments?post=4"}],"version-history":[{"count":0,"href":"https:\/\/cssst.gouv.qc.ca\/au-petit-bois\/wp-json\/wp\/v2\/pages\/4\/revisions"}],"wp:featuredmedia":[{"embeddable":true,"href":"https:\/\/cssst.gouv.qc.ca\/au-petit-bois\/wp-json\/wp\/v2\/media\/353"}],"wp:attachment":[{"href":"https:\/\/cssst.gouv.qc.ca\/au-petit-bois\/wp-json\/wp\/v2\/media?parent=4"}],"curies":[{"name":"wp","href":"https:\/\/api.w.org\/{rel}","templated":true}]}}