{"id":483,"date":"2023-02-10T16:13:38","date_gmt":"2023-02-10T16:13:38","guid":{"rendered":"https:\/\/cssst.gouv.qc.ca\/adultes\/?post_type=programme&#038;p=483"},"modified":"2026-02-05T20:41:55","modified_gmt":"2026-02-05T20:41:55","slug":"adjoint-administratif-double-dep","status":"publish","type":"programme","link":"https:\/\/cssst.gouv.qc.ca\/adultes\/formation-professionnelle\/adjoint-administratif-double-dep\/","title":{"rendered":"Adjoint administratif (Double DEP)"},"content":{"rendered":"\n<div class=\"wp-block-cover alignwide\"><img loading=\"lazy\" decoding=\"async\" width=\"2560\" height=\"1708\" class=\"wp-block-cover__image-background wp-image-2259\" alt=\"\" src=\"https:\/\/cssst.gouv.qc.ca\/adultes\/wp-content\/uploads\/sites\/2\/2023\/02\/AYA05610-scaled.jpg\" style=\"object-position:59% 21%\" data-object-fit=\"cover\" data-object-position=\"59% 21%\" srcset=\"https:\/\/cssst.gouv.qc.ca\/adultes\/wp-content\/uploads\/sites\/2\/2023\/02\/AYA05610-scaled.jpg 2560w, https:\/\/cssst.gouv.qc.ca\/adultes\/wp-content\/uploads\/sites\/2\/2023\/02\/AYA05610-300x200.jpg 300w, https:\/\/cssst.gouv.qc.ca\/adultes\/wp-content\/uploads\/sites\/2\/2023\/02\/AYA05610-1024x683.jpg 1024w, https:\/\/cssst.gouv.qc.ca\/adultes\/wp-content\/uploads\/sites\/2\/2023\/02\/AYA05610-768x512.jpg 768w, https:\/\/cssst.gouv.qc.ca\/adultes\/wp-content\/uploads\/sites\/2\/2023\/02\/AYA05610-1536x1025.jpg 1536w, https:\/\/cssst.gouv.qc.ca\/adultes\/wp-content\/uploads\/sites\/2\/2023\/02\/AYA05610-2048x1366.jpg 2048w\" sizes=\"auto, (max-width: 2560px) 100vw, 2560px\" \/><span aria-hidden=\"true\" class=\"wp-block-cover__background has-background-dim\" style=\"background-color:#58545b\"><\/span><div class=\"wp-block-cover__inner-container\">\n<p class=\"has-text-align-center has-large-font-size\">Adjoint administratif<\/p>\n<\/div><\/div>\n\n\n\n<figure class=\"wp-block-table alignwide has-heading-4-font-size\"><table class=\"has-primary-background-color has-background has-fixed-layout\"><thead><tr><th>Particularit\u00e9s du programme<\/th><\/tr><\/thead><tbody><tr><td>Dipl\u00f4mes d&rsquo;\u00e9tudes professionnelles (Double DEP)<\/td><\/tr><tr><td>Enseignement : Individualis\u00e9<\/td><\/tr><tr><td>Dur\u00e9e : 2325 heures<\/td><\/tr><\/tbody><\/table><\/figure>\n\n\n\n<p>Au&nbsp;<strong>Centre Bernard-Gari\u00e9py<\/strong>, le programme&nbsp;<em>Adjoint administratif<\/em>&nbsp;vous apprendra \u00e0 effectuer les t\u00e2ches reli\u00e9es au traitement informatis\u00e9 des textes et de la correspondance d\u2019affaires, \u00e0 effectuer les t\u00e2ches li\u00e9es \u00e0 l\u2019accueil, \u00e0 la r\u00e9ception de la client\u00e8le et g\u00e9rer en fran\u00e7ais et en anglais les communications d\u2019un bureau, \u00e0 ma\u00eetriser les notions et les r\u00e8gles grammaticales, ainsi que l\u2019orthographe des mots usuels du domaine du secr\u00e9tariat et de la comptabilit\u00e9 et \u00e0 agir en tant que sp\u00e9cialiste dans la r\u00e9vision des d\u00e9clarations de revenus des particuliers et effectuer le traitement des donn\u00e9es comptables.<\/p>\n\n\n\n<div class=\"act-collapsible\">\n<h5 class=\"wp-block-heading act-collapsible__heading\">Traits personnels recherch\u00e9s<\/h5>\n\n\n\n<div class=\"act-collapsible__content\"><div class=\"act-collapsible__content-inner\">\n<ul class=\"wp-block-list\">\n<li>Maitriser la langue fran\u00e7aise \u00e9crite<\/li>\n\n\n\n<li>Connaitre la langue anglaise d\u2019usage<\/li>\n\n\n\n<li>Avoir une facilit\u00e9 de communication<\/li>\n\n\n\n<li>Aimer travailler avec le public<\/li>\n\n\n\n<li>Avoir le sens de l\u2019organisation et des responsabilit\u00e9s<\/li>\n\n\n\n<li>\u00catre autonome et faire preuve d\u2019initiative<\/li>\n<\/ul>\n<\/div><\/div>\n<\/div>\n\n\n\n<div class=\"act-collapsible\">\n<h5 class=\"wp-block-heading act-collapsible__heading\">Crit\u00e8res d&rsquo;admission<\/h5>\n\n\n\n<div class=\"act-collapsible__content\"><div class=\"act-collapsible__content-inner\">\n<ul class=\"wp-block-list\">\n<li>Dipl\u00f4me d\u2019\u00e9tudes secondaires (DES) ou son \u00e9quivalent<\/li>\n\n\n\n<li>OU 4e secondaire : fran\u00e7ais, math\u00e9matique, anglais<\/li>\n\n\n\n<li>OU attestation d\u2019\u00e9quivalence de niveau de scolarit\u00e9 (AENS)<\/li>\n\n\n\n<li>OU test de d\u00e9veloppement g\u00e9n\u00e9ral (TDG) et les pr\u00e9alables sp\u00e9cifiques \u00e0 la formation<\/li>\n<\/ul>\n<\/div><\/div>\n<\/div>\n\n\n\n<div class=\"act-collapsible\">\n<h5 class=\"wp-block-heading act-collapsible__heading\">Emplois possibles<\/h5>\n\n\n\n<div class=\"act-collapsible__content\"><div class=\"act-collapsible__content-inner\">\n<ul class=\"wp-block-list\">\n<li>Secr\u00e9taire<\/li>\n\n\n\n<li>Commis comptable<\/li>\n<\/ul>\n<\/div><\/div>\n<\/div>\n\n\n\n<div class=\"act-collapsible\">\n<h5 class=\"wp-block-heading act-collapsible__heading\">Sessions offertes<\/h5>\n\n\n\n<div class=\"act-collapsible__content\"><div class=\"act-collapsible__content-inner\">\n<div class=\"wp-block-columns\">\n<div class=\"wp-block-column\">\n<p><strong>DATE DE D\u00c9BUT<\/strong> <br>9 mars 2026<br>1er septembre 2026<br>9 novembre 2026<br><\/p>\n<\/div>\n\n\n\n<div class=\"wp-block-column\">\n<p><strong>DATE DE FIN<\/strong><br>14 janvier 2028<br>23 juin 2028<br>20 octobre 2028<br><br><\/p>\n<\/div>\n<\/div>\n<\/div><\/div>\n<\/div>\n\n\n\n<div class=\"act-collapsible\">\n<h5 class=\"wp-block-heading act-collapsible__heading\">Horaire<\/h5>\n\n\n\n<div class=\"act-collapsible__content\"><div class=\"act-collapsible__content-inner\">\n<p><strong>Jour<\/strong> : 8 h 25 \u00e0 15 h 50 (lundi au vendredi)<\/p>\n\n\n\n<p><strong>N.B. L&rsquo;horaire peut varier lors des stages.<\/strong><\/p>\n<\/div><\/div>\n<\/div>\n\n\n\n<div class=\"act-collapsible\">\n<h5 class=\"wp-block-heading act-collapsible__heading\">Frais \u00e0 l&rsquo;\u00e9l\u00e8ve<\/h5>\n\n\n\n<div class=\"act-collapsible__content\"><div class=\"act-collapsible__content-inner\">\n<p><\/p>\n\n\n\n<div class=\"wp-block-file\"><a id=\"wp-block-file--media-7e7bf414-2ce3-4da2-ab36-564ebb0a5c41\" href=\"https:\/\/cssst.gouv.qc.ca\/adultes\/wp-content\/uploads\/sites\/2\/2023\/02\/Frais-eleve-2024-2025.pdf\">Frais-eleve-2024-2025<\/a><a href=\"https:\/\/cssst.gouv.qc.ca\/adultes\/wp-content\/uploads\/sites\/2\/2023\/02\/Frais-eleve-2024-2025.pdf\" class=\"wp-block-file__button wp-element-button\" download aria-describedby=\"wp-block-file--media-7e7bf414-2ce3-4da2-ab36-564ebb0a5c41\">T\u00e9l\u00e9charger<\/a><\/div>\n<\/div><\/div>\n<\/div>\n\n\n\n<div class=\"act-collapsible\">\n<h5 class=\"wp-block-heading act-collapsible__heading\">Contenu de la formation<\/h5>\n\n\n\n<div class=\"act-collapsible__content\"><div class=\"act-collapsible__content-inner\">\n<p><\/p>\n\n\n\n<div class=\"wp-block-file\"><a id=\"wp-block-file--media-5055a985-74e9-4bea-ad69-92586a543d58\" href=\"https:\/\/cssst.gouv.qc.ca\/adultes\/wp-content\/uploads\/sites\/2\/2023\/02\/contenu-ADJ-ADM-2025-04-14-1.pdf\">contenu-ADJ-ADM-2025-04-14 (1)<\/a><a href=\"https:\/\/cssst.gouv.qc.ca\/adultes\/wp-content\/uploads\/sites\/2\/2023\/02\/contenu-ADJ-ADM-2025-04-14-1.pdf\" class=\"wp-block-file__button wp-element-button\" download aria-describedby=\"wp-block-file--media-5055a985-74e9-4bea-ad69-92586a543d58\">T\u00e9l\u00e9charger<\/a><\/div>\n<\/div><\/div>\n<\/div>\n\n\n\n<div class=\"wp-block-columns\">\n<div class=\"wp-block-column is-style-school-card\">\n<div class=\"wp-block-buttons\">\n<div class=\"wp-block-button has-custom-width wp-block-button__width-100\"><a class=\"wp-block-button__link wp-element-button\" href=\"https:\/\/www.admissionfp.com\/organismes-scolaires\/cfp\/861400\/autres-formations\/12040\/groupes\"><br>Je m&rsquo;inscris !<br><br><\/a><\/div>\n<\/div>\n<\/div>\n\n\n\n<div class=\"wp-block-column is-style-school-card\">\n<div class=\"wp-block-buttons\">\n<div class=\"wp-block-button has-custom-width wp-block-button__width-100\"><a class=\"wp-block-button__link wp-element-button\" href=\"https:\/\/cssst.gouv.qc.ca\/adultes\/service-aux-entreprises-et-aux-individus\/reconnaissance-des-acquiset-des-competences\/\">Reconnaissance des acquis et des comp\u00e9tences <br>(RAC)<\/a><\/div>\n<\/div>\n<\/div>\n\n\n\n<div class=\"wp-block-column is-style-school-card\">\n<div class=\"wp-block-buttons\">\n<div class=\"wp-block-button has-custom-width wp-block-button__width-100\"><a class=\"wp-block-button__link wp-element-button\" href=\"https:\/\/cssst.gouv.qc.ca\/adultes\/eleve-dun-jour\/\"><br>\u00c9l\u00e8ve d&rsquo;un jour<br><br><\/a><\/div>\n<\/div>\n<\/div>\n<\/div>\n","protected":false},"template":"","niveau":[30],"domaine":[18],"municipalite":[],"centre_formation":[],"type_enseignement":[],"duree":[],"regime":[],"class_list":["post-483","programme","type-programme","status-publish","hentry","niveau-diplome-detudes-professionnelles-dep","domaine-administration-commerce-et-informatique"],"acf":[],"yoast_head":"<!-- This site is optimized with the Yoast SEO plugin v27.4 - https:\/\/yoast.com\/product\/yoast-seo-wordpress\/ -->\n<title>Adjoint administratif (Double DEP) -<\/title>\n<meta name=\"robots\" content=\"index, follow, max-snippet:-1, max-image-preview:large, max-video-preview:-1\" \/>\n<link rel=\"canonical\" href=\"https:\/\/cssst.gouv.qc.ca\/adultes\/formation-professionnelle\/adjoint-administratif-double-dep\/\" \/>\n<meta property=\"og:locale\" content=\"fr_CA\" \/>\n<meta property=\"og:type\" content=\"article\" \/>\n<meta property=\"og:title\" content=\"Adjoint administratif (Double DEP) -\" \/>\n<meta property=\"og:description\" content=\"Particularit\u00e9s du programme Dipl\u00f4mes d&rsquo;\u00e9tudes professionnelles (Double DEP) Enseignement : Individualis\u00e9 Dur\u00e9e : 2325 heures Au&nbsp;Centre Bernard-Gari\u00e9py, le programme&nbsp;Adjoint administratif&nbsp;vous apprendra \u00e0 effectuer les t\u00e2ches reli\u00e9es au traitement informatis\u00e9 des textes et de la correspondance d\u2019affaires, \u00e0 effectuer les t\u00e2ches li\u00e9es \u00e0 l\u2019accueil, \u00e0 la r\u00e9ception de la client\u00e8le et g\u00e9rer en fran\u00e7ais et en [&hellip;]\" \/>\n<meta property=\"og:url\" content=\"https:\/\/cssst.gouv.qc.ca\/adultes\/formation-professionnelle\/adjoint-administratif-double-dep\/\" \/>\n<meta property=\"article:publisher\" content=\"https:\/\/www.facebook.com\/CFPEAST?locale=fr_CA\" \/>\n<meta property=\"article:modified_time\" content=\"2026-02-05T20:41:55+00:00\" \/>\n<meta property=\"og:image\" content=\"https:\/\/cssst.gouv.qc.ca\/adultes\/wp-content\/uploads\/sites\/2\/2023\/02\/AYA05610-scaled.jpg\" \/>\n\t<meta property=\"og:image:width\" content=\"2560\" \/>\n\t<meta property=\"og:image:height\" content=\"1708\" \/>\n\t<meta property=\"og:image:type\" content=\"image\/jpeg\" \/>\n<meta name=\"twitter:card\" content=\"summary_large_image\" \/>\n<meta name=\"twitter:label1\" content=\"Estimation du temps de lecture\" \/>\n\t<meta name=\"twitter:data1\" content=\"2 minutes\" \/>\n<script type=\"application\/ld+json\" class=\"yoast-schema-graph\">{\"@context\":\"https:\\\/\\\/schema.org\",\"@graph\":[{\"@type\":\"WebPage\",\"@id\":\"https:\\\/\\\/cssst.gouv.qc.ca\\\/adultes\\\/formation-professionnelle\\\/adjoint-administratif-double-dep\\\/\",\"url\":\"https:\\\/\\\/cssst.gouv.qc.ca\\\/adultes\\\/formation-professionnelle\\\/adjoint-administratif-double-dep\\\/\",\"name\":\"Adjoint administratif (Double DEP) -\",\"isPartOf\":{\"@id\":\"https:\\\/\\\/cssst.gouv.qc.ca\\\/adultes\\\/#website\"},\"primaryImageOfPage\":{\"@id\":\"https:\\\/\\\/cssst.gouv.qc.ca\\\/adultes\\\/formation-professionnelle\\\/adjoint-administratif-double-dep\\\/#primaryimage\"},\"image\":{\"@id\":\"https:\\\/\\\/cssst.gouv.qc.ca\\\/adultes\\\/formation-professionnelle\\\/adjoint-administratif-double-dep\\\/#primaryimage\"},\"thumbnailUrl\":\"https:\\\/\\\/cssst.gouv.qc.ca\\\/adultes\\\/wp-content\\\/uploads\\\/sites\\\/2\\\/2023\\\/02\\\/AYA05610-scaled.jpg\",\"datePublished\":\"2023-02-10T16:13:38+00:00\",\"dateModified\":\"2026-02-05T20:41:55+00:00\",\"breadcrumb\":{\"@id\":\"https:\\\/\\\/cssst.gouv.qc.ca\\\/adultes\\\/formation-professionnelle\\\/adjoint-administratif-double-dep\\\/#breadcrumb\"},\"inLanguage\":\"fr-CA\",\"potentialAction\":[{\"@type\":\"ReadAction\",\"target\":[\"https:\\\/\\\/cssst.gouv.qc.ca\\\/adultes\\\/formation-professionnelle\\\/adjoint-administratif-double-dep\\\/\"]}]},{\"@type\":\"ImageObject\",\"inLanguage\":\"fr-CA\",\"@id\":\"https:\\\/\\\/cssst.gouv.qc.ca\\\/adultes\\\/formation-professionnelle\\\/adjoint-administratif-double-dep\\\/#primaryimage\",\"url\":\"https:\\\/\\\/cssst.gouv.qc.ca\\\/adultes\\\/wp-content\\\/uploads\\\/sites\\\/2\\\/2023\\\/02\\\/AYA05610-scaled.jpg\",\"contentUrl\":\"https:\\\/\\\/cssst.gouv.qc.ca\\\/adultes\\\/wp-content\\\/uploads\\\/sites\\\/2\\\/2023\\\/02\\\/AYA05610-scaled.jpg\",\"width\":2560,\"height\":1708},{\"@type\":\"BreadcrumbList\",\"@id\":\"https:\\\/\\\/cssst.gouv.qc.ca\\\/adultes\\\/formation-professionnelle\\\/adjoint-administratif-double-dep\\\/#breadcrumb\",\"itemListElement\":[{\"@type\":\"ListItem\",\"position\":1,\"name\":\"Accueil\",\"item\":\"https:\\\/\\\/cssst.gouv.qc.ca\\\/adultes\\\/\"},{\"@type\":\"ListItem\",\"position\":2,\"name\":\"Formation professionnelle\",\"item\":\"https:\\\/\\\/cssst.gouv.qc.ca\\\/adultes\\\/formation-professionnelle\\\/\"},{\"@type\":\"ListItem\",\"position\":3,\"name\":\"Adjoint administratif (Double DEP)\"}]},{\"@type\":\"WebSite\",\"@id\":\"https:\\\/\\\/cssst.gouv.qc.ca\\\/adultes\\\/#website\",\"url\":\"https:\\\/\\\/cssst.gouv.qc.ca\\\/adultes\\\/\",\"name\":\"\",\"description\":\"\",\"potentialAction\":[{\"@type\":\"SearchAction\",\"target\":{\"@type\":\"EntryPoint\",\"urlTemplate\":\"https:\\\/\\\/cssst.gouv.qc.ca\\\/adultes\\\/?s={search_term_string}\"},\"query-input\":{\"@type\":\"PropertyValueSpecification\",\"valueRequired\":true,\"valueName\":\"search_term_string\"}}],\"inLanguage\":\"fr-CA\"}]}<\/script>\n<!-- \/ Yoast SEO plugin. -->","yoast_head_json":{"title":"Adjoint administratif (Double DEP) -","robots":{"index":"index","follow":"follow","max-snippet":"max-snippet:-1","max-image-preview":"max-image-preview:large","max-video-preview":"max-video-preview:-1"},"canonical":"https:\/\/cssst.gouv.qc.ca\/adultes\/formation-professionnelle\/adjoint-administratif-double-dep\/","og_locale":"fr_CA","og_type":"article","og_title":"Adjoint administratif (Double DEP) -","og_description":"Particularit\u00e9s du programme Dipl\u00f4mes d&rsquo;\u00e9tudes professionnelles (Double DEP) Enseignement : Individualis\u00e9 Dur\u00e9e : 2325 heures Au&nbsp;Centre Bernard-Gari\u00e9py, le programme&nbsp;Adjoint administratif&nbsp;vous apprendra \u00e0 effectuer les t\u00e2ches reli\u00e9es au traitement informatis\u00e9 des textes et de la correspondance d\u2019affaires, \u00e0 effectuer les t\u00e2ches li\u00e9es \u00e0 l\u2019accueil, \u00e0 la r\u00e9ception de la client\u00e8le et g\u00e9rer en fran\u00e7ais et en [&hellip;]","og_url":"https:\/\/cssst.gouv.qc.ca\/adultes\/formation-professionnelle\/adjoint-administratif-double-dep\/","article_publisher":"https:\/\/www.facebook.com\/CFPEAST?locale=fr_CA","article_modified_time":"2026-02-05T20:41:55+00:00","og_image":[{"width":2560,"height":1708,"url":"https:\/\/cssst.gouv.qc.ca\/adultes\/wp-content\/uploads\/sites\/2\/2023\/02\/AYA05610-scaled.jpg","type":"image\/jpeg"}],"twitter_card":"summary_large_image","twitter_misc":{"Estimation du temps de lecture":"2 minutes"},"schema":{"@context":"https:\/\/schema.org","@graph":[{"@type":"WebPage","@id":"https:\/\/cssst.gouv.qc.ca\/adultes\/formation-professionnelle\/adjoint-administratif-double-dep\/","url":"https:\/\/cssst.gouv.qc.ca\/adultes\/formation-professionnelle\/adjoint-administratif-double-dep\/","name":"Adjoint administratif (Double DEP) -","isPartOf":{"@id":"https:\/\/cssst.gouv.qc.ca\/adultes\/#website"},"primaryImageOfPage":{"@id":"https:\/\/cssst.gouv.qc.ca\/adultes\/formation-professionnelle\/adjoint-administratif-double-dep\/#primaryimage"},"image":{"@id":"https:\/\/cssst.gouv.qc.ca\/adultes\/formation-professionnelle\/adjoint-administratif-double-dep\/#primaryimage"},"thumbnailUrl":"https:\/\/cssst.gouv.qc.ca\/adultes\/wp-content\/uploads\/sites\/2\/2023\/02\/AYA05610-scaled.jpg","datePublished":"2023-02-10T16:13:38+00:00","dateModified":"2026-02-05T20:41:55+00:00","breadcrumb":{"@id":"https:\/\/cssst.gouv.qc.ca\/adultes\/formation-professionnelle\/adjoint-administratif-double-dep\/#breadcrumb"},"inLanguage":"fr-CA","potentialAction":[{"@type":"ReadAction","target":["https:\/\/cssst.gouv.qc.ca\/adultes\/formation-professionnelle\/adjoint-administratif-double-dep\/"]}]},{"@type":"ImageObject","inLanguage":"fr-CA","@id":"https:\/\/cssst.gouv.qc.ca\/adultes\/formation-professionnelle\/adjoint-administratif-double-dep\/#primaryimage","url":"https:\/\/cssst.gouv.qc.ca\/adultes\/wp-content\/uploads\/sites\/2\/2023\/02\/AYA05610-scaled.jpg","contentUrl":"https:\/\/cssst.gouv.qc.ca\/adultes\/wp-content\/uploads\/sites\/2\/2023\/02\/AYA05610-scaled.jpg","width":2560,"height":1708},{"@type":"BreadcrumbList","@id":"https:\/\/cssst.gouv.qc.ca\/adultes\/formation-professionnelle\/adjoint-administratif-double-dep\/#breadcrumb","itemListElement":[{"@type":"ListItem","position":1,"name":"Accueil","item":"https:\/\/cssst.gouv.qc.ca\/adultes\/"},{"@type":"ListItem","position":2,"name":"Formation professionnelle","item":"https:\/\/cssst.gouv.qc.ca\/adultes\/formation-professionnelle\/"},{"@type":"ListItem","position":3,"name":"Adjoint administratif (Double DEP)"}]},{"@type":"WebSite","@id":"https:\/\/cssst.gouv.qc.ca\/adultes\/#website","url":"https:\/\/cssst.gouv.qc.ca\/adultes\/","name":"","description":"","potentialAction":[{"@type":"SearchAction","target":{"@type":"EntryPoint","urlTemplate":"https:\/\/cssst.gouv.qc.ca\/adultes\/?s={search_term_string}"},"query-input":{"@type":"PropertyValueSpecification","valueRequired":true,"valueName":"search_term_string"}}],"inLanguage":"fr-CA"}]}},"_links":{"self":[{"href":"https:\/\/cssst.gouv.qc.ca\/adultes\/wp-json\/wp\/v2\/programmes\/483","targetHints":{"allow":["GET"]}}],"collection":[{"href":"https:\/\/cssst.gouv.qc.ca\/adultes\/wp-json\/wp\/v2\/programmes"}],"about":[{"href":"https:\/\/cssst.gouv.qc.ca\/adultes\/wp-json\/wp\/v2\/types\/programme"}],"wp:attachment":[{"href":"https:\/\/cssst.gouv.qc.ca\/adultes\/wp-json\/wp\/v2\/media?parent=483"}],"wp:term":[{"taxonomy":"niveau","embeddable":true,"href":"https:\/\/cssst.gouv.qc.ca\/adultes\/wp-json\/wp\/v2\/niveau?post=483"},{"taxonomy":"domaine","embeddable":true,"href":"https:\/\/cssst.gouv.qc.ca\/adultes\/wp-json\/wp\/v2\/domaine?post=483"},{"taxonomy":"municipalite","embeddable":true,"href":"https:\/\/cssst.gouv.qc.ca\/adultes\/wp-json\/wp\/v2\/municipalite?post=483"},{"taxonomy":"centre_formation","embeddable":true,"href":"https:\/\/cssst.gouv.qc.ca\/adultes\/wp-json\/wp\/v2\/centre_formation?post=483"},{"taxonomy":"type_enseignement","embeddable":true,"href":"https:\/\/cssst.gouv.qc.ca\/adultes\/wp-json\/wp\/v2\/type_enseignement?post=483"},{"taxonomy":"duree","embeddable":true,"href":"https:\/\/cssst.gouv.qc.ca\/adultes\/wp-json\/wp\/v2\/duree?post=483"},{"taxonomy":"regime","embeddable":true,"href":"https:\/\/cssst.gouv.qc.ca\/adultes\/wp-json\/wp\/v2\/regime?post=483"}],"curies":[{"name":"wp","href":"https:\/\/api.w.org\/{rel}","templated":true}]}}