{"id":2286,"date":"2025-04-16T20:03:03","date_gmt":"2025-04-16T20:03:03","guid":{"rendered":"https:\/\/cssst.gouv.qc.ca\/adultes\/?post_type=programme&#038;p=2286"},"modified":"2025-04-24T15:41:51","modified_gmt":"2025-04-24T15:41:51","slug":"competence-6-auparavant-loi-90","status":"publish","type":"programme","link":"https:\/\/cssst.gouv.qc.ca\/adultes\/formation-professionnelle\/competence-6-auparavant-loi-90\/","title":{"rendered":"Comp\u00e9tence 6 (auparavant loi 90)"},"content":{"rendered":"\n<div class=\"wp-block-cover alignwide is-light\"><span aria-hidden=\"true\" class=\"wp-block-cover__background has-background-dim\" style=\"background-color:#b6a99d\"><\/span><img loading=\"lazy\" decoding=\"async\" width=\"2560\" height=\"1707\" class=\"wp-block-cover__image-background wp-image-1926\" alt=\"\" src=\"https:\/\/cssst.gouv.qc.ca\/adultes\/wp-content\/uploads\/sites\/2\/2025\/04\/Competence-6-scaled.jpg\" data-object-fit=\"cover\" srcset=\"https:\/\/cssst.gouv.qc.ca\/adultes\/wp-content\/uploads\/sites\/2\/2025\/04\/Competence-6-scaled.jpg 2560w, https:\/\/cssst.gouv.qc.ca\/adultes\/wp-content\/uploads\/sites\/2\/2025\/04\/Competence-6-300x200.jpg 300w, https:\/\/cssst.gouv.qc.ca\/adultes\/wp-content\/uploads\/sites\/2\/2025\/04\/Competence-6-1024x683.jpg 1024w, https:\/\/cssst.gouv.qc.ca\/adultes\/wp-content\/uploads\/sites\/2\/2025\/04\/Competence-6-768x512.jpg 768w, https:\/\/cssst.gouv.qc.ca\/adultes\/wp-content\/uploads\/sites\/2\/2025\/04\/Competence-6-1536x1024.jpg 1536w, https:\/\/cssst.gouv.qc.ca\/adultes\/wp-content\/uploads\/sites\/2\/2025\/04\/Competence-6-2048x1365.jpg 2048w\" sizes=\"auto, (max-width: 2560px) 100vw, 2560px\" \/><div class=\"wp-block-cover__inner-container\">\n<p class=\"has-text-align-center has-large-font-size\"><strong>Comp\u00e9tence 6 <\/strong><\/p>\n<\/div><\/div>\n\n\n\n<figure class=\"wp-block-table has-heading-4-font-size\"><table class=\"has-primary-background-color has-background has-fixed-layout\"><thead><tr><th>Particularit\u00e9s du module <\/th><\/tr><\/thead><tbody><tr><td><strong>Formation obligatoire pour se conformer aux exigences de la certification des r\u00e9sidences priv\u00e9es pour a\u00een\u00e9s<\/strong><\/td><\/tr><tr><td><strong>Enseignement : Magistral<\/strong><\/td><\/tr><tr><td><strong>Dur\u00e9e : 15 heures (3 jours)<\/strong><\/td><\/tr><\/tbody><\/table><\/figure>\n\n\n\n<p>Au <strong>Centre Bernard-Gari\u00e9py<\/strong>, le module de <em>comp\u00e9tence 6<\/em> vous permet d\u2019apprendre les r\u00e8gles et proc\u00e9dures au regard de l\u2019administration de m\u00e9dicaments et des soins invasifs d\u2019assistance. <\/p>\n\n\n\n<div class=\"act-collapsible\">\n<h5 class=\"wp-block-heading act-collapsible__heading\">Crit\u00e8res d&rsquo;admission<\/h5>\n\n\n\n<div class=\"act-collapsible__content\"><div class=\"act-collapsible__content-inner\">\n<p>Est admissible \u00e0 un programme la personne qui satisfait aux conditions suivantes :<\/p>\n\n\n\n<ol class=\"wp-block-list\">\n<li>avoir obtenu au moins les unit\u00e9s de 3e secondaire ou l\u2019\u00e9quivalent en langue d\u2019enseignement, en langue seconde et en math\u00e9matique ;<br>OU avoir obtenu une attestation d\u2019\u00e9quivalence de niveau de scolarit\u00e9 (AENS) ;<br>OU avoir r\u00e9ussi le test de d\u00e9veloppement g\u00e9n\u00e9ral (TDG) avec ou sans pr\u00e9alable sp\u00e9cifique ;<br>OU poss\u00e9der des acquis exp\u00e9rientiels en lien avec ce programme d\u2019\u00e9tudes ;<br>OU avoir une lettre \u00e9crite de son employeur.<\/li>\n\n\n\n<li>avoir obtenu un dipl\u00f4me d\u2019\u00e9tudes secondaires (DES) ou un dipl\u00f4me d\u2019\u00e9tudes professionnelles (DEP) ou leur \u00e9quivalent ;<br>OU avoir interrompu ses \u00e9tudes \u00e0 temps plein pendant au moins douze mois ;<br>OU avoir 18 ans au moment de l\u2019entr\u00e9e en formation ;<br>OU satisfaire aux normes d\u2019admissibilit\u00e9 de la Mesure de la formation de la main-d\u2019\u0153uvre d\u2019Emploi Qu\u00e9bec.<\/li>\n<\/ol>\n<\/div><\/div>\n<\/div>\n\n\n\n<div class=\"act-collapsible\">\n<h5 class=\"wp-block-heading act-collapsible__heading\">Sessions offertes<\/h5>\n\n\n\n<div class=\"act-collapsible__content\"><div class=\"act-collapsible__content-inner\">\n<p><\/p>\n\n\n\n<div class=\"wp-block-columns\">\n<div class=\"wp-block-column\">\n<p><strong>JOUR<\/strong><\/p>\n\n\n\n<p>12, 19 et 26 ao\u00fbt 2025<br>7, 14 et 21 octobre 2025<br>2, 9 et 16 d\u00e9cembre 2025<br>3, 10 et 17 f\u00e9vrier 2026<\/p>\n<\/div>\n\n\n\n<div class=\"wp-block-column\">\n<p><strong>SOIR<\/strong><\/p>\n\n\n\n<p>7, 14 et 21 avril 2026<\/p>\n<\/div>\n<\/div>\n<\/div><\/div>\n<\/div>\n\n\n\n<div class=\"act-collapsible\">\n<h5 class=\"wp-block-heading act-collapsible__heading\">Horaires<\/h5>\n\n\n\n<div class=\"act-collapsible__content\"><div class=\"act-collapsible__content-inner\">\n<p><\/p>\n\n\n\n<div class=\"wp-block-columns\">\n<div class=\"wp-block-column\">\n<p><strong>JOUR<\/strong><\/p>\n\n\n\n<p>8 h 30 \u00e0 15 h 50<\/p>\n<\/div>\n\n\n\n<div class=\"wp-block-column\">\n<p><strong>SOIR<\/strong><\/p>\n\n\n\n<p>16 h \u00e0 21 h<\/p>\n<\/div>\n<\/div>\n<\/div><\/div>\n<\/div>\n\n\n\n<div class=\"act-collapsible\">\n<h5 class=\"wp-block-heading act-collapsible__heading\">Frais \u00e0 l&rsquo;\u00e9l\u00e8ve<\/h5>\n\n\n\n<div class=\"act-collapsible__content\"><div class=\"act-collapsible__content-inner\">\n<p><\/p>\n\n\n\n<div class=\"wp-block-file\"><a id=\"wp-block-file--media-7c3a9023-b80f-49e2-920b-396ca15617b8\" href=\"https:\/\/cssst.gouv.qc.ca\/adultes\/wp-content\/uploads\/sites\/2\/2025\/04\/Frais-eleve-2024-2025-Competence-6-1.pdf\">Frais \u00e9l\u00e8ve 2024-2025  Comp\u00e9tence 6<\/a><a href=\"https:\/\/cssst.gouv.qc.ca\/adultes\/wp-content\/uploads\/sites\/2\/2025\/04\/Frais-eleve-2024-2025-Competence-6-1.pdf\" class=\"wp-block-file__button wp-element-button\" download aria-describedby=\"wp-block-file--media-7c3a9023-b80f-49e2-920b-396ca15617b8\">T\u00e9l\u00e9charger<\/a><\/div>\n<\/div><\/div>\n<\/div>\n\n\n\n<div class=\"act-collapsible\">\n<h5 class=\"wp-block-heading act-collapsible__heading\">Je m&rsquo;inscris !<\/h5>\n\n\n\n<div class=\"act-collapsible__content\"><div class=\"act-collapsible__content-inner\">\n<p>Pr\u00e9sentez-vous au&nbsp;<strong>SARCA<\/strong>&nbsp;situ\u00e9 au Centre de formation professionnelle (2725 boul. de Tracy) avec ces documents :<\/p>\n\n\n\n<p><\/p>\n\n\n\n<div class=\"wp-block-columns\">\n<div class=\"wp-block-column is-style-rounded-corners\">\n<p class=\"has-text-align-center\"><strong>Pi\u00e8ce d\u2019identit\u00e9<\/strong><\/p>\n<\/div>\n\n\n\n<div class=\"wp-block-column is-style-rounded-corners\">\n<p class=\"has-text-align-center\"><strong>Certificat de naissance<\/strong><\/p>\n<\/div>\n<\/div>\n\n\n\n<div class=\"wp-block-columns\">\n<div class=\"wp-block-column is-style-rounded-corners\">\n<p class=\"has-text-align-center\"><strong>Bulletin d\u2019\u00e9cole<\/strong><\/p>\n<\/div>\n\n\n\n<div class=\"wp-block-column is-style-rounded-corners\">\n<p class=\"has-text-align-center\"><strong>Documents d\u2019immigration (pour les \u00e9l\u00e8ves internationaux)<\/strong><\/p>\n<\/div>\n<\/div>\n<\/div><\/div>\n<\/div>\n\n\n\n<p><strong>Vous avez besoin d\u2019accompagnement ?<\/strong><br>\ud83d\udcbb sarca@cssst.gouv.qc.ca<br>\u260e\ufe0f 450 743-1285, poste 4200<\/p>\n","protected":false},"template":"","niveau":[],"domaine":[],"municipalite":[],"centre_formation":[],"type_enseignement":[],"duree":[],"regime":[],"class_list":["post-2286","programme","type-programme","status-publish","hentry"],"acf":[],"yoast_head":"<!-- This site is optimized with the Yoast SEO plugin v27.4 - https:\/\/yoast.com\/product\/yoast-seo-wordpress\/ -->\n<title>Comp\u00e9tence 6 (auparavant loi 90) -<\/title>\n<meta name=\"robots\" content=\"index, follow, max-snippet:-1, max-image-preview:large, max-video-preview:-1\" \/>\n<link rel=\"canonical\" href=\"https:\/\/cssst.gouv.qc.ca\/adultes\/formation-professionnelle\/competence-6-auparavant-loi-90\/\" \/>\n<meta property=\"og:locale\" content=\"fr_CA\" \/>\n<meta property=\"og:type\" content=\"article\" \/>\n<meta property=\"og:title\" content=\"Comp\u00e9tence 6 (auparavant loi 90) -\" \/>\n<meta property=\"og:description\" content=\"Particularit\u00e9s du module Formation obligatoire pour se conformer aux exigences de la certification des r\u00e9sidences priv\u00e9es pour a\u00een\u00e9s Enseignement : Magistral Dur\u00e9e : 15 heures (3 jours) Au Centre Bernard-Gari\u00e9py, le module de comp\u00e9tence 6 vous permet d\u2019apprendre les r\u00e8gles et proc\u00e9dures au regard de l\u2019administration de m\u00e9dicaments et des soins invasifs d\u2019assistance. Vous avez [&hellip;]\" \/>\n<meta property=\"og:url\" content=\"https:\/\/cssst.gouv.qc.ca\/adultes\/formation-professionnelle\/competence-6-auparavant-loi-90\/\" \/>\n<meta property=\"article:publisher\" content=\"https:\/\/www.facebook.com\/CFPEAST?locale=fr_CA\" \/>\n<meta property=\"article:modified_time\" content=\"2025-04-24T15:41:51+00:00\" \/>\n<meta property=\"og:image\" content=\"https:\/\/cssst.gouv.qc.ca\/adultes\/wp-content\/uploads\/sites\/2\/2025\/04\/Competence-6-scaled.jpg\" \/>\n\t<meta property=\"og:image:width\" content=\"2560\" \/>\n\t<meta property=\"og:image:height\" content=\"1707\" \/>\n\t<meta property=\"og:image:type\" content=\"image\/jpeg\" \/>\n<meta name=\"twitter:card\" content=\"summary_large_image\" \/>\n<meta name=\"twitter:label1\" content=\"Estimation du temps de lecture\" \/>\n\t<meta name=\"twitter:data1\" content=\"2 minutes\" \/>\n<script type=\"application\/ld+json\" class=\"yoast-schema-graph\">{\"@context\":\"https:\\\/\\\/schema.org\",\"@graph\":[{\"@type\":\"WebPage\",\"@id\":\"https:\\\/\\\/cssst.gouv.qc.ca\\\/adultes\\\/formation-professionnelle\\\/competence-6-auparavant-loi-90\\\/\",\"url\":\"https:\\\/\\\/cssst.gouv.qc.ca\\\/adultes\\\/formation-professionnelle\\\/competence-6-auparavant-loi-90\\\/\",\"name\":\"Comp\u00e9tence 6 (auparavant loi 90) -\",\"isPartOf\":{\"@id\":\"https:\\\/\\\/cssst.gouv.qc.ca\\\/adultes\\\/#website\"},\"primaryImageOfPage\":{\"@id\":\"https:\\\/\\\/cssst.gouv.qc.ca\\\/adultes\\\/formation-professionnelle\\\/competence-6-auparavant-loi-90\\\/#primaryimage\"},\"image\":{\"@id\":\"https:\\\/\\\/cssst.gouv.qc.ca\\\/adultes\\\/formation-professionnelle\\\/competence-6-auparavant-loi-90\\\/#primaryimage\"},\"thumbnailUrl\":\"https:\\\/\\\/cssst.gouv.qc.ca\\\/adultes\\\/wp-content\\\/uploads\\\/sites\\\/2\\\/2025\\\/04\\\/Competence-6-scaled.jpg\",\"datePublished\":\"2025-04-16T20:03:03+00:00\",\"dateModified\":\"2025-04-24T15:41:51+00:00\",\"breadcrumb\":{\"@id\":\"https:\\\/\\\/cssst.gouv.qc.ca\\\/adultes\\\/formation-professionnelle\\\/competence-6-auparavant-loi-90\\\/#breadcrumb\"},\"inLanguage\":\"fr-CA\",\"potentialAction\":[{\"@type\":\"ReadAction\",\"target\":[\"https:\\\/\\\/cssst.gouv.qc.ca\\\/adultes\\\/formation-professionnelle\\\/competence-6-auparavant-loi-90\\\/\"]}]},{\"@type\":\"ImageObject\",\"inLanguage\":\"fr-CA\",\"@id\":\"https:\\\/\\\/cssst.gouv.qc.ca\\\/adultes\\\/formation-professionnelle\\\/competence-6-auparavant-loi-90\\\/#primaryimage\",\"url\":\"https:\\\/\\\/cssst.gouv.qc.ca\\\/adultes\\\/wp-content\\\/uploads\\\/sites\\\/2\\\/2025\\\/04\\\/Competence-6-scaled.jpg\",\"contentUrl\":\"https:\\\/\\\/cssst.gouv.qc.ca\\\/adultes\\\/wp-content\\\/uploads\\\/sites\\\/2\\\/2025\\\/04\\\/Competence-6-scaled.jpg\",\"width\":2560,\"height\":1707},{\"@type\":\"BreadcrumbList\",\"@id\":\"https:\\\/\\\/cssst.gouv.qc.ca\\\/adultes\\\/formation-professionnelle\\\/competence-6-auparavant-loi-90\\\/#breadcrumb\",\"itemListElement\":[{\"@type\":\"ListItem\",\"position\":1,\"name\":\"Accueil\",\"item\":\"https:\\\/\\\/cssst.gouv.qc.ca\\\/adultes\\\/\"},{\"@type\":\"ListItem\",\"position\":2,\"name\":\"Formation professionnelle\",\"item\":\"https:\\\/\\\/cssst.gouv.qc.ca\\\/adultes\\\/formation-professionnelle\\\/\"},{\"@type\":\"ListItem\",\"position\":3,\"name\":\"Comp\u00e9tence 6 (auparavant loi 90)\"}]},{\"@type\":\"WebSite\",\"@id\":\"https:\\\/\\\/cssst.gouv.qc.ca\\\/adultes\\\/#website\",\"url\":\"https:\\\/\\\/cssst.gouv.qc.ca\\\/adultes\\\/\",\"name\":\"\",\"description\":\"\",\"potentialAction\":[{\"@type\":\"SearchAction\",\"target\":{\"@type\":\"EntryPoint\",\"urlTemplate\":\"https:\\\/\\\/cssst.gouv.qc.ca\\\/adultes\\\/?s={search_term_string}\"},\"query-input\":{\"@type\":\"PropertyValueSpecification\",\"valueRequired\":true,\"valueName\":\"search_term_string\"}}],\"inLanguage\":\"fr-CA\"}]}<\/script>\n<!-- \/ Yoast SEO plugin. -->","yoast_head_json":{"title":"Comp\u00e9tence 6 (auparavant loi 90) -","robots":{"index":"index","follow":"follow","max-snippet":"max-snippet:-1","max-image-preview":"max-image-preview:large","max-video-preview":"max-video-preview:-1"},"canonical":"https:\/\/cssst.gouv.qc.ca\/adultes\/formation-professionnelle\/competence-6-auparavant-loi-90\/","og_locale":"fr_CA","og_type":"article","og_title":"Comp\u00e9tence 6 (auparavant loi 90) -","og_description":"Particularit\u00e9s du module Formation obligatoire pour se conformer aux exigences de la certification des r\u00e9sidences priv\u00e9es pour a\u00een\u00e9s Enseignement : Magistral Dur\u00e9e : 15 heures (3 jours) Au Centre Bernard-Gari\u00e9py, le module de comp\u00e9tence 6 vous permet d\u2019apprendre les r\u00e8gles et proc\u00e9dures au regard de l\u2019administration de m\u00e9dicaments et des soins invasifs d\u2019assistance. Vous avez [&hellip;]","og_url":"https:\/\/cssst.gouv.qc.ca\/adultes\/formation-professionnelle\/competence-6-auparavant-loi-90\/","article_publisher":"https:\/\/www.facebook.com\/CFPEAST?locale=fr_CA","article_modified_time":"2025-04-24T15:41:51+00:00","og_image":[{"width":2560,"height":1707,"url":"https:\/\/cssst.gouv.qc.ca\/adultes\/wp-content\/uploads\/sites\/2\/2025\/04\/Competence-6-scaled.jpg","type":"image\/jpeg"}],"twitter_card":"summary_large_image","twitter_misc":{"Estimation du temps de lecture":"2 minutes"},"schema":{"@context":"https:\/\/schema.org","@graph":[{"@type":"WebPage","@id":"https:\/\/cssst.gouv.qc.ca\/adultes\/formation-professionnelle\/competence-6-auparavant-loi-90\/","url":"https:\/\/cssst.gouv.qc.ca\/adultes\/formation-professionnelle\/competence-6-auparavant-loi-90\/","name":"Comp\u00e9tence 6 (auparavant loi 90) -","isPartOf":{"@id":"https:\/\/cssst.gouv.qc.ca\/adultes\/#website"},"primaryImageOfPage":{"@id":"https:\/\/cssst.gouv.qc.ca\/adultes\/formation-professionnelle\/competence-6-auparavant-loi-90\/#primaryimage"},"image":{"@id":"https:\/\/cssst.gouv.qc.ca\/adultes\/formation-professionnelle\/competence-6-auparavant-loi-90\/#primaryimage"},"thumbnailUrl":"https:\/\/cssst.gouv.qc.ca\/adultes\/wp-content\/uploads\/sites\/2\/2025\/04\/Competence-6-scaled.jpg","datePublished":"2025-04-16T20:03:03+00:00","dateModified":"2025-04-24T15:41:51+00:00","breadcrumb":{"@id":"https:\/\/cssst.gouv.qc.ca\/adultes\/formation-professionnelle\/competence-6-auparavant-loi-90\/#breadcrumb"},"inLanguage":"fr-CA","potentialAction":[{"@type":"ReadAction","target":["https:\/\/cssst.gouv.qc.ca\/adultes\/formation-professionnelle\/competence-6-auparavant-loi-90\/"]}]},{"@type":"ImageObject","inLanguage":"fr-CA","@id":"https:\/\/cssst.gouv.qc.ca\/adultes\/formation-professionnelle\/competence-6-auparavant-loi-90\/#primaryimage","url":"https:\/\/cssst.gouv.qc.ca\/adultes\/wp-content\/uploads\/sites\/2\/2025\/04\/Competence-6-scaled.jpg","contentUrl":"https:\/\/cssst.gouv.qc.ca\/adultes\/wp-content\/uploads\/sites\/2\/2025\/04\/Competence-6-scaled.jpg","width":2560,"height":1707},{"@type":"BreadcrumbList","@id":"https:\/\/cssst.gouv.qc.ca\/adultes\/formation-professionnelle\/competence-6-auparavant-loi-90\/#breadcrumb","itemListElement":[{"@type":"ListItem","position":1,"name":"Accueil","item":"https:\/\/cssst.gouv.qc.ca\/adultes\/"},{"@type":"ListItem","position":2,"name":"Formation professionnelle","item":"https:\/\/cssst.gouv.qc.ca\/adultes\/formation-professionnelle\/"},{"@type":"ListItem","position":3,"name":"Comp\u00e9tence 6 (auparavant loi 90)"}]},{"@type":"WebSite","@id":"https:\/\/cssst.gouv.qc.ca\/adultes\/#website","url":"https:\/\/cssst.gouv.qc.ca\/adultes\/","name":"","description":"","potentialAction":[{"@type":"SearchAction","target":{"@type":"EntryPoint","urlTemplate":"https:\/\/cssst.gouv.qc.ca\/adultes\/?s={search_term_string}"},"query-input":{"@type":"PropertyValueSpecification","valueRequired":true,"valueName":"search_term_string"}}],"inLanguage":"fr-CA"}]}},"_links":{"self":[{"href":"https:\/\/cssst.gouv.qc.ca\/adultes\/wp-json\/wp\/v2\/programmes\/2286","targetHints":{"allow":["GET"]}}],"collection":[{"href":"https:\/\/cssst.gouv.qc.ca\/adultes\/wp-json\/wp\/v2\/programmes"}],"about":[{"href":"https:\/\/cssst.gouv.qc.ca\/adultes\/wp-json\/wp\/v2\/types\/programme"}],"wp:attachment":[{"href":"https:\/\/cssst.gouv.qc.ca\/adultes\/wp-json\/wp\/v2\/media?parent=2286"}],"wp:term":[{"taxonomy":"niveau","embeddable":true,"href":"https:\/\/cssst.gouv.qc.ca\/adultes\/wp-json\/wp\/v2\/niveau?post=2286"},{"taxonomy":"domaine","embeddable":true,"href":"https:\/\/cssst.gouv.qc.ca\/adultes\/wp-json\/wp\/v2\/domaine?post=2286"},{"taxonomy":"municipalite","embeddable":true,"href":"https:\/\/cssst.gouv.qc.ca\/adultes\/wp-json\/wp\/v2\/municipalite?post=2286"},{"taxonomy":"centre_formation","embeddable":true,"href":"https:\/\/cssst.gouv.qc.ca\/adultes\/wp-json\/wp\/v2\/centre_formation?post=2286"},{"taxonomy":"type_enseignement","embeddable":true,"href":"https:\/\/cssst.gouv.qc.ca\/adultes\/wp-json\/wp\/v2\/type_enseignement?post=2286"},{"taxonomy":"duree","embeddable":true,"href":"https:\/\/cssst.gouv.qc.ca\/adultes\/wp-json\/wp\/v2\/duree?post=2286"},{"taxonomy":"regime","embeddable":true,"href":"https:\/\/cssst.gouv.qc.ca\/adultes\/wp-json\/wp\/v2\/regime?post=2286"}],"curies":[{"name":"wp","href":"https:\/\/api.w.org\/{rel}","templated":true}]}}