{"id":2109,"date":"2025-04-14T12:29:00","date_gmt":"2025-04-14T12:29:00","guid":{"rendered":"https:\/\/cssst.gouv.qc.ca\/adultes\/?post_type=programme&#038;p=2109"},"modified":"2026-02-05T20:46:15","modified_gmt":"2026-02-05T20:46:15","slug":"electricite-dep","status":"publish","type":"programme","link":"https:\/\/cssst.gouv.qc.ca\/adultes\/formation-professionnelle\/electricite-dep\/","title":{"rendered":"\u00c9lectricit\u00e9 (DEP)[5295]"},"content":{"rendered":"\n<div class=\"wp-block-cover alignwide is-light\"><img loading=\"lazy\" decoding=\"async\" width=\"2560\" height=\"1707\" class=\"wp-block-cover__image-background wp-image-2153\" alt=\"\" src=\"https:\/\/cssst.gouv.qc.ca\/adultes\/wp-content\/uploads\/sites\/2\/2025\/04\/iStock-1165561132_DEP-Electricite-scaled.jpg\" data-object-fit=\"cover\" srcset=\"https:\/\/cssst.gouv.qc.ca\/adultes\/wp-content\/uploads\/sites\/2\/2025\/04\/iStock-1165561132_DEP-Electricite-scaled.jpg 2560w, https:\/\/cssst.gouv.qc.ca\/adultes\/wp-content\/uploads\/sites\/2\/2025\/04\/iStock-1165561132_DEP-Electricite-300x200.jpg 300w, https:\/\/cssst.gouv.qc.ca\/adultes\/wp-content\/uploads\/sites\/2\/2025\/04\/iStock-1165561132_DEP-Electricite-1024x683.jpg 1024w, https:\/\/cssst.gouv.qc.ca\/adultes\/wp-content\/uploads\/sites\/2\/2025\/04\/iStock-1165561132_DEP-Electricite-768x512.jpg 768w, https:\/\/cssst.gouv.qc.ca\/adultes\/wp-content\/uploads\/sites\/2\/2025\/04\/iStock-1165561132_DEP-Electricite-1536x1024.jpg 1536w, https:\/\/cssst.gouv.qc.ca\/adultes\/wp-content\/uploads\/sites\/2\/2025\/04\/iStock-1165561132_DEP-Electricite-2048x1365.jpg 2048w\" sizes=\"auto, (max-width: 2560px) 100vw, 2560px\" \/><span aria-hidden=\"true\" class=\"wp-block-cover__background has-background-dim\" style=\"background-color:#9c948f\"><\/span><div class=\"wp-block-cover__inner-container\">\n<p class=\"has-text-align-center has-large-font-size\">\u00c9lectricit\u00e9<\/p>\n<\/div><\/div>\n\n\n\n<figure class=\"wp-block-table alignwide has-heading-4-font-size\"><table class=\"has-primary-background-color has-background has-fixed-layout\"><thead><tr><th>Particularit\u00e9s du programme<\/th><\/tr><\/thead><tbody><tr><td>Dipl\u00f4me d&rsquo;\u00e9tudes professionnelles (DEP)<\/td><\/tr><tr><td>Enseignement : Magistral <\/td><\/tr><tr><td>Dur\u00e9e : 1800 heures (environ 18 mois)<\/td><\/tr><\/tbody><\/table><\/figure>\n\n\n\n<p>Au<strong> Centre de formation professionnelle<\/strong>, le programme <em>d&rsquo;\u00c9lectricit\u00e9<\/em> vous apprendra \u00e0 installer, r\u00e9parer, modifier et entretenir des circuits, des syst\u00e8mes \u00e9lectriques, \u00e9lectroniques et des r\u00e9seaux des communication sur des machineries de b\u00e2timents des secteurs manufacturier, institutionnel et industriel. <\/p>\n\n\n\n<div class=\"act-collapsible\">\n<h5 class=\"wp-block-heading act-collapsible__heading\">Traits personnels recherch\u00e9s<\/h5>\n\n\n\n<div class=\"act-collapsible__content\"><div class=\"act-collapsible__content-inner\">\n<ul class=\"wp-block-list\">\n<li>Capacit\u00e9 \u00e0 travailler sous pression<\/li>\n\n\n\n<li>Esprit critique<\/li>\n\n\n\n<li>Capacit\u00e9 d&rsquo;adaptation <\/li>\n\n\n\n<li>Capacit\u00e9 \u00e0 travailler sous pression<\/li>\n\n\n\n<li>Capacit\u00e9 \u00e0 travailler en \u00e9quipe<\/li>\n\n\n\n<li>Rigueur<\/li>\n\n\n\n<li>Souci du d\u00e9tail<\/li>\n\n\n\n<li>Connaissance interm\u00e9diaire de la langue anglaise<\/li>\n\n\n\n<li>Respect des normes et r\u00e8glements<\/li>\n\n\n\n<li>Sens de l&rsquo;observation<\/li>\n\n\n\n<li>Connaissances en b\u00e2timent et construction<\/li>\n<\/ul>\n<\/div><\/div>\n<\/div>\n\n\n\n<div class=\"act-collapsible\">\n<h5 class=\"wp-block-heading act-collapsible__heading\">Crit\u00e8res d&rsquo;admission<\/h5>\n\n\n\n<div class=\"act-collapsible__content\"><div class=\"act-collapsible__content-inner\">\n<p>Dipl\u00f4me d\u2019\u00e9tudes secondaires (DES) ou son \u00e9quivalent<br>ET 4e secondaire : math\u00e9matique<br>OU 4e secondaire : fran\u00e7ais, math\u00e9matique, anglais<br>OU attestation d\u2019\u00e9quivalence de niveau de scolarit\u00e9 de cinqui\u00e8me ann\u00e9e du secondaire (AENS)<br>OU test de d\u00e9veloppement g\u00e9n\u00e9ral (TDG) et les pr\u00e9alables sp\u00e9cifiques \u00e0 la formation<\/p>\n<\/div><\/div>\n<\/div>\n\n\n\n<div class=\"act-collapsible\">\n<h5 class=\"wp-block-heading act-collapsible__heading\">Emplois possibles<\/h5>\n\n\n\n<div class=\"act-collapsible__content\"><div class=\"act-collapsible__content-inner\">\n<ul class=\"wp-block-list\">\n<li>\u00c9lectricien<\/li>\n\n\n\n<li>\u00c9lectricien de r\u00e9seau \u00e9lectrique<\/li>\n<\/ul>\n<\/div><\/div>\n<\/div>\n\n\n\n<div class=\"act-collapsible\">\n<h5 class=\"wp-block-heading act-collapsible__heading\">Sessions offertes<\/h5>\n\n\n\n<div class=\"act-collapsible__content\"><div class=\"act-collapsible__content-inner\">\n<div class=\"wp-block-columns\">\n<div class=\"wp-block-column\">\n<p><strong>DATE DE D\u00c9BUT<\/strong><br>28 septembre 2026<\/p>\n<\/div>\n\n\n\n<div class=\"wp-block-column\">\n<p><strong>DATE DE FIN<\/strong><br>7 avril 2028<\/p>\n<\/div>\n\n\n\n<div class=\"wp-block-column\"><\/div>\n<\/div>\n<\/div><\/div>\n<\/div>\n\n\n\n<div class=\"act-collapsible\">\n<h5 class=\"wp-block-heading act-collapsible__heading\">Horaire<\/h5>\n\n\n\n<div class=\"act-collapsible__content\"><div class=\"act-collapsible__content-inner\">\n<p><strong>Jour:<\/strong> 7 h 45 \u00e0 16 h 10<br><strong>N.B.:<\/strong> l&rsquo;horaire peut varier lors des stages<\/p>\n<\/div><\/div>\n<\/div>\n\n\n\n<div class=\"act-collapsible\">\n<h5 class=\"wp-block-heading act-collapsible__heading\">Frais \u00e0 l&rsquo;\u00e9l\u00e8ve<\/h5>\n\n\n\n<div class=\"act-collapsible__content\"><div class=\"act-collapsible__content-inner\">\n<p><\/p>\n\n\n\n<div class=\"wp-block-file\"><a id=\"wp-block-file--media-8a635c01-e724-4d85-8488-cc768fc438cd\" href=\"https:\/\/cssst.gouv.qc.ca\/adultes\/wp-content\/uploads\/sites\/2\/2025\/04\/2526_FraisEleve_Electricite_0904.pdf\">2526_FraisEleve_Electricite_0904<\/a><a href=\"https:\/\/cssst.gouv.qc.ca\/adultes\/wp-content\/uploads\/sites\/2\/2025\/04\/2526_FraisEleve_Electricite_0904.pdf\" class=\"wp-block-file__button wp-element-button\" download aria-describedby=\"wp-block-file--media-8a635c01-e724-4d85-8488-cc768fc438cd\">T\u00e9l\u00e9charger<\/a><\/div>\n<\/div><\/div>\n<\/div>\n\n\n\n<div class=\"act-collapsible\">\n<h5 class=\"wp-block-heading act-collapsible__heading\">Contenu de la formation<\/h5>\n\n\n\n<div class=\"act-collapsible__content\"><div class=\"act-collapsible__content-inner\">\n<p><\/p>\n\n\n\n<div class=\"wp-block-file\"><a id=\"wp-block-file--media-3154bc34-d7b4-4ece-b10e-ec18257aada5\" href=\"https:\/\/cssst.gouv.qc.ca\/adultes\/wp-content\/uploads\/sites\/2\/2025\/04\/Contenu-Electricit-2025-04-14-1.pdf\">Contenu-Electricit\u00e9-2025-04-14<\/a><a href=\"https:\/\/cssst.gouv.qc.ca\/adultes\/wp-content\/uploads\/sites\/2\/2025\/04\/Contenu-Electricit-2025-04-14-1.pdf\" class=\"wp-block-file__button wp-element-button\" download aria-describedby=\"wp-block-file--media-3154bc34-d7b4-4ece-b10e-ec18257aada5\">T\u00e9l\u00e9charger<\/a><\/div>\n<\/div><\/div>\n<\/div>\n\n\n\n<div class=\"wp-block-columns\">\n<div class=\"wp-block-column is-style-school-card\">\n<div class=\"wp-block-buttons\">\n<div class=\"wp-block-button has-custom-width wp-block-button__width-100\"><a class=\"wp-block-button__link wp-element-button\" href=\"https:\/\/www.admissionfp.com\/organismes-scolaires\/cfp\/861400\/dep\/5295\/groupes\">Je m&rsquo;inscris !<\/a><\/div>\n<\/div>\n<\/div>\n\n\n\n<div class=\"wp-block-column is-style-school-card\">\n<div class=\"wp-block-buttons\">\n<div class=\"wp-block-button has-custom-width wp-block-button__width-100\"><a class=\"wp-block-button__link wp-element-button\" href=\"https:\/\/cssst.gouv.qc.ca\/adultes\/eleve-dun-jour\/\">\u00c9l\u00e8ve d&rsquo;un jour<\/a><\/div>\n<\/div>\n<\/div>\n<\/div>\n","protected":false},"template":"","niveau":[30],"domaine":[20],"municipalite":[],"centre_formation":[],"type_enseignement":[],"duree":[],"regime":[],"class_list":["post-2109","programme","type-programme","status-publish","hentry","niveau-diplome-detudes-professionnelles-dep","domaine-electrotechnique"],"acf":[],"yoast_head":"<!-- This site is optimized with the Yoast SEO plugin v27.4 - https:\/\/yoast.com\/product\/yoast-seo-wordpress\/ -->\n<title>\u00c9lectricit\u00e9 (DEP)[5295] -<\/title>\n<meta name=\"robots\" content=\"index, follow, max-snippet:-1, max-image-preview:large, max-video-preview:-1\" \/>\n<link rel=\"canonical\" href=\"https:\/\/cssst.gouv.qc.ca\/adultes\/formation-professionnelle\/electricite-dep\/\" \/>\n<meta property=\"og:locale\" content=\"fr_CA\" \/>\n<meta property=\"og:type\" content=\"article\" \/>\n<meta property=\"og:title\" content=\"\u00c9lectricit\u00e9 (DEP)[5295] -\" \/>\n<meta property=\"og:description\" content=\"Particularit\u00e9s du programme Dipl\u00f4me d&rsquo;\u00e9tudes professionnelles (DEP) Enseignement : Magistral Dur\u00e9e : 1800 heures (environ 18 mois) Au Centre de formation professionnelle, le programme d&rsquo;\u00c9lectricit\u00e9 vous apprendra \u00e0 installer, r\u00e9parer, modifier et entretenir des circuits, des syst\u00e8mes \u00e9lectriques, \u00e9lectroniques et des r\u00e9seaux des communication sur des machineries de b\u00e2timents des secteurs manufacturier, institutionnel et industriel.\" \/>\n<meta property=\"og:url\" content=\"https:\/\/cssst.gouv.qc.ca\/adultes\/formation-professionnelle\/electricite-dep\/\" \/>\n<meta property=\"article:publisher\" content=\"https:\/\/www.facebook.com\/CFPEAST?locale=fr_CA\" \/>\n<meta property=\"article:modified_time\" content=\"2026-02-05T20:46:15+00:00\" \/>\n<meta property=\"og:image\" content=\"https:\/\/cssst.gouv.qc.ca\/adultes\/wp-content\/uploads\/sites\/2\/2025\/04\/iStock-1165561132_DEP-Electricite-scaled.jpg\" \/>\n\t<meta property=\"og:image:width\" content=\"2560\" \/>\n\t<meta property=\"og:image:height\" content=\"1707\" \/>\n\t<meta property=\"og:image:type\" content=\"image\/jpeg\" \/>\n<meta name=\"twitter:card\" content=\"summary_large_image\" \/>\n<meta name=\"twitter:label1\" content=\"Estimation du temps de lecture\" \/>\n\t<meta name=\"twitter:data1\" content=\"2 minutes\" \/>\n<script type=\"application\/ld+json\" class=\"yoast-schema-graph\">{\"@context\":\"https:\\\/\\\/schema.org\",\"@graph\":[{\"@type\":\"WebPage\",\"@id\":\"https:\\\/\\\/cssst.gouv.qc.ca\\\/adultes\\\/formation-professionnelle\\\/electricite-dep\\\/\",\"url\":\"https:\\\/\\\/cssst.gouv.qc.ca\\\/adultes\\\/formation-professionnelle\\\/electricite-dep\\\/\",\"name\":\"\u00c9lectricit\u00e9 (DEP)[5295] -\",\"isPartOf\":{\"@id\":\"https:\\\/\\\/cssst.gouv.qc.ca\\\/adultes\\\/#website\"},\"primaryImageOfPage\":{\"@id\":\"https:\\\/\\\/cssst.gouv.qc.ca\\\/adultes\\\/formation-professionnelle\\\/electricite-dep\\\/#primaryimage\"},\"image\":{\"@id\":\"https:\\\/\\\/cssst.gouv.qc.ca\\\/adultes\\\/formation-professionnelle\\\/electricite-dep\\\/#primaryimage\"},\"thumbnailUrl\":\"https:\\\/\\\/cssst.gouv.qc.ca\\\/adultes\\\/wp-content\\\/uploads\\\/sites\\\/2\\\/2025\\\/04\\\/iStock-1165561132_DEP-Electricite-scaled.jpg\",\"datePublished\":\"2025-04-14T12:29:00+00:00\",\"dateModified\":\"2026-02-05T20:46:15+00:00\",\"breadcrumb\":{\"@id\":\"https:\\\/\\\/cssst.gouv.qc.ca\\\/adultes\\\/formation-professionnelle\\\/electricite-dep\\\/#breadcrumb\"},\"inLanguage\":\"fr-CA\",\"potentialAction\":[{\"@type\":\"ReadAction\",\"target\":[\"https:\\\/\\\/cssst.gouv.qc.ca\\\/adultes\\\/formation-professionnelle\\\/electricite-dep\\\/\"]}]},{\"@type\":\"ImageObject\",\"inLanguage\":\"fr-CA\",\"@id\":\"https:\\\/\\\/cssst.gouv.qc.ca\\\/adultes\\\/formation-professionnelle\\\/electricite-dep\\\/#primaryimage\",\"url\":\"https:\\\/\\\/cssst.gouv.qc.ca\\\/adultes\\\/wp-content\\\/uploads\\\/sites\\\/2\\\/2025\\\/04\\\/iStock-1165561132_DEP-Electricite-scaled.jpg\",\"contentUrl\":\"https:\\\/\\\/cssst.gouv.qc.ca\\\/adultes\\\/wp-content\\\/uploads\\\/sites\\\/2\\\/2025\\\/04\\\/iStock-1165561132_DEP-Electricite-scaled.jpg\",\"width\":2560,\"height\":1707,\"caption\":\"Photo of an electrician working at distribuition board.\"},{\"@type\":\"BreadcrumbList\",\"@id\":\"https:\\\/\\\/cssst.gouv.qc.ca\\\/adultes\\\/formation-professionnelle\\\/electricite-dep\\\/#breadcrumb\",\"itemListElement\":[{\"@type\":\"ListItem\",\"position\":1,\"name\":\"Accueil\",\"item\":\"https:\\\/\\\/cssst.gouv.qc.ca\\\/adultes\\\/\"},{\"@type\":\"ListItem\",\"position\":2,\"name\":\"Formation professionnelle\",\"item\":\"https:\\\/\\\/cssst.gouv.qc.ca\\\/adultes\\\/formation-professionnelle\\\/\"},{\"@type\":\"ListItem\",\"position\":3,\"name\":\"\u00c9lectricit\u00e9 (DEP)[5295]\"}]},{\"@type\":\"WebSite\",\"@id\":\"https:\\\/\\\/cssst.gouv.qc.ca\\\/adultes\\\/#website\",\"url\":\"https:\\\/\\\/cssst.gouv.qc.ca\\\/adultes\\\/\",\"name\":\"\",\"description\":\"\",\"potentialAction\":[{\"@type\":\"SearchAction\",\"target\":{\"@type\":\"EntryPoint\",\"urlTemplate\":\"https:\\\/\\\/cssst.gouv.qc.ca\\\/adultes\\\/?s={search_term_string}\"},\"query-input\":{\"@type\":\"PropertyValueSpecification\",\"valueRequired\":true,\"valueName\":\"search_term_string\"}}],\"inLanguage\":\"fr-CA\"}]}<\/script>\n<!-- \/ Yoast SEO plugin. -->","yoast_head_json":{"title":"\u00c9lectricit\u00e9 (DEP)[5295] -","robots":{"index":"index","follow":"follow","max-snippet":"max-snippet:-1","max-image-preview":"max-image-preview:large","max-video-preview":"max-video-preview:-1"},"canonical":"https:\/\/cssst.gouv.qc.ca\/adultes\/formation-professionnelle\/electricite-dep\/","og_locale":"fr_CA","og_type":"article","og_title":"\u00c9lectricit\u00e9 (DEP)[5295] -","og_description":"Particularit\u00e9s du programme Dipl\u00f4me d&rsquo;\u00e9tudes professionnelles (DEP) Enseignement : Magistral Dur\u00e9e : 1800 heures (environ 18 mois) Au Centre de formation professionnelle, le programme d&rsquo;\u00c9lectricit\u00e9 vous apprendra \u00e0 installer, r\u00e9parer, modifier et entretenir des circuits, des syst\u00e8mes \u00e9lectriques, \u00e9lectroniques et des r\u00e9seaux des communication sur des machineries de b\u00e2timents des secteurs manufacturier, institutionnel et industriel.","og_url":"https:\/\/cssst.gouv.qc.ca\/adultes\/formation-professionnelle\/electricite-dep\/","article_publisher":"https:\/\/www.facebook.com\/CFPEAST?locale=fr_CA","article_modified_time":"2026-02-05T20:46:15+00:00","og_image":[{"width":2560,"height":1707,"url":"https:\/\/cssst.gouv.qc.ca\/adultes\/wp-content\/uploads\/sites\/2\/2025\/04\/iStock-1165561132_DEP-Electricite-scaled.jpg","type":"image\/jpeg"}],"twitter_card":"summary_large_image","twitter_misc":{"Estimation du temps de lecture":"2 minutes"},"schema":{"@context":"https:\/\/schema.org","@graph":[{"@type":"WebPage","@id":"https:\/\/cssst.gouv.qc.ca\/adultes\/formation-professionnelle\/electricite-dep\/","url":"https:\/\/cssst.gouv.qc.ca\/adultes\/formation-professionnelle\/electricite-dep\/","name":"\u00c9lectricit\u00e9 (DEP)[5295] -","isPartOf":{"@id":"https:\/\/cssst.gouv.qc.ca\/adultes\/#website"},"primaryImageOfPage":{"@id":"https:\/\/cssst.gouv.qc.ca\/adultes\/formation-professionnelle\/electricite-dep\/#primaryimage"},"image":{"@id":"https:\/\/cssst.gouv.qc.ca\/adultes\/formation-professionnelle\/electricite-dep\/#primaryimage"},"thumbnailUrl":"https:\/\/cssst.gouv.qc.ca\/adultes\/wp-content\/uploads\/sites\/2\/2025\/04\/iStock-1165561132_DEP-Electricite-scaled.jpg","datePublished":"2025-04-14T12:29:00+00:00","dateModified":"2026-02-05T20:46:15+00:00","breadcrumb":{"@id":"https:\/\/cssst.gouv.qc.ca\/adultes\/formation-professionnelle\/electricite-dep\/#breadcrumb"},"inLanguage":"fr-CA","potentialAction":[{"@type":"ReadAction","target":["https:\/\/cssst.gouv.qc.ca\/adultes\/formation-professionnelle\/electricite-dep\/"]}]},{"@type":"ImageObject","inLanguage":"fr-CA","@id":"https:\/\/cssst.gouv.qc.ca\/adultes\/formation-professionnelle\/electricite-dep\/#primaryimage","url":"https:\/\/cssst.gouv.qc.ca\/adultes\/wp-content\/uploads\/sites\/2\/2025\/04\/iStock-1165561132_DEP-Electricite-scaled.jpg","contentUrl":"https:\/\/cssst.gouv.qc.ca\/adultes\/wp-content\/uploads\/sites\/2\/2025\/04\/iStock-1165561132_DEP-Electricite-scaled.jpg","width":2560,"height":1707,"caption":"Photo of an electrician working at distribuition board."},{"@type":"BreadcrumbList","@id":"https:\/\/cssst.gouv.qc.ca\/adultes\/formation-professionnelle\/electricite-dep\/#breadcrumb","itemListElement":[{"@type":"ListItem","position":1,"name":"Accueil","item":"https:\/\/cssst.gouv.qc.ca\/adultes\/"},{"@type":"ListItem","position":2,"name":"Formation professionnelle","item":"https:\/\/cssst.gouv.qc.ca\/adultes\/formation-professionnelle\/"},{"@type":"ListItem","position":3,"name":"\u00c9lectricit\u00e9 (DEP)[5295]"}]},{"@type":"WebSite","@id":"https:\/\/cssst.gouv.qc.ca\/adultes\/#website","url":"https:\/\/cssst.gouv.qc.ca\/adultes\/","name":"","description":"","potentialAction":[{"@type":"SearchAction","target":{"@type":"EntryPoint","urlTemplate":"https:\/\/cssst.gouv.qc.ca\/adultes\/?s={search_term_string}"},"query-input":{"@type":"PropertyValueSpecification","valueRequired":true,"valueName":"search_term_string"}}],"inLanguage":"fr-CA"}]}},"_links":{"self":[{"href":"https:\/\/cssst.gouv.qc.ca\/adultes\/wp-json\/wp\/v2\/programmes\/2109","targetHints":{"allow":["GET"]}}],"collection":[{"href":"https:\/\/cssst.gouv.qc.ca\/adultes\/wp-json\/wp\/v2\/programmes"}],"about":[{"href":"https:\/\/cssst.gouv.qc.ca\/adultes\/wp-json\/wp\/v2\/types\/programme"}],"wp:attachment":[{"href":"https:\/\/cssst.gouv.qc.ca\/adultes\/wp-json\/wp\/v2\/media?parent=2109"}],"wp:term":[{"taxonomy":"niveau","embeddable":true,"href":"https:\/\/cssst.gouv.qc.ca\/adultes\/wp-json\/wp\/v2\/niveau?post=2109"},{"taxonomy":"domaine","embeddable":true,"href":"https:\/\/cssst.gouv.qc.ca\/adultes\/wp-json\/wp\/v2\/domaine?post=2109"},{"taxonomy":"municipalite","embeddable":true,"href":"https:\/\/cssst.gouv.qc.ca\/adultes\/wp-json\/wp\/v2\/municipalite?post=2109"},{"taxonomy":"centre_formation","embeddable":true,"href":"https:\/\/cssst.gouv.qc.ca\/adultes\/wp-json\/wp\/v2\/centre_formation?post=2109"},{"taxonomy":"type_enseignement","embeddable":true,"href":"https:\/\/cssst.gouv.qc.ca\/adultes\/wp-json\/wp\/v2\/type_enseignement?post=2109"},{"taxonomy":"duree","embeddable":true,"href":"https:\/\/cssst.gouv.qc.ca\/adultes\/wp-json\/wp\/v2\/duree?post=2109"},{"taxonomy":"regime","embeddable":true,"href":"https:\/\/cssst.gouv.qc.ca\/adultes\/wp-json\/wp\/v2\/regime?post=2109"}],"curies":[{"name":"wp","href":"https:\/\/api.w.org\/{rel}","templated":true}]}}