{"id":239,"date":"2023-02-06T17:59:41","date_gmt":"2023-02-06T17:59:41","guid":{"rendered":"https:\/\/cssst.gouv.qc.ca\/adultes\/service-aux-entreprises-et-aux-individus\/"},"modified":"2026-04-16T18:27:49","modified_gmt":"2026-04-16T18:27:49","slug":"service-aux-entreprises-et-aux-individus","status":"publish","type":"page","link":"https:\/\/cssst.gouv.qc.ca\/adultes\/service-aux-entreprises-et-aux-individus\/","title":{"rendered":"Service aux entreprises et aux individus"},"content":{"rendered":"\n<div class=\"wp-block-cover alignfull is-style-title-banner\"><img loading=\"lazy\" decoding=\"async\" width=\"2560\" height=\"1980\" class=\"wp-block-cover__image-background wp-image-1566\" alt=\"\" src=\"https:\/\/cssst.gouv.qc.ca\/adultes\/wp-content\/uploads\/sites\/2\/2025\/04\/CFP-1-scaled.jpg\" style=\"object-position:61% 16%\" data-object-fit=\"cover\" data-object-position=\"61% 16%\" srcset=\"https:\/\/cssst.gouv.qc.ca\/adultes\/wp-content\/uploads\/sites\/2\/2025\/04\/CFP-1-scaled.jpg 2560w, https:\/\/cssst.gouv.qc.ca\/adultes\/wp-content\/uploads\/sites\/2\/2025\/04\/CFP-1-300x232.jpg 300w, https:\/\/cssst.gouv.qc.ca\/adultes\/wp-content\/uploads\/sites\/2\/2025\/04\/CFP-1-1024x792.jpg 1024w, https:\/\/cssst.gouv.qc.ca\/adultes\/wp-content\/uploads\/sites\/2\/2025\/04\/CFP-1-768x594.jpg 768w, https:\/\/cssst.gouv.qc.ca\/adultes\/wp-content\/uploads\/sites\/2\/2025\/04\/CFP-1-1536x1188.jpg 1536w, https:\/\/cssst.gouv.qc.ca\/adultes\/wp-content\/uploads\/sites\/2\/2025\/04\/CFP-1-2048x1584.jpg 2048w\" sizes=\"auto, (max-width: 2560px) 100vw, 2560px\" \/><span aria-hidden=\"true\" class=\"wp-block-cover__background has-background-dim\"><\/span><div class=\"wp-block-cover__inner-container\"><h3 class=\"alignfull wp-block-post-title\">Service aux entreprises et aux individus<\/h3><\/div><\/div>\n\n\n\n<div class=\"wp-block-group alignfull has-padding-y-large has-tertiary-background-color has-background\"><div class=\"yoast-breadcrumbs alignwide \"><span class=\"breadcrumbs\"><a href=\"https:\/\/cssst.gouv.qc.ca\/adultes\/\" class=\"breadcrumbs__element\">Accueil<\/a> <span class=\"breadcrumbs__separator\">\n        <svg class=\"icon icon-breadcrumb__separator\"><use xlink:href=\"#icon-breadcrumb__separator\"><\/use><\/svg>\n    <\/span> <span class=\"breadcrumbs__element breadcrumbs__element-current\">Service aux entreprises et aux individus<\/span><\/span><\/div><\/div>\n\n\n\n<h2 class=\"wp-block-heading\"><strong>Le Service aux entreprises et aux individus (SAE) du Centre de services scolaire de Sorel-Tracy accompagne :<\/strong><\/h2>\n\n\n\n<ul class=\"wp-block-list\">\n<li>les entreprises qui souhaitent offrir de la formation&nbsp;\u00e0 l\u2019un ou plusieurs de vos employ\u00e9s;<\/li>\n\n\n\n<li>les individus en emploi qui souhaitent obtenir du perfectionnement professionnel;<\/li>\n\n\n\n<li>les individus sans emploi qui souhaitent d\u00e9velopper des habilet\u00e9s techniques afin d\u2019\u00eatre plus attrayant sur le march\u00e9 du travail.&nbsp;<\/li>\n<\/ul>\n\n\n\n<figure class=\"wp-block-embed is-type-video is-provider-youtube wp-block-embed-youtube wp-embed-aspect-16-9 wp-has-aspect-ratio\"><div class=\"wp-block-embed__wrapper\">\n<iframe loading=\"lazy\" title=\"SAE | LANCEMENT DE LA NOUVELLE IDENTIT\u00c9 DE MARQUE\" width=\"500\" height=\"281\" src=\"https:\/\/www.youtube.com\/embed\/1pRI5UUL-9M?feature=oembed\" frameborder=\"0\" allow=\"accelerometer; autoplay; clipboard-write; encrypted-media; gyroscope; picture-in-picture; web-share\" referrerpolicy=\"strict-origin-when-cross-origin\" allowfullscreen><\/iframe>\n<\/div><\/figure>\n\n\n\n<h2 class=\"wp-block-heading\"><strong>Nos services<\/strong><\/h2>\n\n\n\n<div class=\"wp-block-columns\">\n<div class=\"wp-block-column is-style-rounded-corners\">\n<p class=\"has-text-align-center has-primary-color has-text-color has-link-color wp-elements-7259485c4aa25f476cd00ab4b66be663\"><strong>Formations \u00e0 temps complet<\/strong><\/p>\n<\/div>\n\n\n\n<div class=\"wp-block-column is-style-rounded-corners\">\n<p class=\"has-text-align-center has-primary-color has-text-color has-link-color wp-elements-8ecb553945bce921fad78d0875ae5efb\"><a href=\"https:\/\/cssst.gouv.qc.ca\/adultes\/service-aux-entreprises-et-aux-individus\/formations-a-temps-partiel\/\"><strong>Formations \u00e0 temps partiel<\/strong><\/a><\/p>\n<\/div>\n\n\n\n<div class=\"wp-block-column is-style-rounded-corners\">\n<p class=\"has-text-align-center has-primary-color has-text-color has-link-color wp-elements-6f84f2f1bef6c869aaf583ef9dfea4d8\"><a href=\"https:\/\/cssst.gouv.qc.ca\/adultes\/service-aux-entreprises-et-aux-individus\/formations-a-5-heure\/\"><strong>Formations \u00e0 5 $\/ H<\/strong><\/a><\/p>\n<\/div>\n<\/div>\n\n\n\n<div class=\"wp-block-columns\">\n<div class=\"wp-block-column is-style-rounded-corners\">\n<p class=\"has-text-align-center has-primary-color has-text-color has-link-color wp-elements-dd6905489d28bd5c147400040013baf5\"><a href=\"https:\/\/cssst.gouv.qc.ca\/adultes\/service-aux-entreprises-et-aux-individus\/reconnaissance-des-acquiset-des-competences\/\"><strong>Reconnaissance des acquis et des comp\u00e9tences<\/strong><\/a><\/p>\n<\/div>\n\n\n\n<div class=\"wp-block-column is-style-rounded-corners\">\n<p class=\"has-text-align-center has-primary-color has-text-color has-link-color wp-elements-f299fa602a41040152ef09395e8dc23f\"><a href=\"https:\/\/cssst.gouv.qc.ca\/adultes\/service-aux-entreprises-et-aux-individus\/francisation-en-entreprise\/\"><strong>Francisation en entreprise<\/strong><\/a><\/p>\n<\/div>\n\n\n\n<div class=\"wp-block-column is-style-rounded-corners\">\n<p class=\"has-text-align-center has-primary-color has-text-color has-link-color wp-elements-ca92afd53735f25791584bc161ea7fc5\"><a href=\"https:\/\/cssst.gouv.qc.ca\/adultes\/service-aux-entreprises-et-aux-individus\/formations-sur-mesure\/\"><strong>Formations sur mesure<\/strong><\/a><\/p>\n<\/div>\n<\/div>\n\n\n\n<div class=\"wp-block-columns\">\n<div class=\"wp-block-column is-style-rounded-corners\">\n<p class=\"has-text-align-center has-accent-color has-text-color has-link-color wp-elements-edb1c3d8bdece93be13f3f8215a1bcf1\"><strong>Conception et administration de tests d&#8217;embauche<\/strong><\/p>\n<\/div>\n\n\n\n<div class=\"wp-block-column is-style-rounded-corners\">\n<p class=\"has-text-align-center has-accent-color has-text-color has-link-color wp-elements-9732da71092349066aedbb29e3d40f67\"><strong>Production de mat\u00e9riel didactique<\/strong><\/p>\n<\/div>\n\n\n\n<div class=\"wp-block-column is-style-rounded-corners\">\n<p class=\"has-text-align-center has-accent-color has-text-color has-link-color wp-elements-d3e6f9146d03fbee8c2a38e6377a4455\"><strong>Et plus encore ..!<\/strong><\/p>\n<\/div>\n<\/div>\n\n\n\n<figure class=\"wp-block-embed is-type-video is-provider-youtube wp-block-embed-youtube wp-embed-aspect-16-9 wp-has-aspect-ratio\"><div class=\"wp-block-embed__wrapper\">\n<iframe loading=\"lazy\" title=\"Reconnaissance des acquis et des comp\u00e9tences (RAC)\" width=\"500\" height=\"281\" src=\"https:\/\/www.youtube.com\/embed\/hkRXAVQALFs?feature=oembed\" frameborder=\"0\" allow=\"accelerometer; autoplay; clipboard-write; encrypted-media; gyroscope; picture-in-picture; web-share\" referrerpolicy=\"strict-origin-when-cross-origin\" allowfullscreen><\/iframe>\n<\/div><\/figure>\n\n\n\n\n<p class=\"act-lead\">Le SAE est pr\u00eat \u00e0 former la rel\u00e8ve! <\/p>\n\n\n\n\n<figure class=\"wp-block-embed is-type-video is-provider-youtube wp-block-embed-youtube wp-embed-aspect-16-9 wp-has-aspect-ratio\"><div class=\"wp-block-embed__wrapper\">\n<iframe loading=\"lazy\" title=\"Ba\u0302tisseurs de navires, d&#039;une g\u00e9n\u00e9ration \u00e0 une autre!\" width=\"500\" height=\"281\" src=\"https:\/\/www.youtube.com\/embed\/g8R-jUG6w5M?feature=oembed\" frameborder=\"0\" allow=\"accelerometer; autoplay; clipboard-write; encrypted-media; gyroscope; picture-in-picture; web-share\" referrerpolicy=\"strict-origin-when-cross-origin\" allowfullscreen><\/iframe>\n<\/div><\/figure>\n\n\n\n<h2 class=\"wp-block-heading\">Nos formations<\/h2>\n\n\n\n<div class=\"act-collapsible\">\n<h5 class=\"wp-block-heading act-collapsible__heading\">\u00c0 temps complet<\/h5>\n\n\n\n<div class=\"act-collapsible__content\"><div class=\"act-collapsible__content-inner\">\n<p><strong><a href=\"https:\/\/cssst.gouv.qc.ca\/adultes\/formation-professionnelle\/assistance-a-la-personne-en-residence-privee-pour-aines-aep-4244\/\">Assistance \u00e0 la personne en r\u00e9sidence priv\u00e9e pour a\u00een\u00e9es autonomes et semi-autonomes (AEP)<\/a><\/strong>&nbsp;<\/p>\n\n\n\n<p><strong><a href=\"https:\/\/cssst.gouv.qc.ca\/adultes\/formation-professionnelle\/service-de-garde-en-milieu-scolaire-aep-4232\/\">Service de garde en milieu scolaire (AEP)<\/a><\/strong>&nbsp;<\/p>\n\n\n\n<p><a href=\"https:\/\/cssst.gouv.qc.ca\/adultes\/formation-professionnelle\/soins-animaliers-aep-4223\/\"><strong>Soins animaliers (AEP)<\/strong>&nbsp;<\/a><\/p>\n\n\n\n<p><a href=\"https:\/\/cssst.gouv.qc.ca\/adultes\/soudage-semi-automatique-gmaw-et-fcaw-aep\/\"><strong>Soudage semi-automatique GMAW et FCAW (AEP)<\/strong><\/a>&nbsp;<\/p>\n\n\n\n<p><strong><a href=\"https:\/\/cssst.gouv.qc.ca\/adultes\/formation-professionnelle\/toilettage-pour-animaux-de-compagnie-aep\/\">Toilettage pour animaux de compagnie (AEP)<\/a><\/strong><\/p>\n<\/div><\/div>\n<\/div>\n\n\n\n<div class=\"act-collapsible\">\n<h5 class=\"wp-block-heading act-collapsible__heading\">\u00c0 temps partiel<\/h5>\n\n\n\n<div class=\"act-collapsible__content\"><div class=\"act-collapsible__content-inner\">\n<p><a href=\"https:\/\/cssst.gouv.qc.ca\/adultes\/competence-6\/\"><strong>Comp\u00e9tence 6 \u2013 R\u00e8gles et proc\u00e9dures au regard de l\u2019administration de m\u00e9dicaments et<\/strong>&nbsp;<strong>de soins invasifs d\u2019assistance (auparavant loi 90)&nbsp;<\/strong><\/a><\/p>\n\n\n\n<p><strong><a href=\"https:\/\/cssst.gouv.qc.ca\/adultes\/formation-professionnelle\/sante-et-securite-generale-sur-les-chantiers-de-construction-asp\/\">Sant\u00e9 et s\u00e9curit\u00e9 sur les chantiers de construction (ASP)<\/a><\/strong><\/p>\n<\/div><\/div>\n<\/div>\n\n\n\n<div class=\"act-collapsible\">\n<h5 class=\"wp-block-heading act-collapsible__heading\">Sur mesure<\/h5>\n\n\n\n<div class=\"act-collapsible__content\"><div class=\"act-collapsible__content-inner\">\n<p>Le Service aux entreprises (SAE) accompagne les entreprises et organismes de la r\u00e9gion au d\u00e9veloppement des comp\u00e9tences des travailleurs et de travailleuses de la r\u00e9gion \u0153uvrant dans divers secteurs.<\/p>\n\n\n\n<p><a href=\"https:\/\/cssst.gouv.qc.ca\/adultes\/service-aux-entreprises-et-aux-individus\/formations-sur-mesure\/\"><strong>D\u00e9couvrez notre service personnalis\u00e9 en cliquant ici !<\/strong><\/a><\/p>\n<\/div><\/div>\n<\/div>\n\n\n\n<h2 class=\"wp-block-heading has-black-color has-text-color has-link-color wp-elements-0c7e81b30f82e1aeaf00994dcf827ee3\">POUR PLUS D\u2019INFORMATION<\/h2>\n\n\n\n<p>Service aux entreprises et aux individus (SAE)<br>\ud83d\udcbb sae@cssst.gouv.qc.ca<br>\u260e\ufe0f 450 743-1285, poste 4312<br>\ud83c\udfeb Centre Bernard-Gari\u00e9py, 5105 boul. des \u00c9tudiants, Sorel-Tracy (Qu\u00e9bec) J3R 4K7<\/p>\n\n\n\n<h2 class=\"wp-block-heading has-black-color has-text-color has-link-color has-large-font-size wp-elements-56f2121d188aeae0983dd5e6cabc6bfe\"><strong>HORAIRE DU SECR\u00c9TARIAT<\/strong><\/h2>\n\n\n\n<p>8 h \u00e0 12 h et 13 h \u00e0 16 h (Lundi au vendredi)<\/p>\n\n\n\n<div style=\"height:19px\" aria-hidden=\"true\" class=\"wp-block-spacer\"><\/div>\n\n\n<section class=\"act-galerie-slider align act-galerie\">\n    <ul id=\"act-galerie-slider_69efecf80a1e6\">\n                    <li class=\"act-galerie-slider__item\">\n                <img loading=\"lazy\" decoding=\"async\" width=\"1024\" height=\"683\" src=\"https:\/\/cssst.gouv.qc.ca\/adultes\/wp-content\/uploads\/sites\/2\/2025\/04\/AYA09315-1024x683.jpg\" class=\"attachment-large size-large\" alt=\"\" srcset=\"https:\/\/cssst.gouv.qc.ca\/adultes\/wp-content\/uploads\/sites\/2\/2025\/04\/AYA09315-1024x683.jpg 1024w, https:\/\/cssst.gouv.qc.ca\/adultes\/wp-content\/uploads\/sites\/2\/2025\/04\/AYA09315-300x200.jpg 300w, https:\/\/cssst.gouv.qc.ca\/adultes\/wp-content\/uploads\/sites\/2\/2025\/04\/AYA09315-768x512.jpg 768w, https:\/\/cssst.gouv.qc.ca\/adultes\/wp-content\/uploads\/sites\/2\/2025\/04\/AYA09315-1536x1025.jpg 1536w\" sizes=\"auto, (max-width: 1024px) 100vw, 1024px\" \/>            <\/li>\n                    <li class=\"act-galerie-slider__item\">\n                <img loading=\"lazy\" decoding=\"async\" width=\"1024\" height=\"683\" src=\"https:\/\/cssst.gouv.qc.ca\/adultes\/wp-content\/uploads\/sites\/2\/2025\/04\/AYA09289-1024x683.jpg\" class=\"attachment-large size-large\" alt=\"\" srcset=\"https:\/\/cssst.gouv.qc.ca\/adultes\/wp-content\/uploads\/sites\/2\/2025\/04\/AYA09289-1024x683.jpg 1024w, https:\/\/cssst.gouv.qc.ca\/adultes\/wp-content\/uploads\/sites\/2\/2025\/04\/AYA09289-300x200.jpg 300w, https:\/\/cssst.gouv.qc.ca\/adultes\/wp-content\/uploads\/sites\/2\/2025\/04\/AYA09289-768x512.jpg 768w, https:\/\/cssst.gouv.qc.ca\/adultes\/wp-content\/uploads\/sites\/2\/2025\/04\/AYA09289-1536x1025.jpg 1536w, https:\/\/cssst.gouv.qc.ca\/adultes\/wp-content\/uploads\/sites\/2\/2025\/04\/AYA09289-2048x1366.jpg 2048w\" sizes=\"auto, (max-width: 1024px) 100vw, 1024px\" \/>            <\/li>\n                    <li class=\"act-galerie-slider__item\">\n                <img loading=\"lazy\" decoding=\"async\" width=\"1024\" height=\"683\" src=\"https:\/\/cssst.gouv.qc.ca\/adultes\/wp-content\/uploads\/sites\/2\/2025\/04\/AYA09284-1024x683.jpg\" class=\"attachment-large size-large\" alt=\"\" srcset=\"https:\/\/cssst.gouv.qc.ca\/adultes\/wp-content\/uploads\/sites\/2\/2025\/04\/AYA09284-1024x683.jpg 1024w, https:\/\/cssst.gouv.qc.ca\/adultes\/wp-content\/uploads\/sites\/2\/2025\/04\/AYA09284-300x200.jpg 300w, https:\/\/cssst.gouv.qc.ca\/adultes\/wp-content\/uploads\/sites\/2\/2025\/04\/AYA09284-768x512.jpg 768w, https:\/\/cssst.gouv.qc.ca\/adultes\/wp-content\/uploads\/sites\/2\/2025\/04\/AYA09284-1536x1025.jpg 1536w, https:\/\/cssst.gouv.qc.ca\/adultes\/wp-content\/uploads\/sites\/2\/2025\/04\/AYA09284-2048x1366.jpg 2048w\" sizes=\"auto, (max-width: 1024px) 100vw, 1024px\" \/>            <\/li>\n                    <li class=\"act-galerie-slider__item\">\n                <img loading=\"lazy\" decoding=\"async\" width=\"1024\" height=\"450\" src=\"https:\/\/cssst.gouv.qc.ca\/adultes\/wp-content\/uploads\/sites\/2\/2025\/03\/SAE_BANNIERE-FACEBOOK_4-1024x450.png\" class=\"attachment-large size-large\" alt=\"\" srcset=\"https:\/\/cssst.gouv.qc.ca\/adultes\/wp-content\/uploads\/sites\/2\/2025\/03\/SAE_BANNIERE-FACEBOOK_4-1024x450.png 1024w, https:\/\/cssst.gouv.qc.ca\/adultes\/wp-content\/uploads\/sites\/2\/2025\/03\/SAE_BANNIERE-FACEBOOK_4-300x132.png 300w, https:\/\/cssst.gouv.qc.ca\/adultes\/wp-content\/uploads\/sites\/2\/2025\/03\/SAE_BANNIERE-FACEBOOK_4-768x337.png 768w, https:\/\/cssst.gouv.qc.ca\/adultes\/wp-content\/uploads\/sites\/2\/2025\/03\/SAE_BANNIERE-FACEBOOK_4-1536x675.png 1536w, https:\/\/cssst.gouv.qc.ca\/adultes\/wp-content\/uploads\/sites\/2\/2025\/03\/SAE_BANNIERE-FACEBOOK_4.png 1641w\" sizes=\"auto, (max-width: 1024px) 100vw, 1024px\" \/>            <\/li>\n                    <li class=\"act-galerie-slider__item\">\n                <img loading=\"lazy\" decoding=\"async\" width=\"1024\" height=\"450\" src=\"https:\/\/cssst.gouv.qc.ca\/adultes\/wp-content\/uploads\/sites\/2\/2025\/04\/SAE_BANNIERE-FACEBOOK_3-1024x450.png\" class=\"attachment-large size-large\" alt=\"\" srcset=\"https:\/\/cssst.gouv.qc.ca\/adultes\/wp-content\/uploads\/sites\/2\/2025\/04\/SAE_BANNIERE-FACEBOOK_3-1024x450.png 1024w, https:\/\/cssst.gouv.qc.ca\/adultes\/wp-content\/uploads\/sites\/2\/2025\/04\/SAE_BANNIERE-FACEBOOK_3-300x132.png 300w, https:\/\/cssst.gouv.qc.ca\/adultes\/wp-content\/uploads\/sites\/2\/2025\/04\/SAE_BANNIERE-FACEBOOK_3-768x337.png 768w, https:\/\/cssst.gouv.qc.ca\/adultes\/wp-content\/uploads\/sites\/2\/2025\/04\/SAE_BANNIERE-FACEBOOK_3-1536x675.png 1536w, https:\/\/cssst.gouv.qc.ca\/adultes\/wp-content\/uploads\/sites\/2\/2025\/04\/SAE_BANNIERE-FACEBOOK_3.png 1641w\" sizes=\"auto, (max-width: 1024px) 100vw, 1024px\" \/>            <\/li>\n            <\/ul>\n<\/section>\n\n","protected":false},"excerpt":{"rendered":"<p>Le Service aux entreprises et aux individus (SAE) du Centre de services scolaire de Sorel-Tracy accompagne : Nos services Formations \u00e0 temps complet Formations \u00e0 temps partiel Formations \u00e0 5 $\/ H Reconnaissance des acquis et des comp\u00e9tences Francisation en entreprise Formations sur mesure Conception et administration de tests d&#8217;embauche Production de mat\u00e9riel didactique Et [&hellip;]<\/p>\n","protected":false},"author":1,"featured_media":0,"parent":0,"menu_order":60,"comment_status":"closed","ping_status":"closed","template":"","meta":{"_acf_changed":false,"inline_featured_image":false,"footnotes":""},"class_list":["post-239","page","type-page","status-publish","hentry"],"acf":[],"yoast_head":"<!-- This site is optimized with the Yoast SEO plugin v27.4 - https:\/\/yoast.com\/product\/yoast-seo-wordpress\/ -->\n<title>Service aux entreprises et aux individus -<\/title>\n<meta name=\"robots\" content=\"index, follow, max-snippet:-1, max-image-preview:large, max-video-preview:-1\" \/>\n<link rel=\"canonical\" href=\"https:\/\/cssst.gouv.qc.ca\/adultes\/service-aux-entreprises-et-aux-individus\/\" \/>\n<meta property=\"og:locale\" content=\"fr_CA\" \/>\n<meta property=\"og:type\" content=\"article\" \/>\n<meta property=\"og:title\" content=\"Service aux entreprises et aux individus -\" \/>\n<meta property=\"og:description\" content=\"Le Service aux entreprises et aux individus (SAE) du Centre de services scolaire de Sorel-Tracy accompagne : Nos services Formations \u00e0 temps complet Formations \u00e0 temps partiel Formations \u00e0 5 $\/ H Reconnaissance des acquis et des comp\u00e9tences Francisation en entreprise Formations sur mesure Conception et administration de tests d&#8217;embauche Production de mat\u00e9riel didactique Et [&hellip;]\" \/>\n<meta property=\"og:url\" content=\"https:\/\/cssst.gouv.qc.ca\/adultes\/service-aux-entreprises-et-aux-individus\/\" \/>\n<meta property=\"article:publisher\" content=\"https:\/\/www.facebook.com\/CFPEAST?locale=fr_CA\" \/>\n<meta property=\"article:modified_time\" content=\"2026-04-16T18:27:49+00:00\" \/>\n<meta property=\"og:image\" content=\"https:\/\/cssst.gouv.qc.ca\/adultes\/wp-content\/uploads\/sites\/2\/2025\/04\/CFP-1-scaled.jpg\" \/>\n\t<meta property=\"og:image:width\" content=\"2560\" \/>\n\t<meta property=\"og:image:height\" content=\"1980\" \/>\n\t<meta property=\"og:image:type\" content=\"image\/jpeg\" \/>\n<meta name=\"twitter:card\" content=\"summary_large_image\" \/>\n<meta name=\"twitter:label1\" content=\"Estimation du temps de lecture\" \/>\n\t<meta name=\"twitter:data1\" content=\"2 minutes\" \/>\n<script type=\"application\/ld+json\" class=\"yoast-schema-graph\">{\"@context\":\"https:\\\/\\\/schema.org\",\"@graph\":[{\"@type\":\"WebPage\",\"@id\":\"https:\\\/\\\/cssst.gouv.qc.ca\\\/adultes\\\/service-aux-entreprises-et-aux-individus\\\/\",\"url\":\"https:\\\/\\\/cssst.gouv.qc.ca\\\/adultes\\\/service-aux-entreprises-et-aux-individus\\\/\",\"name\":\"Service aux entreprises et aux individus -\",\"isPartOf\":{\"@id\":\"https:\\\/\\\/cssst.gouv.qc.ca\\\/adultes\\\/#website\"},\"primaryImageOfPage\":{\"@id\":\"https:\\\/\\\/cssst.gouv.qc.ca\\\/adultes\\\/service-aux-entreprises-et-aux-individus\\\/#primaryimage\"},\"image\":{\"@id\":\"https:\\\/\\\/cssst.gouv.qc.ca\\\/adultes\\\/service-aux-entreprises-et-aux-individus\\\/#primaryimage\"},\"thumbnailUrl\":\"https:\\\/\\\/cssst.gouv.qc.ca\\\/adultes\\\/wp-content\\\/uploads\\\/sites\\\/2\\\/2025\\\/04\\\/CFP-1-scaled.jpg\",\"datePublished\":\"2023-02-06T17:59:41+00:00\",\"dateModified\":\"2026-04-16T18:27:49+00:00\",\"breadcrumb\":{\"@id\":\"https:\\\/\\\/cssst.gouv.qc.ca\\\/adultes\\\/service-aux-entreprises-et-aux-individus\\\/#breadcrumb\"},\"inLanguage\":\"fr-CA\",\"potentialAction\":[{\"@type\":\"ReadAction\",\"target\":[\"https:\\\/\\\/cssst.gouv.qc.ca\\\/adultes\\\/service-aux-entreprises-et-aux-individus\\\/\"]}]},{\"@type\":\"ImageObject\",\"inLanguage\":\"fr-CA\",\"@id\":\"https:\\\/\\\/cssst.gouv.qc.ca\\\/adultes\\\/service-aux-entreprises-et-aux-individus\\\/#primaryimage\",\"url\":\"https:\\\/\\\/cssst.gouv.qc.ca\\\/adultes\\\/wp-content\\\/uploads\\\/sites\\\/2\\\/2025\\\/04\\\/CFP-1-scaled.jpg\",\"contentUrl\":\"https:\\\/\\\/cssst.gouv.qc.ca\\\/adultes\\\/wp-content\\\/uploads\\\/sites\\\/2\\\/2025\\\/04\\\/CFP-1-scaled.jpg\",\"width\":2560,\"height\":1980},{\"@type\":\"BreadcrumbList\",\"@id\":\"https:\\\/\\\/cssst.gouv.qc.ca\\\/adultes\\\/service-aux-entreprises-et-aux-individus\\\/#breadcrumb\",\"itemListElement\":[{\"@type\":\"ListItem\",\"position\":1,\"name\":\"Accueil\",\"item\":\"https:\\\/\\\/cssst.gouv.qc.ca\\\/adultes\\\/\"},{\"@type\":\"ListItem\",\"position\":2,\"name\":\"Service aux entreprises et aux individus\"}]},{\"@type\":\"WebSite\",\"@id\":\"https:\\\/\\\/cssst.gouv.qc.ca\\\/adultes\\\/#website\",\"url\":\"https:\\\/\\\/cssst.gouv.qc.ca\\\/adultes\\\/\",\"name\":\"\",\"description\":\"\",\"potentialAction\":[{\"@type\":\"SearchAction\",\"target\":{\"@type\":\"EntryPoint\",\"urlTemplate\":\"https:\\\/\\\/cssst.gouv.qc.ca\\\/adultes\\\/?s={search_term_string}\"},\"query-input\":{\"@type\":\"PropertyValueSpecification\",\"valueRequired\":true,\"valueName\":\"search_term_string\"}}],\"inLanguage\":\"fr-CA\"}]}<\/script>\n<!-- \/ Yoast SEO plugin. -->","yoast_head_json":{"title":"Service aux entreprises et aux individus -","robots":{"index":"index","follow":"follow","max-snippet":"max-snippet:-1","max-image-preview":"max-image-preview:large","max-video-preview":"max-video-preview:-1"},"canonical":"https:\/\/cssst.gouv.qc.ca\/adultes\/service-aux-entreprises-et-aux-individus\/","og_locale":"fr_CA","og_type":"article","og_title":"Service aux entreprises et aux individus -","og_description":"Le Service aux entreprises et aux individus (SAE) du Centre de services scolaire de Sorel-Tracy accompagne : Nos services Formations \u00e0 temps complet Formations \u00e0 temps partiel Formations \u00e0 5 $\/ H Reconnaissance des acquis et des comp\u00e9tences Francisation en entreprise Formations sur mesure Conception et administration de tests d&#8217;embauche Production de mat\u00e9riel didactique Et [&hellip;]","og_url":"https:\/\/cssst.gouv.qc.ca\/adultes\/service-aux-entreprises-et-aux-individus\/","article_publisher":"https:\/\/www.facebook.com\/CFPEAST?locale=fr_CA","article_modified_time":"2026-04-16T18:27:49+00:00","og_image":[{"width":2560,"height":1980,"url":"https:\/\/cssst.gouv.qc.ca\/adultes\/wp-content\/uploads\/sites\/2\/2025\/04\/CFP-1-scaled.jpg","type":"image\/jpeg"}],"twitter_card":"summary_large_image","twitter_misc":{"Estimation du temps de lecture":"2 minutes"},"schema":{"@context":"https:\/\/schema.org","@graph":[{"@type":"WebPage","@id":"https:\/\/cssst.gouv.qc.ca\/adultes\/service-aux-entreprises-et-aux-individus\/","url":"https:\/\/cssst.gouv.qc.ca\/adultes\/service-aux-entreprises-et-aux-individus\/","name":"Service aux entreprises et aux individus -","isPartOf":{"@id":"https:\/\/cssst.gouv.qc.ca\/adultes\/#website"},"primaryImageOfPage":{"@id":"https:\/\/cssst.gouv.qc.ca\/adultes\/service-aux-entreprises-et-aux-individus\/#primaryimage"},"image":{"@id":"https:\/\/cssst.gouv.qc.ca\/adultes\/service-aux-entreprises-et-aux-individus\/#primaryimage"},"thumbnailUrl":"https:\/\/cssst.gouv.qc.ca\/adultes\/wp-content\/uploads\/sites\/2\/2025\/04\/CFP-1-scaled.jpg","datePublished":"2023-02-06T17:59:41+00:00","dateModified":"2026-04-16T18:27:49+00:00","breadcrumb":{"@id":"https:\/\/cssst.gouv.qc.ca\/adultes\/service-aux-entreprises-et-aux-individus\/#breadcrumb"},"inLanguage":"fr-CA","potentialAction":[{"@type":"ReadAction","target":["https:\/\/cssst.gouv.qc.ca\/adultes\/service-aux-entreprises-et-aux-individus\/"]}]},{"@type":"ImageObject","inLanguage":"fr-CA","@id":"https:\/\/cssst.gouv.qc.ca\/adultes\/service-aux-entreprises-et-aux-individus\/#primaryimage","url":"https:\/\/cssst.gouv.qc.ca\/adultes\/wp-content\/uploads\/sites\/2\/2025\/04\/CFP-1-scaled.jpg","contentUrl":"https:\/\/cssst.gouv.qc.ca\/adultes\/wp-content\/uploads\/sites\/2\/2025\/04\/CFP-1-scaled.jpg","width":2560,"height":1980},{"@type":"BreadcrumbList","@id":"https:\/\/cssst.gouv.qc.ca\/adultes\/service-aux-entreprises-et-aux-individus\/#breadcrumb","itemListElement":[{"@type":"ListItem","position":1,"name":"Accueil","item":"https:\/\/cssst.gouv.qc.ca\/adultes\/"},{"@type":"ListItem","position":2,"name":"Service aux entreprises et aux individus"}]},{"@type":"WebSite","@id":"https:\/\/cssst.gouv.qc.ca\/adultes\/#website","url":"https:\/\/cssst.gouv.qc.ca\/adultes\/","name":"","description":"","potentialAction":[{"@type":"SearchAction","target":{"@type":"EntryPoint","urlTemplate":"https:\/\/cssst.gouv.qc.ca\/adultes\/?s={search_term_string}"},"query-input":{"@type":"PropertyValueSpecification","valueRequired":true,"valueName":"search_term_string"}}],"inLanguage":"fr-CA"}]}},"_links":{"self":[{"href":"https:\/\/cssst.gouv.qc.ca\/adultes\/wp-json\/wp\/v2\/pages\/239","targetHints":{"allow":["GET"]}}],"collection":[{"href":"https:\/\/cssst.gouv.qc.ca\/adultes\/wp-json\/wp\/v2\/pages"}],"about":[{"href":"https:\/\/cssst.gouv.qc.ca\/adultes\/wp-json\/wp\/v2\/types\/page"}],"author":[{"embeddable":true,"href":"https:\/\/cssst.gouv.qc.ca\/adultes\/wp-json\/wp\/v2\/users\/1"}],"replies":[{"embeddable":true,"href":"https:\/\/cssst.gouv.qc.ca\/adultes\/wp-json\/wp\/v2\/comments?post=239"}],"version-history":[{"count":0,"href":"https:\/\/cssst.gouv.qc.ca\/adultes\/wp-json\/wp\/v2\/pages\/239\/revisions"}],"wp:attachment":[{"href":"https:\/\/cssst.gouv.qc.ca\/adultes\/wp-json\/wp\/v2\/media?parent=239"}],"curies":[{"name":"wp","href":"https:\/\/api.w.org\/{rel}","templated":true}]}}