{"id":205,"date":"2023-02-06T17:59:09","date_gmt":"2023-02-06T17:59:09","guid":{"rendered":"https:\/\/cssst.gouv.qc.ca\/adultes\/formation-generale-des-adultes\/informations-generales\/"},"modified":"2026-03-26T15:03:28","modified_gmt":"2026-03-26T15:03:28","slug":"informations-generales","status":"publish","type":"page","link":"https:\/\/cssst.gouv.qc.ca\/adultes\/formation-generale-des-adultes\/informations-generales\/","title":{"rendered":"Informations g\u00e9n\u00e9rales"},"content":{"rendered":"\n<div class=\"wp-block-cover alignfull is-light is-style-default\"><img decoding=\"async\" class=\"wp-block-cover__image-background wp-image-182\" alt=\"\" src=\"http:\/\/cssst.gouv.qc.ca\/wp-content\/uploads\/2022\/08\/Seawire-Hero-06-2.jpg\" data-object-fit=\"cover\" \/><span aria-hidden=\"true\" class=\"wp-block-cover__background has-background-dim\"><\/span><div class=\"wp-block-cover__inner-container\"><h3 class=\"has-link-color wp-elements-bb58bf9a9852c27fca6797520f7c815a wp-block-post-title has-text-color has-white-color has-heading-1-font-size\">Informations g\u00e9n\u00e9rales<\/h3><\/div><\/div>\n\n\n\n<div class=\"wp-block-group alignfull has-padding-y-large has-tertiary-background-color has-background\"><div class=\"yoast-breadcrumbs alignwide \"><span class=\"breadcrumbs\"><a href=\"https:\/\/cssst.gouv.qc.ca\/adultes\/\" class=\"breadcrumbs__element\">Accueil<\/a> <span class=\"breadcrumbs__separator\">\n        <svg class=\"icon icon-breadcrumb__separator\"><use xlink:href=\"#icon-breadcrumb__separator\"><\/use><\/svg>\n    <\/span> <a href=\"https:\/\/cssst.gouv.qc.ca\/adultes\/formation-generale-des-adultes\/\" class=\"breadcrumbs__element\">Formation g\u00e9n\u00e9rale des adultes<\/a> <span class=\"breadcrumbs__separator\">\n        <svg class=\"icon icon-breadcrumb__separator\"><use xlink:href=\"#icon-breadcrumb__separator\"><\/use><\/svg>\n    <\/span> <span class=\"breadcrumbs__element breadcrumbs__element-current\">Informations g\u00e9n\u00e9rales<\/span><\/span><\/div><\/div>\n\n\n\n<h1 class=\"wp-block-heading\">Informations g\u00e9n\u00e9rales<\/h1>\n\n\n\n<p class=\"has-primary-color has-text-color\"><strong>La formation g\u00e9n\u00e9rale des adultes permet \u00e0 toute personne \u00e2g\u00e9e de 16 ans et plus au 30 juin de l\u2019ann\u00e9e scolaire pr\u00e9c\u00e9dente, de poursuivre ses \u00e9tudes dans le but de :<\/strong><\/p>\n\n\n\n<ul class=\"wp-block-list\">\n<li>obtenir un dipl\u00f4me d\u2019\u00e9tudes secondaires (DES)<\/li>\n\n\n\n<li>acqu\u00e9rir des pr\u00e9alables pour acc\u00e9der \u00e0 la formation professionnelle<\/li>\n\n\n\n<li>acqu\u00e9rir des pr\u00e9alables pour acc\u00e9der \u00e0 la formation coll\u00e9giale<\/li>\n\n\n\n<li>apprendre les bases de la lecture, de l\u2019\u00e9criture et des math\u00e9matiques<\/li>\n\n\n\n<li>apprendre le fran\u00e7ais en tant qu\u2019allophone<\/li>\n\n\n\n<li>acc\u00e9der au march\u00e9 du travail<\/li>\n\n\n\n<li>obtenir une attestation d\u2019\u00e9quivalence de niveau de scolarit\u00e9 de cinqui\u00e8me ann\u00e9e du secondaire (AENS)<\/li>\n\n\n\n<li>compl\u00e9ter les tests de d\u00e9veloppement g\u00e9n\u00e9ral (TDG)<\/li>\n\n\n\n<li>avoir une attestation des pr\u00e9alables scolaires (CCQ)<\/li>\n<\/ul>\n\n\n\n<p>La formation g\u00e9n\u00e9rale donn\u00e9e par les CFPEAST est offerte selon la formule d\u2019entr\u00e9e p\u00e9riodique et sortie variable (EPSV) aussi appel\u00e9e enseignement individualis\u00e9.<\/p>\n\n\n\n<p>Des groupes d\u00e9butent en ao\u00fbt de chaque ann\u00e9e et par la suite, un nouvel \u00e9l\u00e8ve peut int\u00e9grer un groupe d\u00e8s qu\u2019une place se lib\u00e8re.<\/p>\n\n\n\n<ul class=\"wp-block-list\">\n<li>Rapidit\u00e9 d\u2019inscription (possibilit\u00e9 d\u2019entr\u00e9e en continu)<\/li>\n\n\n\n<li>Rapidit\u00e9 \u00e0 mettre en place un plan d\u2019action (offre d\u2019accompagnement, soutien p\u00e9dagogique personnalis\u00e9, levier pour la r\u00e9ussite de ton projet scolaire)<\/li>\n\n\n\n<li>Rapidit\u00e9 d\u2019acc\u00e8s (pas de trafic, \u00e0 proximit\u00e9 des grands centres, stationnements disponibles)<\/li>\n<\/ul>\n\n\n\n<p>__________________________________________________________________________________________<\/p>\n\n\n\n<div class=\"act-collapsible\">\n<h5 class=\"wp-block-heading act-collapsible__heading\">Inscriptions en FGA<\/h5>\n\n\n\n<div class=\"act-collapsible__content\"><div class=\"act-collapsible__content-inner\">\n<p><strong>DIRECTIVES RELATIVES \u00c0 UNE INSCRIPTION EN FGA (JOUR ou SOIR)<\/strong><\/p>\n\n\n\n<ul class=\"wp-block-list\">\n<li>Vous pouvez vous pr\u00e9senter\u00a0<strong>avec rendez-vous<\/strong>\u00a0au Centre de formation professionnelle (2725, boul. de Tracy, Sorel-Tracy), du lundi au vendredi, entre 8 h et 12 h ou entre 13 h et 16 h.<\/li>\n\n\n\n<li><strong>Vous devez \u00eatre \u00e2g\u00e9 d&rsquo;au moins 16 ans au 30 juin de l&rsquo;ann\u00e9e scolaire en cours et non inscrit au secteur des jeunes<\/strong><\/li>\n\n\n\n<li>Vous devrez apporter les documents suivants :\n<ul class=\"wp-block-list\">\n<li><a href=\"http:\/\/www.google.com\/url?q=http%3A%2F%2Fwww.etatcivil.gouv.qc.ca%2Ffr%2Fdefault.html&amp;sa=D&amp;sntz=1&amp;usg=AOvVaw2mdS8f_JZCqB8kujdOfxqD\">certificat de naissance de l&rsquo;\u00e9tat civil du Qu\u00e9bec<\/a>&nbsp;(original GRAND FORMAT ou copie certifi\u00e9e GRAND FORMAT pr\u00e9cisant le nom des parents) <strong>ET\/OU<\/strong><\/li>\n\n\n\n<li><a href=\"https:\/\/www.google.com\/url?q=https%3A%2F%2Fwww7.mels.gouv.qc.ca%2Fdc%2FDemandeReleve%2Findex.php%3Fsection%3Dformulaire&amp;sa=D&amp;sntz=1&amp;usg=AOvVaw30Rkc3qCnu7wRSoYLCvVf2\">dernier relev\u00e9 de notes du minist\u00e8re de l&rsquo;\u00c9ducation du Qu\u00e9bec (MEQ)<\/a>&nbsp;indiquant votre code permanent<\/li>\n\n\n\n<li>dernier bulletin scolaire<\/li>\n\n\n\n<li>preuve de r\u00e9sidence au Qu\u00e9bec POUR TOUS (permis de conduire ou carte d&rsquo;assurance-maladie)<\/li>\n\n\n\n<li><strong>23 $ pour un \u00e9l\u00e8ve de jour<\/strong>&nbsp;(photocopies 16$, cotisation \u00e9tudiante 5$ et carte \u00e9tudiante 2$)<\/li>\n\n\n\n<li><strong>20 $ pour un \u00e9l\u00e8ve de soir<\/strong>&nbsp;(photocopies 16 $, cotisation \u00e9tudiante 2$ et carte \u00e9tudiante 2$)<\/li>\n\n\n\n<li><strong>23$ pour les \u00e9l\u00e8ves en formation \u00e0 distance<\/strong> (photocopies 16 $, cotisation \u00e9tudiante 2$ et carte \u00e9tudiante 2$)<\/li>\n<\/ul>\n<\/li>\n<\/ul>\n\n\n\n<div class=\"wp-block-file\"><a id=\"wp-block-file--media-5c1d481a-ce12-4a66-99d5-746bd7a28d38\" href=\"https:\/\/cssst.gouv.qc.ca\/adultes\/wp-content\/uploads\/sites\/2\/2025\/06\/Frais-eleve-FGA-2025-2026-1-3.pdf\">Frais \u00e9l\u00e8ve FGA 2025-2026<\/a><\/div>\n<\/div><\/div>\n<\/div>\n\n\n\n<div class=\"act-collapsible\">\n<h5 class=\"wp-block-heading act-collapsible__heading\">Horaires<\/h5>\n\n\n\n<div class=\"act-collapsible__content\"><div class=\"act-collapsible__content-inner\">\n<p><strong>Horaire de jour (lundi au vendredi)<\/strong><\/p>\n\n\n\n<p>8 h 15 \u00e0 11 h 30 et de 12 h 30 \u00e0 15 h 45<\/p>\n\n\n\n<p><strong>Horaire de soir (lundi au jeudi) <\/strong><\/p>\n\n\n\n<p>18 h \u00e0 21 h 15<\/p>\n\n\n\n<p><strong>* La salle d&rsquo;examen est disponible le mercredi, \u00e0 partir de 16 h 45.<\/strong>&nbsp;<br><\/p>\n<\/div><\/div>\n<\/div>\n\n\n\n<div class=\"act-collapsible\">\n<h5 class=\"wp-block-heading act-collapsible__heading\">Mythes et r\u00e9alit\u00e9s<\/h5>\n\n\n\n<div class=\"act-collapsible__content\"><div class=\"act-collapsible__content-inner\">\n<div class=\"wp-block-file\"><a id=\"wp-block-file--media-3478c6f8-f7e4-44f0-b3fd-f0d50a92902b\" href=\"https:\/\/cssst.gouv.qc.ca\/adultes\/wp-content\/uploads\/sites\/2\/2025\/04\/Mythes-et-realites_Formation-generale-aux-adultes_CFPEAST-1.pdf\">Mythes et r\u00e9alit\u00e9s_Formation g\u00e9n\u00e9rale aux adultes_CFPEAST<\/a><a href=\"https:\/\/cssst.gouv.qc.ca\/adultes\/wp-content\/uploads\/sites\/2\/2025\/04\/Mythes-et-realites_Formation-generale-aux-adultes_CFPEAST-1.pdf\" class=\"wp-block-file__button wp-element-button\" download aria-describedby=\"wp-block-file--media-3478c6f8-f7e4-44f0-b3fd-f0d50a92902b\">T\u00e9l\u00e9charger<\/a><\/div>\n<\/div><\/div>\n<\/div>\n\n\n\n<div class=\"act-collapsible\">\n<h5 class=\"wp-block-heading act-collapsible__heading\">Aide financi\u00e8re<\/h5>\n\n\n\n<div class=\"act-collapsible__content\"><div class=\"act-collapsible__content-inner\">\n<p>Pour d\u00e9couvrir les diff\u00e9rentes options d&rsquo;aide financi\u00e8re disponibles, veuillez aller consulter le site du <a href=\"https:\/\/www.quebec.ca\/services-quebec\" target=\"_blank\" rel=\"noreferrer noopener\">Bureau Service Qu\u00e9bec<\/a> ou communiquez avec eux par t\u00e9l\u00e9phone au 450 742-5941.<\/p>\n<\/div><\/div>\n<\/div>\n","protected":false},"excerpt":{"rendered":"<p>Informations g\u00e9n\u00e9rales La formation g\u00e9n\u00e9rale des adultes permet \u00e0 toute personne \u00e2g\u00e9e de 16 ans et plus au 30 juin de l\u2019ann\u00e9e scolaire pr\u00e9c\u00e9dente, de poursuivre ses \u00e9tudes dans le but de : La formation g\u00e9n\u00e9rale donn\u00e9e par les CFPEAST est offerte selon la formule d\u2019entr\u00e9e p\u00e9riodique et sortie variable (EPSV) aussi appel\u00e9e enseignement individualis\u00e9. [&hellip;]<\/p>\n","protected":false},"author":1,"featured_media":0,"parent":204,"menu_order":0,"comment_status":"closed","ping_status":"closed","template":"","meta":{"_acf_changed":false,"inline_featured_image":false,"footnotes":""},"class_list":["post-205","page","type-page","status-publish","hentry"],"acf":[],"yoast_head":"<!-- This site is optimized with the Yoast SEO plugin v27.5 - https:\/\/yoast.com\/product\/yoast-seo-wordpress\/ -->\n<title>Informations g\u00e9n\u00e9rales -<\/title>\n<meta name=\"robots\" content=\"index, follow, max-snippet:-1, max-image-preview:large, max-video-preview:-1\" \/>\n<link rel=\"canonical\" href=\"https:\/\/cssst.gouv.qc.ca\/adultes\/formation-generale-des-adultes\/informations-generales\/\" \/>\n<meta property=\"og:locale\" content=\"fr_CA\" \/>\n<meta property=\"og:type\" content=\"article\" \/>\n<meta property=\"og:title\" content=\"Informations g\u00e9n\u00e9rales -\" \/>\n<meta property=\"og:description\" content=\"Informations g\u00e9n\u00e9rales La formation g\u00e9n\u00e9rale des adultes permet \u00e0 toute personne \u00e2g\u00e9e de 16 ans et plus au 30 juin de l\u2019ann\u00e9e scolaire pr\u00e9c\u00e9dente, de poursuivre ses \u00e9tudes dans le but de : La formation g\u00e9n\u00e9rale donn\u00e9e par les CFPEAST est offerte selon la formule d\u2019entr\u00e9e p\u00e9riodique et sortie variable (EPSV) aussi appel\u00e9e enseignement individualis\u00e9. [&hellip;]\" \/>\n<meta property=\"og:url\" content=\"https:\/\/cssst.gouv.qc.ca\/adultes\/formation-generale-des-adultes\/informations-generales\/\" \/>\n<meta property=\"article:publisher\" content=\"https:\/\/www.facebook.com\/CFPEAST?locale=fr_CA\" \/>\n<meta property=\"article:modified_time\" content=\"2026-03-26T15:03:28+00:00\" \/>\n<meta name=\"twitter:card\" content=\"summary_large_image\" \/>\n<meta name=\"twitter:label1\" content=\"Estimation du temps de lecture\" \/>\n\t<meta name=\"twitter:data1\" content=\"3 minutes\" \/>\n<script type=\"application\/ld+json\" class=\"yoast-schema-graph\">{\"@context\":\"https:\\\/\\\/schema.org\",\"@graph\":[{\"@type\":\"WebPage\",\"@id\":\"https:\\\/\\\/cssst.gouv.qc.ca\\\/adultes\\\/formation-generale-des-adultes\\\/informations-generales\\\/\",\"url\":\"https:\\\/\\\/cssst.gouv.qc.ca\\\/adultes\\\/formation-generale-des-adultes\\\/informations-generales\\\/\",\"name\":\"Informations g\u00e9n\u00e9rales -\",\"isPartOf\":{\"@id\":\"https:\\\/\\\/cssst.gouv.qc.ca\\\/adultes\\\/#website\"},\"primaryImageOfPage\":{\"@id\":\"https:\\\/\\\/cssst.gouv.qc.ca\\\/adultes\\\/formation-generale-des-adultes\\\/informations-generales\\\/#primaryimage\"},\"image\":{\"@id\":\"https:\\\/\\\/cssst.gouv.qc.ca\\\/adultes\\\/formation-generale-des-adultes\\\/informations-generales\\\/#primaryimage\"},\"thumbnailUrl\":\"http:\\\/\\\/cssst.gouv.qc.ca\\\/wp-content\\\/uploads\\\/2022\\\/08\\\/Seawire-Hero-06-2.jpg\",\"datePublished\":\"2023-02-06T17:59:09+00:00\",\"dateModified\":\"2026-03-26T15:03:28+00:00\",\"breadcrumb\":{\"@id\":\"https:\\\/\\\/cssst.gouv.qc.ca\\\/adultes\\\/formation-generale-des-adultes\\\/informations-generales\\\/#breadcrumb\"},\"inLanguage\":\"fr-CA\",\"potentialAction\":[{\"@type\":\"ReadAction\",\"target\":[\"https:\\\/\\\/cssst.gouv.qc.ca\\\/adultes\\\/formation-generale-des-adultes\\\/informations-generales\\\/\"]}]},{\"@type\":\"ImageObject\",\"inLanguage\":\"fr-CA\",\"@id\":\"https:\\\/\\\/cssst.gouv.qc.ca\\\/adultes\\\/formation-generale-des-adultes\\\/informations-generales\\\/#primaryimage\",\"url\":\"http:\\\/\\\/cssst.gouv.qc.ca\\\/wp-content\\\/uploads\\\/2022\\\/08\\\/Seawire-Hero-06-2.jpg\",\"contentUrl\":\"http:\\\/\\\/cssst.gouv.qc.ca\\\/wp-content\\\/uploads\\\/2022\\\/08\\\/Seawire-Hero-06-2.jpg\"},{\"@type\":\"BreadcrumbList\",\"@id\":\"https:\\\/\\\/cssst.gouv.qc.ca\\\/adultes\\\/formation-generale-des-adultes\\\/informations-generales\\\/#breadcrumb\",\"itemListElement\":[{\"@type\":\"ListItem\",\"position\":1,\"name\":\"Accueil\",\"item\":\"https:\\\/\\\/cssst.gouv.qc.ca\\\/adultes\\\/\"},{\"@type\":\"ListItem\",\"position\":2,\"name\":\"Formation g\u00e9n\u00e9rale des adultes\",\"item\":\"https:\\\/\\\/cssst.gouv.qc.ca\\\/adultes\\\/formation-generale-des-adultes\\\/\"},{\"@type\":\"ListItem\",\"position\":3,\"name\":\"Informations g\u00e9n\u00e9rales\"}]},{\"@type\":\"WebSite\",\"@id\":\"https:\\\/\\\/cssst.gouv.qc.ca\\\/adultes\\\/#website\",\"url\":\"https:\\\/\\\/cssst.gouv.qc.ca\\\/adultes\\\/\",\"name\":\"\",\"description\":\"\",\"potentialAction\":[{\"@type\":\"SearchAction\",\"target\":{\"@type\":\"EntryPoint\",\"urlTemplate\":\"https:\\\/\\\/cssst.gouv.qc.ca\\\/adultes\\\/?s={search_term_string}\"},\"query-input\":{\"@type\":\"PropertyValueSpecification\",\"valueRequired\":true,\"valueName\":\"search_term_string\"}}],\"inLanguage\":\"fr-CA\"}]}<\/script>\n<!-- \/ Yoast SEO plugin. -->","yoast_head_json":{"title":"Informations g\u00e9n\u00e9rales -","robots":{"index":"index","follow":"follow","max-snippet":"max-snippet:-1","max-image-preview":"max-image-preview:large","max-video-preview":"max-video-preview:-1"},"canonical":"https:\/\/cssst.gouv.qc.ca\/adultes\/formation-generale-des-adultes\/informations-generales\/","og_locale":"fr_CA","og_type":"article","og_title":"Informations g\u00e9n\u00e9rales -","og_description":"Informations g\u00e9n\u00e9rales La formation g\u00e9n\u00e9rale des adultes permet \u00e0 toute personne \u00e2g\u00e9e de 16 ans et plus au 30 juin de l\u2019ann\u00e9e scolaire pr\u00e9c\u00e9dente, de poursuivre ses \u00e9tudes dans le but de : La formation g\u00e9n\u00e9rale donn\u00e9e par les CFPEAST est offerte selon la formule d\u2019entr\u00e9e p\u00e9riodique et sortie variable (EPSV) aussi appel\u00e9e enseignement individualis\u00e9. [&hellip;]","og_url":"https:\/\/cssst.gouv.qc.ca\/adultes\/formation-generale-des-adultes\/informations-generales\/","article_publisher":"https:\/\/www.facebook.com\/CFPEAST?locale=fr_CA","article_modified_time":"2026-03-26T15:03:28+00:00","twitter_card":"summary_large_image","twitter_misc":{"Estimation du temps de lecture":"3 minutes"},"schema":{"@context":"https:\/\/schema.org","@graph":[{"@type":"WebPage","@id":"https:\/\/cssst.gouv.qc.ca\/adultes\/formation-generale-des-adultes\/informations-generales\/","url":"https:\/\/cssst.gouv.qc.ca\/adultes\/formation-generale-des-adultes\/informations-generales\/","name":"Informations g\u00e9n\u00e9rales -","isPartOf":{"@id":"https:\/\/cssst.gouv.qc.ca\/adultes\/#website"},"primaryImageOfPage":{"@id":"https:\/\/cssst.gouv.qc.ca\/adultes\/formation-generale-des-adultes\/informations-generales\/#primaryimage"},"image":{"@id":"https:\/\/cssst.gouv.qc.ca\/adultes\/formation-generale-des-adultes\/informations-generales\/#primaryimage"},"thumbnailUrl":"http:\/\/cssst.gouv.qc.ca\/wp-content\/uploads\/2022\/08\/Seawire-Hero-06-2.jpg","datePublished":"2023-02-06T17:59:09+00:00","dateModified":"2026-03-26T15:03:28+00:00","breadcrumb":{"@id":"https:\/\/cssst.gouv.qc.ca\/adultes\/formation-generale-des-adultes\/informations-generales\/#breadcrumb"},"inLanguage":"fr-CA","potentialAction":[{"@type":"ReadAction","target":["https:\/\/cssst.gouv.qc.ca\/adultes\/formation-generale-des-adultes\/informations-generales\/"]}]},{"@type":"ImageObject","inLanguage":"fr-CA","@id":"https:\/\/cssst.gouv.qc.ca\/adultes\/formation-generale-des-adultes\/informations-generales\/#primaryimage","url":"http:\/\/cssst.gouv.qc.ca\/wp-content\/uploads\/2022\/08\/Seawire-Hero-06-2.jpg","contentUrl":"http:\/\/cssst.gouv.qc.ca\/wp-content\/uploads\/2022\/08\/Seawire-Hero-06-2.jpg"},{"@type":"BreadcrumbList","@id":"https:\/\/cssst.gouv.qc.ca\/adultes\/formation-generale-des-adultes\/informations-generales\/#breadcrumb","itemListElement":[{"@type":"ListItem","position":1,"name":"Accueil","item":"https:\/\/cssst.gouv.qc.ca\/adultes\/"},{"@type":"ListItem","position":2,"name":"Formation g\u00e9n\u00e9rale des adultes","item":"https:\/\/cssst.gouv.qc.ca\/adultes\/formation-generale-des-adultes\/"},{"@type":"ListItem","position":3,"name":"Informations g\u00e9n\u00e9rales"}]},{"@type":"WebSite","@id":"https:\/\/cssst.gouv.qc.ca\/adultes\/#website","url":"https:\/\/cssst.gouv.qc.ca\/adultes\/","name":"","description":"","potentialAction":[{"@type":"SearchAction","target":{"@type":"EntryPoint","urlTemplate":"https:\/\/cssst.gouv.qc.ca\/adultes\/?s={search_term_string}"},"query-input":{"@type":"PropertyValueSpecification","valueRequired":true,"valueName":"search_term_string"}}],"inLanguage":"fr-CA"}]}},"_links":{"self":[{"href":"https:\/\/cssst.gouv.qc.ca\/adultes\/wp-json\/wp\/v2\/pages\/205","targetHints":{"allow":["GET"]}}],"collection":[{"href":"https:\/\/cssst.gouv.qc.ca\/adultes\/wp-json\/wp\/v2\/pages"}],"about":[{"href":"https:\/\/cssst.gouv.qc.ca\/adultes\/wp-json\/wp\/v2\/types\/page"}],"author":[{"embeddable":true,"href":"https:\/\/cssst.gouv.qc.ca\/adultes\/wp-json\/wp\/v2\/users\/1"}],"replies":[{"embeddable":true,"href":"https:\/\/cssst.gouv.qc.ca\/adultes\/wp-json\/wp\/v2\/comments?post=205"}],"version-history":[{"count":0,"href":"https:\/\/cssst.gouv.qc.ca\/adultes\/wp-json\/wp\/v2\/pages\/205\/revisions"}],"up":[{"embeddable":true,"href":"https:\/\/cssst.gouv.qc.ca\/adultes\/wp-json\/wp\/v2\/pages\/204"}],"wp:attachment":[{"href":"https:\/\/cssst.gouv.qc.ca\/adultes\/wp-json\/wp\/v2\/media?parent=205"}],"curies":[{"name":"wp","href":"https:\/\/api.w.org\/{rel}","templated":true}]}}