{"id":1301,"date":"2025-03-31T20:01:35","date_gmt":"2025-03-31T20:01:35","guid":{"rendered":"https:\/\/cssst.gouv.qc.ca\/adultes\/?page_id=1301"},"modified":"2025-06-18T14:44:55","modified_gmt":"2025-06-18T14:44:55","slug":"participation-sociale","status":"publish","type":"page","link":"https:\/\/cssst.gouv.qc.ca\/adultes\/formation-generale-des-adultes\/participation-sociale\/","title":{"rendered":"Participation sociale"},"content":{"rendered":"\n<div class=\"wp-block-cover alignfull is-style-default\"><img loading=\"lazy\" decoding=\"async\" width=\"7952\" height=\"5304\" class=\"wp-block-cover__image-background wp-image-2081\" alt=\"\" src=\"https:\/\/cssst.gouv.qc.ca\/adultes\/wp-content\/uploads\/sites\/2\/2025\/04\/AYA05811.jpg\" style=\"object-position:68% 24%\" data-object-fit=\"cover\" data-object-position=\"68% 24%\" srcset=\"https:\/\/cssst.gouv.qc.ca\/adultes\/wp-content\/uploads\/sites\/2\/2025\/04\/AYA05811.jpg 7952w, https:\/\/cssst.gouv.qc.ca\/adultes\/wp-content\/uploads\/sites\/2\/2025\/04\/AYA05811-300x200.jpg 300w, https:\/\/cssst.gouv.qc.ca\/adultes\/wp-content\/uploads\/sites\/2\/2025\/04\/AYA05811-1024x683.jpg 1024w, https:\/\/cssst.gouv.qc.ca\/adultes\/wp-content\/uploads\/sites\/2\/2025\/04\/AYA05811-768x512.jpg 768w, https:\/\/cssst.gouv.qc.ca\/adultes\/wp-content\/uploads\/sites\/2\/2025\/04\/AYA05811-1536x1025.jpg 1536w\" sizes=\"auto, (max-width: 7952px) 100vw, 7952px\" \/><span aria-hidden=\"true\" class=\"wp-block-cover__background has-background-dim\"><\/span><div class=\"wp-block-cover__inner-container\"><h2 class=\"alignfull wp-block-post-title\">Participation sociale<\/h2><\/div><\/div>\n\n\n\n<div class=\"wp-block-group alignfull has-padding-y-large has-tertiary-background-color has-background\"><div class=\"yoast-breadcrumbs alignwide \"><span class=\"breadcrumbs\"><a href=\"https:\/\/cssst.gouv.qc.ca\/adultes\/\" class=\"breadcrumbs__element\">Accueil<\/a> <span class=\"breadcrumbs__separator\">\n        <svg class=\"icon icon-breadcrumb__separator\"><use xlink:href=\"#icon-breadcrumb__separator\"><\/use><\/svg>\n    <\/span> <a href=\"https:\/\/cssst.gouv.qc.ca\/adultes\/formation-generale-des-adultes\/\" class=\"breadcrumbs__element\">Formation g\u00e9n\u00e9rale des adultes<\/a> <span class=\"breadcrumbs__separator\">\n        <svg class=\"icon icon-breadcrumb__separator\"><use xlink:href=\"#icon-breadcrumb__separator\"><\/use><\/svg>\n    <\/span> <span class=\"breadcrumbs__element breadcrumbs__element-current\">Participation sociale<\/span><\/span><\/div><\/div>\n\n\n\n\n<p class=\"act-lead\"><\/p>\n\n\n\n\n<h2 class=\"wp-block-heading\"><strong>But du programme:<\/strong><\/h2>\n\n\n\n<ul class=\"wp-block-list\">\n<li>Favoriser le d\u00e9veloppement de l&rsquo;agir comp\u00e9tent de l&rsquo;adulte;<\/li>\n\n\n\n<li>Maintenir et rehausser des comp\u00e9tences et l&rsquo;exercice des r\u00f4les sociaux;<\/li>\n\n\n\n<li>\u00c9panouissement personnel, intellectuel et culturel pour favoriser sa participation sociale active au sein de la soci\u00e9t\u00e9;<\/li>\n\n\n\n<li>Aider l&rsquo;adulte \u00e0 prendre conscience de ses capacit\u00e9s et des ressources n\u00e9cessaires pour arriver \u00e0 son objectif;<\/li>\n\n\n\n<li>Apprendre \u00e0 se conna\u00eetre et \u00e0 \u00e9valuer le r\u00e9alisme de son objectif de vie;<\/li>\n\n\n\n<li>D\u00e9velopper l&rsquo;autonomie de l&rsquo;apprenant.<\/li>\n<\/ul>\n\n\n\n<h2 class=\"wp-block-heading\"><strong>Qui peut en profiter? <\/strong><\/h2>\n\n\n\n<p><strong>Les personnes:<\/strong><\/p>\n\n\n\n<ul class=\"wp-block-list\">\n<li>Pr\u00e9sentant des difficult\u00e9s persistantes ou importantes sur les plans: physique, intellectuel, social ou psychique;<\/li>\n\n\n\n<li>Demandant une aide occasionnelle lors des activit\u00e9s;<\/li>\n\n\n\n<li>Ayant un milieu de vie ou des partenaires avec lesquels ils peuvent \u00e9voluer, maintenir et d\u00e9velopper des apprentissages;<\/li>\n\n\n\n<li>Ayant un projet et d\u00e9sirant venir chercher les outils afin de le r\u00e9aliser.<\/li>\n<\/ul>\n\n\n\n<p><strong>Ces personnes manifestent: <\/strong><\/p>\n\n\n\n<ul class=\"wp-block-list\">\n<li>Un d\u00e9sir de s&rsquo;engager dans un projet de participation sociale;<\/li>\n\n\n\n<li>Un potentiel de r\u00e9tention des apprentissages et de transfert de ceux-ci afin de progresser;<\/li>\n\n\n\n<li>La capacit\u00e9 de fonctionner en groupe;<\/li>\n\n\n\n<li>Un besoin de formation au regard de leurs conditions de vie, de leur milieu de vie ou de leur communaut\u00e9;<\/li>\n\n\n\n<li>La capacit\u00e9 \u00e0 participer \u00e0 une \u00e9valuation;<\/li>\n\n\n\n<li>Des comportements s\u00e9curitaires et respectueux pour eux-m\u00eames et pour les autres.<\/li>\n<\/ul>\n\n\n\n<h2 class=\"wp-block-heading\"><strong>Parcours scolaire<\/strong><\/h2>\n\n\n\n<p>Le parcours scolaire est individualis\u00e9 afin de r\u00e9pondre aux besoins de chacun des \u00e9l\u00e8ves. Par exemple, l&rsquo;adulte pourrait aussi \u00eatre inscrit en formation de base ou en int\u00e9gration socioprofessionnelle durant sa formation. <\/p>\n\n\n\n<p><strong>Le programme est divis\u00e9 en 4 th\u00e9matiques :<\/strong><\/p>\n\n\n\n<ul class=\"wp-block-list\">\n<li>Conditions de vie;<\/li>\n\n\n\n<li>Relations sociales;<\/li>\n\n\n\n<li>Milieu de vie;<\/li>\n\n\n\n<li>Communaut\u00e9.<\/li>\n<\/ul>\n\n\n\n<h4 class=\"wp-block-heading\">Les conditions d&rsquo;admission<\/h4>\n\n\n\n<p>\u00catre \u00e2g\u00e9 de 16 ans au 30 juin<br>Rencontrer les intervenants du programme et visiter les lieux<br><\/p>\n\n\n\n<h4 class=\"wp-block-heading\">Horaire<\/h4>\n\n\n\n<p>Du lundi au jeudi<br>De 8 h 10 \u00e0 15 h 35<\/p>\n\n\n\n<h4 class=\"wp-block-heading\">Information\/Inscription<\/h4>\n\n\n\n<p>\u260e\ufe0f 450 743-1285, poste 4200<br>\ud83d\udce7 sarca@cssst.gouv.qc.ca<br>\ud83c\udfeb2725 Bd de Tracy, Sorel-Tracy<\/p>\n\n\n\n<p><br><br><\/p>\n","protected":false},"excerpt":{"rendered":"<p>But du programme: Qui peut en profiter? Les personnes: Ces personnes manifestent: Parcours scolaire Le parcours scolaire est individualis\u00e9 afin de r\u00e9pondre aux besoins de chacun des \u00e9l\u00e8ves. Par exemple, l&rsquo;adulte pourrait aussi \u00eatre inscrit en formation de base ou en int\u00e9gration socioprofessionnelle durant sa formation. Le programme est divis\u00e9 en 4 th\u00e9matiques : Les [&hellip;]<\/p>\n","protected":false},"author":6,"featured_media":0,"parent":204,"menu_order":0,"comment_status":"closed","ping_status":"closed","template":"","meta":{"_acf_changed":false,"inline_featured_image":false,"footnotes":""},"class_list":["post-1301","page","type-page","status-publish","hentry"],"acf":[],"yoast_head":"<!-- This site is optimized with the Yoast SEO plugin v27.5 - https:\/\/yoast.com\/product\/yoast-seo-wordpress\/ -->\n<title>Participation sociale -<\/title>\n<meta name=\"robots\" content=\"index, follow, max-snippet:-1, max-image-preview:large, max-video-preview:-1\" \/>\n<link rel=\"canonical\" href=\"https:\/\/cssst.gouv.qc.ca\/adultes\/formation-generale-des-adultes\/participation-sociale\/\" \/>\n<meta property=\"og:locale\" content=\"fr_CA\" \/>\n<meta property=\"og:type\" content=\"article\" \/>\n<meta property=\"og:title\" content=\"Participation sociale -\" \/>\n<meta property=\"og:description\" content=\"But du programme: Qui peut en profiter? Les personnes: Ces personnes manifestent: Parcours scolaire Le parcours scolaire est individualis\u00e9 afin de r\u00e9pondre aux besoins de chacun des \u00e9l\u00e8ves. Par exemple, l&rsquo;adulte pourrait aussi \u00eatre inscrit en formation de base ou en int\u00e9gration socioprofessionnelle durant sa formation. Le programme est divis\u00e9 en 4 th\u00e9matiques : Les [&hellip;]\" \/>\n<meta property=\"og:url\" content=\"https:\/\/cssst.gouv.qc.ca\/adultes\/formation-generale-des-adultes\/participation-sociale\/\" \/>\n<meta property=\"article:publisher\" content=\"https:\/\/www.facebook.com\/CFPEAST?locale=fr_CA\" \/>\n<meta property=\"article:modified_time\" content=\"2025-06-18T14:44:55+00:00\" \/>\n<meta property=\"og:image\" content=\"https:\/\/cssst.gouv.qc.ca\/adultes\/wp-content\/uploads\/sites\/2\/2025\/04\/AYA05811-1024x683.jpg\" \/>\n\t<meta property=\"og:image:width\" content=\"1024\" \/>\n\t<meta property=\"og:image:height\" content=\"683\" \/>\n\t<meta property=\"og:image:type\" content=\"image\/jpeg\" \/>\n<meta name=\"twitter:card\" content=\"summary_large_image\" \/>\n<meta name=\"twitter:label1\" content=\"Estimation du temps de lecture\" \/>\n\t<meta name=\"twitter:data1\" content=\"2 minutes\" \/>\n<script type=\"application\/ld+json\" class=\"yoast-schema-graph\">{\"@context\":\"https:\\\/\\\/schema.org\",\"@graph\":[{\"@type\":\"WebPage\",\"@id\":\"https:\\\/\\\/cssst.gouv.qc.ca\\\/adultes\\\/formation-generale-des-adultes\\\/participation-sociale\\\/\",\"url\":\"https:\\\/\\\/cssst.gouv.qc.ca\\\/adultes\\\/formation-generale-des-adultes\\\/participation-sociale\\\/\",\"name\":\"Participation sociale -\",\"isPartOf\":{\"@id\":\"https:\\\/\\\/cssst.gouv.qc.ca\\\/adultes\\\/#website\"},\"primaryImageOfPage\":{\"@id\":\"https:\\\/\\\/cssst.gouv.qc.ca\\\/adultes\\\/formation-generale-des-adultes\\\/participation-sociale\\\/#primaryimage\"},\"image\":{\"@id\":\"https:\\\/\\\/cssst.gouv.qc.ca\\\/adultes\\\/formation-generale-des-adultes\\\/participation-sociale\\\/#primaryimage\"},\"thumbnailUrl\":\"https:\\\/\\\/cssst.gouv.qc.ca\\\/adultes\\\/wp-content\\\/uploads\\\/sites\\\/2\\\/2025\\\/04\\\/AYA05811.jpg\",\"datePublished\":\"2025-03-31T20:01:35+00:00\",\"dateModified\":\"2025-06-18T14:44:55+00:00\",\"breadcrumb\":{\"@id\":\"https:\\\/\\\/cssst.gouv.qc.ca\\\/adultes\\\/formation-generale-des-adultes\\\/participation-sociale\\\/#breadcrumb\"},\"inLanguage\":\"fr-CA\",\"potentialAction\":[{\"@type\":\"ReadAction\",\"target\":[\"https:\\\/\\\/cssst.gouv.qc.ca\\\/adultes\\\/formation-generale-des-adultes\\\/participation-sociale\\\/\"]}]},{\"@type\":\"ImageObject\",\"inLanguage\":\"fr-CA\",\"@id\":\"https:\\\/\\\/cssst.gouv.qc.ca\\\/adultes\\\/formation-generale-des-adultes\\\/participation-sociale\\\/#primaryimage\",\"url\":\"https:\\\/\\\/cssst.gouv.qc.ca\\\/adultes\\\/wp-content\\\/uploads\\\/sites\\\/2\\\/2025\\\/04\\\/AYA05811.jpg\",\"contentUrl\":\"https:\\\/\\\/cssst.gouv.qc.ca\\\/adultes\\\/wp-content\\\/uploads\\\/sites\\\/2\\\/2025\\\/04\\\/AYA05811.jpg\",\"width\":7952,\"height\":5304},{\"@type\":\"BreadcrumbList\",\"@id\":\"https:\\\/\\\/cssst.gouv.qc.ca\\\/adultes\\\/formation-generale-des-adultes\\\/participation-sociale\\\/#breadcrumb\",\"itemListElement\":[{\"@type\":\"ListItem\",\"position\":1,\"name\":\"Accueil\",\"item\":\"https:\\\/\\\/cssst.gouv.qc.ca\\\/adultes\\\/\"},{\"@type\":\"ListItem\",\"position\":2,\"name\":\"Formation g\u00e9n\u00e9rale des adultes\",\"item\":\"https:\\\/\\\/cssst.gouv.qc.ca\\\/adultes\\\/formation-generale-des-adultes\\\/\"},{\"@type\":\"ListItem\",\"position\":3,\"name\":\"Participation sociale\"}]},{\"@type\":\"WebSite\",\"@id\":\"https:\\\/\\\/cssst.gouv.qc.ca\\\/adultes\\\/#website\",\"url\":\"https:\\\/\\\/cssst.gouv.qc.ca\\\/adultes\\\/\",\"name\":\"\",\"description\":\"\",\"potentialAction\":[{\"@type\":\"SearchAction\",\"target\":{\"@type\":\"EntryPoint\",\"urlTemplate\":\"https:\\\/\\\/cssst.gouv.qc.ca\\\/adultes\\\/?s={search_term_string}\"},\"query-input\":{\"@type\":\"PropertyValueSpecification\",\"valueRequired\":true,\"valueName\":\"search_term_string\"}}],\"inLanguage\":\"fr-CA\"}]}<\/script>\n<!-- \/ Yoast SEO plugin. -->","yoast_head_json":{"title":"Participation sociale -","robots":{"index":"index","follow":"follow","max-snippet":"max-snippet:-1","max-image-preview":"max-image-preview:large","max-video-preview":"max-video-preview:-1"},"canonical":"https:\/\/cssst.gouv.qc.ca\/adultes\/formation-generale-des-adultes\/participation-sociale\/","og_locale":"fr_CA","og_type":"article","og_title":"Participation sociale -","og_description":"But du programme: Qui peut en profiter? Les personnes: Ces personnes manifestent: Parcours scolaire Le parcours scolaire est individualis\u00e9 afin de r\u00e9pondre aux besoins de chacun des \u00e9l\u00e8ves. Par exemple, l&rsquo;adulte pourrait aussi \u00eatre inscrit en formation de base ou en int\u00e9gration socioprofessionnelle durant sa formation. Le programme est divis\u00e9 en 4 th\u00e9matiques : Les [&hellip;]","og_url":"https:\/\/cssst.gouv.qc.ca\/adultes\/formation-generale-des-adultes\/participation-sociale\/","article_publisher":"https:\/\/www.facebook.com\/CFPEAST?locale=fr_CA","article_modified_time":"2025-06-18T14:44:55+00:00","og_image":[{"width":1024,"height":683,"url":"https:\/\/cssst.gouv.qc.ca\/adultes\/wp-content\/uploads\/sites\/2\/2025\/04\/AYA05811-1024x683.jpg","type":"image\/jpeg"}],"twitter_card":"summary_large_image","twitter_misc":{"Estimation du temps de lecture":"2 minutes"},"schema":{"@context":"https:\/\/schema.org","@graph":[{"@type":"WebPage","@id":"https:\/\/cssst.gouv.qc.ca\/adultes\/formation-generale-des-adultes\/participation-sociale\/","url":"https:\/\/cssst.gouv.qc.ca\/adultes\/formation-generale-des-adultes\/participation-sociale\/","name":"Participation sociale -","isPartOf":{"@id":"https:\/\/cssst.gouv.qc.ca\/adultes\/#website"},"primaryImageOfPage":{"@id":"https:\/\/cssst.gouv.qc.ca\/adultes\/formation-generale-des-adultes\/participation-sociale\/#primaryimage"},"image":{"@id":"https:\/\/cssst.gouv.qc.ca\/adultes\/formation-generale-des-adultes\/participation-sociale\/#primaryimage"},"thumbnailUrl":"https:\/\/cssst.gouv.qc.ca\/adultes\/wp-content\/uploads\/sites\/2\/2025\/04\/AYA05811.jpg","datePublished":"2025-03-31T20:01:35+00:00","dateModified":"2025-06-18T14:44:55+00:00","breadcrumb":{"@id":"https:\/\/cssst.gouv.qc.ca\/adultes\/formation-generale-des-adultes\/participation-sociale\/#breadcrumb"},"inLanguage":"fr-CA","potentialAction":[{"@type":"ReadAction","target":["https:\/\/cssst.gouv.qc.ca\/adultes\/formation-generale-des-adultes\/participation-sociale\/"]}]},{"@type":"ImageObject","inLanguage":"fr-CA","@id":"https:\/\/cssst.gouv.qc.ca\/adultes\/formation-generale-des-adultes\/participation-sociale\/#primaryimage","url":"https:\/\/cssst.gouv.qc.ca\/adultes\/wp-content\/uploads\/sites\/2\/2025\/04\/AYA05811.jpg","contentUrl":"https:\/\/cssst.gouv.qc.ca\/adultes\/wp-content\/uploads\/sites\/2\/2025\/04\/AYA05811.jpg","width":7952,"height":5304},{"@type":"BreadcrumbList","@id":"https:\/\/cssst.gouv.qc.ca\/adultes\/formation-generale-des-adultes\/participation-sociale\/#breadcrumb","itemListElement":[{"@type":"ListItem","position":1,"name":"Accueil","item":"https:\/\/cssst.gouv.qc.ca\/adultes\/"},{"@type":"ListItem","position":2,"name":"Formation g\u00e9n\u00e9rale des adultes","item":"https:\/\/cssst.gouv.qc.ca\/adultes\/formation-generale-des-adultes\/"},{"@type":"ListItem","position":3,"name":"Participation sociale"}]},{"@type":"WebSite","@id":"https:\/\/cssst.gouv.qc.ca\/adultes\/#website","url":"https:\/\/cssst.gouv.qc.ca\/adultes\/","name":"","description":"","potentialAction":[{"@type":"SearchAction","target":{"@type":"EntryPoint","urlTemplate":"https:\/\/cssst.gouv.qc.ca\/adultes\/?s={search_term_string}"},"query-input":{"@type":"PropertyValueSpecification","valueRequired":true,"valueName":"search_term_string"}}],"inLanguage":"fr-CA"}]}},"_links":{"self":[{"href":"https:\/\/cssst.gouv.qc.ca\/adultes\/wp-json\/wp\/v2\/pages\/1301","targetHints":{"allow":["GET"]}}],"collection":[{"href":"https:\/\/cssst.gouv.qc.ca\/adultes\/wp-json\/wp\/v2\/pages"}],"about":[{"href":"https:\/\/cssst.gouv.qc.ca\/adultes\/wp-json\/wp\/v2\/types\/page"}],"author":[{"embeddable":true,"href":"https:\/\/cssst.gouv.qc.ca\/adultes\/wp-json\/wp\/v2\/users\/6"}],"replies":[{"embeddable":true,"href":"https:\/\/cssst.gouv.qc.ca\/adultes\/wp-json\/wp\/v2\/comments?post=1301"}],"version-history":[{"count":0,"href":"https:\/\/cssst.gouv.qc.ca\/adultes\/wp-json\/wp\/v2\/pages\/1301\/revisions"}],"up":[{"embeddable":true,"href":"https:\/\/cssst.gouv.qc.ca\/adultes\/wp-json\/wp\/v2\/pages\/204"}],"wp:attachment":[{"href":"https:\/\/cssst.gouv.qc.ca\/adultes\/wp-json\/wp\/v2\/media?parent=1301"}],"curies":[{"name":"wp","href":"https:\/\/api.w.org\/{rel}","templated":true}]}}